{"id":912,"date":"2020-02-01T11:40:08","date_gmt":"2020-02-01T10:40:08","guid":{"rendered":"https:\/\/salons.weyou-cms.com\/educatech-expo\/plenary-conferences-programme"},"modified":"2025-09-11T18:06:41","modified_gmt":"2025-09-11T16:06:41","slug":"plenary-conferences-programme","status":"publish","type":"page","link":"https:\/\/www.educatech-expo.com\/en\/programme\/plenary-conferences-programme","title":{"rendered":"Plenary conferences programme"},"content":{"rendered":"<div class=\"wpb-content-wrapper\"><p>[vc_row][vc_column]\n\t\t\t<!-- START Banni\u00e8re pages REVOLUTION SLIDER 6.6.7 --><p class=\"rs-p-wp-fix\"><\/p>\n\t\t\t<rs-module-wrap id=\"rev_slider_21_1_wrapper\" data-source=\"post\" style=\"visibility:hidden;background:#2bb29f;padding:0;margin:0px auto;margin-top:0;margin-bottom:0;\">\n\t\t\t\t<rs-module id=\"rev_slider_21_1\" style=\"\" data-version=\"6.6.7\">\n\t\t\t\t\t<rs-slides style=\"overflow: hidden; position: absolute;\">\n\t\t\t\t\t\t<rs-slide style=\"position: absolute;\" data-key=\"rs-912\" data-title=\"Plenary conferences programme\" data-anim=\"ms:300;\" data-in=\"o:0;\" data-out=\"a:false;\">\n\t\t\t\t\t\t\t<img decoding=\"async\" src=\"\/\/www.educatech-expo.com\/wp-content\/plugins\/revslider\/public\/assets\/assets\/dummy.png\" alt=\"\" title=\"EDC-bandeau-rubrique-1920&#215;300\" width=\"1920\" height=\"300\" class=\"rev-slidebg tp-rs-img rs-lazyload\" data-lazyload=\"\/\/weyoumediastaging.blob.core.windows.net\/educatec-educatice\/sites\/5\/2025\/02\/EDC-bandeau-rubrique-1920x300-1.jpg\" data-bg=\"p:40% 50%;\" data-no-retina>\n<!--\n\t\t\t\t\t\t\t--><rs-layer\n\t\t\t\t\t\t\t\tid=\"slider-21-slide-912-layer-1\" \n\t\t\t\t\t\t\t\tdata-type=\"text\"\n\t\t\t\t\t\t\t\tdata-xy=\"x:l,l,l,c;xo:32px,27px,27px,0;y:m;yo:54px,0,0,0;\"\n\t\t\t\t\t\t\t\tdata-text=\"w:normal;s:50,48,46,44;l:53,51,49,47;fw:500;a:left,left,left,center;\"\n\t\t\t\t\t\t\t\tdata-dim=\"w:70%,70%,70%,90%;\"\n\t\t\t\t\t\t\t\tdata-frame_999=\"o:0;st:w;\"\n\t\t\t\t\t\t\t\tstyle=\"z-index:8;font-family:'Poppins';text-transform:uppercase;\"\n\t\t\t\t\t\t\t><h1>2025 Plenary conferences programme<\/h1><p><\/p> \n\t\t\t\t\t\t\t<\/rs-layer><!--\n-->\t\t\t\t\t\t<\/rs-slide>\n\t\t\t\t\t<\/rs-slides>\n\t\t\t\t\t<rs-static-layers><!--\n\t\t\t\t\t--><\/rs-static-layers>\n\t\t\t\t<\/rs-module>\n\t\t\t\t<script>\n\t\t\t\t\tsetREVStartSize({c: 'rev_slider_21_1',rl:[1240,1024,778,480],el:[300,200,200,280],gw:[1650,1024,778,480],gh:[300,300,300,300],type:'hero',justify:'',layout:'fullwidth',mh:\"450\"});if (window.RS_MODULES!==undefined && window.RS_MODULES.modules!==undefined && window.RS_MODULES.modules[\"revslider211\"]!==undefined) {window.RS_MODULES.modules[\"revslider211\"].once = false;window.revapi21 = undefined;if (window.RS_MODULES.checkMinimal!==undefined) window.RS_MODULES.checkMinimal()}\n\t\t\t\t<\/script>\n\t\t\t<\/rs-module-wrap>\n\t\t\t<!-- END REVOLUTION SLIDER -->\n[\/vc_column][\/vc_row][vc_row disable_element=&#8221;yes&#8221;][vc_column][vc_row_inner][vc_column_inner]<div class=\"wyvc-conferences wyvc-shortcode \">\r\n\t\t<div class=\"weyou-exhibitions weyou-conferences-accordion\">\r\n\t\t<div class=\"conferences-search-wrapper\">\r\n\t\t\t<input type=\"search\" class=\"conferences-search\" name=\"q\" placeholder=\"Search by topic, location, organizer or speaker\u2026\">\r\n\r\n\t\t\t<button type=\"reset\" class=\"conferences-search-clear\" disabled>\r\n\t\t\t\t<svg width=\"32\" height=\"32\" viewBox=\"0 0 32 32\" fill=\"none\" xmlns=\"http:\/\/www.w3.org\/2000\/svg\">\r\n\t\t\t\t\t<rect width=\"32\" height=\"32\" rx=\"16\" fill=\"#F5F5F5\"><\/rect><rect width=\"16.9705\" height=\"1.13137\" rx=\"0.565684\" transform=\"matrix(0.707106 -0.707108 0.707106 0.707108 9.60034 21.6)\" fill=\"black\"><\/rect>\r\n\t\t\t\t\t<rect width=\"16.9705\" height=\"1.13137\" rx=\"0.565684\" transform=\"matrix(-0.707106 -0.707107 0.707106 -0.707108 21.6003 22.4)\" fill=\"black\"><\/rect>\r\n\t\t\t\t<\/svg>\r\n\t\t\t<\/button>\r\n\t\t<\/div>\r\n\t\t\r\n\t\t<div class=\"conferences-menu-wrapper\">\r\n\t\t\t<ul class=\"conferences-menu dates-list\">\r\n\t\t\t\t\t\t\t\t\t\t\t\t\t\t\t<li class=\"button menu-item primary-border\" data-date=\"2025-11-19T00:00:00\">\r\n\t\t\t\t\t\t\t19 November 2025\t\t\t\t\t\t<\/li>\r\n\t\t\t\t\t\t\t\t\t\t\t<li class=\"button menu-item primary-border\" data-date=\"2025-11-20T00:00:00\">\r\n\t\t\t\t\t\t\t20 November 2025\t\t\t\t\t\t<\/li>\r\n\t\t\t\t\t\t\t\t\t\t\t<li class=\"button menu-item primary-border\" data-date=\"2025-11-21T00:00:00\">\r\n\t\t\t\t\t\t\t21 November 2025\t\t\t\t\t\t<\/li>\r\n\t\t\t\t\t\t\t\t\t\t\t\t\t\t\r\n\t\t\t\t<li class=\"all button menu-item\">All<\/li>\r\n\t\t\t<\/ul>\r\n\t\t\t\r\n\t\t\t\t\t<\/div>\r\n\r\n\t\t<div class=\"conferences-accordion\">\r\n\t\t\t\t\t\t\t<div class=\"conferences-accordion-item\" data-date=\"2025-11-19T00:00:00\" data-type=\"plenary-conference\">\r\n\t<div class=\"conferences-accordion-header\">\r\n\t\t<div class=\"conference-infos\">\r\n\t\t\t<span class=\"conference-date\">\r\n\t\t\t\t<svg xmlns=\"http:\/\/www.w3.org\/2000\/svg\" height=\"1em\" viewBox=\"0 0 448 512\"><path d=\"M96 32V64H48C21.5 64 0 85.5 0 112v48H448V112c0-26.5-21.5-48-48-48H352V32c0-17.7-14.3-32-32-32s-32 14.3-32 32V64H160V32c0-17.7-14.3-32-32-32S96 14.3 96 32zM448 192H0V464c0 26.5 21.5 48 48 48H400c26.5 0 48-21.5 48-48V192z\"\/><\/svg>\r\n\t\t\t\t19 November 2025\t\t\t<\/span>\r\n\t\t\t<span class=\"conference-time\">\r\n\t\t\t\t<svg xmlns=\"http:\/\/www.w3.org\/2000\/svg\" height=\"1em\" viewBox=\"0 0 512 512\"><path d=\"M256 0a256 256 0 1 1 0 512A256 256 0 1 1 256 0zM232 120V256c0 8 4 15.5 10.7 20l96 64c11 7.4 25.9 4.4 33.3-6.7s4.4-25.9-6.7-33.3L280 243.2V120c0-13.3-10.7-24-24-24s-24 10.7-24 24z\"\/><\/svg>\r\n\t\t\t\t09h30  to 10h30\t\t\t<\/span>\r\n\t\t\t<span class=\"conference-location\">\r\n\t\t\t\t<svg xmlns=\"http:\/\/www.w3.org\/2000\/svg\" height=\"1em\" viewBox=\"0 0 384 512\"><path d=\"M215.7 499.2C267 435 384 279.4 384 192C384 86 298 0 192 0S0 86 0 192c0 87.4 117 243 168.3 307.2c12.3 15.3 35.1 15.3 47.4 0zM192 128a64 64 0 1 1 0 128 64 64 0 1 1 0-128z\"\/><\/svg>\r\n\t\t\t\tAMPHITHEATER\t\t\t<\/span>\r\n\t\t\t\r\n\t\t\t\t\t\t\t<span class=\"conference-type\">\r\n\t\t\t\t\t<svg xmlns=\"http:\/\/www.w3.org\/2000\/svg\" height=\"1em\" viewBox=\"0 0 384 512\"><path d=\"M0 48V487.7C0 501.1 10.9 512 24.3 512c5 0 9.9-1.5 14-4.4L192 400 345.7 507.6c4.1 2.9 9 4.4 14 4.4c13.4 0 24.3-10.9 24.3-24.3V48c0-26.5-21.5-48-48-48H48C21.5 0 0 21.5 0 48z\"\/><\/svg>\r\n\t\t\t\t\tPLENARY CONFERENCE\t\t\t\t<\/span>\r\n\t\t\t\t\t<\/div>\r\n\t\t\r\n\t\t<h3 class=\"conference-title\">WAKE UP : (S')INVESTIR DANS L'\u00c9DUCATION<\/h3>\r\n\t\t\r\n\t\t\t\t\t<p class=\"organized-by\">\r\n\t\t\t\tOrganized by MY MOOJO\t\t\t<\/p>\r\n\t\t\t\t\r\n\t\t<a class=\"read-more\" href=\"#\">Continue reading<\/a>\r\n\t<\/div>\r\n\t\t\t\t\t\t\t\t\r\n\t<div class=\"conferences-accordion-panel\">\r\n\t\t\r\n\t\t\t\t\t\t<img decoding=\"async\" src=\"https:\/\/weyou.blob.core.windows.net\/images\/exposant\/3feebfe1-8c48-4647-901b-94fe1a954dfa.jpg\" class=\"exhibitor-logo\" alt=\"MY MOOJO\">\r\n\t\t\t\t\t\r\n\t\t<div class=\"conference-description\">\r\n\t\t\t\r\n<p>Chaque ann\u00e9e, des milliers de projets \u00e9ducatifs disparaissent faute de financement. Pourtant, l\u2019\u00e9ducation est la cl\u00e9 de notre avenir. Cette pl\u00e9ni\u00e8re propose un r\u00e9veil collectif : t\u00e9moignage inspirant, regards d\u2019experts et pitchs de startups EdTech. Parce que l\u2019avenir s\u2019investit. <br><\/p>\r\n\t\t<\/div>\r\n\t\t\t\r\n\t\t\t\t\t<p class=\"speakers-title\">Conference Moderator:<\/p>\r\n\t\t\t<div class=\"speakers\">\r\n\t\t\t\t\t\t\t\t\t<div class=\"speaker\">\r\n\t<img decoding=\"async\" src=\"https:\/\/weyou.blob.core.windows.net\/images\/conferencier\/2bde0cde-ed6b-4457-b1e5-4c1e4d30f547.jpg\" alt=\"Sara REYNAUD\"><p><strong>Sara REYNAUD<\/strong><br\/>CEO &ndash; MY MOOJO<\/p><\/div>\t\t\t\t\t\t\t<\/div>\r\n\t\t\t\t\r\n\t\t\t\t\t<p class=\"speakers-title\">Speakers:<\/p>\r\n\t\t\t<div class=\"speakers\">\r\n\t\t\t\t\t\t\t\t\t<div class=\"speaker\">\r\n\t<img decoding=\"async\" src=\"https:\/\/weyou.blob.core.windows.net\/images\/conferencier\/f7dd79e6-25ef-4429-a895-e3e3ccb58fba.jpg\" alt=\"Bruno SOLA\"><p><strong>Bruno SOLA<\/strong><br\/> &ndash; UP<\/p><\/div>\t\t\t\t\t\t\t\t\t<div class=\"speaker\">\r\n\t<img decoding=\"async\" src=\"https:\/\/weyou.blob.core.windows.net\/images\/conferencier\/881357e1-ba96-4052-bc9e-e21ecfeb4fe0.jpg\" alt=\"Orianne  LEDROIT\"><p><strong>Orianne  LEDROIT<\/strong><br\/> &ndash; EDTECH FRANCE <\/p><\/div>\t\t\t\t\t\t\t\t\t<div class=\"speaker\">\r\n\t<img decoding=\"async\" src=\"https:\/\/weyou.blob.core.windows.net\/images\/conferencier\/a2eec7da-8c87-4336-a833-356d0c617ff4.jpg\" alt=\"H\u00e9l\u00e8ne  AZEVEDO\"><p><strong>H\u00e9l\u00e8ne  AZEVEDO<\/strong><br\/>CEO &ndash; MODCO<\/p><\/div>\t\t\t\t\t\t\t\t\t<div class=\"speaker\">\r\n\t<img decoding=\"async\" src=\"https:\/\/weyou.blob.core.windows.net\/images\/conferencier\/62d509f7-cd99-4c66-9c62-597e45410ca2.jpg\" alt=\"Karim HCINI\"><p><strong>Karim HCINI<\/strong><br\/>CEO &ndash; POMELABS<\/p><\/div>\t\t\t\t\t\t\t\t\t<div class=\"speaker\">\r\n\t<img decoding=\"async\" src=\"https:\/\/weyou.blob.core.windows.net\/images\/conferencier\/b333d542-b05d-4c9d-a72e-ee2c74ef51c2.jpg\" alt=\"Antoine LANDRAING\"><p><strong>Antoine LANDRAING<\/strong><br\/>CEO &ndash; HOPTEO<\/p><\/div>\t\t\t\t\t\t\t\t\t<div class=\"speaker\">\r\n\t<img decoding=\"async\" src=\"https:\/\/weyou.blob.core.windows.net\/images\/conferencier\/8ae3ddb5-9c38-49db-9734-faad7e70f1e8.jpg\" alt=\"Adrien  PORTEJOIE\"><p><strong>Adrien  PORTEJOIE<\/strong><br\/> &ndash; ACTOON<\/p><\/div>\t\t\t\t\t\t\t\t\t<div class=\"speaker\">\r\n\t<img decoding=\"async\" src=\"https:\/\/weyou.blob.core.windows.net\/images\/conferencier\/d1298c48-f885-4daa-a07c-0cfb187146c5.jpg\" alt=\"Anthony  TROUBL\u00c9\"><p><strong>Anthony  TROUBL\u00c9<\/strong><br\/> &ndash; ALIAD EDUCATION <\/p><\/div>\t\t\t\t\t\t\t<\/div>\r\n\t\t\t\t\r\n\t\t\t\t\t<div class=\"exhibitor-share-box\">\r\n\t\t\t\t\t\t\t\t<a href=\"https:\/\/www.facebook.com\/sharer\/sharer.php?u=https%3A%2F%2Fwww.educatech-expo.com%2Fen%2Fconference%2Fmy-moojo\" data-network=\"facebook\" aria-label=\"Facebook\" style=\"--official-color: #557dbc\" rel=\"noopener noreferrer nofollow\">\r\n\t\t\t\t\t<span class=\"icon-container\">\r\n\t\t\t\t\t\t<svg width=\"20px\" height=\"20px\" viewBox=\"0 0 20 20\" aria-hidden=\"true\">\r\n\t\t\t\t\t\t\t<path d=\"M20,10.1c0-5.5-4.5-10-10-10S0,4.5,0,10.1c0,5,3.7,9.1,8.4,9.9v-7H5.9v-2.9h2.5V7.9C8.4,5.4,9.9,4,12.2,4c1.1,0,2.2,0.2,2.2,0.2v2.5h-1.3c-1.2,0-1.6,0.8-1.6,1.6v1.9h2.8L13.9,13h-2.3v7C16.3,19.2,20,15.1,20,10.1z\"><\/path>\r\n\t\t\t\t\t\t<\/svg>\r\n\t\t\t\t\t<\/span>\r\n\t\t\t\t<\/a>\r\n\t\t\t\t\t\t\t\r\n\t\t\t\t<a href=\"https:\/\/twitter.com\/share?url=https%3A%2F%2Fwww.educatech-expo.com%2Fen%2Fconference%2Fmy-moojo&text=Conferences & workshops organized by MY MOOJO - Educ@tech Expo\" data-network=\"twitter\" aria-label=\"Twitter\" style=\"--official-color: #7acdee\" rel=\"noopener noreferrer nofollow\">\r\n\t\t\t\t\t<span class=\"icon-container\">\r\n\t\t\t\t\t\t<svg width=\"20px\" height=\"20px\" viewBox=\"0 0 20 20\" aria-hidden=\"true\">\r\n\t\t\t\t\t\t\t<path d=\"M20,3.8c-0.7,0.3-1.5,0.5-2.4,0.6c0.8-0.5,1.5-1.3,1.8-2.3c-0.8,0.5-1.7,0.8-2.6,1c-0.7-0.8-1.8-1.3-3-1.3c-2.3,0-4.1,1.8-4.1,4.1c0,0.3,0,0.6,0.1,0.9C6.4,6.7,3.4,5.1,1.4,2.6C1,3.2,0.8,3.9,0.8,4.7c0,1.4,0.7,2.7,1.8,3.4C2,8.1,1.4,7.9,0.8,7.6c0,0,0,0,0,0.1c0,2,1.4,3.6,3.3,4c-0.3,0.1-0.7,0.1-1.1,0.1c-0.3,0-0.5,0-0.8-0.1c0.5,1.6,2,2.8,3.8,2.8c-1.4,1.1-3.2,1.8-5.1,1.8c-0.3,0-0.7,0-1-0.1c1.8,1.2,4,1.8,6.3,1.8c7.5,0,11.7-6.3,11.7-11.7c0-0.2,0-0.4,0-0.5C18.8,5.3,19.4,4.6,20,3.8z\"><\/path>\r\n\t\t\t\t\t\t<\/svg>\r\n\t\t\t\t\t<\/span>\r\n\t\t\t\t<\/a>\r\n\r\n\t\t\t\t<a href=\"https:\/\/www.linkedin.com\/shareArticle?url=https%3A%2F%2Fwww.educatech-expo.com%2Fen%2Fconference%2Fmy-moojo&title=Conferences & workshops organized by MY MOOJO - Educ@tech Expo\" data-network=\"linkedin\" aria-label=\"LinkedIn\" style=\"--official-color: #1c86c6\" rel=\"noopener noreferrer nofollow\">\r\n\t\t\t\t\t<span class=\"icon-container\">\r\n\t\t\t\t\t\t<svg width=\"20px\" height=\"20px\" viewBox=\"0 0 20 20\" aria-hidden=\"true\">\r\n\t\t\t\t\t\t\t<path d=\"M18.6,0H1.4C0.6,0,0,0.6,0,1.4v17.1C0,19.4,0.6,20,1.4,20h17.1c0.8,0,1.4-0.6,1.4-1.4V1.4C20,0.6,19.4,0,18.6,0z M6,17.1h-3V7.6h3L6,17.1L6,17.1zM4.6,6.3c-1,0-1.7-0.8-1.7-1.7s0.8-1.7,1.7-1.7c0.9,0,1.7,0.8,1.7,1.7C6.3,5.5,5.5,6.3,4.6,6.3z M17.2,17.1h-3v-4.6c0-1.1,0-2.5-1.5-2.5c-1.5,0-1.8,1.2-1.8,2.5v4.7h-3V7.6h2.8v1.3h0c0.4-0.8,1.4-1.5,2.8-1.5c3,0,3.6,2,3.6,4.5V17.1z\"><\/path>\r\n\t\t\t\t\t\t<\/svg>\r\n\t\t\t\t\t<\/span>\r\n\t\t\t\t<\/a>\r\n\t\t\t\t\r\n\t\t\t\t<a href=\"whatsapp:\/\/send?text=https%3A%2F%2Fwww.educatech-expo.com%2Fen%2Fconference%2Fmy-moojo\" data-network=\"whatsapp\" aria-label=\"WhatsApp\" style=\"--official-color: #5bba67\" rel=\"noopener noreferrer nofollow\">\r\n\t\t\t\t\t<span class=\"icon-container\">\r\n\t\t\t\t\t\t<svg width=\"20px\" height=\"20px\" viewBox=\"0 0 20 20\" aria-hidden=\"true\">\r\n\t\t\t\t\t\t\t<path d=\"M10,0C4.5,0,0,4.5,0,10c0,1.9,0.5,3.6,1.4,5.1L0.1,20l5-1.3C6.5,19.5,8.2,20,10,20c5.5,0,10-4.5,10-10S15.5,0,10,0zM6.6,5.3c0.2,0,0.3,0,0.5,0c0.2,0,0.4,0,0.6,0.4c0.2,0.5,0.7,1.7,0.8,1.8c0.1,0.1,0.1,0.3,0,0.4C8.3,8.2,8.3,8.3,8.1,8.5C8,8.6,7.9,8.8,7.8,8.9C7.7,9,7.5,9.1,7.7,9.4c0.1,0.2,0.6,1.1,1.4,1.7c0.9,0.8,1.7,1.1,2,1.2c0.2,0.1,0.4,0.1,0.5-0.1c0.1-0.2,0.6-0.7,0.8-1c0.2-0.2,0.3-0.2,0.6-0.1c0.2,0.1,1.4,0.7,1.7,0.8s0.4,0.2,0.5,0.3c0.1,0.1,0.1,0.6-0.1,1.2c-0.2,0.6-1.2,1.1-1.7,1.2c-0.5,0-0.9,0.2-3-0.6c-2.5-1-4.1-3.6-4.2-3.7c-0.1-0.2-1-1.3-1-2.6c0-1.2,0.6-1.8,0.9-2.1C6.1,5.4,6.4,5.3,6.6,5.3z\"><\/path>\r\n\t\t\t\t\t\t<\/svg>\r\n\t\t\t\t\t<\/span>\r\n\t\t\t\t<\/a>\r\n\t\t\t<\/div>\r\n\t\t\t<\/div>\r\n<\/div>\t\t\t\t\t\t\t<div class=\"conferences-accordion-item\" data-date=\"2025-11-19T00:00:00\" data-type=\"plenary-conference\">\r\n\t<div class=\"conferences-accordion-header\">\r\n\t\t<div class=\"conference-infos\">\r\n\t\t\t<span class=\"conference-date\">\r\n\t\t\t\t<svg xmlns=\"http:\/\/www.w3.org\/2000\/svg\" height=\"1em\" viewBox=\"0 0 448 512\"><path d=\"M96 32V64H48C21.5 64 0 85.5 0 112v48H448V112c0-26.5-21.5-48-48-48H352V32c0-17.7-14.3-32-32-32s-32 14.3-32 32V64H160V32c0-17.7-14.3-32-32-32S96 14.3 96 32zM448 192H0V464c0 26.5 21.5 48 48 48H400c26.5 0 48-21.5 48-48V192z\"\/><\/svg>\r\n\t\t\t\t19 November 2025\t\t\t<\/span>\r\n\t\t\t<span class=\"conference-time\">\r\n\t\t\t\t<svg xmlns=\"http:\/\/www.w3.org\/2000\/svg\" height=\"1em\" viewBox=\"0 0 512 512\"><path d=\"M256 0a256 256 0 1 1 0 512A256 256 0 1 1 256 0zM232 120V256c0 8 4 15.5 10.7 20l96 64c11 7.4 25.9 4.4 33.3-6.7s4.4-25.9-6.7-33.3L280 243.2V120c0-13.3-10.7-24-24-24s-24 10.7-24 24z\"\/><\/svg>\r\n\t\t\t\t10h30 to 11h30\t\t\t<\/span>\r\n\t\t\t<span class=\"conference-location\">\r\n\t\t\t\t<svg xmlns=\"http:\/\/www.w3.org\/2000\/svg\" height=\"1em\" viewBox=\"0 0 384 512\"><path d=\"M215.7 499.2C267 435 384 279.4 384 192C384 86 298 0 192 0S0 86 0 192c0 87.4 117 243 168.3 307.2c12.3 15.3 35.1 15.3 47.4 0zM192 128a64 64 0 1 1 0 128 64 64 0 1 1 0-128z\"\/><\/svg>\r\n\t\t\t\tAMPHITHEATER\t\t\t<\/span>\r\n\t\t\t\r\n\t\t\t\t\t\t\t<span class=\"conference-type\">\r\n\t\t\t\t\t<svg xmlns=\"http:\/\/www.w3.org\/2000\/svg\" height=\"1em\" viewBox=\"0 0 384 512\"><path d=\"M0 48V487.7C0 501.1 10.9 512 24.3 512c5 0 9.9-1.5 14-4.4L192 400 345.7 507.6c4.1 2.9 9 4.4 14 4.4c13.4 0 24.3-10.9 24.3-24.3V48c0-26.5-21.5-48-48-48H48C21.5 0 0 21.5 0 48z\"\/><\/svg>\r\n\t\t\t\t\tPLENARY CONFERENCE\t\t\t\t<\/span>\r\n\t\t\t\t\t<\/div>\r\n\t\t\r\n\t\t<h3 class=\"conference-title\">Why should digital education (finally) get out of the classroom?<\/h3>\r\n\t\t\r\n\t\t\t\t\t<p class=\"organized-by\">\r\n\t\t\t\tOrganized by Educ@tech Expo\t\t\t<\/p>\r\n\t\t\t\t\r\n\t\t<a class=\"read-more\" href=\"#\">Continue reading<\/a>\r\n\t<\/div>\r\n\t\t\t\t\t\t\t\t\r\n\t<div class=\"conferences-accordion-panel\">\r\n\t\t\r\n\t\t\t\t\r\n\t\t<div class=\"conference-description\">\r\n\t\t\t<p>For years, many players in the sector have relied on schools to develop programs and equipment strategies in conjunction with them.<\/p>\n\n<p>But in the field, the projects carried out by certain local authorities, popular education associations, digital advisors and Edtech players show us that other contexts are possible, and sometimes easier, for mobilizing all publics.<\/p>\n\n<p>So, what are these contexts? How can we work in alliance on the ground? And finally, what difference does it make for the beneficiaries?<\/p>\n\t\t<\/div>\r\n\t\t\t\r\n\t\t\t\t\r\n\t\t\t\t\t<p class=\"speakers-title\">Speakers:<\/p>\r\n\t\t\t<div class=\"speakers\">\r\n\t\t\t\t\t\t\t\t\t<div class=\"speaker\">\r\n\t<img decoding=\"async\" src=\"https:\/\/weyou.blob.core.windows.net\/images\/conferencier\/dcb9e8f5-1691-449a-a656-6938937ee7d3.jpg\" alt=\"Pauline   REBOUL\"><p><strong>Pauline   REBOUL<\/strong><br\/>Chercheuse en information-communication &ndash; FR\u00c9QUENCE ECOLES<\/p><\/div>\t\t\t\t\t\t\t\t\t<div class=\"speaker\">\r\n\t<img decoding=\"async\" src=\"https:\/\/weyou.blob.core.windows.net\/images\/conferencier\/e04079fd-5b56-449f-a399-dec67038b103.jpg\" alt=\"Julie STEIN\"><p><strong>Julie STEIN<\/strong><br\/>Responsable sectorielle \"\u00c9ducation\"  &ndash; BANQUE DES TERRITOIRES<\/p><\/div>\t\t\t\t\t\t\t\t\t<div class=\"speaker\">\r\n\t<img decoding=\"async\" src=\"https:\/\/weyou.blob.core.windows.net\/images\/conferencier\/aafa3fde-76b7-4349-ac08-907f3e7b05da.jpg\" alt=\"S\u00e9bastien  BIRBANDT \"><p><strong>S\u00e9bastien  BIRBANDT <\/strong><br\/>Conseiller de Madame la Rectrice &ndash; DRANE MARTINIQUE<\/p><\/div>\t\t\t\t\t\t\t\t\t<div class=\"speaker\">\r\n\t<img decoding=\"async\" src=\"https:\/\/weyou.blob.core.windows.net\/images\/conferencier\/c36866d3-60bd-4fad-8b8c-04eb88e56383.jpg\" alt=\"Axel GOUYACHE\"><p><strong>Axel GOUYACHE<\/strong><br\/>Responsable de la Division du numerique scolaire &ndash; VILLE DE MARSEILLE<\/p><\/div>\t\t\t\t\t\t\t\t\t<div class=\"speaker\">\r\n\t<img decoding=\"async\" src=\"https:\/\/weyou.blob.core.windows.net\/images\/conferencier\/ed45b157-3a87-4288-8058-74994b92a063.jpg\" alt=\"Sophie  LORIMIER\"><p><strong>Sophie  LORIMIER<\/strong><br\/>Directrice g\u00e9n\u00e9rale adjointe &ndash; LIGUE DE L\u2019ENSEIGNEMENT DES BOUCHES DU RH\u00d4NE<\/p><\/div>\t\t\t\t\t\t\t\t\t<div class=\"speaker\">\r\n\t<img decoding=\"async\" src=\"https:\/\/weyou.blob.core.windows.net\/images\/conferencier\/33200fe5-faf9-4f11-af53-5d16214fa0ed.jpg\" alt=\"Lydie   PIERRET\"><p><strong>Lydie   PIERRET<\/strong><br\/>Responsable Edulab Pasteur &ndash; RENNES VILLE ET M\u00c9TROPOLE<\/p><\/div>\t\t\t\t\t\t\t\t\t<div class=\"speaker\">\r\n\t<img decoding=\"async\" src=\"https:\/\/weyou.blob.core.windows.net\/images\/conferencier\/d96c144e-0a51-472e-ac12-ad52f1934dfe.jpg\" alt=\"Mathieu CORNUEY \"><p><strong>Mathieu CORNUEY <\/strong><br\/>Directeur du p\u00f4le Num\u00e9rique pour l'\u00c9ducation et les Solidarit\u00e9s &ndash; SEINE ET YVELINE NUM\u00c9RIQUE<\/p><\/div>\t\t\t\t\t\t\t<\/div>\r\n\t\t\t\t\r\n\t\t\t\t\t<div class=\"exhibitor-share-box\">\r\n\t\t\t\t\t\t\t\t<a href=\"https:\/\/www.facebook.com\/sharer\/sharer.php?u=https%3A%2F%2Fwww.educatech-expo.com%2Fen%2Fconference%2Feductech-expo\" data-network=\"facebook\" aria-label=\"Facebook\" style=\"--official-color: #557dbc\" rel=\"noopener noreferrer nofollow\">\r\n\t\t\t\t\t<span class=\"icon-container\">\r\n\t\t\t\t\t\t<svg width=\"20px\" height=\"20px\" viewBox=\"0 0 20 20\" aria-hidden=\"true\">\r\n\t\t\t\t\t\t\t<path d=\"M20,10.1c0-5.5-4.5-10-10-10S0,4.5,0,10.1c0,5,3.7,9.1,8.4,9.9v-7H5.9v-2.9h2.5V7.9C8.4,5.4,9.9,4,12.2,4c1.1,0,2.2,0.2,2.2,0.2v2.5h-1.3c-1.2,0-1.6,0.8-1.6,1.6v1.9h2.8L13.9,13h-2.3v7C16.3,19.2,20,15.1,20,10.1z\"><\/path>\r\n\t\t\t\t\t\t<\/svg>\r\n\t\t\t\t\t<\/span>\r\n\t\t\t\t<\/a>\r\n\t\t\t\t\t\t\t\r\n\t\t\t\t<a href=\"https:\/\/twitter.com\/share?url=https%3A%2F%2Fwww.educatech-expo.com%2Fen%2Fconference%2Feductech-expo&text=Conferences & workshops organized by Educ@tech Expo - Educ@tech Expo\" data-network=\"twitter\" aria-label=\"Twitter\" style=\"--official-color: #7acdee\" rel=\"noopener noreferrer nofollow\">\r\n\t\t\t\t\t<span class=\"icon-container\">\r\n\t\t\t\t\t\t<svg width=\"20px\" height=\"20px\" viewBox=\"0 0 20 20\" aria-hidden=\"true\">\r\n\t\t\t\t\t\t\t<path d=\"M20,3.8c-0.7,0.3-1.5,0.5-2.4,0.6c0.8-0.5,1.5-1.3,1.8-2.3c-0.8,0.5-1.7,0.8-2.6,1c-0.7-0.8-1.8-1.3-3-1.3c-2.3,0-4.1,1.8-4.1,4.1c0,0.3,0,0.6,0.1,0.9C6.4,6.7,3.4,5.1,1.4,2.6C1,3.2,0.8,3.9,0.8,4.7c0,1.4,0.7,2.7,1.8,3.4C2,8.1,1.4,7.9,0.8,7.6c0,0,0,0,0,0.1c0,2,1.4,3.6,3.3,4c-0.3,0.1-0.7,0.1-1.1,0.1c-0.3,0-0.5,0-0.8-0.1c0.5,1.6,2,2.8,3.8,2.8c-1.4,1.1-3.2,1.8-5.1,1.8c-0.3,0-0.7,0-1-0.1c1.8,1.2,4,1.8,6.3,1.8c7.5,0,11.7-6.3,11.7-11.7c0-0.2,0-0.4,0-0.5C18.8,5.3,19.4,4.6,20,3.8z\"><\/path>\r\n\t\t\t\t\t\t<\/svg>\r\n\t\t\t\t\t<\/span>\r\n\t\t\t\t<\/a>\r\n\r\n\t\t\t\t<a href=\"https:\/\/www.linkedin.com\/shareArticle?url=https%3A%2F%2Fwww.educatech-expo.com%2Fen%2Fconference%2Feductech-expo&title=Conferences & workshops organized by Educ@tech Expo - Educ@tech Expo\" data-network=\"linkedin\" aria-label=\"LinkedIn\" style=\"--official-color: #1c86c6\" rel=\"noopener noreferrer nofollow\">\r\n\t\t\t\t\t<span class=\"icon-container\">\r\n\t\t\t\t\t\t<svg width=\"20px\" height=\"20px\" viewBox=\"0 0 20 20\" aria-hidden=\"true\">\r\n\t\t\t\t\t\t\t<path d=\"M18.6,0H1.4C0.6,0,0,0.6,0,1.4v17.1C0,19.4,0.6,20,1.4,20h17.1c0.8,0,1.4-0.6,1.4-1.4V1.4C20,0.6,19.4,0,18.6,0z M6,17.1h-3V7.6h3L6,17.1L6,17.1zM4.6,6.3c-1,0-1.7-0.8-1.7-1.7s0.8-1.7,1.7-1.7c0.9,0,1.7,0.8,1.7,1.7C6.3,5.5,5.5,6.3,4.6,6.3z M17.2,17.1h-3v-4.6c0-1.1,0-2.5-1.5-2.5c-1.5,0-1.8,1.2-1.8,2.5v4.7h-3V7.6h2.8v1.3h0c0.4-0.8,1.4-1.5,2.8-1.5c3,0,3.6,2,3.6,4.5V17.1z\"><\/path>\r\n\t\t\t\t\t\t<\/svg>\r\n\t\t\t\t\t<\/span>\r\n\t\t\t\t<\/a>\r\n\t\t\t\t\r\n\t\t\t\t<a href=\"whatsapp:\/\/send?text=https%3A%2F%2Fwww.educatech-expo.com%2Fen%2Fconference%2Feductech-expo\" data-network=\"whatsapp\" aria-label=\"WhatsApp\" style=\"--official-color: #5bba67\" rel=\"noopener noreferrer nofollow\">\r\n\t\t\t\t\t<span class=\"icon-container\">\r\n\t\t\t\t\t\t<svg width=\"20px\" height=\"20px\" viewBox=\"0 0 20 20\" aria-hidden=\"true\">\r\n\t\t\t\t\t\t\t<path d=\"M10,0C4.5,0,0,4.5,0,10c0,1.9,0.5,3.6,1.4,5.1L0.1,20l5-1.3C6.5,19.5,8.2,20,10,20c5.5,0,10-4.5,10-10S15.5,0,10,0zM6.6,5.3c0.2,0,0.3,0,0.5,0c0.2,0,0.4,0,0.6,0.4c0.2,0.5,0.7,1.7,0.8,1.8c0.1,0.1,0.1,0.3,0,0.4C8.3,8.2,8.3,8.3,8.1,8.5C8,8.6,7.9,8.8,7.8,8.9C7.7,9,7.5,9.1,7.7,9.4c0.1,0.2,0.6,1.1,1.4,1.7c0.9,0.8,1.7,1.1,2,1.2c0.2,0.1,0.4,0.1,0.5-0.1c0.1-0.2,0.6-0.7,0.8-1c0.2-0.2,0.3-0.2,0.6-0.1c0.2,0.1,1.4,0.7,1.7,0.8s0.4,0.2,0.5,0.3c0.1,0.1,0.1,0.6-0.1,1.2c-0.2,0.6-1.2,1.1-1.7,1.2c-0.5,0-0.9,0.2-3-0.6c-2.5-1-4.1-3.6-4.2-3.7c-0.1-0.2-1-1.3-1-2.6c0-1.2,0.6-1.8,0.9-2.1C6.1,5.4,6.4,5.3,6.6,5.3z\"><\/path>\r\n\t\t\t\t\t\t<\/svg>\r\n\t\t\t\t\t<\/span>\r\n\t\t\t\t<\/a>\r\n\t\t\t<\/div>\r\n\t\t\t<\/div>\r\n<\/div>\t\t\t\t\t\t\t<div class=\"conferences-accordion-item\" data-date=\"2025-11-19T00:00:00\" data-type=\"plenary-conference\">\r\n\t<div class=\"conferences-accordion-header\">\r\n\t\t<div class=\"conference-infos\">\r\n\t\t\t<span class=\"conference-date\">\r\n\t\t\t\t<svg xmlns=\"http:\/\/www.w3.org\/2000\/svg\" height=\"1em\" viewBox=\"0 0 448 512\"><path d=\"M96 32V64H48C21.5 64 0 85.5 0 112v48H448V112c0-26.5-21.5-48-48-48H352V32c0-17.7-14.3-32-32-32s-32 14.3-32 32V64H160V32c0-17.7-14.3-32-32-32S96 14.3 96 32zM448 192H0V464c0 26.5 21.5 48 48 48H400c26.5 0 48-21.5 48-48V192z\"\/><\/svg>\r\n\t\t\t\t19 November 2025\t\t\t<\/span>\r\n\t\t\t<span class=\"conference-time\">\r\n\t\t\t\t<svg xmlns=\"http:\/\/www.w3.org\/2000\/svg\" height=\"1em\" viewBox=\"0 0 512 512\"><path d=\"M256 0a256 256 0 1 1 0 512A256 256 0 1 1 256 0zM232 120V256c0 8 4 15.5 10.7 20l96 64c11 7.4 25.9 4.4 33.3-6.7s4.4-25.9-6.7-33.3L280 243.2V120c0-13.3-10.7-24-24-24s-24 10.7-24 24z\"\/><\/svg>\r\n\t\t\t\t11H45 to 12H45 \t\t\t<\/span>\r\n\t\t\t<span class=\"conference-location\">\r\n\t\t\t\t<svg xmlns=\"http:\/\/www.w3.org\/2000\/svg\" height=\"1em\" viewBox=\"0 0 384 512\"><path d=\"M215.7 499.2C267 435 384 279.4 384 192C384 86 298 0 192 0S0 86 0 192c0 87.4 117 243 168.3 307.2c12.3 15.3 35.1 15.3 47.4 0zM192 128a64 64 0 1 1 0 128 64 64 0 1 1 0-128z\"\/><\/svg>\r\n\t\t\t\tAMPHITHEATER\t\t\t<\/span>\r\n\t\t\t\r\n\t\t\t\t\t\t\t<span class=\"conference-type\">\r\n\t\t\t\t\t<svg xmlns=\"http:\/\/www.w3.org\/2000\/svg\" height=\"1em\" viewBox=\"0 0 384 512\"><path d=\"M0 48V487.7C0 501.1 10.9 512 24.3 512c5 0 9.9-1.5 14-4.4L192 400 345.7 507.6c4.1 2.9 9 4.4 14 4.4c13.4 0 24.3-10.9 24.3-24.3V48c0-26.5-21.5-48-48-48H48C21.5 0 0 21.5 0 48z\"\/><\/svg>\r\n\t\t\t\t\tPLENARY CONFERENCE\t\t\t\t<\/span>\r\n\t\t\t\t\t<\/div>\r\n\t\t\r\n\t\t<h3 class=\"conference-title\">Creativity and AI with Canva Education, Empowering teachers and students to create with purpose<\/h3>\r\n\t\t\r\n\t\t\t\t\t<p class=\"organized-by\">\r\n\t\t\t\tOrganized by CANVA EDUCATION\t\t\t<\/p>\r\n\t\t\t\t\r\n\t\t<a class=\"read-more\" href=\"#\">Continue reading<\/a>\r\n\t<\/div>\r\n\t\t\t\t\t\t\t\t\r\n\t<div class=\"conferences-accordion-panel\">\r\n\t\t\r\n\t\t\t\t\t\t<img decoding=\"async\" src=\"https:\/\/weyou.blob.core.windows.net\/images\/exposant\/e3e6c464-ef42-458a-8811-7ff5743fa307.jpg\" class=\"exhibitor-logo\" alt=\"CANVA EDUCATION\">\r\n\t\t\t\t\t\r\n\t\t<div class=\"conference-description\">\r\n\t\t\t\r\n<p>The session will showcase how Canva Educations\u2019s tools support creative and interactive learning in the classroom, while exploring how AI is transforming the way teachers and students create, learn, and think.<\/p>\r\n<p>With insights from C\u00e9cile Cathelin, teacher and Canvassador, and Jean-Fran\u00e7ois Cerisier, researcher and Director of the Techn\u00e9 lab at the University of Poitiers.<br><\/p>\r\n\t\t<\/div>\r\n\t\t\t\r\n\t\t\t\t\t<p class=\"speakers-title\">Conference Moderator:<\/p>\r\n\t\t\t<div class=\"speakers\">\r\n\t\t\t\t\t\t\t\t\t<div class=\"speaker\">\r\n\t<img decoding=\"async\" src=\"https:\/\/weyou.blob.core.windows.net\/images\/conferencier\/fc111ee4-f435-4ef7-b7e6-1f1ccdbc8989.jpg\" alt=\"Caroline NILLES\"><p><strong>Caroline NILLES<\/strong><br\/>Community Manager education France &ndash; CANVA \u00c9DUCATION<\/p><\/div>\t\t\t\t\t\t\t<\/div>\r\n\t\t\t\t\r\n\t\t\t\t\t<p class=\"speakers-title\">Speakers:<\/p>\r\n\t\t\t<div class=\"speakers\">\r\n\t\t\t\t\t\t\t\t\t<div class=\"speaker\">\r\n\t<img decoding=\"async\" src=\"https:\/\/weyou.blob.core.windows.net\/images\/conferencier\/4e8e9d74-1b90-4454-abb3-8880cad49a73.jpg\" alt=\"Jean-Fran\u00e7ois CERISIER\"><p><strong>Jean-Fran\u00e7ois CERISIER<\/strong><br\/>University Professor at the University of Poitiers and Director of the Techn\u00e9 Research Unit. &ndash; UNIVERSIT\u00c9 DE POITIERS<\/p><\/div>\t\t\t\t\t\t\t\t\t<div class=\"speaker\">\r\n\t<img decoding=\"async\" src=\"https:\/\/weyou.blob.core.windows.net\/images\/conferencier\/9ad06063-b41c-40ae-ba28-9a35abbf4104.jpg\" alt=\"C\u00e9cile CATHELIN\"><p><strong>C\u00e9cile CATHELIN<\/strong><br\/>Teacher and Canvassador &ndash; \u00c9DUCATION NATIONALE<\/p><\/div>\t\t\t\t\t\t\t<\/div>\r\n\t\t\t\t\r\n\t\t\t\t\t<div class=\"exhibitor-share-box\">\r\n\t\t\t\t\t\t\t\t<a href=\"https:\/\/www.facebook.com\/sharer\/sharer.php?u=https%3A%2F%2Fwww.educatech-expo.com%2Fen%2Fconference%2Fcanva-education\" data-network=\"facebook\" aria-label=\"Facebook\" style=\"--official-color: #557dbc\" rel=\"noopener noreferrer nofollow\">\r\n\t\t\t\t\t<span class=\"icon-container\">\r\n\t\t\t\t\t\t<svg width=\"20px\" height=\"20px\" viewBox=\"0 0 20 20\" aria-hidden=\"true\">\r\n\t\t\t\t\t\t\t<path d=\"M20,10.1c0-5.5-4.5-10-10-10S0,4.5,0,10.1c0,5,3.7,9.1,8.4,9.9v-7H5.9v-2.9h2.5V7.9C8.4,5.4,9.9,4,12.2,4c1.1,0,2.2,0.2,2.2,0.2v2.5h-1.3c-1.2,0-1.6,0.8-1.6,1.6v1.9h2.8L13.9,13h-2.3v7C16.3,19.2,20,15.1,20,10.1z\"><\/path>\r\n\t\t\t\t\t\t<\/svg>\r\n\t\t\t\t\t<\/span>\r\n\t\t\t\t<\/a>\r\n\t\t\t\t\t\t\t\r\n\t\t\t\t<a href=\"https:\/\/twitter.com\/share?url=https%3A%2F%2Fwww.educatech-expo.com%2Fen%2Fconference%2Fcanva-education&text=Conferences & workshops organized by CANVA EDUCATION - Educ@tech Expo\" data-network=\"twitter\" aria-label=\"Twitter\" style=\"--official-color: #7acdee\" rel=\"noopener noreferrer nofollow\">\r\n\t\t\t\t\t<span class=\"icon-container\">\r\n\t\t\t\t\t\t<svg width=\"20px\" height=\"20px\" viewBox=\"0 0 20 20\" aria-hidden=\"true\">\r\n\t\t\t\t\t\t\t<path d=\"M20,3.8c-0.7,0.3-1.5,0.5-2.4,0.6c0.8-0.5,1.5-1.3,1.8-2.3c-0.8,0.5-1.7,0.8-2.6,1c-0.7-0.8-1.8-1.3-3-1.3c-2.3,0-4.1,1.8-4.1,4.1c0,0.3,0,0.6,0.1,0.9C6.4,6.7,3.4,5.1,1.4,2.6C1,3.2,0.8,3.9,0.8,4.7c0,1.4,0.7,2.7,1.8,3.4C2,8.1,1.4,7.9,0.8,7.6c0,0,0,0,0,0.1c0,2,1.4,3.6,3.3,4c-0.3,0.1-0.7,0.1-1.1,0.1c-0.3,0-0.5,0-0.8-0.1c0.5,1.6,2,2.8,3.8,2.8c-1.4,1.1-3.2,1.8-5.1,1.8c-0.3,0-0.7,0-1-0.1c1.8,1.2,4,1.8,6.3,1.8c7.5,0,11.7-6.3,11.7-11.7c0-0.2,0-0.4,0-0.5C18.8,5.3,19.4,4.6,20,3.8z\"><\/path>\r\n\t\t\t\t\t\t<\/svg>\r\n\t\t\t\t\t<\/span>\r\n\t\t\t\t<\/a>\r\n\r\n\t\t\t\t<a href=\"https:\/\/www.linkedin.com\/shareArticle?url=https%3A%2F%2Fwww.educatech-expo.com%2Fen%2Fconference%2Fcanva-education&title=Conferences & workshops organized by CANVA EDUCATION - Educ@tech Expo\" data-network=\"linkedin\" aria-label=\"LinkedIn\" style=\"--official-color: #1c86c6\" rel=\"noopener noreferrer nofollow\">\r\n\t\t\t\t\t<span class=\"icon-container\">\r\n\t\t\t\t\t\t<svg width=\"20px\" height=\"20px\" viewBox=\"0 0 20 20\" aria-hidden=\"true\">\r\n\t\t\t\t\t\t\t<path d=\"M18.6,0H1.4C0.6,0,0,0.6,0,1.4v17.1C0,19.4,0.6,20,1.4,20h17.1c0.8,0,1.4-0.6,1.4-1.4V1.4C20,0.6,19.4,0,18.6,0z M6,17.1h-3V7.6h3L6,17.1L6,17.1zM4.6,6.3c-1,0-1.7-0.8-1.7-1.7s0.8-1.7,1.7-1.7c0.9,0,1.7,0.8,1.7,1.7C6.3,5.5,5.5,6.3,4.6,6.3z M17.2,17.1h-3v-4.6c0-1.1,0-2.5-1.5-2.5c-1.5,0-1.8,1.2-1.8,2.5v4.7h-3V7.6h2.8v1.3h0c0.4-0.8,1.4-1.5,2.8-1.5c3,0,3.6,2,3.6,4.5V17.1z\"><\/path>\r\n\t\t\t\t\t\t<\/svg>\r\n\t\t\t\t\t<\/span>\r\n\t\t\t\t<\/a>\r\n\t\t\t\t\r\n\t\t\t\t<a href=\"whatsapp:\/\/send?text=https%3A%2F%2Fwww.educatech-expo.com%2Fen%2Fconference%2Fcanva-education\" data-network=\"whatsapp\" aria-label=\"WhatsApp\" style=\"--official-color: #5bba67\" rel=\"noopener noreferrer nofollow\">\r\n\t\t\t\t\t<span class=\"icon-container\">\r\n\t\t\t\t\t\t<svg width=\"20px\" height=\"20px\" viewBox=\"0 0 20 20\" aria-hidden=\"true\">\r\n\t\t\t\t\t\t\t<path d=\"M10,0C4.5,0,0,4.5,0,10c0,1.9,0.5,3.6,1.4,5.1L0.1,20l5-1.3C6.5,19.5,8.2,20,10,20c5.5,0,10-4.5,10-10S15.5,0,10,0zM6.6,5.3c0.2,0,0.3,0,0.5,0c0.2,0,0.4,0,0.6,0.4c0.2,0.5,0.7,1.7,0.8,1.8c0.1,0.1,0.1,0.3,0,0.4C8.3,8.2,8.3,8.3,8.1,8.5C8,8.6,7.9,8.8,7.8,8.9C7.7,9,7.5,9.1,7.7,9.4c0.1,0.2,0.6,1.1,1.4,1.7c0.9,0.8,1.7,1.1,2,1.2c0.2,0.1,0.4,0.1,0.5-0.1c0.1-0.2,0.6-0.7,0.8-1c0.2-0.2,0.3-0.2,0.6-0.1c0.2,0.1,1.4,0.7,1.7,0.8s0.4,0.2,0.5,0.3c0.1,0.1,0.1,0.6-0.1,1.2c-0.2,0.6-1.2,1.1-1.7,1.2c-0.5,0-0.9,0.2-3-0.6c-2.5-1-4.1-3.6-4.2-3.7c-0.1-0.2-1-1.3-1-2.6c0-1.2,0.6-1.8,0.9-2.1C6.1,5.4,6.4,5.3,6.6,5.3z\"><\/path>\r\n\t\t\t\t\t\t<\/svg>\r\n\t\t\t\t\t<\/span>\r\n\t\t\t\t<\/a>\r\n\t\t\t<\/div>\r\n\t\t\t<\/div>\r\n<\/div>\t\t\t\t\t\t\t<div class=\"conferences-accordion-item\" data-date=\"2025-11-19T00:00:00\" data-type=\"plenary-conference\">\r\n\t<div class=\"conferences-accordion-header\">\r\n\t\t<div class=\"conference-infos\">\r\n\t\t\t<span class=\"conference-date\">\r\n\t\t\t\t<svg xmlns=\"http:\/\/www.w3.org\/2000\/svg\" height=\"1em\" viewBox=\"0 0 448 512\"><path d=\"M96 32V64H48C21.5 64 0 85.5 0 112v48H448V112c0-26.5-21.5-48-48-48H352V32c0-17.7-14.3-32-32-32s-32 14.3-32 32V64H160V32c0-17.7-14.3-32-32-32S96 14.3 96 32zM448 192H0V464c0 26.5 21.5 48 48 48H400c26.5 0 48-21.5 48-48V192z\"\/><\/svg>\r\n\t\t\t\t19 November 2025\t\t\t<\/span>\r\n\t\t\t<span class=\"conference-time\">\r\n\t\t\t\t<svg xmlns=\"http:\/\/www.w3.org\/2000\/svg\" height=\"1em\" viewBox=\"0 0 512 512\"><path d=\"M256 0a256 256 0 1 1 0 512A256 256 0 1 1 256 0zM232 120V256c0 8 4 15.5 10.7 20l96 64c11 7.4 25.9 4.4 33.3-6.7s4.4-25.9-6.7-33.3L280 243.2V120c0-13.3-10.7-24-24-24s-24 10.7-24 24z\"\/><\/svg>\r\n\t\t\t\t14h00 to 15h00\t\t\t<\/span>\r\n\t\t\t<span class=\"conference-location\">\r\n\t\t\t\t<svg xmlns=\"http:\/\/www.w3.org\/2000\/svg\" height=\"1em\" viewBox=\"0 0 384 512\"><path d=\"M215.7 499.2C267 435 384 279.4 384 192C384 86 298 0 192 0S0 86 0 192c0 87.4 117 243 168.3 307.2c12.3 15.3 35.1 15.3 47.4 0zM192 128a64 64 0 1 1 0 128 64 64 0 1 1 0-128z\"\/><\/svg>\r\n\t\t\t\tAMPHITHEATER\t\t\t<\/span>\r\n\t\t\t\r\n\t\t\t\t\t\t\t<span class=\"conference-type\">\r\n\t\t\t\t\t<svg xmlns=\"http:\/\/www.w3.org\/2000\/svg\" height=\"1em\" viewBox=\"0 0 384 512\"><path d=\"M0 48V487.7C0 501.1 10.9 512 24.3 512c5 0 9.9-1.5 14-4.4L192 400 345.7 507.6c4.1 2.9 9 4.4 14 4.4c13.4 0 24.3-10.9 24.3-24.3V48c0-26.5-21.5-48-48-48H48C21.5 0 0 21.5 0 48z\"\/><\/svg>\r\n\t\t\t\t\tPLENARY CONFERENCE\t\t\t\t<\/span>\r\n\t\t\t\t\t<\/div>\r\n\t\t\r\n\t\t<h3 class=\"conference-title\">Teaching and Learning in the Age of AI: Bridging School and Higher Education<\/h3>\r\n\t\t\r\n\t\t\t\t\t<p class=\"organized-by\">\r\n\t\t\t\tOrganized by NOLEJ\t\t\t<\/p>\r\n\t\t\t\t\r\n\t\t<a class=\"read-more\" href=\"#\">Continue reading<\/a>\r\n\t<\/div>\r\n\t\t\t\t\t\t\t\t\r\n\t<div class=\"conferences-accordion-panel\">\r\n\t\t\r\n\t\t\t\t\t\t<img decoding=\"async\" src=\"https:\/\/weyou.blob.core.windows.net\/images\/exposant\/47273643-381f-4ea1-86a6-219c8b493253.jpg\" class=\"exhibitor-logo\" alt=\"NOLEJ\">\r\n\t\t\t\t\t\r\n\t\t<div class=\"conference-description\">\r\n\t\t\t\r\n\r\n\r\n<p>Artificial intelligence is profoundly transforming the way we teach, learn, and design educational pathways. How can we rethink the continuity between K\u201312 and higher education at a time when skills evolve faster than curricula?<\/p>\r\n<p>This workshop will be led by Nejma Travaglini, CEO of \r\nNolej, a pioneering startup in generative AI for education. She will present the key levers of AI-augmented learning, the new balance between human and technology, and the conditions for a smooth, informed, and responsible adoption of these tools in service of a more coherent and inclusive educational continuum.&nbsp;She will also reveal, in an exclusive preview, the upcoming features and innovations arriving soon on Nolej.<\/p>\r\n<p>We are also pleased to welcome two exceptional guest speakers:<\/p>\r\nAlain Goudey, Associate Dean for Digital \u2013 NEOMA Business School\r\n<p>He will share how a leading business school like NEOMA is rethinking its pedagogical and organizational practices in the age of AI. Strategies, adoption, innovation, and impacts on training and skills development: an essential perspective to understand the challenges facing higher education and the potential synergies with K\u201312.<\/p>\r\n<p>Mathilde Ouguel, History and Geography Teacher \u2013 Coll\u00e8ge Gis\u00e8le Halimi<\/p>\r\n<p>She will present her daily use of Nolej as well as her inspiring initiative: \r\nthe Startup Club of Coll\u00e8ge Gis\u00e8le Halimi, a space where students explore entrepreneurship, digital tools, innovation, and learn to develop concrete projects.<\/p>\r\n<p>A vivid example of a school empowering students to become creators, explorers, and active agents in their learning through AI and creativity.<\/p>\r\n<p>Together, these three perspectives \u2014 higher education, secondary education, and EdTech \u2014 will offer a comprehensive, grounded view of the transformations underway and the bridges we must build to imagine a fluid, coherent, and deeply human educational journey.<\/p>\r\n\r\n\r\n\t\t<\/div>\r\n\t\t\t\r\n\t\t\t\t\t<p class=\"speakers-title\">Conference Moderators:<\/p>\r\n\t\t\t<div class=\"speakers\">\r\n\t\t\t\t\t\t\t\t\t<div class=\"speaker\">\r\n\t<img decoding=\"async\" src=\"https:\/\/weyou.blob.core.windows.net\/images\/conferencier\/563aa1c6-1766-4964-919a-080611b6e0fe.jpg\" alt=\"Nejma TRAVAGLINI\"><p><strong>Nejma TRAVAGLINI<\/strong><br\/>CEO &ndash; NOLEJ<\/p><\/div>\t\t\t\t\t\t\t\t\t<div class=\"speaker\">\r\n\t<img decoding=\"async\" src=\"https:\/\/weyou.blob.core.windows.net\/images\/conferencier\/b19998ae-6bee-4a56-97c1-58c3727c80ee.jpg\" alt=\"Alain GOUDEY\"><p><strong>Alain GOUDEY<\/strong><br\/>Associate Dean for Digital &ndash; NEOMA BUSINESS SCHOOL<\/p><\/div>\t\t\t\t\t\t\t<\/div>\r\n\t\t\t\t\r\n\t\t\t\t\t<p class=\"speakers-title\">Speaker:<\/p>\r\n\t\t\t<div class=\"speakers\">\r\n\t\t\t\t\t\t\t\t\t<div class=\"speaker\">\r\n\t<img decoding=\"async\" src=\"https:\/\/weyou.blob.core.windows.net\/images\/conferencier\/526f2a93-a2dc-4ae4-acf1-d444c99379f4.jpg\" alt=\"Mathilde OUGUEL\"><p><strong>Mathilde OUGUEL<\/strong><br\/>History and Geography Teacher, Citizenship Education (EMC) &ndash; COLL\u00c8GE GIS\u00c8LE HALIMI<\/p><\/div>\t\t\t\t\t\t\t<\/div>\r\n\t\t\t\t\r\n\t\t\t\t\t<div class=\"exhibitor-share-box\">\r\n\t\t\t\t\t\t\t\t<a href=\"https:\/\/www.facebook.com\/sharer\/sharer.php?u=https%3A%2F%2Fwww.educatech-expo.com%2Fen%2Fconference%2Fnolej\" data-network=\"facebook\" aria-label=\"Facebook\" style=\"--official-color: #557dbc\" rel=\"noopener noreferrer nofollow\">\r\n\t\t\t\t\t<span class=\"icon-container\">\r\n\t\t\t\t\t\t<svg width=\"20px\" height=\"20px\" viewBox=\"0 0 20 20\" aria-hidden=\"true\">\r\n\t\t\t\t\t\t\t<path d=\"M20,10.1c0-5.5-4.5-10-10-10S0,4.5,0,10.1c0,5,3.7,9.1,8.4,9.9v-7H5.9v-2.9h2.5V7.9C8.4,5.4,9.9,4,12.2,4c1.1,0,2.2,0.2,2.2,0.2v2.5h-1.3c-1.2,0-1.6,0.8-1.6,1.6v1.9h2.8L13.9,13h-2.3v7C16.3,19.2,20,15.1,20,10.1z\"><\/path>\r\n\t\t\t\t\t\t<\/svg>\r\n\t\t\t\t\t<\/span>\r\n\t\t\t\t<\/a>\r\n\t\t\t\t\t\t\t\r\n\t\t\t\t<a href=\"https:\/\/twitter.com\/share?url=https%3A%2F%2Fwww.educatech-expo.com%2Fen%2Fconference%2Fnolej&text=Conferences & workshops organized by NOLEJ - Educ@tech Expo\" data-network=\"twitter\" aria-label=\"Twitter\" style=\"--official-color: #7acdee\" rel=\"noopener noreferrer nofollow\">\r\n\t\t\t\t\t<span class=\"icon-container\">\r\n\t\t\t\t\t\t<svg width=\"20px\" height=\"20px\" viewBox=\"0 0 20 20\" aria-hidden=\"true\">\r\n\t\t\t\t\t\t\t<path d=\"M20,3.8c-0.7,0.3-1.5,0.5-2.4,0.6c0.8-0.5,1.5-1.3,1.8-2.3c-0.8,0.5-1.7,0.8-2.6,1c-0.7-0.8-1.8-1.3-3-1.3c-2.3,0-4.1,1.8-4.1,4.1c0,0.3,0,0.6,0.1,0.9C6.4,6.7,3.4,5.1,1.4,2.6C1,3.2,0.8,3.9,0.8,4.7c0,1.4,0.7,2.7,1.8,3.4C2,8.1,1.4,7.9,0.8,7.6c0,0,0,0,0,0.1c0,2,1.4,3.6,3.3,4c-0.3,0.1-0.7,0.1-1.1,0.1c-0.3,0-0.5,0-0.8-0.1c0.5,1.6,2,2.8,3.8,2.8c-1.4,1.1-3.2,1.8-5.1,1.8c-0.3,0-0.7,0-1-0.1c1.8,1.2,4,1.8,6.3,1.8c7.5,0,11.7-6.3,11.7-11.7c0-0.2,0-0.4,0-0.5C18.8,5.3,19.4,4.6,20,3.8z\"><\/path>\r\n\t\t\t\t\t\t<\/svg>\r\n\t\t\t\t\t<\/span>\r\n\t\t\t\t<\/a>\r\n\r\n\t\t\t\t<a href=\"https:\/\/www.linkedin.com\/shareArticle?url=https%3A%2F%2Fwww.educatech-expo.com%2Fen%2Fconference%2Fnolej&title=Conferences & workshops organized by NOLEJ - Educ@tech Expo\" data-network=\"linkedin\" aria-label=\"LinkedIn\" style=\"--official-color: #1c86c6\" rel=\"noopener noreferrer nofollow\">\r\n\t\t\t\t\t<span class=\"icon-container\">\r\n\t\t\t\t\t\t<svg width=\"20px\" height=\"20px\" viewBox=\"0 0 20 20\" aria-hidden=\"true\">\r\n\t\t\t\t\t\t\t<path d=\"M18.6,0H1.4C0.6,0,0,0.6,0,1.4v17.1C0,19.4,0.6,20,1.4,20h17.1c0.8,0,1.4-0.6,1.4-1.4V1.4C20,0.6,19.4,0,18.6,0z M6,17.1h-3V7.6h3L6,17.1L6,17.1zM4.6,6.3c-1,0-1.7-0.8-1.7-1.7s0.8-1.7,1.7-1.7c0.9,0,1.7,0.8,1.7,1.7C6.3,5.5,5.5,6.3,4.6,6.3z M17.2,17.1h-3v-4.6c0-1.1,0-2.5-1.5-2.5c-1.5,0-1.8,1.2-1.8,2.5v4.7h-3V7.6h2.8v1.3h0c0.4-0.8,1.4-1.5,2.8-1.5c3,0,3.6,2,3.6,4.5V17.1z\"><\/path>\r\n\t\t\t\t\t\t<\/svg>\r\n\t\t\t\t\t<\/span>\r\n\t\t\t\t<\/a>\r\n\t\t\t\t\r\n\t\t\t\t<a href=\"whatsapp:\/\/send?text=https%3A%2F%2Fwww.educatech-expo.com%2Fen%2Fconference%2Fnolej\" data-network=\"whatsapp\" aria-label=\"WhatsApp\" style=\"--official-color: #5bba67\" rel=\"noopener noreferrer nofollow\">\r\n\t\t\t\t\t<span class=\"icon-container\">\r\n\t\t\t\t\t\t<svg width=\"20px\" height=\"20px\" viewBox=\"0 0 20 20\" aria-hidden=\"true\">\r\n\t\t\t\t\t\t\t<path d=\"M10,0C4.5,0,0,4.5,0,10c0,1.9,0.5,3.6,1.4,5.1L0.1,20l5-1.3C6.5,19.5,8.2,20,10,20c5.5,0,10-4.5,10-10S15.5,0,10,0zM6.6,5.3c0.2,0,0.3,0,0.5,0c0.2,0,0.4,0,0.6,0.4c0.2,0.5,0.7,1.7,0.8,1.8c0.1,0.1,0.1,0.3,0,0.4C8.3,8.2,8.3,8.3,8.1,8.5C8,8.6,7.9,8.8,7.8,8.9C7.7,9,7.5,9.1,7.7,9.4c0.1,0.2,0.6,1.1,1.4,1.7c0.9,0.8,1.7,1.1,2,1.2c0.2,0.1,0.4,0.1,0.5-0.1c0.1-0.2,0.6-0.7,0.8-1c0.2-0.2,0.3-0.2,0.6-0.1c0.2,0.1,1.4,0.7,1.7,0.8s0.4,0.2,0.5,0.3c0.1,0.1,0.1,0.6-0.1,1.2c-0.2,0.6-1.2,1.1-1.7,1.2c-0.5,0-0.9,0.2-3-0.6c-2.5-1-4.1-3.6-4.2-3.7c-0.1-0.2-1-1.3-1-2.6c0-1.2,0.6-1.8,0.9-2.1C6.1,5.4,6.4,5.3,6.6,5.3z\"><\/path>\r\n\t\t\t\t\t\t<\/svg>\r\n\t\t\t\t\t<\/span>\r\n\t\t\t\t<\/a>\r\n\t\t\t<\/div>\r\n\t\t\t<\/div>\r\n<\/div>\t\t\t\t\t\t\t<div class=\"conferences-accordion-item\" data-date=\"2025-11-19T00:00:00\" data-type=\"plenary-conference\">\r\n\t<div class=\"conferences-accordion-header\">\r\n\t\t<div class=\"conference-infos\">\r\n\t\t\t<span class=\"conference-date\">\r\n\t\t\t\t<svg xmlns=\"http:\/\/www.w3.org\/2000\/svg\" height=\"1em\" viewBox=\"0 0 448 512\"><path d=\"M96 32V64H48C21.5 64 0 85.5 0 112v48H448V112c0-26.5-21.5-48-48-48H352V32c0-17.7-14.3-32-32-32s-32 14.3-32 32V64H160V32c0-17.7-14.3-32-32-32S96 14.3 96 32zM448 192H0V464c0 26.5 21.5 48 48 48H400c26.5 0 48-21.5 48-48V192z\"\/><\/svg>\r\n\t\t\t\t19 November 2025\t\t\t<\/span>\r\n\t\t\t<span class=\"conference-time\">\r\n\t\t\t\t<svg xmlns=\"http:\/\/www.w3.org\/2000\/svg\" height=\"1em\" viewBox=\"0 0 512 512\"><path d=\"M256 0a256 256 0 1 1 0 512A256 256 0 1 1 256 0zM232 120V256c0 8 4 15.5 10.7 20l96 64c11 7.4 25.9 4.4 33.3-6.7s4.4-25.9-6.7-33.3L280 243.2V120c0-13.3-10.7-24-24-24s-24 10.7-24 24z\"\/><\/svg>\r\n\t\t\t\t15h15 to 16h15\t\t\t<\/span>\r\n\t\t\t<span class=\"conference-location\">\r\n\t\t\t\t<svg xmlns=\"http:\/\/www.w3.org\/2000\/svg\" height=\"1em\" viewBox=\"0 0 384 512\"><path d=\"M215.7 499.2C267 435 384 279.4 384 192C384 86 298 0 192 0S0 86 0 192c0 87.4 117 243 168.3 307.2c12.3 15.3 35.1 15.3 47.4 0zM192 128a64 64 0 1 1 0 128 64 64 0 1 1 0-128z\"\/><\/svg>\r\n\t\t\t\tAMPHITHEATER\t\t\t<\/span>\r\n\t\t\t\r\n\t\t\t\t\t\t\t<span class=\"conference-type\">\r\n\t\t\t\t\t<svg xmlns=\"http:\/\/www.w3.org\/2000\/svg\" height=\"1em\" viewBox=\"0 0 384 512\"><path d=\"M0 48V487.7C0 501.1 10.9 512 24.3 512c5 0 9.9-1.5 14-4.4L192 400 345.7 507.6c4.1 2.9 9 4.4 14 4.4c13.4 0 24.3-10.9 24.3-24.3V48c0-26.5-21.5-48-48-48H48C21.5 0 0 21.5 0 48z\"\/><\/svg>\r\n\t\t\t\t\tPLENARY CONFERENCE\t\t\t\t<\/span>\r\n\t\t\t\t\t<\/div>\r\n\t\t\r\n\t\t<h3 class=\"conference-title\">Why will AI transform educational production?<\/h3>\r\n\t\t\r\n\t\t\t\t\t<p class=\"organized-by\">\r\n\t\t\t\tOrganized by Educ@tech Expo\t\t\t<\/p>\r\n\t\t\t\t\r\n\t\t<a class=\"read-more\" href=\"#\">Continue reading<\/a>\r\n\t<\/div>\r\n\t\t\t\t\t\t\t\t\r\n\t<div class=\"conferences-accordion-panel\">\r\n\t\t\r\n\t\t\t\t\r\n\t\t<div class=\"conference-description\">\r\n\t\t\t<p>Artificial intelligence, and even more so generative AI, is now becoming part of the daily lives of teachers and students alike. Faced with this upheaval, the question is no longer whether schools should embrace AI, but how they can do so without being overwhelmed by it.<br>How can AI become a lever for learning, differentiated instruction, student creativity, and lesson preparation support? How can we support teachers in evolving their practices, skills, and ethical standards?<br>Beyond the tools themselves, this opens up a whole new debate on the design, sharing, and sustainability of educational resources. Can we imagine AI systems that are more useful, more secure, and better suited to the needs on the ground? What economic models and sharing approaches (open source, commons, free licenses) will enable us to turn AI into a true public good?<\/p>\n\t\t<\/div>\r\n\t\t\t\r\n\t\t\t\t\r\n\t\t\t\t\t<p class=\"speakers-title\">Speakers:<\/p>\r\n\t\t\t<div class=\"speakers\">\r\n\t\t\t\t\t\t\t\t\t<div class=\"speaker\">\r\n\t<img decoding=\"async\" src=\"https:\/\/weyou.blob.core.windows.net\/images\/conferencier\/c63ba11c-2632-4ec9-a642-f27b657cc476.jpg\" alt=\"M\u00e9lanie PAULI-HARQUEVAUX\"><p><strong>M\u00e9lanie PAULI-HARQUEVAUX<\/strong><br\/>Coordinatrice de la Chaire UNESCO RELIA (Ressources \u00c9ducatives Libres et Intelligence Artificielle) &ndash; NANTES UNIVERSIT\u00c9<\/p><\/div>\t\t\t\t\t\t\t\t\t<div class=\"speaker\">\r\n\t<img decoding=\"async\" src=\"https:\/\/weyou.blob.core.windows.net\/images\/conferencier\/f09fac77-64f7-401e-b5bb-db74c51b1524.jpg\" alt=\"L\u00e9o BRIAND\"><p><strong>L\u00e9o BRIAND<\/strong><br\/>Fondateur de Vittascience &ndash; VICE-PR\u00c9SIDENT DE L'AFINEF<\/p><\/div>\t\t\t\t\t\t\t\t\t<div class=\"speaker\">\r\n\t<img decoding=\"async\" src=\"https:\/\/weyou.blob.core.windows.net\/images\/conferencier\/559840e3-6c7c-4660-8e55-ebfe3954c1cc.jpg\" alt=\"Aude BLANCKAERT GU\u00c9NEAU\"><p><strong>Aude BLANCKAERT GU\u00c9NEAU<\/strong><br\/>Fondatrice de Plume &ndash; PR\u00c9SIDENTE DE EDTECH FRANCE <\/p><\/div>\t\t\t\t\t\t\t\t\t<div class=\"speaker\">\r\n\t<img decoding=\"async\" src=\"https:\/\/weyou.blob.core.windows.net\/images\/conferencier\/faffacd8-7b52-4621-9c84-1ad96676a427.jpg\" alt=\"Nicolas POULAIN\"><p><strong>Nicolas POULAIN<\/strong><br\/>Chef de projet Capytale &ndash; ACAD\u00c9MIE DE PARIS<\/p><\/div>\t\t\t\t\t\t\t\t\t<div class=\"speaker\">\r\n\t<img decoding=\"async\" src=\"https:\/\/weyou.blob.core.windows.net\/images\/conferencier\/290e3023-b8a1-4613-bac5-ca49f572918a.jpg\" alt=\"Axel  JEAN\"><p><strong>Axel  JEAN<\/strong><br\/>Chef du bureau du soutien \u00e0 l'innovation num\u00e9rique et \u00e0 la recherche appliqu\u00e9e &ndash; DIRECTION DU NUM\u00c9RIQUE \u00c9DUCATIF<\/p><\/div>\t\t\t\t\t\t\t\t\t<div class=\"speaker\">\r\n\t<img decoding=\"async\" src=\"https:\/\/weyou.blob.core.windows.net\/images\/conferencier\/b0229386-3e83-4c32-8ccb-5adfca253e5b.jpg\" alt=\"Vincent  \t MONTREUIL\"><p><strong>Vincent  \t MONTREUIL<\/strong><br\/>Doyen du groupe Expertise disciplinaire et p\u00e9dagogique STI, Membre de l\u2019intergroupe informatique et du p\u00f4le Donn\u00e9es, intelligence artificielle et num\u00e9rique &ndash; INSPECTION G\u00c9N\u00c9RAL DE L\u2019\u00c9DUCATION, DU SPORT ET DE LA RECHERCHE<\/p><\/div>\t\t\t\t\t\t\t\t\t<div class=\"speaker\">\r\n\t<img decoding=\"async\" src=\"https:\/\/weyou.blob.core.windows.net\/images\/conferencier\/7f41675a-23c3-49e7-bc98-b31b3ee63dd7.jpg\" alt=\"Caroline  MAUZE\"><p><strong>Caroline  MAUZE<\/strong><br\/>Cheffe de d\u00e9partement de la formation continue  &ndash; EDUCATION NATIONALE POLYN\u00c9SIE FRAN\u00c7AISE<\/p><\/div>\t\t\t\t\t\t\t<\/div>\r\n\t\t\t\t\r\n\t\t\t\t\t<div class=\"exhibitor-share-box\">\r\n\t\t\t\t\t\t\t\t<a href=\"https:\/\/www.facebook.com\/sharer\/sharer.php?u=https%3A%2F%2Fwww.educatech-expo.com%2Fen%2Fconference%2Feductech-expo\" data-network=\"facebook\" aria-label=\"Facebook\" style=\"--official-color: #557dbc\" rel=\"noopener noreferrer nofollow\">\r\n\t\t\t\t\t<span class=\"icon-container\">\r\n\t\t\t\t\t\t<svg width=\"20px\" height=\"20px\" viewBox=\"0 0 20 20\" aria-hidden=\"true\">\r\n\t\t\t\t\t\t\t<path d=\"M20,10.1c0-5.5-4.5-10-10-10S0,4.5,0,10.1c0,5,3.7,9.1,8.4,9.9v-7H5.9v-2.9h2.5V7.9C8.4,5.4,9.9,4,12.2,4c1.1,0,2.2,0.2,2.2,0.2v2.5h-1.3c-1.2,0-1.6,0.8-1.6,1.6v1.9h2.8L13.9,13h-2.3v7C16.3,19.2,20,15.1,20,10.1z\"><\/path>\r\n\t\t\t\t\t\t<\/svg>\r\n\t\t\t\t\t<\/span>\r\n\t\t\t\t<\/a>\r\n\t\t\t\t\t\t\t\r\n\t\t\t\t<a href=\"https:\/\/twitter.com\/share?url=https%3A%2F%2Fwww.educatech-expo.com%2Fen%2Fconference%2Feductech-expo&text=Conferences & workshops organized by Educ@tech Expo - Educ@tech Expo\" data-network=\"twitter\" aria-label=\"Twitter\" style=\"--official-color: #7acdee\" rel=\"noopener noreferrer nofollow\">\r\n\t\t\t\t\t<span class=\"icon-container\">\r\n\t\t\t\t\t\t<svg width=\"20px\" height=\"20px\" viewBox=\"0 0 20 20\" aria-hidden=\"true\">\r\n\t\t\t\t\t\t\t<path d=\"M20,3.8c-0.7,0.3-1.5,0.5-2.4,0.6c0.8-0.5,1.5-1.3,1.8-2.3c-0.8,0.5-1.7,0.8-2.6,1c-0.7-0.8-1.8-1.3-3-1.3c-2.3,0-4.1,1.8-4.1,4.1c0,0.3,0,0.6,0.1,0.9C6.4,6.7,3.4,5.1,1.4,2.6C1,3.2,0.8,3.9,0.8,4.7c0,1.4,0.7,2.7,1.8,3.4C2,8.1,1.4,7.9,0.8,7.6c0,0,0,0,0,0.1c0,2,1.4,3.6,3.3,4c-0.3,0.1-0.7,0.1-1.1,0.1c-0.3,0-0.5,0-0.8-0.1c0.5,1.6,2,2.8,3.8,2.8c-1.4,1.1-3.2,1.8-5.1,1.8c-0.3,0-0.7,0-1-0.1c1.8,1.2,4,1.8,6.3,1.8c7.5,0,11.7-6.3,11.7-11.7c0-0.2,0-0.4,0-0.5C18.8,5.3,19.4,4.6,20,3.8z\"><\/path>\r\n\t\t\t\t\t\t<\/svg>\r\n\t\t\t\t\t<\/span>\r\n\t\t\t\t<\/a>\r\n\r\n\t\t\t\t<a href=\"https:\/\/www.linkedin.com\/shareArticle?url=https%3A%2F%2Fwww.educatech-expo.com%2Fen%2Fconference%2Feductech-expo&title=Conferences & workshops organized by Educ@tech Expo - Educ@tech Expo\" data-network=\"linkedin\" aria-label=\"LinkedIn\" style=\"--official-color: #1c86c6\" rel=\"noopener noreferrer nofollow\">\r\n\t\t\t\t\t<span class=\"icon-container\">\r\n\t\t\t\t\t\t<svg width=\"20px\" height=\"20px\" viewBox=\"0 0 20 20\" aria-hidden=\"true\">\r\n\t\t\t\t\t\t\t<path d=\"M18.6,0H1.4C0.6,0,0,0.6,0,1.4v17.1C0,19.4,0.6,20,1.4,20h17.1c0.8,0,1.4-0.6,1.4-1.4V1.4C20,0.6,19.4,0,18.6,0z M6,17.1h-3V7.6h3L6,17.1L6,17.1zM4.6,6.3c-1,0-1.7-0.8-1.7-1.7s0.8-1.7,1.7-1.7c0.9,0,1.7,0.8,1.7,1.7C6.3,5.5,5.5,6.3,4.6,6.3z M17.2,17.1h-3v-4.6c0-1.1,0-2.5-1.5-2.5c-1.5,0-1.8,1.2-1.8,2.5v4.7h-3V7.6h2.8v1.3h0c0.4-0.8,1.4-1.5,2.8-1.5c3,0,3.6,2,3.6,4.5V17.1z\"><\/path>\r\n\t\t\t\t\t\t<\/svg>\r\n\t\t\t\t\t<\/span>\r\n\t\t\t\t<\/a>\r\n\t\t\t\t\r\n\t\t\t\t<a href=\"whatsapp:\/\/send?text=https%3A%2F%2Fwww.educatech-expo.com%2Fen%2Fconference%2Feductech-expo\" data-network=\"whatsapp\" aria-label=\"WhatsApp\" style=\"--official-color: #5bba67\" rel=\"noopener noreferrer nofollow\">\r\n\t\t\t\t\t<span class=\"icon-container\">\r\n\t\t\t\t\t\t<svg width=\"20px\" height=\"20px\" viewBox=\"0 0 20 20\" aria-hidden=\"true\">\r\n\t\t\t\t\t\t\t<path d=\"M10,0C4.5,0,0,4.5,0,10c0,1.9,0.5,3.6,1.4,5.1L0.1,20l5-1.3C6.5,19.5,8.2,20,10,20c5.5,0,10-4.5,10-10S15.5,0,10,0zM6.6,5.3c0.2,0,0.3,0,0.5,0c0.2,0,0.4,0,0.6,0.4c0.2,0.5,0.7,1.7,0.8,1.8c0.1,0.1,0.1,0.3,0,0.4C8.3,8.2,8.3,8.3,8.1,8.5C8,8.6,7.9,8.8,7.8,8.9C7.7,9,7.5,9.1,7.7,9.4c0.1,0.2,0.6,1.1,1.4,1.7c0.9,0.8,1.7,1.1,2,1.2c0.2,0.1,0.4,0.1,0.5-0.1c0.1-0.2,0.6-0.7,0.8-1c0.2-0.2,0.3-0.2,0.6-0.1c0.2,0.1,1.4,0.7,1.7,0.8s0.4,0.2,0.5,0.3c0.1,0.1,0.1,0.6-0.1,1.2c-0.2,0.6-1.2,1.1-1.7,1.2c-0.5,0-0.9,0.2-3-0.6c-2.5-1-4.1-3.6-4.2-3.7c-0.1-0.2-1-1.3-1-2.6c0-1.2,0.6-1.8,0.9-2.1C6.1,5.4,6.4,5.3,6.6,5.3z\"><\/path>\r\n\t\t\t\t\t\t<\/svg>\r\n\t\t\t\t\t<\/span>\r\n\t\t\t\t<\/a>\r\n\t\t\t<\/div>\r\n\t\t\t<\/div>\r\n<\/div>\t\t\t\t\t\t\t<div class=\"conferences-accordion-item\" data-date=\"2025-11-19T00:00:00\" data-type=\"plenary-conference\">\r\n\t<div class=\"conferences-accordion-header\">\r\n\t\t<div class=\"conference-infos\">\r\n\t\t\t<span class=\"conference-date\">\r\n\t\t\t\t<svg xmlns=\"http:\/\/www.w3.org\/2000\/svg\" height=\"1em\" viewBox=\"0 0 448 512\"><path d=\"M96 32V64H48C21.5 64 0 85.5 0 112v48H448V112c0-26.5-21.5-48-48-48H352V32c0-17.7-14.3-32-32-32s-32 14.3-32 32V64H160V32c0-17.7-14.3-32-32-32S96 14.3 96 32zM448 192H0V464c0 26.5 21.5 48 48 48H400c26.5 0 48-21.5 48-48V192z\"\/><\/svg>\r\n\t\t\t\t19 November 2025\t\t\t<\/span>\r\n\t\t\t<span class=\"conference-time\">\r\n\t\t\t\t<svg xmlns=\"http:\/\/www.w3.org\/2000\/svg\" height=\"1em\" viewBox=\"0 0 512 512\"><path d=\"M256 0a256 256 0 1 1 0 512A256 256 0 1 1 256 0zM232 120V256c0 8 4 15.5 10.7 20l96 64c11 7.4 25.9 4.4 33.3-6.7s4.4-25.9-6.7-33.3L280 243.2V120c0-13.3-10.7-24-24-24s-24 10.7-24 24z\"\/><\/svg>\r\n\t\t\t\t17h40 to 18h40\t\t\t<\/span>\r\n\t\t\t<span class=\"conference-location\">\r\n\t\t\t\t<svg xmlns=\"http:\/\/www.w3.org\/2000\/svg\" height=\"1em\" viewBox=\"0 0 384 512\"><path d=\"M215.7 499.2C267 435 384 279.4 384 192C384 86 298 0 192 0S0 86 0 192c0 87.4 117 243 168.3 307.2c12.3 15.3 35.1 15.3 47.4 0zM192 128a64 64 0 1 1 0 128 64 64 0 1 1 0-128z\"\/><\/svg>\r\n\t\t\t\tAMPHITHEATER\t\t\t<\/span>\r\n\t\t\t\r\n\t\t\t\t\t\t\t<span class=\"conference-type\">\r\n\t\t\t\t\t<svg xmlns=\"http:\/\/www.w3.org\/2000\/svg\" height=\"1em\" viewBox=\"0 0 384 512\"><path d=\"M0 48V487.7C0 501.1 10.9 512 24.3 512c5 0 9.9-1.5 14-4.4L192 400 345.7 507.6c4.1 2.9 9 4.4 14 4.4c13.4 0 24.3-10.9 24.3-24.3V48c0-26.5-21.5-48-48-48H48C21.5 0 0 21.5 0 48z\"\/><\/svg>\r\n\t\t\t\t\tPLENARY CONFERENCE\t\t\t\t<\/span>\r\n\t\t\t\t\t<\/div>\r\n\t\t\r\n\t\t<h3 class=\"conference-title\">Grand prix AFINEF des collectivit\u00e9s innovantes : Remise des troph\u00e9es 2025<\/h3>\r\n\t\t\r\n\t\t\t\t\t<p class=\"organized-by\">\r\n\t\t\t\tOrganized by AFINEF\t\t\t<\/p>\r\n\t\t\t\t\r\n\t\t<a class=\"read-more\" href=\"#\">Continue reading<\/a>\r\n\t<\/div>\r\n\t\t\t\t\t\t\t\t\r\n\t<div class=\"conferences-accordion-panel\">\r\n\t\t\r\n\t\t\t\t\t\t<img decoding=\"async\" src=\"https:\/\/weyou.blob.core.windows.net\/images\/exposant\/52b693bd-f845-4935-a0d0-15b8ebd2e95d.jpg\" class=\"exhibitor-logo\" alt=\"AFINEF\">\r\n\t\t\t\t\t\r\n\t\t<div class=\"conference-description\">\r\n\t\t\t\r\n<p>Pour la deuxi\u00e8me ann\u00e9e&nbsp;cons\u00e9cutive,&nbsp;l\u2019AFINEF&nbsp;propose de mettre en avant les initiatives port\u00e9es par les collectivit\u00e9s territoriales en mati\u00e8re d\u2019innovation dans le secteur de l\u2019\u00e9ducation.<\/p>\r\n<p>Les objectifs du Grand prix sont de :<\/p>\r\n<ul>\r\n<li>R\u00e9compenser des initiatives innovantes \u00e0 fort impact, mises en \u0153uvre par des collectivit\u00e9s au service des communaut\u00e9s \u00e9ducatives,\r\n<\/li><li>Faire rayonner les territoires, inciter \u00e0 l\u2019\u00e9mulation et mettre en lumi\u00e8re les \u00e9quipes qui ont rendu ces projets possibles.\r\n<\/li><\/ul>\r\n<p>Un jury prestigieux compos\u00e9 d\u2019\u00e9lus, de repr\u00e9sentants de minist\u00e8res, d\u2019acteurs de la recherche et du monde associatif sera pr\u00e9sent lors de la remise des prix.<\/p>\r\n<p>Les membres du jury pr\u00e9sents :<\/p>\r\n<ul>\r\n<li>Val\u00e9rie Nouvel, Vice-pr\u00e9sidente du D\u00e9partement de La Manche <\/li><li>Alice Bouteloup, Responsable du p\u00f4le \u00e9ducation \u00e0 la Banque des territoires <\/li><li>Mathilde Travail, Co-fondatrice d'Entreprendre pour l'Education<\/li><li>Tessa Deit, Responsable p\u00e9dagogique du Collectif Orientation<\/li><li>Christine Fran\u00e7ois, Conseill\u00e8re en syst\u00e8me d\u2019information \u2013 Transformation num\u00e9rique et innovation publique -Minist\u00e8re de l\u2019Education nationale\r\n<\/li><li>Emmanuel Georges-Picot, Conseiller charg\u00e9 de l'\u00e9ducation, de l'orientation, de la formation et de l'emploi&nbsp; de R\u00e9gions de France<\/li><li>Christian Stracka, Pr\u00e9sident de l'AFT-RN<\/li><li>Taninna Portebos, Directrice du projet IOTA de l'Ecole 42 <\/li><\/ul>\r\n\t\t<\/div>\r\n\t\t\t\r\n\t\t\t\t\r\n\t\t\t\t\r\n\t\t\t\t\t<div class=\"exhibitor-share-box\">\r\n\t\t\t\t\t\t\t\t<a href=\"https:\/\/www.facebook.com\/sharer\/sharer.php?u=https%3A%2F%2Fwww.educatech-expo.com%2Fen%2Fconference%2Fafinef\" data-network=\"facebook\" aria-label=\"Facebook\" style=\"--official-color: #557dbc\" rel=\"noopener noreferrer nofollow\">\r\n\t\t\t\t\t<span class=\"icon-container\">\r\n\t\t\t\t\t\t<svg width=\"20px\" height=\"20px\" viewBox=\"0 0 20 20\" aria-hidden=\"true\">\r\n\t\t\t\t\t\t\t<path d=\"M20,10.1c0-5.5-4.5-10-10-10S0,4.5,0,10.1c0,5,3.7,9.1,8.4,9.9v-7H5.9v-2.9h2.5V7.9C8.4,5.4,9.9,4,12.2,4c1.1,0,2.2,0.2,2.2,0.2v2.5h-1.3c-1.2,0-1.6,0.8-1.6,1.6v1.9h2.8L13.9,13h-2.3v7C16.3,19.2,20,15.1,20,10.1z\"><\/path>\r\n\t\t\t\t\t\t<\/svg>\r\n\t\t\t\t\t<\/span>\r\n\t\t\t\t<\/a>\r\n\t\t\t\t\t\t\t\r\n\t\t\t\t<a href=\"https:\/\/twitter.com\/share?url=https%3A%2F%2Fwww.educatech-expo.com%2Fen%2Fconference%2Fafinef&text=Conferences & workshops organized by AFINEF - Educ@tech Expo\" data-network=\"twitter\" aria-label=\"Twitter\" style=\"--official-color: #7acdee\" rel=\"noopener noreferrer nofollow\">\r\n\t\t\t\t\t<span class=\"icon-container\">\r\n\t\t\t\t\t\t<svg width=\"20px\" height=\"20px\" viewBox=\"0 0 20 20\" aria-hidden=\"true\">\r\n\t\t\t\t\t\t\t<path d=\"M20,3.8c-0.7,0.3-1.5,0.5-2.4,0.6c0.8-0.5,1.5-1.3,1.8-2.3c-0.8,0.5-1.7,0.8-2.6,1c-0.7-0.8-1.8-1.3-3-1.3c-2.3,0-4.1,1.8-4.1,4.1c0,0.3,0,0.6,0.1,0.9C6.4,6.7,3.4,5.1,1.4,2.6C1,3.2,0.8,3.9,0.8,4.7c0,1.4,0.7,2.7,1.8,3.4C2,8.1,1.4,7.9,0.8,7.6c0,0,0,0,0,0.1c0,2,1.4,3.6,3.3,4c-0.3,0.1-0.7,0.1-1.1,0.1c-0.3,0-0.5,0-0.8-0.1c0.5,1.6,2,2.8,3.8,2.8c-1.4,1.1-3.2,1.8-5.1,1.8c-0.3,0-0.7,0-1-0.1c1.8,1.2,4,1.8,6.3,1.8c7.5,0,11.7-6.3,11.7-11.7c0-0.2,0-0.4,0-0.5C18.8,5.3,19.4,4.6,20,3.8z\"><\/path>\r\n\t\t\t\t\t\t<\/svg>\r\n\t\t\t\t\t<\/span>\r\n\t\t\t\t<\/a>\r\n\r\n\t\t\t\t<a href=\"https:\/\/www.linkedin.com\/shareArticle?url=https%3A%2F%2Fwww.educatech-expo.com%2Fen%2Fconference%2Fafinef&title=Conferences & workshops organized by AFINEF - Educ@tech Expo\" data-network=\"linkedin\" aria-label=\"LinkedIn\" style=\"--official-color: #1c86c6\" rel=\"noopener noreferrer nofollow\">\r\n\t\t\t\t\t<span class=\"icon-container\">\r\n\t\t\t\t\t\t<svg width=\"20px\" height=\"20px\" viewBox=\"0 0 20 20\" aria-hidden=\"true\">\r\n\t\t\t\t\t\t\t<path d=\"M18.6,0H1.4C0.6,0,0,0.6,0,1.4v17.1C0,19.4,0.6,20,1.4,20h17.1c0.8,0,1.4-0.6,1.4-1.4V1.4C20,0.6,19.4,0,18.6,0z M6,17.1h-3V7.6h3L6,17.1L6,17.1zM4.6,6.3c-1,0-1.7-0.8-1.7-1.7s0.8-1.7,1.7-1.7c0.9,0,1.7,0.8,1.7,1.7C6.3,5.5,5.5,6.3,4.6,6.3z M17.2,17.1h-3v-4.6c0-1.1,0-2.5-1.5-2.5c-1.5,0-1.8,1.2-1.8,2.5v4.7h-3V7.6h2.8v1.3h0c0.4-0.8,1.4-1.5,2.8-1.5c3,0,3.6,2,3.6,4.5V17.1z\"><\/path>\r\n\t\t\t\t\t\t<\/svg>\r\n\t\t\t\t\t<\/span>\r\n\t\t\t\t<\/a>\r\n\t\t\t\t\r\n\t\t\t\t<a href=\"whatsapp:\/\/send?text=https%3A%2F%2Fwww.educatech-expo.com%2Fen%2Fconference%2Fafinef\" data-network=\"whatsapp\" aria-label=\"WhatsApp\" style=\"--official-color: #5bba67\" rel=\"noopener noreferrer nofollow\">\r\n\t\t\t\t\t<span class=\"icon-container\">\r\n\t\t\t\t\t\t<svg width=\"20px\" height=\"20px\" viewBox=\"0 0 20 20\" aria-hidden=\"true\">\r\n\t\t\t\t\t\t\t<path d=\"M10,0C4.5,0,0,4.5,0,10c0,1.9,0.5,3.6,1.4,5.1L0.1,20l5-1.3C6.5,19.5,8.2,20,10,20c5.5,0,10-4.5,10-10S15.5,0,10,0zM6.6,5.3c0.2,0,0.3,0,0.5,0c0.2,0,0.4,0,0.6,0.4c0.2,0.5,0.7,1.7,0.8,1.8c0.1,0.1,0.1,0.3,0,0.4C8.3,8.2,8.3,8.3,8.1,8.5C8,8.6,7.9,8.8,7.8,8.9C7.7,9,7.5,9.1,7.7,9.4c0.1,0.2,0.6,1.1,1.4,1.7c0.9,0.8,1.7,1.1,2,1.2c0.2,0.1,0.4,0.1,0.5-0.1c0.1-0.2,0.6-0.7,0.8-1c0.2-0.2,0.3-0.2,0.6-0.1c0.2,0.1,1.4,0.7,1.7,0.8s0.4,0.2,0.5,0.3c0.1,0.1,0.1,0.6-0.1,1.2c-0.2,0.6-1.2,1.1-1.7,1.2c-0.5,0-0.9,0.2-3-0.6c-2.5-1-4.1-3.6-4.2-3.7c-0.1-0.2-1-1.3-1-2.6c0-1.2,0.6-1.8,0.9-2.1C6.1,5.4,6.4,5.3,6.6,5.3z\"><\/path>\r\n\t\t\t\t\t\t<\/svg>\r\n\t\t\t\t\t<\/span>\r\n\t\t\t\t<\/a>\r\n\t\t\t<\/div>\r\n\t\t\t<\/div>\r\n<\/div>\t\t\t\t\t\t\t<div class=\"conferences-accordion-item\" data-date=\"2025-11-20T00:00:00\" data-type=\"plenary-conference\">\r\n\t<div class=\"conferences-accordion-header\">\r\n\t\t<div class=\"conference-infos\">\r\n\t\t\t<span class=\"conference-date\">\r\n\t\t\t\t<svg xmlns=\"http:\/\/www.w3.org\/2000\/svg\" height=\"1em\" viewBox=\"0 0 448 512\"><path d=\"M96 32V64H48C21.5 64 0 85.5 0 112v48H448V112c0-26.5-21.5-48-48-48H352V32c0-17.7-14.3-32-32-32s-32 14.3-32 32V64H160V32c0-17.7-14.3-32-32-32S96 14.3 96 32zM448 192H0V464c0 26.5 21.5 48 48 48H400c26.5 0 48-21.5 48-48V192z\"\/><\/svg>\r\n\t\t\t\t20 November 2025\t\t\t<\/span>\r\n\t\t\t<span class=\"conference-time\">\r\n\t\t\t\t<svg xmlns=\"http:\/\/www.w3.org\/2000\/svg\" height=\"1em\" viewBox=\"0 0 512 512\"><path d=\"M256 0a256 256 0 1 1 0 512A256 256 0 1 1 256 0zM232 120V256c0 8 4 15.5 10.7 20l96 64c11 7.4 25.9 4.4 33.3-6.7s4.4-25.9-6.7-33.3L280 243.2V120c0-13.3-10.7-24-24-24s-24 10.7-24 24z\"\/><\/svg>\r\n\t\t\t\t09h30 to 10h30\t\t\t<\/span>\r\n\t\t\t<span class=\"conference-location\">\r\n\t\t\t\t<svg xmlns=\"http:\/\/www.w3.org\/2000\/svg\" height=\"1em\" viewBox=\"0 0 384 512\"><path d=\"M215.7 499.2C267 435 384 279.4 384 192C384 86 298 0 192 0S0 86 0 192c0 87.4 117 243 168.3 307.2c12.3 15.3 35.1 15.3 47.4 0zM192 128a64 64 0 1 1 0 128 64 64 0 1 1 0-128z\"\/><\/svg>\r\n\t\t\t\tAMPHITHEATER\t\t\t<\/span>\r\n\t\t\t\r\n\t\t\t\t\t\t\t<span class=\"conference-type\">\r\n\t\t\t\t\t<svg xmlns=\"http:\/\/www.w3.org\/2000\/svg\" height=\"1em\" viewBox=\"0 0 384 512\"><path d=\"M0 48V487.7C0 501.1 10.9 512 24.3 512c5 0 9.9-1.5 14-4.4L192 400 345.7 507.6c4.1 2.9 9 4.4 14 4.4c13.4 0 24.3-10.9 24.3-24.3V48c0-26.5-21.5-48-48-48H48C21.5 0 0 21.5 0 48z\"\/><\/svg>\r\n\t\t\t\t\tPLENARY CONFERENCE\t\t\t\t<\/span>\r\n\t\t\t\t\t<\/div>\r\n\t\t\r\n\t\t<h3 class=\"conference-title\">Chromebook, the winning bet for local authorities<\/h3>\r\n\t\t\r\n\t\t\t\t\t<p class=\"organized-by\">\r\n\t\t\t\tOrganized by GOOGLE FOR EDUCATION\t\t\t<\/p>\r\n\t\t\t\t\r\n\t\t<a class=\"read-more\" href=\"#\">Continue reading<\/a>\r\n\t<\/div>\r\n\t\t\t\t\t\t\t\t\r\n\t<div class=\"conferences-accordion-panel\">\r\n\t\t\r\n\t\t\t\t\t\t<img decoding=\"async\" src=\"https:\/\/weyou.blob.core.windows.net\/images\/exposant\/fd8f788e-3ffe-444d-9dd3-dbdbdcec6154.jpg\" class=\"exhibitor-logo\" alt=\"GOOGLE FOR EDUCATION\">\r\n\t\t\t\t\t\r\n\t\t<div class=\"conference-description\">\r\n\t\t\t\r\n\r\n<p>France's local authorities have a tough job: bring schools into the digital age without breaking the bank. How can they promote mindful technology use while also ensuring the investment pays off through mass adoption? The answer is becoming clear.<\/p>\r\n<p>Learn about the rise of the Chromebook in France through the experiences of the \u00cele-de-France Region, Meurthe-et-Moselle, and the Dijon Metropolis.<\/p>\r\n<p>In just four years, Chromebooks have gone from being the new kid on the block to a leading choice for schools. Find out how this smart, practical solution is solving the most pressing challenges in education today.<\/p>\r\n\r\n<p>French educational authorities are navigating a complex digital transformation. They must modernize school technology on tight budgets and balance a responsible, sustainable approach with the need for widespread adoption to justify their investment.<\/p>\r\n<p>Hear directly from leaders in the \u00cele-de-France Region, the Meurthe-et-Moselle department, and the Dijon Metropolis as they share the remarkable success story of the Chromebook in France.<\/p>\r\n<p>Despite being a newcomer just four years ago, Google's solution has effectively challenged established competitors. Today, the Chromebook is increasingly recognized as a pragmatic and strategic solution to the challenges schools face.<\/p>\r\n<p>Key Discussion Points:<\/p>\r\n<ul>\r\n<li>\r\n<p>Cost-Effectiveness &amp; TCO: Discover how local authorities are optimizing budgets through Chromebooks' affordability, simplified maintenance, and centralized management console.<\/p>\r\n<\/li><li>\r\n<p>Sustainability: Learn how the low energy consumption and 10-year software lifespan of Chromebooks support more responsible and sustainable public procurement.<\/p>\r\n<\/li><li>\r\n<p>Teaching &amp; Learning Outcomes: Explore how the ChromeOS and Google for Education ecosystem enhances teacher productivity and student achievement, with real-world examples of its impact on pedagogy and mindful screen time.<\/p>\r\n<\/li><li>\r\n<p>Data Security &amp; Sovereignty: Understand how Google works with French authorities to ensure its solutions meet strict national requirements for data security and GDPR compliance.<\/p>\r\n<\/li><\/ul>\r\n<p>Discover why more and more French regions are partnering with Google to create a modern, effective, and sustainable learning environment for their students.<\/p>\r\n\r\n\t\t<\/div>\r\n\t\t\t\r\n\t\t\t\t\t<p class=\"speakers-title\">Conference Moderators:<\/p>\r\n\t\t\t<div class=\"speakers\">\r\n\t\t\t\t\t\t\t\t\t<div class=\"speaker\">\r\n\t<img decoding=\"async\" src=\"https:\/\/weyou.blob.core.windows.net\/images\/conferencier\/d34567d7-736f-433d-9909-cf3357e7b8bb.jpg\" alt=\"Rebecca BIRNBAUM\"><p><strong>Rebecca BIRNBAUM<\/strong><br\/>Head of Google for Education, France &ndash; GOOGLE<\/p><\/div>\t\t\t\t\t\t\t\t\t<div class=\"speaker\">\r\n\t<img decoding=\"async\" src=\"https:\/\/weyou.blob.core.windows.net\/images\/conferencier\/8d6a9401-8b80-4f4c-91a1-b5a6e248fc83.jpg\" alt=\"Jean-Philippe COMBE\"><p><strong>Jean-Philippe COMBE<\/strong><br\/>Sr Customer Engineer, Google for Education & Chrome Enterprise &ndash; GOOGLE<\/p><\/div>\t\t\t\t\t\t\t\t\t<div class=\"speaker\">\r\n\t<img decoding=\"async\" src=\"https:\/\/weyou.blob.core.windows.net\/images\/conferencier\/abd26cfc-814f-44c7-9845-5779f04bbf3f.jpg\" alt=\"Philippine DOLBEAU\"><p><strong>Philippine DOLBEAU<\/strong><br\/>Journalist and news anchor for l'Express and BFM Business &ndash; PHILIPPINEDOLBEAU.COM<\/p><\/div>\t\t\t\t\t\t\t<\/div>\r\n\t\t\t\t\r\n\t\t\t\t\t<p class=\"speakers-title\">Speakers:<\/p>\r\n\t\t\t<div class=\"speakers\">\r\n\t\t\t\t\t\t\t\t\t<div class=\"speaker\">\r\n\t<img decoding=\"async\" src=\"https:\/\/weyou.blob.core.windows.net\/images\/conferencier\/5e1ba2d8-8a1d-4ab4-8f29-53b3727477b5.jpg\" alt=\"Pascal COROLLER\"><p><strong>Pascal COROLLER<\/strong><br\/>Deputy CIO &ndash; R\u00c9GION \u00ceLE-DE-FRANCE<\/p><\/div>\t\t\t\t\t\t\t\t\t<div class=\"speaker\">\r\n\t<img decoding=\"async\" src=\"https:\/\/weyou.blob.core.windows.net\/images\/conferencier\/7a6e9e73-56f9-4ece-a3be-0498336603cc.jpg\" alt=\"Claude SCHMITT\"><p><strong>Claude SCHMITT<\/strong><br\/>Head of Education and Culture &ndash; CONSEIL D\u00c9PARTEMENTAL DE MEURTHE-ET-MOSELLE<\/p><\/div>\t\t\t\t\t\t\t\t\t<div class=\"speaker\">\r\n\t<img decoding=\"async\" src=\"https:\/\/weyou.blob.core.windows.net\/images\/conferencier\/6ad3c15e-2d96-4177-b6e6-f403bcc8c4bb.jpg\" alt=\"Xavier LENOIR\"><p><strong>Xavier LENOIR<\/strong><br\/>CIO &ndash; M\u00c9TROPOLE DE DIJON<\/p><\/div>\t\t\t\t\t\t\t<\/div>\r\n\t\t\t\t\r\n\t\t\t\t\t<div class=\"exhibitor-share-box\">\r\n\t\t\t\t\t\t\t\t<a href=\"https:\/\/www.facebook.com\/sharer\/sharer.php?u=https%3A%2F%2Fwww.educatech-expo.com%2Fen%2Fconference%2Fgoogle-for-education\" data-network=\"facebook\" aria-label=\"Facebook\" style=\"--official-color: #557dbc\" rel=\"noopener noreferrer nofollow\">\r\n\t\t\t\t\t<span class=\"icon-container\">\r\n\t\t\t\t\t\t<svg width=\"20px\" height=\"20px\" viewBox=\"0 0 20 20\" aria-hidden=\"true\">\r\n\t\t\t\t\t\t\t<path d=\"M20,10.1c0-5.5-4.5-10-10-10S0,4.5,0,10.1c0,5,3.7,9.1,8.4,9.9v-7H5.9v-2.9h2.5V7.9C8.4,5.4,9.9,4,12.2,4c1.1,0,2.2,0.2,2.2,0.2v2.5h-1.3c-1.2,0-1.6,0.8-1.6,1.6v1.9h2.8L13.9,13h-2.3v7C16.3,19.2,20,15.1,20,10.1z\"><\/path>\r\n\t\t\t\t\t\t<\/svg>\r\n\t\t\t\t\t<\/span>\r\n\t\t\t\t<\/a>\r\n\t\t\t\t\t\t\t\r\n\t\t\t\t<a href=\"https:\/\/twitter.com\/share?url=https%3A%2F%2Fwww.educatech-expo.com%2Fen%2Fconference%2Fgoogle-for-education&text=Conferences & workshops organized by GOOGLE FOR EDUCATION - Educ@tech Expo\" data-network=\"twitter\" aria-label=\"Twitter\" style=\"--official-color: #7acdee\" rel=\"noopener noreferrer nofollow\">\r\n\t\t\t\t\t<span class=\"icon-container\">\r\n\t\t\t\t\t\t<svg width=\"20px\" height=\"20px\" viewBox=\"0 0 20 20\" aria-hidden=\"true\">\r\n\t\t\t\t\t\t\t<path d=\"M20,3.8c-0.7,0.3-1.5,0.5-2.4,0.6c0.8-0.5,1.5-1.3,1.8-2.3c-0.8,0.5-1.7,0.8-2.6,1c-0.7-0.8-1.8-1.3-3-1.3c-2.3,0-4.1,1.8-4.1,4.1c0,0.3,0,0.6,0.1,0.9C6.4,6.7,3.4,5.1,1.4,2.6C1,3.2,0.8,3.9,0.8,4.7c0,1.4,0.7,2.7,1.8,3.4C2,8.1,1.4,7.9,0.8,7.6c0,0,0,0,0,0.1c0,2,1.4,3.6,3.3,4c-0.3,0.1-0.7,0.1-1.1,0.1c-0.3,0-0.5,0-0.8-0.1c0.5,1.6,2,2.8,3.8,2.8c-1.4,1.1-3.2,1.8-5.1,1.8c-0.3,0-0.7,0-1-0.1c1.8,1.2,4,1.8,6.3,1.8c7.5,0,11.7-6.3,11.7-11.7c0-0.2,0-0.4,0-0.5C18.8,5.3,19.4,4.6,20,3.8z\"><\/path>\r\n\t\t\t\t\t\t<\/svg>\r\n\t\t\t\t\t<\/span>\r\n\t\t\t\t<\/a>\r\n\r\n\t\t\t\t<a href=\"https:\/\/www.linkedin.com\/shareArticle?url=https%3A%2F%2Fwww.educatech-expo.com%2Fen%2Fconference%2Fgoogle-for-education&title=Conferences & workshops organized by GOOGLE FOR EDUCATION - Educ@tech Expo\" data-network=\"linkedin\" aria-label=\"LinkedIn\" style=\"--official-color: #1c86c6\" rel=\"noopener noreferrer nofollow\">\r\n\t\t\t\t\t<span class=\"icon-container\">\r\n\t\t\t\t\t\t<svg width=\"20px\" height=\"20px\" viewBox=\"0 0 20 20\" aria-hidden=\"true\">\r\n\t\t\t\t\t\t\t<path d=\"M18.6,0H1.4C0.6,0,0,0.6,0,1.4v17.1C0,19.4,0.6,20,1.4,20h17.1c0.8,0,1.4-0.6,1.4-1.4V1.4C20,0.6,19.4,0,18.6,0z M6,17.1h-3V7.6h3L6,17.1L6,17.1zM4.6,6.3c-1,0-1.7-0.8-1.7-1.7s0.8-1.7,1.7-1.7c0.9,0,1.7,0.8,1.7,1.7C6.3,5.5,5.5,6.3,4.6,6.3z M17.2,17.1h-3v-4.6c0-1.1,0-2.5-1.5-2.5c-1.5,0-1.8,1.2-1.8,2.5v4.7h-3V7.6h2.8v1.3h0c0.4-0.8,1.4-1.5,2.8-1.5c3,0,3.6,2,3.6,4.5V17.1z\"><\/path>\r\n\t\t\t\t\t\t<\/svg>\r\n\t\t\t\t\t<\/span>\r\n\t\t\t\t<\/a>\r\n\t\t\t\t\r\n\t\t\t\t<a href=\"whatsapp:\/\/send?text=https%3A%2F%2Fwww.educatech-expo.com%2Fen%2Fconference%2Fgoogle-for-education\" data-network=\"whatsapp\" aria-label=\"WhatsApp\" style=\"--official-color: #5bba67\" rel=\"noopener noreferrer nofollow\">\r\n\t\t\t\t\t<span class=\"icon-container\">\r\n\t\t\t\t\t\t<svg width=\"20px\" height=\"20px\" viewBox=\"0 0 20 20\" aria-hidden=\"true\">\r\n\t\t\t\t\t\t\t<path d=\"M10,0C4.5,0,0,4.5,0,10c0,1.9,0.5,3.6,1.4,5.1L0.1,20l5-1.3C6.5,19.5,8.2,20,10,20c5.5,0,10-4.5,10-10S15.5,0,10,0zM6.6,5.3c0.2,0,0.3,0,0.5,0c0.2,0,0.4,0,0.6,0.4c0.2,0.5,0.7,1.7,0.8,1.8c0.1,0.1,0.1,0.3,0,0.4C8.3,8.2,8.3,8.3,8.1,8.5C8,8.6,7.9,8.8,7.8,8.9C7.7,9,7.5,9.1,7.7,9.4c0.1,0.2,0.6,1.1,1.4,1.7c0.9,0.8,1.7,1.1,2,1.2c0.2,0.1,0.4,0.1,0.5-0.1c0.1-0.2,0.6-0.7,0.8-1c0.2-0.2,0.3-0.2,0.6-0.1c0.2,0.1,1.4,0.7,1.7,0.8s0.4,0.2,0.5,0.3c0.1,0.1,0.1,0.6-0.1,1.2c-0.2,0.6-1.2,1.1-1.7,1.2c-0.5,0-0.9,0.2-3-0.6c-2.5-1-4.1-3.6-4.2-3.7c-0.1-0.2-1-1.3-1-2.6c0-1.2,0.6-1.8,0.9-2.1C6.1,5.4,6.4,5.3,6.6,5.3z\"><\/path>\r\n\t\t\t\t\t\t<\/svg>\r\n\t\t\t\t\t<\/span>\r\n\t\t\t\t<\/a>\r\n\t\t\t<\/div>\r\n\t\t\t<\/div>\r\n<\/div>\t\t\t\t\t\t\t<div class=\"conferences-accordion-item\" data-date=\"2025-11-20T00:00:00\" data-type=\"plenary-conference\">\r\n\t<div class=\"conferences-accordion-header\">\r\n\t\t<div class=\"conference-infos\">\r\n\t\t\t<span class=\"conference-date\">\r\n\t\t\t\t<svg xmlns=\"http:\/\/www.w3.org\/2000\/svg\" height=\"1em\" viewBox=\"0 0 448 512\"><path d=\"M96 32V64H48C21.5 64 0 85.5 0 112v48H448V112c0-26.5-21.5-48-48-48H352V32c0-17.7-14.3-32-32-32s-32 14.3-32 32V64H160V32c0-17.7-14.3-32-32-32S96 14.3 96 32zM448 192H0V464c0 26.5 21.5 48 48 48H400c26.5 0 48-21.5 48-48V192z\"\/><\/svg>\r\n\t\t\t\t20 November 2025\t\t\t<\/span>\r\n\t\t\t<span class=\"conference-time\">\r\n\t\t\t\t<svg xmlns=\"http:\/\/www.w3.org\/2000\/svg\" height=\"1em\" viewBox=\"0 0 512 512\"><path d=\"M256 0a256 256 0 1 1 0 512A256 256 0 1 1 256 0zM232 120V256c0 8 4 15.5 10.7 20l96 64c11 7.4 25.9 4.4 33.3-6.7s4.4-25.9-6.7-33.3L280 243.2V120c0-13.3-10.7-24-24-24s-24 10.7-24 24z\"\/><\/svg>\r\n\t\t\t\t10h30 to 11h30\t\t\t<\/span>\r\n\t\t\t<span class=\"conference-location\">\r\n\t\t\t\t<svg xmlns=\"http:\/\/www.w3.org\/2000\/svg\" height=\"1em\" viewBox=\"0 0 384 512\"><path d=\"M215.7 499.2C267 435 384 279.4 384 192C384 86 298 0 192 0S0 86 0 192c0 87.4 117 243 168.3 307.2c12.3 15.3 35.1 15.3 47.4 0zM192 128a64 64 0 1 1 0 128 64 64 0 1 1 0-128z\"\/><\/svg>\r\n\t\t\t\tAMPHITHEATER\t\t\t<\/span>\r\n\t\t\t\r\n\t\t\t\t\t\t\t<span class=\"conference-type\">\r\n\t\t\t\t\t<svg xmlns=\"http:\/\/www.w3.org\/2000\/svg\" height=\"1em\" viewBox=\"0 0 384 512\"><path d=\"M0 48V487.7C0 501.1 10.9 512 24.3 512c5 0 9.9-1.5 14-4.4L192 400 345.7 507.6c4.1 2.9 9 4.4 14 4.4c13.4 0 24.3-10.9 24.3-24.3V48c0-26.5-21.5-48-48-48H48C21.5 0 0 21.5 0 48z\"\/><\/svg>\r\n\t\t\t\t\tPLENARY CONFERENCE\t\t\t\t<\/span>\r\n\t\t\t\t\t<\/div>\r\n\t\t\r\n\t\t<h3 class=\"conference-title\">Digital strategy for education: What lessons can be learned? What next steps should be taken?<\/h3>\r\n\t\t\r\n\t\t\t\t\t<p class=\"organized-by\">\r\n\t\t\t\tOrganized by DIRECTION DU NUMERIQUE POUR L'EDUCATION - MINISTERE DE L'EDUCATION NATIONALE\t\t\t<\/p>\r\n\t\t\t\t\r\n\t\t<a class=\"read-more\" href=\"#\">Continue reading<\/a>\r\n\t<\/div>\r\n\t\t\t\t\t\t\t\t\r\n\t<div class=\"conferences-accordion-panel\">\r\n\t\t\r\n\t\t\t\t\t\t<img decoding=\"async\" src=\"https:\/\/weyou.blob.core.windows.net\/images\/exposant\/b0cf883b-7926-4369-aaa9-64f4b764d5cd.jpg\" class=\"exhibitor-logo\" alt=\"DIRECTION DU NUMERIQUE POUR L'EDUCATION - MINISTERE DE L'EDUCATION NATIONALE\">\r\n\t\t\t\t\t\r\n\t\t<div class=\"conference-description\">\r\n\t\t\t\r\n\r\n<p>Halfway through the 2023-2027 digital strategy for education, the Ministry and its partners are updating it to take into account rapid changes in the educational, technological and societal landscape. The adjustments to the strategy reflect several recent commitments, for example in the areas of AI (framework for the use of AI in education), gender parity (Girls and Maths Plan) and digital parenting (digital usage guidelines).<\/p>\r\n<p>This conference-debate will review the main lessons learned over the past period: development of digital citizenship, consolidation of digital skills among pupils and teachers, structuring of resources and services, and affirmation of shared governance between the State, local authorities and the EdTech ecosystem.<\/p>\r\n<p>Participants will be invited to analyse successes and areas for improvement, share identified levers for action and contribute to collective reflection on future directions: what place for digital commons? How can we support the rise of artificial intelligence in learning and facilitate teaching? What are the priorities for accelerating the implementation of the strategy?<\/p>\r\n<p>This meeting will be a unique opportunity for dialogue between public actors, local authorities and companies in the EdTech sector to think together about the digital education of tomorrow.<\/p>\r\n\r\n\t\t<\/div>\r\n\t\t\t\r\n\t\t\t\t\t<p class=\"speakers-title\">Conference Moderator:<\/p>\r\n\t\t\t<div class=\"speakers\">\r\n\t\t\t\t\t\t\t\t\t<div class=\"speaker\">\r\n\t<img decoding=\"async\" src=\"https:\/\/weyou.blob.core.windows.net\/images\/conferencier\/d9b0ab56-fb06-4651-968a-11ee0ff99a33.jpg\" alt=\"Amina EL MGHAZLI\"><p><strong>Amina EL MGHAZLI<\/strong><br\/>Project Manager, Governance and Implementation of the Digital Strategy for Education &ndash;  MINIST\u00c8RE DE L'\u00c9DUCATION NATIONALE - DIRECTION DU NUM\u00c9RIQUE POUR L'\u00c9DUCATION <\/p><\/div>\t\t\t\t\t\t\t<\/div>\r\n\t\t\t\t\r\n\t\t\t\t\t<p class=\"speakers-title\">Speakers:<\/p>\r\n\t\t\t<div class=\"speakers\">\r\n\t\t\t\t\t\t\t\t\t<div class=\"speaker\">\r\n\t<img decoding=\"async\" src=\"https:\/\/weyou.blob.core.windows.net\/images\/conferencier\/57fc2881-119b-451d-9684-6f92ad8a9c62.jpg\" alt=\"Audran LE BARON\"><p><strong>Audran LE BARON<\/strong><br\/>Director of Digital Education &ndash; MINIST\u00c8RE DE L'\u00c9DUCATION NATIONALE - DIRECTION DU NUM\u00c9RIQUE POUR L'\u00c9DUCATION <\/p><\/div>\t\t\t\t\t\t\t\t\t<div class=\"speaker\">\r\n\t<img decoding=\"async\" src=\"https:\/\/weyou.blob.core.windows.net\/images\/conferencier\/8f1fa631-0bbd-4452-b41f-bf00eccbbdb4.jpg\" alt=\"Emilie PESCE\"><p><strong>Emilie PESCE<\/strong><br\/>Chief Executive Officer &ndash; AFINEF<\/p><\/div>\t\t\t\t\t\t\t\t\t<div class=\"speaker\">\r\n\t<img decoding=\"async\" src=\"https:\/\/weyou.blob.core.windows.net\/images\/conferencier\/966c4538-9967-4fef-a0c0-9be364b6657d.jpg\" alt=\"Delphine DOURLET\"><p><strong>Delphine DOURLET<\/strong><br\/>Chairwoman of the association &ndash; ASSOCIATION LES \u00c9DITEURS DE L\u2019\u00c9DUCATION <\/p><\/div>\t\t\t\t\t\t\t\t\t<div class=\"speaker\">\r\n\t<img decoding=\"async\" src=\"https:\/\/weyou.blob.core.windows.net\/images\/conferencier\/2704d98f-baec-4d10-9a04-aac4d9e74f3f.jpg\" alt=\"Alexandra MAILLET\"><p><strong>Alexandra MAILLET<\/strong><br\/>Digital Education Project Manager &ndash; R\u00c9GION GRAND EST<\/p><\/div>\t\t\t\t\t\t\t\t\t<div class=\"speaker\">\r\n\t<img decoding=\"async\" src=\"https:\/\/weyou.blob.core.windows.net\/images\/conferencier\/dd1519b4-7e24-4419-8687-22832cc20466.jpg\" alt=\"Jean-Marie BIENFAIT\"><p><strong>Jean-Marie BIENFAIT<\/strong><br\/>Head of School Computerisation Department &ndash; D\u00c9PARTEMENT BOUCHES DU RH\u00d4NE<\/p><\/div>\t\t\t\t\t\t\t<\/div>\r\n\t\t\t\t\r\n\t\t\t\t\t<div class=\"exhibitor-share-box\">\r\n\t\t\t\t\t\t\t\t<a href=\"https:\/\/www.facebook.com\/sharer\/sharer.php?u=https%3A%2F%2Fwww.educatech-expo.com%2Fen%2Fconference%2Fdirection-du-numerique-pour-leducation-ministere-de-leducation-nationale\" data-network=\"facebook\" aria-label=\"Facebook\" style=\"--official-color: #557dbc\" rel=\"noopener noreferrer nofollow\">\r\n\t\t\t\t\t<span class=\"icon-container\">\r\n\t\t\t\t\t\t<svg width=\"20px\" height=\"20px\" viewBox=\"0 0 20 20\" aria-hidden=\"true\">\r\n\t\t\t\t\t\t\t<path d=\"M20,10.1c0-5.5-4.5-10-10-10S0,4.5,0,10.1c0,5,3.7,9.1,8.4,9.9v-7H5.9v-2.9h2.5V7.9C8.4,5.4,9.9,4,12.2,4c1.1,0,2.2,0.2,2.2,0.2v2.5h-1.3c-1.2,0-1.6,0.8-1.6,1.6v1.9h2.8L13.9,13h-2.3v7C16.3,19.2,20,15.1,20,10.1z\"><\/path>\r\n\t\t\t\t\t\t<\/svg>\r\n\t\t\t\t\t<\/span>\r\n\t\t\t\t<\/a>\r\n\t\t\t\t\t\t\t\r\n\t\t\t\t<a href=\"https:\/\/twitter.com\/share?url=https%3A%2F%2Fwww.educatech-expo.com%2Fen%2Fconference%2Fdirection-du-numerique-pour-leducation-ministere-de-leducation-nationale&text=Conferences & workshops organized by DIRECTION DU NUMERIQUE POUR L'EDUCATION - MINISTERE DE L'EDUCATION NATIONALE - Educ@tech Expo\" data-network=\"twitter\" aria-label=\"Twitter\" style=\"--official-color: #7acdee\" rel=\"noopener noreferrer nofollow\">\r\n\t\t\t\t\t<span class=\"icon-container\">\r\n\t\t\t\t\t\t<svg width=\"20px\" height=\"20px\" viewBox=\"0 0 20 20\" aria-hidden=\"true\">\r\n\t\t\t\t\t\t\t<path d=\"M20,3.8c-0.7,0.3-1.5,0.5-2.4,0.6c0.8-0.5,1.5-1.3,1.8-2.3c-0.8,0.5-1.7,0.8-2.6,1c-0.7-0.8-1.8-1.3-3-1.3c-2.3,0-4.1,1.8-4.1,4.1c0,0.3,0,0.6,0.1,0.9C6.4,6.7,3.4,5.1,1.4,2.6C1,3.2,0.8,3.9,0.8,4.7c0,1.4,0.7,2.7,1.8,3.4C2,8.1,1.4,7.9,0.8,7.6c0,0,0,0,0,0.1c0,2,1.4,3.6,3.3,4c-0.3,0.1-0.7,0.1-1.1,0.1c-0.3,0-0.5,0-0.8-0.1c0.5,1.6,2,2.8,3.8,2.8c-1.4,1.1-3.2,1.8-5.1,1.8c-0.3,0-0.7,0-1-0.1c1.8,1.2,4,1.8,6.3,1.8c7.5,0,11.7-6.3,11.7-11.7c0-0.2,0-0.4,0-0.5C18.8,5.3,19.4,4.6,20,3.8z\"><\/path>\r\n\t\t\t\t\t\t<\/svg>\r\n\t\t\t\t\t<\/span>\r\n\t\t\t\t<\/a>\r\n\r\n\t\t\t\t<a href=\"https:\/\/www.linkedin.com\/shareArticle?url=https%3A%2F%2Fwww.educatech-expo.com%2Fen%2Fconference%2Fdirection-du-numerique-pour-leducation-ministere-de-leducation-nationale&title=Conferences & workshops organized by DIRECTION DU NUMERIQUE POUR L'EDUCATION - MINISTERE DE L'EDUCATION NATIONALE - Educ@tech Expo\" data-network=\"linkedin\" aria-label=\"LinkedIn\" style=\"--official-color: #1c86c6\" rel=\"noopener noreferrer nofollow\">\r\n\t\t\t\t\t<span class=\"icon-container\">\r\n\t\t\t\t\t\t<svg width=\"20px\" height=\"20px\" viewBox=\"0 0 20 20\" aria-hidden=\"true\">\r\n\t\t\t\t\t\t\t<path d=\"M18.6,0H1.4C0.6,0,0,0.6,0,1.4v17.1C0,19.4,0.6,20,1.4,20h17.1c0.8,0,1.4-0.6,1.4-1.4V1.4C20,0.6,19.4,0,18.6,0z M6,17.1h-3V7.6h3L6,17.1L6,17.1zM4.6,6.3c-1,0-1.7-0.8-1.7-1.7s0.8-1.7,1.7-1.7c0.9,0,1.7,0.8,1.7,1.7C6.3,5.5,5.5,6.3,4.6,6.3z M17.2,17.1h-3v-4.6c0-1.1,0-2.5-1.5-2.5c-1.5,0-1.8,1.2-1.8,2.5v4.7h-3V7.6h2.8v1.3h0c0.4-0.8,1.4-1.5,2.8-1.5c3,0,3.6,2,3.6,4.5V17.1z\"><\/path>\r\n\t\t\t\t\t\t<\/svg>\r\n\t\t\t\t\t<\/span>\r\n\t\t\t\t<\/a>\r\n\t\t\t\t\r\n\t\t\t\t<a href=\"whatsapp:\/\/send?text=https%3A%2F%2Fwww.educatech-expo.com%2Fen%2Fconference%2Fdirection-du-numerique-pour-leducation-ministere-de-leducation-nationale\" data-network=\"whatsapp\" aria-label=\"WhatsApp\" style=\"--official-color: #5bba67\" rel=\"noopener noreferrer nofollow\">\r\n\t\t\t\t\t<span class=\"icon-container\">\r\n\t\t\t\t\t\t<svg width=\"20px\" height=\"20px\" viewBox=\"0 0 20 20\" aria-hidden=\"true\">\r\n\t\t\t\t\t\t\t<path d=\"M10,0C4.5,0,0,4.5,0,10c0,1.9,0.5,3.6,1.4,5.1L0.1,20l5-1.3C6.5,19.5,8.2,20,10,20c5.5,0,10-4.5,10-10S15.5,0,10,0zM6.6,5.3c0.2,0,0.3,0,0.5,0c0.2,0,0.4,0,0.6,0.4c0.2,0.5,0.7,1.7,0.8,1.8c0.1,0.1,0.1,0.3,0,0.4C8.3,8.2,8.3,8.3,8.1,8.5C8,8.6,7.9,8.8,7.8,8.9C7.7,9,7.5,9.1,7.7,9.4c0.1,0.2,0.6,1.1,1.4,1.7c0.9,0.8,1.7,1.1,2,1.2c0.2,0.1,0.4,0.1,0.5-0.1c0.1-0.2,0.6-0.7,0.8-1c0.2-0.2,0.3-0.2,0.6-0.1c0.2,0.1,1.4,0.7,1.7,0.8s0.4,0.2,0.5,0.3c0.1,0.1,0.1,0.6-0.1,1.2c-0.2,0.6-1.2,1.1-1.7,1.2c-0.5,0-0.9,0.2-3-0.6c-2.5-1-4.1-3.6-4.2-3.7c-0.1-0.2-1-1.3-1-2.6c0-1.2,0.6-1.8,0.9-2.1C6.1,5.4,6.4,5.3,6.6,5.3z\"><\/path>\r\n\t\t\t\t\t\t<\/svg>\r\n\t\t\t\t\t<\/span>\r\n\t\t\t\t<\/a>\r\n\t\t\t<\/div>\r\n\t\t\t<\/div>\r\n<\/div>\t\t\t\t\t\t\t<div class=\"conferences-accordion-item\" data-date=\"2025-11-20T00:00:00\" data-type=\"plenary-conference\">\r\n\t<div class=\"conferences-accordion-header\">\r\n\t\t<div class=\"conference-infos\">\r\n\t\t\t<span class=\"conference-date\">\r\n\t\t\t\t<svg xmlns=\"http:\/\/www.w3.org\/2000\/svg\" height=\"1em\" viewBox=\"0 0 448 512\"><path d=\"M96 32V64H48C21.5 64 0 85.5 0 112v48H448V112c0-26.5-21.5-48-48-48H352V32c0-17.7-14.3-32-32-32s-32 14.3-32 32V64H160V32c0-17.7-14.3-32-32-32S96 14.3 96 32zM448 192H0V464c0 26.5 21.5 48 48 48H400c26.5 0 48-21.5 48-48V192z\"\/><\/svg>\r\n\t\t\t\t20 November 2025\t\t\t<\/span>\r\n\t\t\t<span class=\"conference-time\">\r\n\t\t\t\t<svg xmlns=\"http:\/\/www.w3.org\/2000\/svg\" height=\"1em\" viewBox=\"0 0 512 512\"><path d=\"M256 0a256 256 0 1 1 0 512A256 256 0 1 1 256 0zM232 120V256c0 8 4 15.5 10.7 20l96 64c11 7.4 25.9 4.4 33.3-6.7s4.4-25.9-6.7-33.3L280 243.2V120c0-13.3-10.7-24-24-24s-24 10.7-24 24z\"\/><\/svg>\r\n\t\t\t\t11H45 to 12H45 \t\t\t<\/span>\r\n\t\t\t<span class=\"conference-location\">\r\n\t\t\t\t<svg xmlns=\"http:\/\/www.w3.org\/2000\/svg\" height=\"1em\" viewBox=\"0 0 384 512\"><path d=\"M215.7 499.2C267 435 384 279.4 384 192C384 86 298 0 192 0S0 86 0 192c0 87.4 117 243 168.3 307.2c12.3 15.3 35.1 15.3 47.4 0zM192 128a64 64 0 1 1 0 128 64 64 0 1 1 0-128z\"\/><\/svg>\r\n\t\t\t\tAMPHITHEATER\t\t\t<\/span>\r\n\t\t\t\r\n\t\t\t\t\t\t\t<span class=\"conference-type\">\r\n\t\t\t\t\t<svg xmlns=\"http:\/\/www.w3.org\/2000\/svg\" height=\"1em\" viewBox=\"0 0 384 512\"><path d=\"M0 48V487.7C0 501.1 10.9 512 24.3 512c5 0 9.9-1.5 14-4.4L192 400 345.7 507.6c4.1 2.9 9 4.4 14 4.4c13.4 0 24.3-10.9 24.3-24.3V48c0-26.5-21.5-48-48-48H48C21.5 0 0 21.5 0 48z\"\/><\/svg>\r\n\t\t\t\t\tPLENARY CONFERENCE\t\t\t\t<\/span>\r\n\t\t\t\t\t<\/div>\r\n\t\t\r\n\t\t<h3 class=\"conference-title\">Artificial intelligence: a catalyst for innovation, safety, and sustainability in education<\/h3>\r\n\t\t\r\n\t\t\t\t\t<p class=\"organized-by\">\r\n\t\t\t\tOrganized by ECONOCOM & LENOVO\t\t\t<\/p>\r\n\t\t\t\t\r\n\t\t<a class=\"read-more\" href=\"#\">Continue reading<\/a>\r\n\t<\/div>\r\n\t\t\t\t\t\t\t\t\r\n\t<div class=\"conferences-accordion-panel\">\r\n\t\t\r\n\t\t\t\t\t\t<img decoding=\"async\" src=\"https:\/\/weyou.blob.core.windows.net\/images\/exposant\/95ebf3dc-518b-43f2-8520-343d63a1748d.jpg\" class=\"exhibitor-logo\" alt=\"ECONOCOM & LENOVO\">\r\n\t\t\t\t\t\r\n\t\t<div class=\"conference-description\">\r\n\t\t\t\r\n<p>Far from being a mere fad, artificial intelligence is already redefining the contours of education. Between the promise of innovation, the demand for security, and environmental responsibility, it raises as many questions as it inspires answers.<br>How are these transformations being translated into concrete terms in public policy, in educational institutions, and in the classroom? How can data security and sovereignty be guaranteed? And how can we ensure that technology remains a lever for human progress, in a sustainable and ethical manner?<br>This round table will bring together major players from the worlds of education and technology, who will share their complementary visions and experiences:<br>\u2022 &nbsp; Gwang-Chol Chang \u2013 Chief, Education Policy Section \u2013 UNESCO<br>Will share an international vision of education policies and concrete levers for the ethical and inclusive integration of AI into education systems.<br>&nbsp; <br>\u2022 &nbsp; Guerric Chalnot \u2013 Consultant, speaker, and former deputy school principal<br>Drawing on his experience in educational innovation and neuroeducation, he will illustrate how AI can enrich educational practices and strengthen students' critical thinking skills.<br><\/p>\r\n<p>\u2022 Guillaume Leboucher \u2013 Founder of the \u201cAI for Schools\u201d Foundation<br>A committed entrepreneur, he will discuss the role of ethics and critical thinking in the face of emerging technologies and the role of AI in educational transformation.<br>\u2022 Mathieu Jacquot \u2013 Facilitator and network developer \u2013 Manche Num\u00e9rique<br>He will share his vision of an innovative purchasing center that plays a key role in securing and modernizing public digital technology.<br>\u2022 Pascal Lazerand \u2013 Engineer, teacher, and consultant mediator \u2013 Intel Skills for Innovation Ambassador<br>He will talk about his work with local authorities and schools, and the role of technology in promoting innovative teaching practices.<br>&nbsp; <br>Marine Rabeyrin - Director of Education EMEA \u2013 Lenovo, will lead discussions on the major challenges of AI: innovation, security, inclusion, and sustainability.<br>By bringing together institutional, educational, and technological perspectives, this session will highlight the concrete solutions that AI can provide to the challenges facing the world of education\u2014and how each stakeholder can contribute to responsible transformation.<br><\/p>\r\n\t\t<\/div>\r\n\t\t\t\r\n\t\t\t\t\t<p class=\"speakers-title\">Conference Moderator:<\/p>\r\n\t\t\t<div class=\"speakers\">\r\n\t\t\t\t\t\t\t\t\t<div class=\"speaker\">\r\n\t<img decoding=\"async\" src=\"https:\/\/weyou.blob.core.windows.net\/images\/conferencier\/41ef83af-9bd6-4bf2-87ef-c4c1e07cf409.jpg\" alt=\"Marine RABEYRIN\"><p><strong>Marine RABEYRIN<\/strong><br\/>EMEA Education segment Director &ndash; LENOVO<\/p><\/div>\t\t\t\t\t\t\t<\/div>\r\n\t\t\t\t\r\n\t\t\t\t\t<p class=\"speakers-title\">Speakers:<\/p>\r\n\t\t\t<div class=\"speakers\">\r\n\t\t\t\t\t\t\t\t\t<div class=\"speaker\">\r\n\t<img decoding=\"async\" src=\"https:\/\/weyou.blob.core.windows.net\/images\/conferencier\/07d38003-f22b-4a14-a7ed-78a6995ac4f3.jpg\" alt=\"Gwang-Chol  CHANG\"><p><strong>Gwang-Chol  CHANG<\/strong><br\/>Chief of Education Policy Section &ndash; UNESCO EDUCATION<\/p><\/div>\t\t\t\t\t\t\t\t\t<div class=\"speaker\">\r\n\t<img decoding=\"async\" src=\"https:\/\/weyou.blob.core.windows.net\/images\/conferencier\/b8bca0c8-695d-4b16-add1-262393078c6b.jpg\" alt=\"Guerric CHALNOT\"><p><strong>Guerric CHALNOT<\/strong><br\/>Founder of OuiNovEducation, Co-Founder of BeDici, Consultant, Speaker &ndash; OUINOVEDUCATION<\/p><\/div>\t\t\t\t\t\t\t\t\t<div class=\"speaker\">\r\n\t<img decoding=\"async\" src=\"https:\/\/weyou.blob.core.windows.net\/images\/conferencier\/c9646a70-8195-4b66-b1ca-5a123d0d4722.jpg\" alt=\"Guillaume LEBOUCHER\"><p><strong>Guillaume LEBOUCHER<\/strong><br\/>Founder &ndash; FONDATION IA POUR L'\u00c9COLE<\/p><\/div>\t\t\t\t\t\t\t\t\t<div class=\"speaker\">\r\n\t<img decoding=\"async\" src=\"https:\/\/weyou.blob.core.windows.net\/images\/conferencier\/ae1de799-ca60-42bf-81dd-6fc160478a2d.jpg\" alt=\"Mathieu JACQUOT\"><p><strong>Mathieu JACQUOT<\/strong><br\/>Facilitator and network developer &ndash; MANCHE NUM\u00c9RIQUE<\/p><\/div>\t\t\t\t\t\t\t\t\t<div class=\"speaker\">\r\n\t<img decoding=\"async\" src=\"https:\/\/weyou.blob.core.windows.net\/images\/conferencier\/dbc69c2d-df81-425f-98c6-621ad1a5ff81.jpg\" alt=\"Pascal LAZELAND\"><p><strong>Pascal LAZELAND<\/strong><br\/>Engineer, teacher, and consultant mediator \u2013 Intel Skills for Innovation Ambassador &ndash; I2FORM<\/p><\/div>\t\t\t\t\t\t\t<\/div>\r\n\t\t\t\t\r\n\t\t\t\t\t<div class=\"exhibitor-share-box\">\r\n\t\t\t\t\t\t\t\t<a href=\"https:\/\/www.facebook.com\/sharer\/sharer.php?u=https%3A%2F%2Fwww.educatech-expo.com%2Fen%2Fconference%2Feconocom-lenovo\" data-network=\"facebook\" aria-label=\"Facebook\" style=\"--official-color: #557dbc\" rel=\"noopener noreferrer nofollow\">\r\n\t\t\t\t\t<span class=\"icon-container\">\r\n\t\t\t\t\t\t<svg width=\"20px\" height=\"20px\" viewBox=\"0 0 20 20\" aria-hidden=\"true\">\r\n\t\t\t\t\t\t\t<path d=\"M20,10.1c0-5.5-4.5-10-10-10S0,4.5,0,10.1c0,5,3.7,9.1,8.4,9.9v-7H5.9v-2.9h2.5V7.9C8.4,5.4,9.9,4,12.2,4c1.1,0,2.2,0.2,2.2,0.2v2.5h-1.3c-1.2,0-1.6,0.8-1.6,1.6v1.9h2.8L13.9,13h-2.3v7C16.3,19.2,20,15.1,20,10.1z\"><\/path>\r\n\t\t\t\t\t\t<\/svg>\r\n\t\t\t\t\t<\/span>\r\n\t\t\t\t<\/a>\r\n\t\t\t\t\t\t\t\r\n\t\t\t\t<a href=\"https:\/\/twitter.com\/share?url=https%3A%2F%2Fwww.educatech-expo.com%2Fen%2Fconference%2Feconocom-lenovo&text=Conferences & workshops organized by ECONOCOM & LENOVO - Educ@tech Expo\" data-network=\"twitter\" aria-label=\"Twitter\" style=\"--official-color: #7acdee\" rel=\"noopener noreferrer nofollow\">\r\n\t\t\t\t\t<span class=\"icon-container\">\r\n\t\t\t\t\t\t<svg width=\"20px\" height=\"20px\" viewBox=\"0 0 20 20\" aria-hidden=\"true\">\r\n\t\t\t\t\t\t\t<path d=\"M20,3.8c-0.7,0.3-1.5,0.5-2.4,0.6c0.8-0.5,1.5-1.3,1.8-2.3c-0.8,0.5-1.7,0.8-2.6,1c-0.7-0.8-1.8-1.3-3-1.3c-2.3,0-4.1,1.8-4.1,4.1c0,0.3,0,0.6,0.1,0.9C6.4,6.7,3.4,5.1,1.4,2.6C1,3.2,0.8,3.9,0.8,4.7c0,1.4,0.7,2.7,1.8,3.4C2,8.1,1.4,7.9,0.8,7.6c0,0,0,0,0,0.1c0,2,1.4,3.6,3.3,4c-0.3,0.1-0.7,0.1-1.1,0.1c-0.3,0-0.5,0-0.8-0.1c0.5,1.6,2,2.8,3.8,2.8c-1.4,1.1-3.2,1.8-5.1,1.8c-0.3,0-0.7,0-1-0.1c1.8,1.2,4,1.8,6.3,1.8c7.5,0,11.7-6.3,11.7-11.7c0-0.2,0-0.4,0-0.5C18.8,5.3,19.4,4.6,20,3.8z\"><\/path>\r\n\t\t\t\t\t\t<\/svg>\r\n\t\t\t\t\t<\/span>\r\n\t\t\t\t<\/a>\r\n\r\n\t\t\t\t<a href=\"https:\/\/www.linkedin.com\/shareArticle?url=https%3A%2F%2Fwww.educatech-expo.com%2Fen%2Fconference%2Feconocom-lenovo&title=Conferences & workshops organized by ECONOCOM & LENOVO - Educ@tech Expo\" data-network=\"linkedin\" aria-label=\"LinkedIn\" style=\"--official-color: #1c86c6\" rel=\"noopener noreferrer nofollow\">\r\n\t\t\t\t\t<span class=\"icon-container\">\r\n\t\t\t\t\t\t<svg width=\"20px\" height=\"20px\" viewBox=\"0 0 20 20\" aria-hidden=\"true\">\r\n\t\t\t\t\t\t\t<path d=\"M18.6,0H1.4C0.6,0,0,0.6,0,1.4v17.1C0,19.4,0.6,20,1.4,20h17.1c0.8,0,1.4-0.6,1.4-1.4V1.4C20,0.6,19.4,0,18.6,0z M6,17.1h-3V7.6h3L6,17.1L6,17.1zM4.6,6.3c-1,0-1.7-0.8-1.7-1.7s0.8-1.7,1.7-1.7c0.9,0,1.7,0.8,1.7,1.7C6.3,5.5,5.5,6.3,4.6,6.3z M17.2,17.1h-3v-4.6c0-1.1,0-2.5-1.5-2.5c-1.5,0-1.8,1.2-1.8,2.5v4.7h-3V7.6h2.8v1.3h0c0.4-0.8,1.4-1.5,2.8-1.5c3,0,3.6,2,3.6,4.5V17.1z\"><\/path>\r\n\t\t\t\t\t\t<\/svg>\r\n\t\t\t\t\t<\/span>\r\n\t\t\t\t<\/a>\r\n\t\t\t\t\r\n\t\t\t\t<a href=\"whatsapp:\/\/send?text=https%3A%2F%2Fwww.educatech-expo.com%2Fen%2Fconference%2Feconocom-lenovo\" data-network=\"whatsapp\" aria-label=\"WhatsApp\" style=\"--official-color: #5bba67\" rel=\"noopener noreferrer nofollow\">\r\n\t\t\t\t\t<span class=\"icon-container\">\r\n\t\t\t\t\t\t<svg width=\"20px\" height=\"20px\" viewBox=\"0 0 20 20\" aria-hidden=\"true\">\r\n\t\t\t\t\t\t\t<path d=\"M10,0C4.5,0,0,4.5,0,10c0,1.9,0.5,3.6,1.4,5.1L0.1,20l5-1.3C6.5,19.5,8.2,20,10,20c5.5,0,10-4.5,10-10S15.5,0,10,0zM6.6,5.3c0.2,0,0.3,0,0.5,0c0.2,0,0.4,0,0.6,0.4c0.2,0.5,0.7,1.7,0.8,1.8c0.1,0.1,0.1,0.3,0,0.4C8.3,8.2,8.3,8.3,8.1,8.5C8,8.6,7.9,8.8,7.8,8.9C7.7,9,7.5,9.1,7.7,9.4c0.1,0.2,0.6,1.1,1.4,1.7c0.9,0.8,1.7,1.1,2,1.2c0.2,0.1,0.4,0.1,0.5-0.1c0.1-0.2,0.6-0.7,0.8-1c0.2-0.2,0.3-0.2,0.6-0.1c0.2,0.1,1.4,0.7,1.7,0.8s0.4,0.2,0.5,0.3c0.1,0.1,0.1,0.6-0.1,1.2c-0.2,0.6-1.2,1.1-1.7,1.2c-0.5,0-0.9,0.2-3-0.6c-2.5-1-4.1-3.6-4.2-3.7c-0.1-0.2-1-1.3-1-2.6c0-1.2,0.6-1.8,0.9-2.1C6.1,5.4,6.4,5.3,6.6,5.3z\"><\/path>\r\n\t\t\t\t\t\t<\/svg>\r\n\t\t\t\t\t<\/span>\r\n\t\t\t\t<\/a>\r\n\t\t\t<\/div>\r\n\t\t\t<\/div>\r\n<\/div>\t\t\t\t\t\t\t<div class=\"conferences-accordion-item\" data-date=\"2025-11-20T00:00:00\" data-type=\"plenary-conference\">\r\n\t<div class=\"conferences-accordion-header\">\r\n\t\t<div class=\"conference-infos\">\r\n\t\t\t<span class=\"conference-date\">\r\n\t\t\t\t<svg xmlns=\"http:\/\/www.w3.org\/2000\/svg\" height=\"1em\" viewBox=\"0 0 448 512\"><path d=\"M96 32V64H48C21.5 64 0 85.5 0 112v48H448V112c0-26.5-21.5-48-48-48H352V32c0-17.7-14.3-32-32-32s-32 14.3-32 32V64H160V32c0-17.7-14.3-32-32-32S96 14.3 96 32zM448 192H0V464c0 26.5 21.5 48 48 48H400c26.5 0 48-21.5 48-48V192z\"\/><\/svg>\r\n\t\t\t\t20 November 2025\t\t\t<\/span>\r\n\t\t\t<span class=\"conference-time\">\r\n\t\t\t\t<svg xmlns=\"http:\/\/www.w3.org\/2000\/svg\" height=\"1em\" viewBox=\"0 0 512 512\"><path d=\"M256 0a256 256 0 1 1 0 512A256 256 0 1 1 256 0zM232 120V256c0 8 4 15.5 10.7 20l96 64c11 7.4 25.9 4.4 33.3-6.7s4.4-25.9-6.7-33.3L280 243.2V120c0-13.3-10.7-24-24-24s-24 10.7-24 24z\"\/><\/svg>\r\n\t\t\t\t14h00 to 15h00\t\t\t<\/span>\r\n\t\t\t<span class=\"conference-location\">\r\n\t\t\t\t<svg xmlns=\"http:\/\/www.w3.org\/2000\/svg\" height=\"1em\" viewBox=\"0 0 384 512\"><path d=\"M215.7 499.2C267 435 384 279.4 384 192C384 86 298 0 192 0S0 86 0 192c0 87.4 117 243 168.3 307.2c12.3 15.3 35.1 15.3 47.4 0zM192 128a64 64 0 1 1 0 128 64 64 0 1 1 0-128z\"\/><\/svg>\r\n\t\t\t\tAMPHITHEATER\t\t\t<\/span>\r\n\t\t\t\r\n\t\t\t\t\t\t\t<span class=\"conference-type\">\r\n\t\t\t\t\t<svg xmlns=\"http:\/\/www.w3.org\/2000\/svg\" height=\"1em\" viewBox=\"0 0 384 512\"><path d=\"M0 48V487.7C0 501.1 10.9 512 24.3 512c5 0 9.9-1.5 14-4.4L192 400 345.7 507.6c4.1 2.9 9 4.4 14 4.4c13.4 0 24.3-10.9 24.3-24.3V48c0-26.5-21.5-48-48-48H48C21.5 0 0 21.5 0 48z\"\/><\/svg>\r\n\t\t\t\t\tPLENARY CONFERENCE\t\t\t\t<\/span>\r\n\t\t\t\t\t<\/div>\r\n\t\t\r\n\t\t<h3 class=\"conference-title\">Empowering all learners and teachers to succeed<\/h3>\r\n\t\t\r\n\t\t\t\t\t<p class=\"organized-by\">\r\n\t\t\t\tOrganized by APPLE\t\t\t<\/p>\r\n\t\t\t\t\r\n\t\t<a class=\"read-more\" href=\"#\">Continue reading<\/a>\r\n\t<\/div>\r\n\t\t\t\t\t\t\t\t\r\n\t<div class=\"conferences-accordion-panel\">\r\n\t\t\r\n\t\t\t\t\t\t<img decoding=\"async\" src=\"https:\/\/weyou.blob.core.windows.net\/images\/exposant\/43a19c9b-1781-4c00-83aa-f6cc4410a5ee.jpg\" class=\"exhibitor-logo\" alt=\"APPLE\">\r\n\t\t\t\t\t\r\n\t\t<div class=\"conference-description\">\r\n\t\t\t\r\n\r\n<p>Join Apple in conversation with the department of Val d\u2019Oise on how iPad and the Apple ecosystem empower students with special needs to achieve alongside their peers.&nbsp;<\/p>\r\n\r\n\t\t<\/div>\r\n\t\t\t\r\n\t\t\t\t\r\n\t\t\t\t\t<p class=\"speakers-title\">Speakers:<\/p>\r\n\t\t\t<div class=\"speakers\">\r\n\t\t\t\t\t\t\t\t\t<div class=\"speaker\">\r\n\t<p><strong>Virginie TINLAND<\/strong><br\/> &ndash; D\u00c9PARTEMENT DU VAL D'OISE<\/p><\/div>\t\t\t\t\t\t\t\t\t<div class=\"speaker\">\r\n\t<p><strong>Fr\u00e9d\u00e9ric KERBECHE<\/strong><br\/> &ndash; D\u00c9PARTEMENT DU VAL D'OISE<\/p><\/div>\t\t\t\t\t\t\t\t\t<div class=\"speaker\">\r\n\t<p><strong>Isabel ALBAR<\/strong><br\/> &ndash; ACAD\u00c9MIE DE VERSAILLES<\/p><\/div>\t\t\t\t\t\t\t\t\t<div class=\"speaker\">\r\n\t<p><strong>Isabelle KEREBEL<\/strong><br\/> &ndash; ACAD\u00c9MIE DE VERSAILLES<\/p><\/div>\t\t\t\t\t\t\t\t\t<div class=\"speaker\">\r\n\t<p><strong>Renaud TAILLARD<\/strong><br\/> &ndash; D\u00c9PARTEMENT DU VAL D'OISE<\/p><\/div>\t\t\t\t\t\t\t\t\t<div class=\"speaker\">\r\n\t<p><strong>Sophie BOITTIN-DELAIGUE<\/strong><br\/> &ndash; APPLE<\/p><\/div>\t\t\t\t\t\t\t<\/div>\r\n\t\t\t\t\r\n\t\t\t\t\t<div class=\"exhibitor-share-box\">\r\n\t\t\t\t\t\t\t\t<a href=\"https:\/\/www.facebook.com\/sharer\/sharer.php?u=https%3A%2F%2Fwww.educatech-expo.com%2Fen%2Fconference%2Fapple\" data-network=\"facebook\" aria-label=\"Facebook\" style=\"--official-color: #557dbc\" rel=\"noopener noreferrer nofollow\">\r\n\t\t\t\t\t<span class=\"icon-container\">\r\n\t\t\t\t\t\t<svg width=\"20px\" height=\"20px\" viewBox=\"0 0 20 20\" aria-hidden=\"true\">\r\n\t\t\t\t\t\t\t<path d=\"M20,10.1c0-5.5-4.5-10-10-10S0,4.5,0,10.1c0,5,3.7,9.1,8.4,9.9v-7H5.9v-2.9h2.5V7.9C8.4,5.4,9.9,4,12.2,4c1.1,0,2.2,0.2,2.2,0.2v2.5h-1.3c-1.2,0-1.6,0.8-1.6,1.6v1.9h2.8L13.9,13h-2.3v7C16.3,19.2,20,15.1,20,10.1z\"><\/path>\r\n\t\t\t\t\t\t<\/svg>\r\n\t\t\t\t\t<\/span>\r\n\t\t\t\t<\/a>\r\n\t\t\t\t\t\t\t\r\n\t\t\t\t<a href=\"https:\/\/twitter.com\/share?url=https%3A%2F%2Fwww.educatech-expo.com%2Fen%2Fconference%2Fapple&text=Conferences & workshops organized by APPLE - Educ@tech Expo\" data-network=\"twitter\" aria-label=\"Twitter\" style=\"--official-color: #7acdee\" rel=\"noopener noreferrer nofollow\">\r\n\t\t\t\t\t<span class=\"icon-container\">\r\n\t\t\t\t\t\t<svg width=\"20px\" height=\"20px\" viewBox=\"0 0 20 20\" aria-hidden=\"true\">\r\n\t\t\t\t\t\t\t<path d=\"M20,3.8c-0.7,0.3-1.5,0.5-2.4,0.6c0.8-0.5,1.5-1.3,1.8-2.3c-0.8,0.5-1.7,0.8-2.6,1c-0.7-0.8-1.8-1.3-3-1.3c-2.3,0-4.1,1.8-4.1,4.1c0,0.3,0,0.6,0.1,0.9C6.4,6.7,3.4,5.1,1.4,2.6C1,3.2,0.8,3.9,0.8,4.7c0,1.4,0.7,2.7,1.8,3.4C2,8.1,1.4,7.9,0.8,7.6c0,0,0,0,0,0.1c0,2,1.4,3.6,3.3,4c-0.3,0.1-0.7,0.1-1.1,0.1c-0.3,0-0.5,0-0.8-0.1c0.5,1.6,2,2.8,3.8,2.8c-1.4,1.1-3.2,1.8-5.1,1.8c-0.3,0-0.7,0-1-0.1c1.8,1.2,4,1.8,6.3,1.8c7.5,0,11.7-6.3,11.7-11.7c0-0.2,0-0.4,0-0.5C18.8,5.3,19.4,4.6,20,3.8z\"><\/path>\r\n\t\t\t\t\t\t<\/svg>\r\n\t\t\t\t\t<\/span>\r\n\t\t\t\t<\/a>\r\n\r\n\t\t\t\t<a href=\"https:\/\/www.linkedin.com\/shareArticle?url=https%3A%2F%2Fwww.educatech-expo.com%2Fen%2Fconference%2Fapple&title=Conferences & workshops organized by APPLE - Educ@tech Expo\" data-network=\"linkedin\" aria-label=\"LinkedIn\" style=\"--official-color: #1c86c6\" rel=\"noopener noreferrer nofollow\">\r\n\t\t\t\t\t<span class=\"icon-container\">\r\n\t\t\t\t\t\t<svg width=\"20px\" height=\"20px\" viewBox=\"0 0 20 20\" aria-hidden=\"true\">\r\n\t\t\t\t\t\t\t<path d=\"M18.6,0H1.4C0.6,0,0,0.6,0,1.4v17.1C0,19.4,0.6,20,1.4,20h17.1c0.8,0,1.4-0.6,1.4-1.4V1.4C20,0.6,19.4,0,18.6,0z M6,17.1h-3V7.6h3L6,17.1L6,17.1zM4.6,6.3c-1,0-1.7-0.8-1.7-1.7s0.8-1.7,1.7-1.7c0.9,0,1.7,0.8,1.7,1.7C6.3,5.5,5.5,6.3,4.6,6.3z M17.2,17.1h-3v-4.6c0-1.1,0-2.5-1.5-2.5c-1.5,0-1.8,1.2-1.8,2.5v4.7h-3V7.6h2.8v1.3h0c0.4-0.8,1.4-1.5,2.8-1.5c3,0,3.6,2,3.6,4.5V17.1z\"><\/path>\r\n\t\t\t\t\t\t<\/svg>\r\n\t\t\t\t\t<\/span>\r\n\t\t\t\t<\/a>\r\n\t\t\t\t\r\n\t\t\t\t<a href=\"whatsapp:\/\/send?text=https%3A%2F%2Fwww.educatech-expo.com%2Fen%2Fconference%2Fapple\" data-network=\"whatsapp\" aria-label=\"WhatsApp\" style=\"--official-color: #5bba67\" rel=\"noopener noreferrer nofollow\">\r\n\t\t\t\t\t<span class=\"icon-container\">\r\n\t\t\t\t\t\t<svg width=\"20px\" height=\"20px\" viewBox=\"0 0 20 20\" aria-hidden=\"true\">\r\n\t\t\t\t\t\t\t<path d=\"M10,0C4.5,0,0,4.5,0,10c0,1.9,0.5,3.6,1.4,5.1L0.1,20l5-1.3C6.5,19.5,8.2,20,10,20c5.5,0,10-4.5,10-10S15.5,0,10,0zM6.6,5.3c0.2,0,0.3,0,0.5,0c0.2,0,0.4,0,0.6,0.4c0.2,0.5,0.7,1.7,0.8,1.8c0.1,0.1,0.1,0.3,0,0.4C8.3,8.2,8.3,8.3,8.1,8.5C8,8.6,7.9,8.8,7.8,8.9C7.7,9,7.5,9.1,7.7,9.4c0.1,0.2,0.6,1.1,1.4,1.7c0.9,0.8,1.7,1.1,2,1.2c0.2,0.1,0.4,0.1,0.5-0.1c0.1-0.2,0.6-0.7,0.8-1c0.2-0.2,0.3-0.2,0.6-0.1c0.2,0.1,1.4,0.7,1.7,0.8s0.4,0.2,0.5,0.3c0.1,0.1,0.1,0.6-0.1,1.2c-0.2,0.6-1.2,1.1-1.7,1.2c-0.5,0-0.9,0.2-3-0.6c-2.5-1-4.1-3.6-4.2-3.7c-0.1-0.2-1-1.3-1-2.6c0-1.2,0.6-1.8,0.9-2.1C6.1,5.4,6.4,5.3,6.6,5.3z\"><\/path>\r\n\t\t\t\t\t\t<\/svg>\r\n\t\t\t\t\t<\/span>\r\n\t\t\t\t<\/a>\r\n\t\t\t<\/div>\r\n\t\t\t<\/div>\r\n<\/div>\t\t\t\t\t\t\t<div class=\"conferences-accordion-item\" data-date=\"2025-11-20T00:00:00\" data-type=\"plenary-conference\">\r\n\t<div class=\"conferences-accordion-header\">\r\n\t\t<div class=\"conference-infos\">\r\n\t\t\t<span class=\"conference-date\">\r\n\t\t\t\t<svg xmlns=\"http:\/\/www.w3.org\/2000\/svg\" height=\"1em\" viewBox=\"0 0 448 512\"><path d=\"M96 32V64H48C21.5 64 0 85.5 0 112v48H448V112c0-26.5-21.5-48-48-48H352V32c0-17.7-14.3-32-32-32s-32 14.3-32 32V64H160V32c0-17.7-14.3-32-32-32S96 14.3 96 32zM448 192H0V464c0 26.5 21.5 48 48 48H400c26.5 0 48-21.5 48-48V192z\"\/><\/svg>\r\n\t\t\t\t20 November 2025\t\t\t<\/span>\r\n\t\t\t<span class=\"conference-time\">\r\n\t\t\t\t<svg xmlns=\"http:\/\/www.w3.org\/2000\/svg\" height=\"1em\" viewBox=\"0 0 512 512\"><path d=\"M256 0a256 256 0 1 1 0 512A256 256 0 1 1 256 0zM232 120V256c0 8 4 15.5 10.7 20l96 64c11 7.4 25.9 4.4 33.3-6.7s4.4-25.9-6.7-33.3L280 243.2V120c0-13.3-10.7-24-24-24s-24 10.7-24 24z\"\/><\/svg>\r\n\t\t\t\t15h15 to 16h15\t\t\t<\/span>\r\n\t\t\t<span class=\"conference-location\">\r\n\t\t\t\t<svg xmlns=\"http:\/\/www.w3.org\/2000\/svg\" height=\"1em\" viewBox=\"0 0 384 512\"><path d=\"M215.7 499.2C267 435 384 279.4 384 192C384 86 298 0 192 0S0 86 0 192c0 87.4 117 243 168.3 307.2c12.3 15.3 35.1 15.3 47.4 0zM192 128a64 64 0 1 1 0 128 64 64 0 1 1 0-128z\"\/><\/svg>\r\n\t\t\t\tAMPHITHEATER\t\t\t<\/span>\r\n\t\t\t\r\n\t\t\t\t\t\t\t<span class=\"conference-type\">\r\n\t\t\t\t\t<svg xmlns=\"http:\/\/www.w3.org\/2000\/svg\" height=\"1em\" viewBox=\"0 0 384 512\"><path d=\"M0 48V487.7C0 501.1 10.9 512 24.3 512c5 0 9.9-1.5 14-4.4L192 400 345.7 507.6c4.1 2.9 9 4.4 14 4.4c13.4 0 24.3-10.9 24.3-24.3V48c0-26.5-21.5-48-48-48H48C21.5 0 0 21.5 0 48z\"\/><\/svg>\r\n\t\t\t\t\tPLENARY CONFERENCE\t\t\t\t<\/span>\r\n\t\t\t\t\t<\/div>\r\n\t\t\r\n\t\t<h3 class=\"conference-title\">Why European policy on digital and AI education could change everything ?<\/h3>\r\n\t\t\r\n\t\t\t\t\t<p class=\"organized-by\">\r\n\t\t\t\tOrganized by Educ@tech Expo\t\t\t<\/p>\r\n\t\t\t\t\r\n\t\t<a class=\"read-more\" href=\"#\">Continue reading<\/a>\r\n\t<\/div>\r\n\t\t\t\t\t\t\t\t\r\n\t<div class=\"conferences-accordion-panel\">\r\n\t\t\r\n\t\t\t\t\r\n\t\t<div class=\"conference-description\">\r\n\t\t\t<p>Faced with the rapid evolution of technologies, the necessary adaptations and the concerns expressed by some children&#39;s professionals, there is no consensus on the different approaches to digital education.<\/p>\n\n<p>Yet 2025 has been declared the European Year of Education for Digital Citizenship by the Council of Europe, which is currently drawing up a roadmap for the future of digital education.<\/p>\n\n<p>So, how can we align ourselves collectively in Europe on this subject? What do we have to compromise on? What are the future directions? What can we expect? Where does France fit in?<\/p>\n\t\t<\/div>\r\n\t\t\t\r\n\t\t\t\t\r\n\t\t\t\t\t<p class=\"speakers-title\">Speakers:<\/p>\r\n\t\t\t<div class=\"speakers\">\r\n\t\t\t\t\t\t\t\t\t<div class=\"speaker\">\r\n\t<img decoding=\"async\" src=\"https:\/\/weyou.blob.core.windows.net\/images\/conferencier\/4a41c441-9618-4cc0-b150-288069dbe06c.jpg\" alt=\"Alain THILLAY\"><p><strong>Alain THILLAY<\/strong><br\/>DG-EAC-C4 Digital Education Unit  &ndash; EUROPEAN COMMISSION<\/p><\/div>\t\t\t\t\t\t\t\t\t<div class=\"speaker\">\r\n\t<img decoding=\"async\" src=\"https:\/\/weyou.blob.core.windows.net\/images\/conferencier\/b944db6f-5047-47ce-9133-a0334ad48f6b.jpg\" alt=\"Thierry VI\u00c9VILLE\"><p><strong>Thierry VI\u00c9VILLE<\/strong><br\/>Chercheur en Neuroscience Computationnelle &ndash; INRIA<\/p><\/div>\t\t\t\t\t\t\t\t\t<div class=\"speaker\">\r\n\t<img decoding=\"async\" src=\"https:\/\/weyou.blob.core.windows.net\/images\/conferencier\/25616c0e-1609-4b69-b5e2-638164fb5ae4.jpg\" alt=\"Sarah  LABELLE\"><p><strong>Sarah  LABELLE<\/strong><br\/>Professeure des Universit\u00e9s en Sciences de l'Information et de la Communication &ndash; UNIVERSIT\u00c9 DE MONTPELLIER PAUL-VAL\u00c9RY <\/p><\/div>\t\t\t\t\t\t\t\t\t<div class=\"speaker\">\r\n\t<img decoding=\"async\" src=\"https:\/\/weyou.blob.core.windows.net\/images\/conferencier\/12dd40b9-b0c6-4230-9b4b-5523ae4aacf9.jpg\" alt=\"Ga\u00ebl LE DR\u00c9AU\"><p><strong>Ga\u00ebl LE DR\u00c9AU<\/strong><br\/>Directeur Europe et International &ndash; R\u00c9SEAU CANOP\u00c9<\/p><\/div>\t\t\t\t\t\t\t\t\t<div class=\"speaker\">\r\n\t<img decoding=\"async\" src=\"https:\/\/weyou.blob.core.windows.net\/images\/conferencier\/f840f926-8144-4f54-bdbd-85f667eeb485.jpg\" alt=\"Claire FLAMMANG\"><p><strong>Claire FLAMMANG<\/strong><br\/>Coordinatrice nationale du projet Digital Sciences, SCRIPT \u00e0 la Division INNOVATION &ndash; MINIST\u00c8RE DE L'\u00c9DUCATION NATIONALE, DE L'ENFANCE ET DE LA JEUNESSE (MENJE) DU LUXEMBOURG<\/p><\/div>\t\t\t\t\t\t\t\t\t<div class=\"speaker\">\r\n\t<img decoding=\"async\" src=\"https:\/\/weyou.blob.core.windows.net\/images\/conferencier\/a1911181-8e20-4442-92ef-071ab8064511.jpg\" alt=\"Laurent BERGEZ\"><p><strong>Laurent BERGEZ<\/strong><br\/>Chef du d\u00e9partement de l\u2019Union europ\u00e9enne et des organisations multilat\u00e9rales &ndash; D\u00c9L\u00c9GATION AUX RELATIONS EUROP\u00c9ENNES ET INTERNATIONALES ET \u00c0 LA COOP\u00c9RATION [DREIC]<\/p><\/div>\t\t\t\t\t\t\t\t\t<div class=\"speaker\">\r\n\t<img decoding=\"async\" src=\"https:\/\/weyou.blob.core.windows.net\/images\/conferencier\/b225c626-a7f0-429b-bdd7-37fa5e9227a9.jpg\" alt=\"Axelle  DESAINT\"><p><strong>Axelle  DESAINT<\/strong><br\/>Directrice &ndash; INTERNET SANS CRAINTE<\/p><\/div>\t\t\t\t\t\t\t<\/div>\r\n\t\t\t\t\r\n\t\t\t\t\t<div class=\"exhibitor-share-box\">\r\n\t\t\t\t\t\t\t\t<a href=\"https:\/\/www.facebook.com\/sharer\/sharer.php?u=https%3A%2F%2Fwww.educatech-expo.com%2Fen%2Fconference%2Feductech-expo\" data-network=\"facebook\" aria-label=\"Facebook\" style=\"--official-color: #557dbc\" rel=\"noopener noreferrer nofollow\">\r\n\t\t\t\t\t<span class=\"icon-container\">\r\n\t\t\t\t\t\t<svg width=\"20px\" height=\"20px\" viewBox=\"0 0 20 20\" aria-hidden=\"true\">\r\n\t\t\t\t\t\t\t<path d=\"M20,10.1c0-5.5-4.5-10-10-10S0,4.5,0,10.1c0,5,3.7,9.1,8.4,9.9v-7H5.9v-2.9h2.5V7.9C8.4,5.4,9.9,4,12.2,4c1.1,0,2.2,0.2,2.2,0.2v2.5h-1.3c-1.2,0-1.6,0.8-1.6,1.6v1.9h2.8L13.9,13h-2.3v7C16.3,19.2,20,15.1,20,10.1z\"><\/path>\r\n\t\t\t\t\t\t<\/svg>\r\n\t\t\t\t\t<\/span>\r\n\t\t\t\t<\/a>\r\n\t\t\t\t\t\t\t\r\n\t\t\t\t<a href=\"https:\/\/twitter.com\/share?url=https%3A%2F%2Fwww.educatech-expo.com%2Fen%2Fconference%2Feductech-expo&text=Conferences & workshops organized by Educ@tech Expo - Educ@tech Expo\" data-network=\"twitter\" aria-label=\"Twitter\" style=\"--official-color: #7acdee\" rel=\"noopener noreferrer nofollow\">\r\n\t\t\t\t\t<span class=\"icon-container\">\r\n\t\t\t\t\t\t<svg width=\"20px\" height=\"20px\" viewBox=\"0 0 20 20\" aria-hidden=\"true\">\r\n\t\t\t\t\t\t\t<path d=\"M20,3.8c-0.7,0.3-1.5,0.5-2.4,0.6c0.8-0.5,1.5-1.3,1.8-2.3c-0.8,0.5-1.7,0.8-2.6,1c-0.7-0.8-1.8-1.3-3-1.3c-2.3,0-4.1,1.8-4.1,4.1c0,0.3,0,0.6,0.1,0.9C6.4,6.7,3.4,5.1,1.4,2.6C1,3.2,0.8,3.9,0.8,4.7c0,1.4,0.7,2.7,1.8,3.4C2,8.1,1.4,7.9,0.8,7.6c0,0,0,0,0,0.1c0,2,1.4,3.6,3.3,4c-0.3,0.1-0.7,0.1-1.1,0.1c-0.3,0-0.5,0-0.8-0.1c0.5,1.6,2,2.8,3.8,2.8c-1.4,1.1-3.2,1.8-5.1,1.8c-0.3,0-0.7,0-1-0.1c1.8,1.2,4,1.8,6.3,1.8c7.5,0,11.7-6.3,11.7-11.7c0-0.2,0-0.4,0-0.5C18.8,5.3,19.4,4.6,20,3.8z\"><\/path>\r\n\t\t\t\t\t\t<\/svg>\r\n\t\t\t\t\t<\/span>\r\n\t\t\t\t<\/a>\r\n\r\n\t\t\t\t<a href=\"https:\/\/www.linkedin.com\/shareArticle?url=https%3A%2F%2Fwww.educatech-expo.com%2Fen%2Fconference%2Feductech-expo&title=Conferences & workshops organized by Educ@tech Expo - Educ@tech Expo\" data-network=\"linkedin\" aria-label=\"LinkedIn\" style=\"--official-color: #1c86c6\" rel=\"noopener noreferrer nofollow\">\r\n\t\t\t\t\t<span class=\"icon-container\">\r\n\t\t\t\t\t\t<svg width=\"20px\" height=\"20px\" viewBox=\"0 0 20 20\" aria-hidden=\"true\">\r\n\t\t\t\t\t\t\t<path d=\"M18.6,0H1.4C0.6,0,0,0.6,0,1.4v17.1C0,19.4,0.6,20,1.4,20h17.1c0.8,0,1.4-0.6,1.4-1.4V1.4C20,0.6,19.4,0,18.6,0z M6,17.1h-3V7.6h3L6,17.1L6,17.1zM4.6,6.3c-1,0-1.7-0.8-1.7-1.7s0.8-1.7,1.7-1.7c0.9,0,1.7,0.8,1.7,1.7C6.3,5.5,5.5,6.3,4.6,6.3z M17.2,17.1h-3v-4.6c0-1.1,0-2.5-1.5-2.5c-1.5,0-1.8,1.2-1.8,2.5v4.7h-3V7.6h2.8v1.3h0c0.4-0.8,1.4-1.5,2.8-1.5c3,0,3.6,2,3.6,4.5V17.1z\"><\/path>\r\n\t\t\t\t\t\t<\/svg>\r\n\t\t\t\t\t<\/span>\r\n\t\t\t\t<\/a>\r\n\t\t\t\t\r\n\t\t\t\t<a href=\"whatsapp:\/\/send?text=https%3A%2F%2Fwww.educatech-expo.com%2Fen%2Fconference%2Feductech-expo\" data-network=\"whatsapp\" aria-label=\"WhatsApp\" style=\"--official-color: #5bba67\" rel=\"noopener noreferrer nofollow\">\r\n\t\t\t\t\t<span class=\"icon-container\">\r\n\t\t\t\t\t\t<svg width=\"20px\" height=\"20px\" viewBox=\"0 0 20 20\" aria-hidden=\"true\">\r\n\t\t\t\t\t\t\t<path d=\"M10,0C4.5,0,0,4.5,0,10c0,1.9,0.5,3.6,1.4,5.1L0.1,20l5-1.3C6.5,19.5,8.2,20,10,20c5.5,0,10-4.5,10-10S15.5,0,10,0zM6.6,5.3c0.2,0,0.3,0,0.5,0c0.2,0,0.4,0,0.6,0.4c0.2,0.5,0.7,1.7,0.8,1.8c0.1,0.1,0.1,0.3,0,0.4C8.3,8.2,8.3,8.3,8.1,8.5C8,8.6,7.9,8.8,7.8,8.9C7.7,9,7.5,9.1,7.7,9.4c0.1,0.2,0.6,1.1,1.4,1.7c0.9,0.8,1.7,1.1,2,1.2c0.2,0.1,0.4,0.1,0.5-0.1c0.1-0.2,0.6-0.7,0.8-1c0.2-0.2,0.3-0.2,0.6-0.1c0.2,0.1,1.4,0.7,1.7,0.8s0.4,0.2,0.5,0.3c0.1,0.1,0.1,0.6-0.1,1.2c-0.2,0.6-1.2,1.1-1.7,1.2c-0.5,0-0.9,0.2-3-0.6c-2.5-1-4.1-3.6-4.2-3.7c-0.1-0.2-1-1.3-1-2.6c0-1.2,0.6-1.8,0.9-2.1C6.1,5.4,6.4,5.3,6.6,5.3z\"><\/path>\r\n\t\t\t\t\t\t<\/svg>\r\n\t\t\t\t\t<\/span>\r\n\t\t\t\t<\/a>\r\n\t\t\t<\/div>\r\n\t\t\t<\/div>\r\n<\/div>\t\t\t\t\t\t\t<div class=\"conferences-accordion-item\" data-date=\"2025-11-20T00:00:00\" data-type=\"plenary-conference\">\r\n\t<div class=\"conferences-accordion-header\">\r\n\t\t<div class=\"conference-infos\">\r\n\t\t\t<span class=\"conference-date\">\r\n\t\t\t\t<svg xmlns=\"http:\/\/www.w3.org\/2000\/svg\" height=\"1em\" viewBox=\"0 0 448 512\"><path d=\"M96 32V64H48C21.5 64 0 85.5 0 112v48H448V112c0-26.5-21.5-48-48-48H352V32c0-17.7-14.3-32-32-32s-32 14.3-32 32V64H160V32c0-17.7-14.3-32-32-32S96 14.3 96 32zM448 192H0V464c0 26.5 21.5 48 48 48H400c26.5 0 48-21.5 48-48V192z\"\/><\/svg>\r\n\t\t\t\t20 November 2025\t\t\t<\/span>\r\n\t\t\t<span class=\"conference-time\">\r\n\t\t\t\t<svg xmlns=\"http:\/\/www.w3.org\/2000\/svg\" height=\"1em\" viewBox=\"0 0 512 512\"><path d=\"M256 0a256 256 0 1 1 0 512A256 256 0 1 1 256 0zM232 120V256c0 8 4 15.5 10.7 20l96 64c11 7.4 25.9 4.4 33.3-6.7s4.4-25.9-6.7-33.3L280 243.2V120c0-13.3-10.7-24-24-24s-24 10.7-24 24z\"\/><\/svg>\r\n\t\t\t\t16h30 to 17h30\t\t\t<\/span>\r\n\t\t\t<span class=\"conference-location\">\r\n\t\t\t\t<svg xmlns=\"http:\/\/www.w3.org\/2000\/svg\" height=\"1em\" viewBox=\"0 0 384 512\"><path d=\"M215.7 499.2C267 435 384 279.4 384 192C384 86 298 0 192 0S0 86 0 192c0 87.4 117 243 168.3 307.2c12.3 15.3 35.1 15.3 47.4 0zM192 128a64 64 0 1 1 0 128 64 64 0 1 1 0-128z\"\/><\/svg>\r\n\t\t\t\tAMPHITHEATER\t\t\t<\/span>\r\n\t\t\t\r\n\t\t\t\t\t\t\t<span class=\"conference-type\">\r\n\t\t\t\t\t<svg xmlns=\"http:\/\/www.w3.org\/2000\/svg\" height=\"1em\" viewBox=\"0 0 384 512\"><path d=\"M0 48V487.7C0 501.1 10.9 512 24.3 512c5 0 9.9-1.5 14-4.4L192 400 345.7 507.6c4.1 2.9 9 4.4 14 4.4c13.4 0 24.3-10.9 24.3-24.3V48c0-26.5-21.5-48-48-48H48C21.5 0 0 21.5 0 48z\"\/><\/svg>\r\n\t\t\t\t\tPLENARY CONFERENCE\t\t\t\t<\/span>\r\n\t\t\t\t\t<\/div>\r\n\t\t\r\n\t\t<h3 class=\"conference-title\">AI, challenges and prospects<\/h3>\r\n\t\t\r\n\t\t\t\t\t<p class=\"organized-by\">\r\n\t\t\t\tOrganized by DIRECTION DU NUMERIQUE POUR L'EDUCATION - MINISTERE DE L'EDUCATION NATIONALE\t\t\t<\/p>\r\n\t\t\t\t\r\n\t\t<a class=\"read-more\" href=\"#\">Continue reading<\/a>\r\n\t<\/div>\r\n\t\t\t\t\t\t\t\t\r\n\t<div class=\"conferences-accordion-panel\">\r\n\t\t\r\n\t\t\t\t\t\t<img decoding=\"async\" src=\"https:\/\/weyou.blob.core.windows.net\/images\/exposant\/b0cf883b-7926-4369-aaa9-64f4b764d5cd.jpg\" class=\"exhibitor-logo\" alt=\"DIRECTION DU NUMERIQUE POUR L'EDUCATION - MINISTERE DE L'EDUCATION NATIONALE\">\r\n\t\t\t\t\t\r\n\t\t<div class=\"conference-description\">\r\n\t\t\t\r\n\r\n<p>At a time when generative artificial intelligence is accelerating the transformation of our society, schools are at the forefront of major changes. We will discuss training in AI, teaching with AI and learning with AI by exercising critical thinking within a controlled legal and ethical framework.<\/p>\r\n\r\n\t\t<\/div>\r\n\t\t\t\r\n\t\t\t\t\t<p class=\"speakers-title\">Conference Moderator:<\/p>\r\n\t\t\t<div class=\"speakers\">\r\n\t\t\t\t\t\t\t\t\t<div class=\"speaker\">\r\n\t<img decoding=\"async\" src=\"https:\/\/weyou.blob.core.windows.net\/images\/conferencier\/ab418b99-7400-4382-bf9f-f3ad6bc0a8a2.jpg\" alt=\"Axel JEAN\"><p><strong>Axel JEAN<\/strong><br\/>Head of TN2 - Digital Innovation Office \u2013 Applied Research \u2013 AI &ndash; MINIST\u00c8RE DE L'\u00c9DUCATION NATIONALE - DIRECTION DU NUM\u00c9RIQUE POUR L'\u00c9DUCATION<\/p><\/div>\t\t\t\t\t\t\t<\/div>\r\n\t\t\t\t\r\n\t\t\t\t\t<p class=\"speakers-title\">Speaker:<\/p>\r\n\t\t\t<div class=\"speakers\">\r\n\t\t\t\t\t\t\t\t\t<div class=\"speaker\">\r\n\t<img decoding=\"async\" src=\"https:\/\/weyou.blob.core.windows.net\/images\/conferencier\/e1bd555e-efcf-4864-829f-0d6db7fe940f.jpg\" alt=\"Maxime BARILLEAU\"><p><strong>Maxime BARILLEAU<\/strong><br\/>Project Manager, Digital Education Territories and Digital Skills Development &ndash; MINIST\u00c8RE DE L'\u00c9DUCATION NATIONALE - DIRECTION DU NUM\u00c9RIQUE POUR L'\u00c9DUCATION<\/p><\/div>\t\t\t\t\t\t\t<\/div>\r\n\t\t\t\t\r\n\t\t\t\t\t<div class=\"exhibitor-share-box\">\r\n\t\t\t\t\t\t\t\t<a href=\"https:\/\/www.facebook.com\/sharer\/sharer.php?u=https%3A%2F%2Fwww.educatech-expo.com%2Fen%2Fconference%2Fdirection-du-numerique-pour-leducation-ministere-de-leducation-nationale\" data-network=\"facebook\" aria-label=\"Facebook\" style=\"--official-color: #557dbc\" rel=\"noopener noreferrer nofollow\">\r\n\t\t\t\t\t<span class=\"icon-container\">\r\n\t\t\t\t\t\t<svg width=\"20px\" height=\"20px\" viewBox=\"0 0 20 20\" aria-hidden=\"true\">\r\n\t\t\t\t\t\t\t<path d=\"M20,10.1c0-5.5-4.5-10-10-10S0,4.5,0,10.1c0,5,3.7,9.1,8.4,9.9v-7H5.9v-2.9h2.5V7.9C8.4,5.4,9.9,4,12.2,4c1.1,0,2.2,0.2,2.2,0.2v2.5h-1.3c-1.2,0-1.6,0.8-1.6,1.6v1.9h2.8L13.9,13h-2.3v7C16.3,19.2,20,15.1,20,10.1z\"><\/path>\r\n\t\t\t\t\t\t<\/svg>\r\n\t\t\t\t\t<\/span>\r\n\t\t\t\t<\/a>\r\n\t\t\t\t\t\t\t\r\n\t\t\t\t<a href=\"https:\/\/twitter.com\/share?url=https%3A%2F%2Fwww.educatech-expo.com%2Fen%2Fconference%2Fdirection-du-numerique-pour-leducation-ministere-de-leducation-nationale&text=Conferences & workshops organized by DIRECTION DU NUMERIQUE POUR L'EDUCATION - MINISTERE DE L'EDUCATION NATIONALE - Educ@tech Expo\" data-network=\"twitter\" aria-label=\"Twitter\" style=\"--official-color: #7acdee\" rel=\"noopener noreferrer nofollow\">\r\n\t\t\t\t\t<span class=\"icon-container\">\r\n\t\t\t\t\t\t<svg width=\"20px\" height=\"20px\" viewBox=\"0 0 20 20\" aria-hidden=\"true\">\r\n\t\t\t\t\t\t\t<path d=\"M20,3.8c-0.7,0.3-1.5,0.5-2.4,0.6c0.8-0.5,1.5-1.3,1.8-2.3c-0.8,0.5-1.7,0.8-2.6,1c-0.7-0.8-1.8-1.3-3-1.3c-2.3,0-4.1,1.8-4.1,4.1c0,0.3,0,0.6,0.1,0.9C6.4,6.7,3.4,5.1,1.4,2.6C1,3.2,0.8,3.9,0.8,4.7c0,1.4,0.7,2.7,1.8,3.4C2,8.1,1.4,7.9,0.8,7.6c0,0,0,0,0,0.1c0,2,1.4,3.6,3.3,4c-0.3,0.1-0.7,0.1-1.1,0.1c-0.3,0-0.5,0-0.8-0.1c0.5,1.6,2,2.8,3.8,2.8c-1.4,1.1-3.2,1.8-5.1,1.8c-0.3,0-0.7,0-1-0.1c1.8,1.2,4,1.8,6.3,1.8c7.5,0,11.7-6.3,11.7-11.7c0-0.2,0-0.4,0-0.5C18.8,5.3,19.4,4.6,20,3.8z\"><\/path>\r\n\t\t\t\t\t\t<\/svg>\r\n\t\t\t\t\t<\/span>\r\n\t\t\t\t<\/a>\r\n\r\n\t\t\t\t<a href=\"https:\/\/www.linkedin.com\/shareArticle?url=https%3A%2F%2Fwww.educatech-expo.com%2Fen%2Fconference%2Fdirection-du-numerique-pour-leducation-ministere-de-leducation-nationale&title=Conferences & workshops organized by DIRECTION DU NUMERIQUE POUR L'EDUCATION - MINISTERE DE L'EDUCATION NATIONALE - Educ@tech Expo\" data-network=\"linkedin\" aria-label=\"LinkedIn\" style=\"--official-color: #1c86c6\" rel=\"noopener noreferrer nofollow\">\r\n\t\t\t\t\t<span class=\"icon-container\">\r\n\t\t\t\t\t\t<svg width=\"20px\" height=\"20px\" viewBox=\"0 0 20 20\" aria-hidden=\"true\">\r\n\t\t\t\t\t\t\t<path d=\"M18.6,0H1.4C0.6,0,0,0.6,0,1.4v17.1C0,19.4,0.6,20,1.4,20h17.1c0.8,0,1.4-0.6,1.4-1.4V1.4C20,0.6,19.4,0,18.6,0z M6,17.1h-3V7.6h3L6,17.1L6,17.1zM4.6,6.3c-1,0-1.7-0.8-1.7-1.7s0.8-1.7,1.7-1.7c0.9,0,1.7,0.8,1.7,1.7C6.3,5.5,5.5,6.3,4.6,6.3z M17.2,17.1h-3v-4.6c0-1.1,0-2.5-1.5-2.5c-1.5,0-1.8,1.2-1.8,2.5v4.7h-3V7.6h2.8v1.3h0c0.4-0.8,1.4-1.5,2.8-1.5c3,0,3.6,2,3.6,4.5V17.1z\"><\/path>\r\n\t\t\t\t\t\t<\/svg>\r\n\t\t\t\t\t<\/span>\r\n\t\t\t\t<\/a>\r\n\t\t\t\t\r\n\t\t\t\t<a href=\"whatsapp:\/\/send?text=https%3A%2F%2Fwww.educatech-expo.com%2Fen%2Fconference%2Fdirection-du-numerique-pour-leducation-ministere-de-leducation-nationale\" data-network=\"whatsapp\" aria-label=\"WhatsApp\" style=\"--official-color: #5bba67\" rel=\"noopener noreferrer nofollow\">\r\n\t\t\t\t\t<span class=\"icon-container\">\r\n\t\t\t\t\t\t<svg width=\"20px\" height=\"20px\" viewBox=\"0 0 20 20\" aria-hidden=\"true\">\r\n\t\t\t\t\t\t\t<path d=\"M10,0C4.5,0,0,4.5,0,10c0,1.9,0.5,3.6,1.4,5.1L0.1,20l5-1.3C6.5,19.5,8.2,20,10,20c5.5,0,10-4.5,10-10S15.5,0,10,0zM6.6,5.3c0.2,0,0.3,0,0.5,0c0.2,0,0.4,0,0.6,0.4c0.2,0.5,0.7,1.7,0.8,1.8c0.1,0.1,0.1,0.3,0,0.4C8.3,8.2,8.3,8.3,8.1,8.5C8,8.6,7.9,8.8,7.8,8.9C7.7,9,7.5,9.1,7.7,9.4c0.1,0.2,0.6,1.1,1.4,1.7c0.9,0.8,1.7,1.1,2,1.2c0.2,0.1,0.4,0.1,0.5-0.1c0.1-0.2,0.6-0.7,0.8-1c0.2-0.2,0.3-0.2,0.6-0.1c0.2,0.1,1.4,0.7,1.7,0.8s0.4,0.2,0.5,0.3c0.1,0.1,0.1,0.6-0.1,1.2c-0.2,0.6-1.2,1.1-1.7,1.2c-0.5,0-0.9,0.2-3-0.6c-2.5-1-4.1-3.6-4.2-3.7c-0.1-0.2-1-1.3-1-2.6c0-1.2,0.6-1.8,0.9-2.1C6.1,5.4,6.4,5.3,6.6,5.3z\"><\/path>\r\n\t\t\t\t\t\t<\/svg>\r\n\t\t\t\t\t<\/span>\r\n\t\t\t\t<\/a>\r\n\t\t\t<\/div>\r\n\t\t\t<\/div>\r\n<\/div>\t\t\t\t\t\t\t<div class=\"conferences-accordion-item\" data-date=\"2025-11-21T00:00:00\" data-type=\"plenary-conference\">\r\n\t<div class=\"conferences-accordion-header\">\r\n\t\t<div class=\"conference-infos\">\r\n\t\t\t<span class=\"conference-date\">\r\n\t\t\t\t<svg xmlns=\"http:\/\/www.w3.org\/2000\/svg\" height=\"1em\" viewBox=\"0 0 448 512\"><path d=\"M96 32V64H48C21.5 64 0 85.5 0 112v48H448V112c0-26.5-21.5-48-48-48H352V32c0-17.7-14.3-32-32-32s-32 14.3-32 32V64H160V32c0-17.7-14.3-32-32-32S96 14.3 96 32zM448 192H0V464c0 26.5 21.5 48 48 48H400c26.5 0 48-21.5 48-48V192z\"\/><\/svg>\r\n\t\t\t\t21 November 2025\t\t\t<\/span>\r\n\t\t\t<span class=\"conference-time\">\r\n\t\t\t\t<svg xmlns=\"http:\/\/www.w3.org\/2000\/svg\" height=\"1em\" viewBox=\"0 0 512 512\"><path d=\"M256 0a256 256 0 1 1 0 512A256 256 0 1 1 256 0zM232 120V256c0 8 4 15.5 10.7 20l96 64c11 7.4 25.9 4.4 33.3-6.7s4.4-25.9-6.7-33.3L280 243.2V120c0-13.3-10.7-24-24-24s-24 10.7-24 24z\"\/><\/svg>\r\n\t\t\t\t09h30 to 10h30\t\t\t<\/span>\r\n\t\t\t<span class=\"conference-location\">\r\n\t\t\t\t<svg xmlns=\"http:\/\/www.w3.org\/2000\/svg\" height=\"1em\" viewBox=\"0 0 384 512\"><path d=\"M215.7 499.2C267 435 384 279.4 384 192C384 86 298 0 192 0S0 86 0 192c0 87.4 117 243 168.3 307.2c12.3 15.3 35.1 15.3 47.4 0zM192 128a64 64 0 1 1 0 128 64 64 0 1 1 0-128z\"\/><\/svg>\r\n\t\t\t\tAMPHITHEATER\t\t\t<\/span>\r\n\t\t\t\r\n\t\t\t\t\t\t\t<span class=\"conference-type\">\r\n\t\t\t\t\t<svg xmlns=\"http:\/\/www.w3.org\/2000\/svg\" height=\"1em\" viewBox=\"0 0 384 512\"><path d=\"M0 48V487.7C0 501.1 10.9 512 24.3 512c5 0 9.9-1.5 14-4.4L192 400 345.7 507.6c4.1 2.9 9 4.4 14 4.4c13.4 0 24.3-10.9 24.3-24.3V48c0-26.5-21.5-48-48-48H48C21.5 0 0 21.5 0 48z\"\/><\/svg>\r\n\t\t\t\t\tPLENARY CONFERENCE\t\t\t\t<\/span>\r\n\t\t\t\t\t<\/div>\r\n\t\t\r\n\t\t<h3 class=\"conference-title\">De la juxtaposition \u00e0 l\u2019interaction : comment penser l\u2019\u00e9cole comme un organisme vivant ?<\/h3>\r\n\t\t\r\n\t\t\t\t\t<p class=\"organized-by\">\r\n\t\t\t\tOrganized by EDUCAVOX\t\t\t<\/p>\r\n\t\t\t\t\r\n\t\t<a class=\"read-more\" href=\"#\">Continue reading<\/a>\r\n\t<\/div>\r\n\t\t\t\t\t\t\t\t\r\n\t<div class=\"conferences-accordion-panel\">\r\n\t\t\r\n\t\t\t\t\t\t<img decoding=\"async\" src=\"https:\/\/weyou.blob.core.windows.net\/images\/exposant\/67c53c66-8fac-4fa0-9cee-0241245aa51b.jpg\" class=\"exhibitor-logo\" alt=\"EDUCAVOX\">\r\n\t\t\t\t\t\r\n\t\t<div class=\"conference-description\">\r\n\t\t\t\r\n<p>Can we envision a comprehensive educational time, providing time for training, exchanges with students and families, and time for sports and cultural activities at the heart of the school ?&nbsp;<\/p>\r\n<p>With&nbsp;Nathalie Belin, Proviseure Adjointe -&nbsp;Romain Briot,&nbsp;Directeur g\u00e9n\u00e9ral adjoint, Intercommunalit\u00e9s de France-Jean-Fran\u00e7ois Cerisier, Professeur des universit\u00e9s -&nbsp;Xavier Delporte,\r\nDirecteur relations avec les publics \u00e0 la CNIL-&nbsp;Cyrille Savary, Principal -&nbsp;<\/p>\r\n<p>Animation : Thierry Taboy, membre du CA An@\u00e9<\/p>\r\n<br>\t\t<\/div>\r\n\t\t\t\r\n\t\t\t\t\t<p class=\"speakers-title\">Conference Moderator:<\/p>\r\n\t\t\t<div class=\"speakers\">\r\n\t\t\t\t\t\t\t\t\t<div class=\"speaker\">\r\n\t<img decoding=\"async\" src=\"https:\/\/weyou.blob.core.windows.net\/images\/conferencier\/80118845-af5f-4202-91b1-be84a7497c3c.jpg\" alt=\"Thierry TABOY\"><p><strong>Thierry TABOY<\/strong><br\/> &ndash; EDUCAVOX<\/p><\/div>\t\t\t\t\t\t\t<\/div>\r\n\t\t\t\t\r\n\t\t\t\t\t<p class=\"speakers-title\">Speakers:<\/p>\r\n\t\t\t<div class=\"speakers\">\r\n\t\t\t\t\t\t\t\t\t<div class=\"speaker\">\r\n\t<img decoding=\"async\" src=\"https:\/\/weyou.blob.core.windows.net\/images\/conferencier\/f9aaf68b-272e-481f-85bf-2fe619198cdb.jpg\" alt=\"Nathalie BELIN\"><p><strong>Nathalie BELIN<\/strong><br\/> &ndash; EDUCATION NATIONALE<\/p><\/div>\t\t\t\t\t\t\t\t\t<div class=\"speaker\">\r\n\t<img decoding=\"async\" src=\"https:\/\/weyou.blob.core.windows.net\/images\/conferencier\/beb67702-0496-4dc4-9dfc-72ec7d4ac4d2.jpg\" alt=\"Romain BRIOT\"><p><strong>Romain BRIOT<\/strong><br\/> &ndash; INTERCOMMUNALIT\u00c9S DE FRANCE<\/p><\/div>\t\t\t\t\t\t\t\t\t<div class=\"speaker\">\r\n\t<img decoding=\"async\" src=\"https:\/\/weyou.blob.core.windows.net\/images\/conferencier\/0f5b29e1-a6dd-4972-a1cc-e91401d6e969.jpg\" alt=\"Jean-Fran\u00e7ois CERISIER\"><p><strong>Jean-Fran\u00e7ois CERISIER<\/strong><br\/> &ndash; UNIVERSIT\u00c9 POITIERS<\/p><\/div>\t\t\t\t\t\t\t\t\t<div class=\"speaker\">\r\n\t<img decoding=\"async\" src=\"https:\/\/weyou.blob.core.windows.net\/images\/conferencier\/06dc233e-5148-4d3d-9c89-91880269627d.jpg\" alt=\"Xavier DELPORTE\"><p><strong>Xavier DELPORTE<\/strong><br\/> &ndash; CNIL<\/p><\/div>\t\t\t\t\t\t\t\t\t<div class=\"speaker\">\r\n\t<img decoding=\"async\" src=\"https:\/\/weyou.blob.core.windows.net\/images\/conferencier\/d2b6112a-428f-40e3-a91a-e8328ed82319.jpg\" alt=\"Cyrille SAVARY \"><p><strong>Cyrille SAVARY <\/strong><br\/> &ndash; EDUCATION NATIONALE<\/p><\/div>\t\t\t\t\t\t\t<\/div>\r\n\t\t\t\t\r\n\t\t\t\t\t<div class=\"exhibitor-share-box\">\r\n\t\t\t\t\t\t\t\t<a href=\"https:\/\/www.facebook.com\/sharer\/sharer.php?u=https%3A%2F%2Fwww.educatech-expo.com%2Fen%2Fconference%2Feducavox\" data-network=\"facebook\" aria-label=\"Facebook\" style=\"--official-color: #557dbc\" rel=\"noopener noreferrer nofollow\">\r\n\t\t\t\t\t<span class=\"icon-container\">\r\n\t\t\t\t\t\t<svg width=\"20px\" height=\"20px\" viewBox=\"0 0 20 20\" aria-hidden=\"true\">\r\n\t\t\t\t\t\t\t<path d=\"M20,10.1c0-5.5-4.5-10-10-10S0,4.5,0,10.1c0,5,3.7,9.1,8.4,9.9v-7H5.9v-2.9h2.5V7.9C8.4,5.4,9.9,4,12.2,4c1.1,0,2.2,0.2,2.2,0.2v2.5h-1.3c-1.2,0-1.6,0.8-1.6,1.6v1.9h2.8L13.9,13h-2.3v7C16.3,19.2,20,15.1,20,10.1z\"><\/path>\r\n\t\t\t\t\t\t<\/svg>\r\n\t\t\t\t\t<\/span>\r\n\t\t\t\t<\/a>\r\n\t\t\t\t\t\t\t\r\n\t\t\t\t<a href=\"https:\/\/twitter.com\/share?url=https%3A%2F%2Fwww.educatech-expo.com%2Fen%2Fconference%2Feducavox&text=Conferences & workshops organized by EDUCAVOX - Educ@tech Expo\" data-network=\"twitter\" aria-label=\"Twitter\" style=\"--official-color: #7acdee\" rel=\"noopener noreferrer nofollow\">\r\n\t\t\t\t\t<span class=\"icon-container\">\r\n\t\t\t\t\t\t<svg width=\"20px\" height=\"20px\" viewBox=\"0 0 20 20\" aria-hidden=\"true\">\r\n\t\t\t\t\t\t\t<path d=\"M20,3.8c-0.7,0.3-1.5,0.5-2.4,0.6c0.8-0.5,1.5-1.3,1.8-2.3c-0.8,0.5-1.7,0.8-2.6,1c-0.7-0.8-1.8-1.3-3-1.3c-2.3,0-4.1,1.8-4.1,4.1c0,0.3,0,0.6,0.1,0.9C6.4,6.7,3.4,5.1,1.4,2.6C1,3.2,0.8,3.9,0.8,4.7c0,1.4,0.7,2.7,1.8,3.4C2,8.1,1.4,7.9,0.8,7.6c0,0,0,0,0,0.1c0,2,1.4,3.6,3.3,4c-0.3,0.1-0.7,0.1-1.1,0.1c-0.3,0-0.5,0-0.8-0.1c0.5,1.6,2,2.8,3.8,2.8c-1.4,1.1-3.2,1.8-5.1,1.8c-0.3,0-0.7,0-1-0.1c1.8,1.2,4,1.8,6.3,1.8c7.5,0,11.7-6.3,11.7-11.7c0-0.2,0-0.4,0-0.5C18.8,5.3,19.4,4.6,20,3.8z\"><\/path>\r\n\t\t\t\t\t\t<\/svg>\r\n\t\t\t\t\t<\/span>\r\n\t\t\t\t<\/a>\r\n\r\n\t\t\t\t<a href=\"https:\/\/www.linkedin.com\/shareArticle?url=https%3A%2F%2Fwww.educatech-expo.com%2Fen%2Fconference%2Feducavox&title=Conferences & workshops organized by EDUCAVOX - Educ@tech Expo\" data-network=\"linkedin\" aria-label=\"LinkedIn\" style=\"--official-color: #1c86c6\" rel=\"noopener noreferrer nofollow\">\r\n\t\t\t\t\t<span class=\"icon-container\">\r\n\t\t\t\t\t\t<svg width=\"20px\" height=\"20px\" viewBox=\"0 0 20 20\" aria-hidden=\"true\">\r\n\t\t\t\t\t\t\t<path d=\"M18.6,0H1.4C0.6,0,0,0.6,0,1.4v17.1C0,19.4,0.6,20,1.4,20h17.1c0.8,0,1.4-0.6,1.4-1.4V1.4C20,0.6,19.4,0,18.6,0z M6,17.1h-3V7.6h3L6,17.1L6,17.1zM4.6,6.3c-1,0-1.7-0.8-1.7-1.7s0.8-1.7,1.7-1.7c0.9,0,1.7,0.8,1.7,1.7C6.3,5.5,5.5,6.3,4.6,6.3z M17.2,17.1h-3v-4.6c0-1.1,0-2.5-1.5-2.5c-1.5,0-1.8,1.2-1.8,2.5v4.7h-3V7.6h2.8v1.3h0c0.4-0.8,1.4-1.5,2.8-1.5c3,0,3.6,2,3.6,4.5V17.1z\"><\/path>\r\n\t\t\t\t\t\t<\/svg>\r\n\t\t\t\t\t<\/span>\r\n\t\t\t\t<\/a>\r\n\t\t\t\t\r\n\t\t\t\t<a href=\"whatsapp:\/\/send?text=https%3A%2F%2Fwww.educatech-expo.com%2Fen%2Fconference%2Feducavox\" data-network=\"whatsapp\" aria-label=\"WhatsApp\" style=\"--official-color: #5bba67\" rel=\"noopener noreferrer nofollow\">\r\n\t\t\t\t\t<span class=\"icon-container\">\r\n\t\t\t\t\t\t<svg width=\"20px\" height=\"20px\" viewBox=\"0 0 20 20\" aria-hidden=\"true\">\r\n\t\t\t\t\t\t\t<path d=\"M10,0C4.5,0,0,4.5,0,10c0,1.9,0.5,3.6,1.4,5.1L0.1,20l5-1.3C6.5,19.5,8.2,20,10,20c5.5,0,10-4.5,10-10S15.5,0,10,0zM6.6,5.3c0.2,0,0.3,0,0.5,0c0.2,0,0.4,0,0.6,0.4c0.2,0.5,0.7,1.7,0.8,1.8c0.1,0.1,0.1,0.3,0,0.4C8.3,8.2,8.3,8.3,8.1,8.5C8,8.6,7.9,8.8,7.8,8.9C7.7,9,7.5,9.1,7.7,9.4c0.1,0.2,0.6,1.1,1.4,1.7c0.9,0.8,1.7,1.1,2,1.2c0.2,0.1,0.4,0.1,0.5-0.1c0.1-0.2,0.6-0.7,0.8-1c0.2-0.2,0.3-0.2,0.6-0.1c0.2,0.1,1.4,0.7,1.7,0.8s0.4,0.2,0.5,0.3c0.1,0.1,0.1,0.6-0.1,1.2c-0.2,0.6-1.2,1.1-1.7,1.2c-0.5,0-0.9,0.2-3-0.6c-2.5-1-4.1-3.6-4.2-3.7c-0.1-0.2-1-1.3-1-2.6c0-1.2,0.6-1.8,0.9-2.1C6.1,5.4,6.4,5.3,6.6,5.3z\"><\/path>\r\n\t\t\t\t\t\t<\/svg>\r\n\t\t\t\t\t<\/span>\r\n\t\t\t\t<\/a>\r\n\t\t\t<\/div>\r\n\t\t\t<\/div>\r\n<\/div>\t\t\t\t\t\t\t<div class=\"conferences-accordion-item\" data-date=\"2025-11-21T00:00:00\" data-type=\"plenary-conference\">\r\n\t<div class=\"conferences-accordion-header\">\r\n\t\t<div class=\"conference-infos\">\r\n\t\t\t<span class=\"conference-date\">\r\n\t\t\t\t<svg xmlns=\"http:\/\/www.w3.org\/2000\/svg\" height=\"1em\" viewBox=\"0 0 448 512\"><path d=\"M96 32V64H48C21.5 64 0 85.5 0 112v48H448V112c0-26.5-21.5-48-48-48H352V32c0-17.7-14.3-32-32-32s-32 14.3-32 32V64H160V32c0-17.7-14.3-32-32-32S96 14.3 96 32zM448 192H0V464c0 26.5 21.5 48 48 48H400c26.5 0 48-21.5 48-48V192z\"\/><\/svg>\r\n\t\t\t\t21 November 2025\t\t\t<\/span>\r\n\t\t\t<span class=\"conference-time\">\r\n\t\t\t\t<svg xmlns=\"http:\/\/www.w3.org\/2000\/svg\" height=\"1em\" viewBox=\"0 0 512 512\"><path d=\"M256 0a256 256 0 1 1 0 512A256 256 0 1 1 256 0zM232 120V256c0 8 4 15.5 10.7 20l96 64c11 7.4 25.9 4.4 33.3-6.7s4.4-25.9-6.7-33.3L280 243.2V120c0-13.3-10.7-24-24-24s-24 10.7-24 24z\"\/><\/svg>\r\n\t\t\t\t10H30 to 11H30\t\t\t<\/span>\r\n\t\t\t<span class=\"conference-location\">\r\n\t\t\t\t<svg xmlns=\"http:\/\/www.w3.org\/2000\/svg\" height=\"1em\" viewBox=\"0 0 384 512\"><path d=\"M215.7 499.2C267 435 384 279.4 384 192C384 86 298 0 192 0S0 86 0 192c0 87.4 117 243 168.3 307.2c12.3 15.3 35.1 15.3 47.4 0zM192 128a64 64 0 1 1 0 128 64 64 0 1 1 0-128z\"\/><\/svg>\r\n\t\t\t\tAMPHITHEATER\t\t\t<\/span>\r\n\t\t\t\r\n\t\t\t\t\t\t\t<span class=\"conference-type\">\r\n\t\t\t\t\t<svg xmlns=\"http:\/\/www.w3.org\/2000\/svg\" height=\"1em\" viewBox=\"0 0 384 512\"><path d=\"M0 48V487.7C0 501.1 10.9 512 24.3 512c5 0 9.9-1.5 14-4.4L192 400 345.7 507.6c4.1 2.9 9 4.4 14 4.4c13.4 0 24.3-10.9 24.3-24.3V48c0-26.5-21.5-48-48-48H48C21.5 0 0 21.5 0 48z\"\/><\/svg>\r\n\t\t\t\t\tPLENARY CONFERENCE\t\t\t\t<\/span>\r\n\t\t\t\t\t<\/div>\r\n\t\t\r\n\t\t<h3 class=\"conference-title\">Public purchasing: how to reconcile efficiency and budget constraints?<\/h3>\r\n\t\t\r\n\t\t\t\t\t<p class=\"organized-by\">\r\n\t\t\t\tOrganized by Educ@tech Expo & EducPros\t\t\t<\/p>\r\n\t\t\t\t\r\n\t\t<a class=\"read-more\" href=\"#\">Continue reading<\/a>\r\n\t<\/div>\r\n\t\t\t\t\t\t\t\t\r\n\t<div class=\"conferences-accordion-panel\">\r\n\t\t\r\n\t\t\t\t\r\n\t\t<div class=\"conference-description\">\r\n\t\t\t<p>How can we ensure that public purchasing in schools and universities meets the needs of the field? Between complex procedures, fixed catalogs and tight budgets, purchasing managers face many constraints. This conference brings together local authorities, secondary school heads and representatives from higher education to share experiences and practical solutions. Autonomy, dialogue with local authorities, purchasing groups, innovative platforms: what if we rethought public procurement based on users&rsquo; real needs?<\/p>\n\t\t<\/div>\r\n\t\t\t\r\n\t\t\t\t\r\n\t\t\t\t\t<p class=\"speakers-title\">Speakers:<\/p>\r\n\t\t\t<div class=\"speakers\">\r\n\t\t\t\t\t\t\t\t\t<div class=\"speaker\">\r\n\t<img decoding=\"async\" src=\"https:\/\/weyou.blob.core.windows.net\/images\/conferencier\/fe8ce812-ca87-4603-bc1a-5a57495ae891.jpg\" alt=\"Bruno BOKIEWICZ\"><p><strong>Bruno BOKIEWICZ<\/strong><br\/>Secr\u00e9taire g\u00e9n\u00e9ral du SNPDEN-UNSA, Proviseur de la cit\u00e9 scolaire BUFFON &ndash; SNPDEN-UNSA<\/p><\/div>\t\t\t\t\t\t\t\t\t<div class=\"speaker\">\r\n\t<img decoding=\"async\" src=\"https:\/\/weyou.blob.core.windows.net\/images\/conferencier\/d739c3fb-1bdd-4aa1-ab7a-229d93cef58a.jpg\" alt=\"Bertille BACHELET\"><p><strong>Bertille BACHELET<\/strong><br\/>Secr\u00e9taire g\u00e9n\u00e9rale du coll\u00e8ge Jules Verne \u00e0 Lacroix-Saint-Ouen (60) &ndash; COLL\u00c8GE JULES VERNE<\/p><\/div>\t\t\t\t\t\t\t\t\t<div class=\"speaker\">\r\n\t<img decoding=\"async\" src=\"https:\/\/weyou.blob.core.windows.net\/images\/conferencier\/a85b442b-2eb8-4efe-a7c1-9ea70cf07477.jpg\" alt=\"Amadou SECK\"><p><strong>Amadou SECK<\/strong><br\/>Responsable du P\u00f4le achats \u00e0 la Direction des Affaires Financi\u00e8res, Universit\u00e9 Paris-Est Cr\u00e9teil &ndash; UNIVERSIT\u00c9 PARIS-EST CR\u00c9TEIL<\/p><\/div>\t\t\t\t\t\t\t\t\t<div class=\"speaker\">\r\n\t<img decoding=\"async\" src=\"https:\/\/weyou.blob.core.windows.net\/images\/conferencier\/1cbef800-c0e9-4727-9793-7a9aecb7829a.jpg\" alt=\"Mathias ROY\"><p><strong>Mathias ROY<\/strong><br\/>Directeur Adjoint De L\u2019education &ndash; CONSEIL D\u00c9PARTEMENTAL DE LA SEINE-SAINT-DENIS<\/p><\/div>\t\t\t\t\t\t\t\t\t<div class=\"speaker\">\r\n\t<img decoding=\"async\" src=\"https:\/\/weyou.blob.core.windows.net\/images\/conferencier\/c3d29029-8412-4cfa-93dd-c4ec08223fe9.jpg\" alt=\"Faustine   COACHE\"><p><strong>Faustine   COACHE<\/strong><br\/>Directrice adjointe de l\u2019\u00e9ducation et des coll\u00e8ges &ndash; CONSEIL D\u00c9PARTEMENTAL DE L'ESSONNE<\/p><\/div>\t\t\t\t\t\t\t\t\t<div class=\"speaker\">\r\n\t<p><strong>Hamid  ETTAHFI<\/strong><br\/>Vice-pr\u00e9sident en charge des \u00e9ditions et des services au sein d'aji gestion pour l'\u00e9ducation et secr\u00e9taire g\u00e9n\u00e9ral agent comptable au lyc\u00e9e international jeanne d'arc, \u00e0 clermont-ferrand (63). &ndash; AJI GESTION <\/p><\/div>\t\t\t\t\t\t\t<\/div>\r\n\t\t\t\t\r\n\t\t\t\t\t<div class=\"exhibitor-share-box\">\r\n\t\t\t\t\t\t\t\t<a href=\"https:\/\/www.facebook.com\/sharer\/sharer.php?u=https%3A%2F%2Fwww.educatech-expo.com%2Fen%2Fconference%2Feductech-expo-educpros\" data-network=\"facebook\" aria-label=\"Facebook\" style=\"--official-color: #557dbc\" rel=\"noopener noreferrer nofollow\">\r\n\t\t\t\t\t<span class=\"icon-container\">\r\n\t\t\t\t\t\t<svg width=\"20px\" height=\"20px\" viewBox=\"0 0 20 20\" aria-hidden=\"true\">\r\n\t\t\t\t\t\t\t<path d=\"M20,10.1c0-5.5-4.5-10-10-10S0,4.5,0,10.1c0,5,3.7,9.1,8.4,9.9v-7H5.9v-2.9h2.5V7.9C8.4,5.4,9.9,4,12.2,4c1.1,0,2.2,0.2,2.2,0.2v2.5h-1.3c-1.2,0-1.6,0.8-1.6,1.6v1.9h2.8L13.9,13h-2.3v7C16.3,19.2,20,15.1,20,10.1z\"><\/path>\r\n\t\t\t\t\t\t<\/svg>\r\n\t\t\t\t\t<\/span>\r\n\t\t\t\t<\/a>\r\n\t\t\t\t\t\t\t\r\n\t\t\t\t<a href=\"https:\/\/twitter.com\/share?url=https%3A%2F%2Fwww.educatech-expo.com%2Fen%2Fconference%2Feductech-expo-educpros&text=Conferences & workshops organized by Educ@tech Expo & EducPros - Educ@tech Expo\" data-network=\"twitter\" aria-label=\"Twitter\" style=\"--official-color: #7acdee\" rel=\"noopener noreferrer nofollow\">\r\n\t\t\t\t\t<span class=\"icon-container\">\r\n\t\t\t\t\t\t<svg width=\"20px\" height=\"20px\" viewBox=\"0 0 20 20\" aria-hidden=\"true\">\r\n\t\t\t\t\t\t\t<path d=\"M20,3.8c-0.7,0.3-1.5,0.5-2.4,0.6c0.8-0.5,1.5-1.3,1.8-2.3c-0.8,0.5-1.7,0.8-2.6,1c-0.7-0.8-1.8-1.3-3-1.3c-2.3,0-4.1,1.8-4.1,4.1c0,0.3,0,0.6,0.1,0.9C6.4,6.7,3.4,5.1,1.4,2.6C1,3.2,0.8,3.9,0.8,4.7c0,1.4,0.7,2.7,1.8,3.4C2,8.1,1.4,7.9,0.8,7.6c0,0,0,0,0,0.1c0,2,1.4,3.6,3.3,4c-0.3,0.1-0.7,0.1-1.1,0.1c-0.3,0-0.5,0-0.8-0.1c0.5,1.6,2,2.8,3.8,2.8c-1.4,1.1-3.2,1.8-5.1,1.8c-0.3,0-0.7,0-1-0.1c1.8,1.2,4,1.8,6.3,1.8c7.5,0,11.7-6.3,11.7-11.7c0-0.2,0-0.4,0-0.5C18.8,5.3,19.4,4.6,20,3.8z\"><\/path>\r\n\t\t\t\t\t\t<\/svg>\r\n\t\t\t\t\t<\/span>\r\n\t\t\t\t<\/a>\r\n\r\n\t\t\t\t<a href=\"https:\/\/www.linkedin.com\/shareArticle?url=https%3A%2F%2Fwww.educatech-expo.com%2Fen%2Fconference%2Feductech-expo-educpros&title=Conferences & workshops organized by Educ@tech Expo & EducPros - Educ@tech Expo\" data-network=\"linkedin\" aria-label=\"LinkedIn\" style=\"--official-color: #1c86c6\" rel=\"noopener noreferrer nofollow\">\r\n\t\t\t\t\t<span class=\"icon-container\">\r\n\t\t\t\t\t\t<svg width=\"20px\" height=\"20px\" viewBox=\"0 0 20 20\" aria-hidden=\"true\">\r\n\t\t\t\t\t\t\t<path d=\"M18.6,0H1.4C0.6,0,0,0.6,0,1.4v17.1C0,19.4,0.6,20,1.4,20h17.1c0.8,0,1.4-0.6,1.4-1.4V1.4C20,0.6,19.4,0,18.6,0z M6,17.1h-3V7.6h3L6,17.1L6,17.1zM4.6,6.3c-1,0-1.7-0.8-1.7-1.7s0.8-1.7,1.7-1.7c0.9,0,1.7,0.8,1.7,1.7C6.3,5.5,5.5,6.3,4.6,6.3z M17.2,17.1h-3v-4.6c0-1.1,0-2.5-1.5-2.5c-1.5,0-1.8,1.2-1.8,2.5v4.7h-3V7.6h2.8v1.3h0c0.4-0.8,1.4-1.5,2.8-1.5c3,0,3.6,2,3.6,4.5V17.1z\"><\/path>\r\n\t\t\t\t\t\t<\/svg>\r\n\t\t\t\t\t<\/span>\r\n\t\t\t\t<\/a>\r\n\t\t\t\t\r\n\t\t\t\t<a href=\"whatsapp:\/\/send?text=https%3A%2F%2Fwww.educatech-expo.com%2Fen%2Fconference%2Feductech-expo-educpros\" data-network=\"whatsapp\" aria-label=\"WhatsApp\" style=\"--official-color: #5bba67\" rel=\"noopener noreferrer nofollow\">\r\n\t\t\t\t\t<span class=\"icon-container\">\r\n\t\t\t\t\t\t<svg width=\"20px\" height=\"20px\" viewBox=\"0 0 20 20\" aria-hidden=\"true\">\r\n\t\t\t\t\t\t\t<path d=\"M10,0C4.5,0,0,4.5,0,10c0,1.9,0.5,3.6,1.4,5.1L0.1,20l5-1.3C6.5,19.5,8.2,20,10,20c5.5,0,10-4.5,10-10S15.5,0,10,0zM6.6,5.3c0.2,0,0.3,0,0.5,0c0.2,0,0.4,0,0.6,0.4c0.2,0.5,0.7,1.7,0.8,1.8c0.1,0.1,0.1,0.3,0,0.4C8.3,8.2,8.3,8.3,8.1,8.5C8,8.6,7.9,8.8,7.8,8.9C7.7,9,7.5,9.1,7.7,9.4c0.1,0.2,0.6,1.1,1.4,1.7c0.9,0.8,1.7,1.1,2,1.2c0.2,0.1,0.4,0.1,0.5-0.1c0.1-0.2,0.6-0.7,0.8-1c0.2-0.2,0.3-0.2,0.6-0.1c0.2,0.1,1.4,0.7,1.7,0.8s0.4,0.2,0.5,0.3c0.1,0.1,0.1,0.6-0.1,1.2c-0.2,0.6-1.2,1.1-1.7,1.2c-0.5,0-0.9,0.2-3-0.6c-2.5-1-4.1-3.6-4.2-3.7c-0.1-0.2-1-1.3-1-2.6c0-1.2,0.6-1.8,0.9-2.1C6.1,5.4,6.4,5.3,6.6,5.3z\"><\/path>\r\n\t\t\t\t\t\t<\/svg>\r\n\t\t\t\t\t<\/span>\r\n\t\t\t\t<\/a>\r\n\t\t\t<\/div>\r\n\t\t\t<\/div>\r\n<\/div>\t\t\t\t\t\t\t<div class=\"conferences-accordion-item\" data-date=\"2025-11-21T00:00:00\" data-type=\"plenary-conference\">\r\n\t<div class=\"conferences-accordion-header\">\r\n\t\t<div class=\"conference-infos\">\r\n\t\t\t<span class=\"conference-date\">\r\n\t\t\t\t<svg xmlns=\"http:\/\/www.w3.org\/2000\/svg\" height=\"1em\" viewBox=\"0 0 448 512\"><path d=\"M96 32V64H48C21.5 64 0 85.5 0 112v48H448V112c0-26.5-21.5-48-48-48H352V32c0-17.7-14.3-32-32-32s-32 14.3-32 32V64H160V32c0-17.7-14.3-32-32-32S96 14.3 96 32zM448 192H0V464c0 26.5 21.5 48 48 48H400c26.5 0 48-21.5 48-48V192z\"\/><\/svg>\r\n\t\t\t\t21 November 2025\t\t\t<\/span>\r\n\t\t\t<span class=\"conference-time\">\r\n\t\t\t\t<svg xmlns=\"http:\/\/www.w3.org\/2000\/svg\" height=\"1em\" viewBox=\"0 0 512 512\"><path d=\"M256 0a256 256 0 1 1 0 512A256 256 0 1 1 256 0zM232 120V256c0 8 4 15.5 10.7 20l96 64c11 7.4 25.9 4.4 33.3-6.7s4.4-25.9-6.7-33.3L280 243.2V120c0-13.3-10.7-24-24-24s-24 10.7-24 24z\"\/><\/svg>\r\n\t\t\t\t11h45 to 12h45\t\t\t<\/span>\r\n\t\t\t<span class=\"conference-location\">\r\n\t\t\t\t<svg xmlns=\"http:\/\/www.w3.org\/2000\/svg\" height=\"1em\" viewBox=\"0 0 384 512\"><path d=\"M215.7 499.2C267 435 384 279.4 384 192C384 86 298 0 192 0S0 86 0 192c0 87.4 117 243 168.3 307.2c12.3 15.3 35.1 15.3 47.4 0zM192 128a64 64 0 1 1 0 128 64 64 0 1 1 0-128z\"\/><\/svg>\r\n\t\t\t\tAMPHITHEATER\t\t\t<\/span>\r\n\t\t\t\r\n\t\t\t\t\t\t\t<span class=\"conference-type\">\r\n\t\t\t\t\t<svg xmlns=\"http:\/\/www.w3.org\/2000\/svg\" height=\"1em\" viewBox=\"0 0 384 512\"><path d=\"M0 48V487.7C0 501.1 10.9 512 24.3 512c5 0 9.9-1.5 14-4.4L192 400 345.7 507.6c4.1 2.9 9 4.4 14 4.4c13.4 0 24.3-10.9 24.3-24.3V48c0-26.5-21.5-48-48-48H48C21.5 0 0 21.5 0 48z\"\/><\/svg>\r\n\t\t\t\t\tPLENARY CONFERENCE\t\t\t\t<\/span>\r\n\t\t\t\t\t<\/div>\r\n\t\t\r\n\t\t<h3 class=\"conference-title\">From education data to data education. Education data: a lever for acculturation, governance and citizenship in the digital and AI era<\/h3>\r\n\t\t\r\n\t\t\t\t\t<p class=\"organized-by\">\r\n\t\t\t\tOrganized by DIRECTION DU NUMERIQUE POUR L'EDUCATION - MINISTERE DE L'EDUCATION NATIONALE\t\t\t<\/p>\r\n\t\t\t\t\r\n\t\t<a class=\"read-more\" href=\"#\">Continue reading<\/a>\r\n\t<\/div>\r\n\t\t\t\t\t\t\t\t\r\n\t<div class=\"conferences-accordion-panel\">\r\n\t\t\r\n\t\t\t\t\t\t<img decoding=\"async\" src=\"https:\/\/weyou.blob.core.windows.net\/images\/exposant\/b0cf883b-7926-4369-aaa9-64f4b764d5cd.jpg\" class=\"exhibitor-logo\" alt=\"DIRECTION DU NUMERIQUE POUR L'EDUCATION - MINISTERE DE L'EDUCATION NATIONALE\">\r\n\t\t\t\t\t\r\n\t\t<div class=\"conference-description\">\r\n\t\t\t\r\n\r\n<p>This conference brings together perspectives from regulation, research and education to rethink the place of public and protected data in education and society.<\/p>\r\n<p>In this era of generative AI and recommendation algorithms, where data is redefining our relationship with reality and with others, it raises a key question: how can data be used as a lever for trust, discernment, empowerment and digital citizenship \u2014 useful, relevant, protective and valuable? <\/p>\r\n<br>\t\t<\/div>\r\n\t\t\t\r\n\t\t\t\t\t<p class=\"speakers-title\">Conference Moderators:<\/p>\r\n\t\t\t<div class=\"speakers\">\r\n\t\t\t\t\t\t\t\t\t<div class=\"speaker\">\r\n\t<img decoding=\"async\" src=\"https:\/\/weyou.blob.core.windows.net\/images\/conferencier\/ca63da38-b6ac-4fdd-a786-3d5c379e65a7.jpg\" alt=\"Philippe AJUELOS\"><p><strong>Philippe AJUELOS<\/strong><br\/>Ministerial Data Administrator &ndash; MINIST\u00c8RE DE L'\u00c9DUCATION NATIONALE - DIRECTION DU NUM\u00c9RIQUE POUR L'\u00c9DUCATION<\/p><\/div>\t\t\t\t\t\t\t\t\t<div class=\"speaker\">\r\n\t<img decoding=\"async\" src=\"https:\/\/www.educatech-expo.com\/wp-content\/plugins\/weyou-exhibitions\/\/public\/img\/user.png\" alt=\"Murielle LAVELLE-CASSANO\"><p><strong>Murielle LAVELLE-CASSANO<\/strong><br\/>AMDAC project manager &ndash; MINIST\u00c8RE DE L'\u00c9DUCATION NATIONALE - DIRECTION DU NUM\u00c9RIQUE POUR L'\u00c9DUCATION<\/p><\/div>\t\t\t\t\t\t\t<\/div>\r\n\t\t\t\t\r\n\t\t\t\t\t<p class=\"speakers-title\">Speakers:<\/p>\r\n\t\t\t<div class=\"speakers\">\r\n\t\t\t\t\t\t\t\t\t<div class=\"speaker\">\r\n\t<img decoding=\"async\" src=\"https:\/\/weyou.blob.core.windows.net\/images\/conferencier\/a399c3a3-a68b-4bb8-893c-27c7c75d1be2.jpg\" alt=\"Jennifer ELBAZ\"><p><strong>Jennifer ELBAZ<\/strong><br\/>Head of Public Awareness &ndash; CNIL - DIRECTION DES RELATIONS AVEC LES PUBLICS<\/p><\/div>\t\t\t\t\t\t\t\t\t<div class=\"speaker\">\r\n\t<img decoding=\"async\" src=\"https:\/\/weyou.blob.core.windows.net\/images\/conferencier\/7e61d3b6-30e0-4ebf-a8d5-55186720d6e0.jpg\" alt=\"Gwenn COGNARD\"><p><strong>Gwenn COGNARD<\/strong><br\/>Head of the teaching department &ndash; CABRI-MASKOTT<\/p><\/div>\t\t\t\t\t\t\t\t\t<div class=\"speaker\">\r\n\t<img decoding=\"async\" src=\"https:\/\/weyou.blob.core.windows.net\/images\/conferencier\/d221ef1e-6225-4231-b0dd-6144c1ab1f59.jpg\" alt=\"Muriel POISSON\"><p><strong>Muriel POISSON<\/strong><br\/>PhD, Team Leader, Knowledge Generation and Mobilisation  &ndash; INSTITUT INTERNATIONAL DE PLANIFICATION DE L\u2019\u00c9DUCATION (IIPE) DE L\u2019UNESCO<\/p><\/div>\t\t\t\t\t\t\t<\/div>\r\n\t\t\t\t\r\n\t\t\t\t\t<div class=\"exhibitor-share-box\">\r\n\t\t\t\t\t\t\t\t<a href=\"https:\/\/www.facebook.com\/sharer\/sharer.php?u=https%3A%2F%2Fwww.educatech-expo.com%2Fen%2Fconference%2Fdirection-du-numerique-pour-leducation-ministere-de-leducation-nationale\" data-network=\"facebook\" aria-label=\"Facebook\" style=\"--official-color: #557dbc\" rel=\"noopener noreferrer nofollow\">\r\n\t\t\t\t\t<span class=\"icon-container\">\r\n\t\t\t\t\t\t<svg width=\"20px\" height=\"20px\" viewBox=\"0 0 20 20\" aria-hidden=\"true\">\r\n\t\t\t\t\t\t\t<path d=\"M20,10.1c0-5.5-4.5-10-10-10S0,4.5,0,10.1c0,5,3.7,9.1,8.4,9.9v-7H5.9v-2.9h2.5V7.9C8.4,5.4,9.9,4,12.2,4c1.1,0,2.2,0.2,2.2,0.2v2.5h-1.3c-1.2,0-1.6,0.8-1.6,1.6v1.9h2.8L13.9,13h-2.3v7C16.3,19.2,20,15.1,20,10.1z\"><\/path>\r\n\t\t\t\t\t\t<\/svg>\r\n\t\t\t\t\t<\/span>\r\n\t\t\t\t<\/a>\r\n\t\t\t\t\t\t\t\r\n\t\t\t\t<a href=\"https:\/\/twitter.com\/share?url=https%3A%2F%2Fwww.educatech-expo.com%2Fen%2Fconference%2Fdirection-du-numerique-pour-leducation-ministere-de-leducation-nationale&text=Conferences & workshops organized by DIRECTION DU NUMERIQUE POUR L'EDUCATION - MINISTERE DE L'EDUCATION NATIONALE - Educ@tech Expo\" data-network=\"twitter\" aria-label=\"Twitter\" style=\"--official-color: #7acdee\" rel=\"noopener noreferrer nofollow\">\r\n\t\t\t\t\t<span class=\"icon-container\">\r\n\t\t\t\t\t\t<svg width=\"20px\" height=\"20px\" viewBox=\"0 0 20 20\" aria-hidden=\"true\">\r\n\t\t\t\t\t\t\t<path d=\"M20,3.8c-0.7,0.3-1.5,0.5-2.4,0.6c0.8-0.5,1.5-1.3,1.8-2.3c-0.8,0.5-1.7,0.8-2.6,1c-0.7-0.8-1.8-1.3-3-1.3c-2.3,0-4.1,1.8-4.1,4.1c0,0.3,0,0.6,0.1,0.9C6.4,6.7,3.4,5.1,1.4,2.6C1,3.2,0.8,3.9,0.8,4.7c0,1.4,0.7,2.7,1.8,3.4C2,8.1,1.4,7.9,0.8,7.6c0,0,0,0,0,0.1c0,2,1.4,3.6,3.3,4c-0.3,0.1-0.7,0.1-1.1,0.1c-0.3,0-0.5,0-0.8-0.1c0.5,1.6,2,2.8,3.8,2.8c-1.4,1.1-3.2,1.8-5.1,1.8c-0.3,0-0.7,0-1-0.1c1.8,1.2,4,1.8,6.3,1.8c7.5,0,11.7-6.3,11.7-11.7c0-0.2,0-0.4,0-0.5C18.8,5.3,19.4,4.6,20,3.8z\"><\/path>\r\n\t\t\t\t\t\t<\/svg>\r\n\t\t\t\t\t<\/span>\r\n\t\t\t\t<\/a>\r\n\r\n\t\t\t\t<a href=\"https:\/\/www.linkedin.com\/shareArticle?url=https%3A%2F%2Fwww.educatech-expo.com%2Fen%2Fconference%2Fdirection-du-numerique-pour-leducation-ministere-de-leducation-nationale&title=Conferences & workshops organized by DIRECTION DU NUMERIQUE POUR L'EDUCATION - MINISTERE DE L'EDUCATION NATIONALE - Educ@tech Expo\" data-network=\"linkedin\" aria-label=\"LinkedIn\" style=\"--official-color: #1c86c6\" rel=\"noopener noreferrer nofollow\">\r\n\t\t\t\t\t<span class=\"icon-container\">\r\n\t\t\t\t\t\t<svg width=\"20px\" height=\"20px\" viewBox=\"0 0 20 20\" aria-hidden=\"true\">\r\n\t\t\t\t\t\t\t<path d=\"M18.6,0H1.4C0.6,0,0,0.6,0,1.4v17.1C0,19.4,0.6,20,1.4,20h17.1c0.8,0,1.4-0.6,1.4-1.4V1.4C20,0.6,19.4,0,18.6,0z M6,17.1h-3V7.6h3L6,17.1L6,17.1zM4.6,6.3c-1,0-1.7-0.8-1.7-1.7s0.8-1.7,1.7-1.7c0.9,0,1.7,0.8,1.7,1.7C6.3,5.5,5.5,6.3,4.6,6.3z M17.2,17.1h-3v-4.6c0-1.1,0-2.5-1.5-2.5c-1.5,0-1.8,1.2-1.8,2.5v4.7h-3V7.6h2.8v1.3h0c0.4-0.8,1.4-1.5,2.8-1.5c3,0,3.6,2,3.6,4.5V17.1z\"><\/path>\r\n\t\t\t\t\t\t<\/svg>\r\n\t\t\t\t\t<\/span>\r\n\t\t\t\t<\/a>\r\n\t\t\t\t\r\n\t\t\t\t<a href=\"whatsapp:\/\/send?text=https%3A%2F%2Fwww.educatech-expo.com%2Fen%2Fconference%2Fdirection-du-numerique-pour-leducation-ministere-de-leducation-nationale\" data-network=\"whatsapp\" aria-label=\"WhatsApp\" style=\"--official-color: #5bba67\" rel=\"noopener noreferrer nofollow\">\r\n\t\t\t\t\t<span class=\"icon-container\">\r\n\t\t\t\t\t\t<svg width=\"20px\" height=\"20px\" viewBox=\"0 0 20 20\" aria-hidden=\"true\">\r\n\t\t\t\t\t\t\t<path d=\"M10,0C4.5,0,0,4.5,0,10c0,1.9,0.5,3.6,1.4,5.1L0.1,20l5-1.3C6.5,19.5,8.2,20,10,20c5.5,0,10-4.5,10-10S15.5,0,10,0zM6.6,5.3c0.2,0,0.3,0,0.5,0c0.2,0,0.4,0,0.6,0.4c0.2,0.5,0.7,1.7,0.8,1.8c0.1,0.1,0.1,0.3,0,0.4C8.3,8.2,8.3,8.3,8.1,8.5C8,8.6,7.9,8.8,7.8,8.9C7.7,9,7.5,9.1,7.7,9.4c0.1,0.2,0.6,1.1,1.4,1.7c0.9,0.8,1.7,1.1,2,1.2c0.2,0.1,0.4,0.1,0.5-0.1c0.1-0.2,0.6-0.7,0.8-1c0.2-0.2,0.3-0.2,0.6-0.1c0.2,0.1,1.4,0.7,1.7,0.8s0.4,0.2,0.5,0.3c0.1,0.1,0.1,0.6-0.1,1.2c-0.2,0.6-1.2,1.1-1.7,1.2c-0.5,0-0.9,0.2-3-0.6c-2.5-1-4.1-3.6-4.2-3.7c-0.1-0.2-1-1.3-1-2.6c0-1.2,0.6-1.8,0.9-2.1C6.1,5.4,6.4,5.3,6.6,5.3z\"><\/path>\r\n\t\t\t\t\t\t<\/svg>\r\n\t\t\t\t\t<\/span>\r\n\t\t\t\t<\/a>\r\n\t\t\t<\/div>\r\n\t\t\t<\/div>\r\n<\/div>\t\t\t\t\t<\/div>\r\n\t<\/div>\r\n<\/div>[\/vc_column_inner][\/vc_row_inner]<div class=\"wyvc-button-wrapper wyvc-btn-center\">\r\n\t<a class=\"wyvc-button wyvc-shortcode \" href=\"https:\/\/demande-badge.educatech-expo.com\/si\">\r\n\t\t<span class=\"wyvc-btn-text\">Register<\/span>\r\n\t<\/a>\r\n<\/div>[\/vc_column][\/vc_row][vc_section][vc_row][vc_column]<div id=\"wyvc-section-title-2194\" class=\"wyvc-section-title wyvc-shortcode wyvc-section-title-1 \">\r\n\t<div class=\"wyvc-st-inner\">\r\n\t\t\t\t\t<div class=\"wyvc-st-title\">\r\n\t\t\t\t<p>2025 Plenary conferences<\/p>\n\t\t\t<\/div>\r\n\t\t\t\t\t<\/div>\r\n<\/div>\r\n[vc_row_inner][vc_column_inner]<div class=\"wyvc-conferences wyvc-shortcode \">\r\n\t\t<div class=\"weyou-exhibitions weyou-conferences-accordion\">\r\n\t\t<div class=\"conferences-search-wrapper\">\r\n\t\t\t<input type=\"search\" class=\"conferences-search\" name=\"q\" placeholder=\"Search by topic, location, organizer or speaker\u2026\">\r\n\r\n\t\t\t<button type=\"reset\" class=\"conferences-search-clear\" disabled>\r\n\t\t\t\t<svg width=\"32\" height=\"32\" viewBox=\"0 0 32 32\" fill=\"none\" xmlns=\"http:\/\/www.w3.org\/2000\/svg\">\r\n\t\t\t\t\t<rect width=\"32\" height=\"32\" rx=\"16\" fill=\"#F5F5F5\"><\/rect><rect width=\"16.9705\" height=\"1.13137\" rx=\"0.565684\" transform=\"matrix(0.707106 -0.707108 0.707106 0.707108 9.60034 21.6)\" fill=\"black\"><\/rect>\r\n\t\t\t\t\t<rect width=\"16.9705\" height=\"1.13137\" rx=\"0.565684\" transform=\"matrix(-0.707106 -0.707107 0.707106 -0.707108 21.6003 22.4)\" fill=\"black\"><\/rect>\r\n\t\t\t\t<\/svg>\r\n\t\t\t<\/button>\r\n\t\t<\/div>\r\n\t\t\r\n\t\t<div class=\"conferences-menu-wrapper\">\r\n\t\t\t<ul class=\"conferences-menu dates-list\">\r\n\t\t\t\t\t\t\t\t\t\t\t\t\t\t\t<li class=\"button menu-item primary-border\" data-date=\"2025-11-19T00:00:00\">\r\n\t\t\t\t\t\t\t19 November 2025\t\t\t\t\t\t<\/li>\r\n\t\t\t\t\t\t\t\t\t\t\t<li class=\"button menu-item primary-border\" data-date=\"2025-11-20T00:00:00\">\r\n\t\t\t\t\t\t\t20 November 2025\t\t\t\t\t\t<\/li>\r\n\t\t\t\t\t\t\t\t\t\t\t<li class=\"button menu-item primary-border\" data-date=\"2025-11-21T00:00:00\">\r\n\t\t\t\t\t\t\t21 November 2025\t\t\t\t\t\t<\/li>\r\n\t\t\t\t\t\t\t\t\t\t\t\t\t\t\r\n\t\t\t\t<li class=\"all button menu-item\">All<\/li>\r\n\t\t\t<\/ul>\r\n\t\t\t\r\n\t\t\t\t\t<\/div>\r\n\r\n\t\t<div class=\"conferences-accordion\">\r\n\t\t\t\t\t\t\t<div class=\"conferences-accordion-item\" data-date=\"2025-11-19T00:00:00\" data-type=\"plenary-conference\">\r\n\t<div class=\"conferences-accordion-header\">\r\n\t\t<div class=\"conference-infos\">\r\n\t\t\t<span class=\"conference-date\">\r\n\t\t\t\t<svg xmlns=\"http:\/\/www.w3.org\/2000\/svg\" height=\"1em\" viewBox=\"0 0 448 512\"><path d=\"M96 32V64H48C21.5 64 0 85.5 0 112v48H448V112c0-26.5-21.5-48-48-48H352V32c0-17.7-14.3-32-32-32s-32 14.3-32 32V64H160V32c0-17.7-14.3-32-32-32S96 14.3 96 32zM448 192H0V464c0 26.5 21.5 48 48 48H400c26.5 0 48-21.5 48-48V192z\"\/><\/svg>\r\n\t\t\t\t19 November 2025\t\t\t<\/span>\r\n\t\t\t<span class=\"conference-time\">\r\n\t\t\t\t<svg xmlns=\"http:\/\/www.w3.org\/2000\/svg\" height=\"1em\" viewBox=\"0 0 512 512\"><path d=\"M256 0a256 256 0 1 1 0 512A256 256 0 1 1 256 0zM232 120V256c0 8 4 15.5 10.7 20l96 64c11 7.4 25.9 4.4 33.3-6.7s4.4-25.9-6.7-33.3L280 243.2V120c0-13.3-10.7-24-24-24s-24 10.7-24 24z\"\/><\/svg>\r\n\t\t\t\t09h30  to 10h30\t\t\t<\/span>\r\n\t\t\t<span class=\"conference-location\">\r\n\t\t\t\t<svg xmlns=\"http:\/\/www.w3.org\/2000\/svg\" height=\"1em\" viewBox=\"0 0 384 512\"><path d=\"M215.7 499.2C267 435 384 279.4 384 192C384 86 298 0 192 0S0 86 0 192c0 87.4 117 243 168.3 307.2c12.3 15.3 35.1 15.3 47.4 0zM192 128a64 64 0 1 1 0 128 64 64 0 1 1 0-128z\"\/><\/svg>\r\n\t\t\t\tAMPHITHEATER\t\t\t<\/span>\r\n\t\t\t\r\n\t\t\t\t\t\t\t<span class=\"conference-type\">\r\n\t\t\t\t\t<svg xmlns=\"http:\/\/www.w3.org\/2000\/svg\" height=\"1em\" viewBox=\"0 0 384 512\"><path d=\"M0 48V487.7C0 501.1 10.9 512 24.3 512c5 0 9.9-1.5 14-4.4L192 400 345.7 507.6c4.1 2.9 9 4.4 14 4.4c13.4 0 24.3-10.9 24.3-24.3V48c0-26.5-21.5-48-48-48H48C21.5 0 0 21.5 0 48z\"\/><\/svg>\r\n\t\t\t\t\tPLENARY CONFERENCE\t\t\t\t<\/span>\r\n\t\t\t\t\t<\/div>\r\n\t\t\r\n\t\t<h3 class=\"conference-title\">WAKE UP : (S')INVESTIR DANS L'\u00c9DUCATION<\/h3>\r\n\t\t\r\n\t\t\t\t\t<p class=\"organized-by\">\r\n\t\t\t\tOrganized by MY MOOJO\t\t\t<\/p>\r\n\t\t\t\t\r\n\t\t<a class=\"read-more\" href=\"#\">Continue reading<\/a>\r\n\t<\/div>\r\n\t\t\t\t\t\t\t\t\r\n\t<div class=\"conferences-accordion-panel\">\r\n\t\t\r\n\t\t\t\t\t\t<img decoding=\"async\" src=\"https:\/\/weyou.blob.core.windows.net\/images\/exposant\/3feebfe1-8c48-4647-901b-94fe1a954dfa.jpg\" class=\"exhibitor-logo\" alt=\"MY MOOJO\">\r\n\t\t\t\t\t\r\n\t\t<div class=\"conference-description\">\r\n\t\t\t\r\n<p>Chaque ann\u00e9e, des milliers de projets \u00e9ducatifs disparaissent faute de financement. Pourtant, l\u2019\u00e9ducation est la cl\u00e9 de notre avenir. Cette pl\u00e9ni\u00e8re propose un r\u00e9veil collectif : t\u00e9moignage inspirant, regards d\u2019experts et pitchs de startups EdTech. Parce que l\u2019avenir s\u2019investit. <br><\/p>\r\n\t\t<\/div>\r\n\t\t\t\r\n\t\t\t\t\t<p class=\"speakers-title\">Conference Moderator:<\/p>\r\n\t\t\t<div class=\"speakers\">\r\n\t\t\t\t\t\t\t\t\t<div class=\"speaker\">\r\n\t<img decoding=\"async\" src=\"https:\/\/weyou.blob.core.windows.net\/images\/conferencier\/2bde0cde-ed6b-4457-b1e5-4c1e4d30f547.jpg\" alt=\"Sara REYNAUD\"><p><strong>Sara REYNAUD<\/strong><br\/>CEO &ndash; MY MOOJO<\/p><\/div>\t\t\t\t\t\t\t<\/div>\r\n\t\t\t\t\r\n\t\t\t\t\t<p class=\"speakers-title\">Speakers:<\/p>\r\n\t\t\t<div class=\"speakers\">\r\n\t\t\t\t\t\t\t\t\t<div class=\"speaker\">\r\n\t<img decoding=\"async\" src=\"https:\/\/weyou.blob.core.windows.net\/images\/conferencier\/f7dd79e6-25ef-4429-a895-e3e3ccb58fba.jpg\" alt=\"Bruno SOLA\"><p><strong>Bruno SOLA<\/strong><br\/> &ndash; UP<\/p><\/div>\t\t\t\t\t\t\t\t\t<div class=\"speaker\">\r\n\t<img decoding=\"async\" src=\"https:\/\/weyou.blob.core.windows.net\/images\/conferencier\/881357e1-ba96-4052-bc9e-e21ecfeb4fe0.jpg\" alt=\"Orianne  LEDROIT\"><p><strong>Orianne  LEDROIT<\/strong><br\/> &ndash; EDTECH FRANCE <\/p><\/div>\t\t\t\t\t\t\t\t\t<div class=\"speaker\">\r\n\t<img decoding=\"async\" src=\"https:\/\/weyou.blob.core.windows.net\/images\/conferencier\/a2eec7da-8c87-4336-a833-356d0c617ff4.jpg\" alt=\"H\u00e9l\u00e8ne  AZEVEDO\"><p><strong>H\u00e9l\u00e8ne  AZEVEDO<\/strong><br\/>CEO &ndash; MODCO<\/p><\/div>\t\t\t\t\t\t\t\t\t<div class=\"speaker\">\r\n\t<img decoding=\"async\" src=\"https:\/\/weyou.blob.core.windows.net\/images\/conferencier\/62d509f7-cd99-4c66-9c62-597e45410ca2.jpg\" alt=\"Karim HCINI\"><p><strong>Karim HCINI<\/strong><br\/>CEO &ndash; POMELABS<\/p><\/div>\t\t\t\t\t\t\t\t\t<div class=\"speaker\">\r\n\t<img decoding=\"async\" src=\"https:\/\/weyou.blob.core.windows.net\/images\/conferencier\/b333d542-b05d-4c9d-a72e-ee2c74ef51c2.jpg\" alt=\"Antoine LANDRAING\"><p><strong>Antoine LANDRAING<\/strong><br\/>CEO &ndash; HOPTEO<\/p><\/div>\t\t\t\t\t\t\t\t\t<div class=\"speaker\">\r\n\t<img decoding=\"async\" src=\"https:\/\/weyou.blob.core.windows.net\/images\/conferencier\/8ae3ddb5-9c38-49db-9734-faad7e70f1e8.jpg\" alt=\"Adrien  PORTEJOIE\"><p><strong>Adrien  PORTEJOIE<\/strong><br\/> &ndash; ACTOON<\/p><\/div>\t\t\t\t\t\t\t\t\t<div class=\"speaker\">\r\n\t<img decoding=\"async\" src=\"https:\/\/weyou.blob.core.windows.net\/images\/conferencier\/d1298c48-f885-4daa-a07c-0cfb187146c5.jpg\" alt=\"Anthony  TROUBL\u00c9\"><p><strong>Anthony  TROUBL\u00c9<\/strong><br\/> &ndash; ALIAD EDUCATION <\/p><\/div>\t\t\t\t\t\t\t<\/div>\r\n\t\t\t\t\r\n\t\t\t\t\t<div class=\"exhibitor-share-box\">\r\n\t\t\t\t\t\t\t\t<a href=\"https:\/\/www.facebook.com\/sharer\/sharer.php?u=https%3A%2F%2Fwww.educatech-expo.com%2Fen%2Fconference%2Fmy-moojo\" data-network=\"facebook\" aria-label=\"Facebook\" style=\"--official-color: #557dbc\" rel=\"noopener noreferrer nofollow\">\r\n\t\t\t\t\t<span class=\"icon-container\">\r\n\t\t\t\t\t\t<svg width=\"20px\" height=\"20px\" viewBox=\"0 0 20 20\" aria-hidden=\"true\">\r\n\t\t\t\t\t\t\t<path d=\"M20,10.1c0-5.5-4.5-10-10-10S0,4.5,0,10.1c0,5,3.7,9.1,8.4,9.9v-7H5.9v-2.9h2.5V7.9C8.4,5.4,9.9,4,12.2,4c1.1,0,2.2,0.2,2.2,0.2v2.5h-1.3c-1.2,0-1.6,0.8-1.6,1.6v1.9h2.8L13.9,13h-2.3v7C16.3,19.2,20,15.1,20,10.1z\"><\/path>\r\n\t\t\t\t\t\t<\/svg>\r\n\t\t\t\t\t<\/span>\r\n\t\t\t\t<\/a>\r\n\t\t\t\t\t\t\t\r\n\t\t\t\t<a href=\"https:\/\/twitter.com\/share?url=https%3A%2F%2Fwww.educatech-expo.com%2Fen%2Fconference%2Fmy-moojo&text=Conferences & workshops organized by MY MOOJO - Educ@tech Expo\" data-network=\"twitter\" aria-label=\"Twitter\" style=\"--official-color: #7acdee\" rel=\"noopener noreferrer nofollow\">\r\n\t\t\t\t\t<span class=\"icon-container\">\r\n\t\t\t\t\t\t<svg width=\"20px\" height=\"20px\" viewBox=\"0 0 20 20\" aria-hidden=\"true\">\r\n\t\t\t\t\t\t\t<path d=\"M20,3.8c-0.7,0.3-1.5,0.5-2.4,0.6c0.8-0.5,1.5-1.3,1.8-2.3c-0.8,0.5-1.7,0.8-2.6,1c-0.7-0.8-1.8-1.3-3-1.3c-2.3,0-4.1,1.8-4.1,4.1c0,0.3,0,0.6,0.1,0.9C6.4,6.7,3.4,5.1,1.4,2.6C1,3.2,0.8,3.9,0.8,4.7c0,1.4,0.7,2.7,1.8,3.4C2,8.1,1.4,7.9,0.8,7.6c0,0,0,0,0,0.1c0,2,1.4,3.6,3.3,4c-0.3,0.1-0.7,0.1-1.1,0.1c-0.3,0-0.5,0-0.8-0.1c0.5,1.6,2,2.8,3.8,2.8c-1.4,1.1-3.2,1.8-5.1,1.8c-0.3,0-0.7,0-1-0.1c1.8,1.2,4,1.8,6.3,1.8c7.5,0,11.7-6.3,11.7-11.7c0-0.2,0-0.4,0-0.5C18.8,5.3,19.4,4.6,20,3.8z\"><\/path>\r\n\t\t\t\t\t\t<\/svg>\r\n\t\t\t\t\t<\/span>\r\n\t\t\t\t<\/a>\r\n\r\n\t\t\t\t<a href=\"https:\/\/www.linkedin.com\/shareArticle?url=https%3A%2F%2Fwww.educatech-expo.com%2Fen%2Fconference%2Fmy-moojo&title=Conferences & workshops organized by MY MOOJO - Educ@tech Expo\" data-network=\"linkedin\" aria-label=\"LinkedIn\" style=\"--official-color: #1c86c6\" rel=\"noopener noreferrer nofollow\">\r\n\t\t\t\t\t<span class=\"icon-container\">\r\n\t\t\t\t\t\t<svg width=\"20px\" height=\"20px\" viewBox=\"0 0 20 20\" aria-hidden=\"true\">\r\n\t\t\t\t\t\t\t<path d=\"M18.6,0H1.4C0.6,0,0,0.6,0,1.4v17.1C0,19.4,0.6,20,1.4,20h17.1c0.8,0,1.4-0.6,1.4-1.4V1.4C20,0.6,19.4,0,18.6,0z M6,17.1h-3V7.6h3L6,17.1L6,17.1zM4.6,6.3c-1,0-1.7-0.8-1.7-1.7s0.8-1.7,1.7-1.7c0.9,0,1.7,0.8,1.7,1.7C6.3,5.5,5.5,6.3,4.6,6.3z M17.2,17.1h-3v-4.6c0-1.1,0-2.5-1.5-2.5c-1.5,0-1.8,1.2-1.8,2.5v4.7h-3V7.6h2.8v1.3h0c0.4-0.8,1.4-1.5,2.8-1.5c3,0,3.6,2,3.6,4.5V17.1z\"><\/path>\r\n\t\t\t\t\t\t<\/svg>\r\n\t\t\t\t\t<\/span>\r\n\t\t\t\t<\/a>\r\n\t\t\t\t\r\n\t\t\t\t<a href=\"whatsapp:\/\/send?text=https%3A%2F%2Fwww.educatech-expo.com%2Fen%2Fconference%2Fmy-moojo\" data-network=\"whatsapp\" aria-label=\"WhatsApp\" style=\"--official-color: #5bba67\" rel=\"noopener noreferrer nofollow\">\r\n\t\t\t\t\t<span class=\"icon-container\">\r\n\t\t\t\t\t\t<svg width=\"20px\" height=\"20px\" viewBox=\"0 0 20 20\" aria-hidden=\"true\">\r\n\t\t\t\t\t\t\t<path d=\"M10,0C4.5,0,0,4.5,0,10c0,1.9,0.5,3.6,1.4,5.1L0.1,20l5-1.3C6.5,19.5,8.2,20,10,20c5.5,0,10-4.5,10-10S15.5,0,10,0zM6.6,5.3c0.2,0,0.3,0,0.5,0c0.2,0,0.4,0,0.6,0.4c0.2,0.5,0.7,1.7,0.8,1.8c0.1,0.1,0.1,0.3,0,0.4C8.3,8.2,8.3,8.3,8.1,8.5C8,8.6,7.9,8.8,7.8,8.9C7.7,9,7.5,9.1,7.7,9.4c0.1,0.2,0.6,1.1,1.4,1.7c0.9,0.8,1.7,1.1,2,1.2c0.2,0.1,0.4,0.1,0.5-0.1c0.1-0.2,0.6-0.7,0.8-1c0.2-0.2,0.3-0.2,0.6-0.1c0.2,0.1,1.4,0.7,1.7,0.8s0.4,0.2,0.5,0.3c0.1,0.1,0.1,0.6-0.1,1.2c-0.2,0.6-1.2,1.1-1.7,1.2c-0.5,0-0.9,0.2-3-0.6c-2.5-1-4.1-3.6-4.2-3.7c-0.1-0.2-1-1.3-1-2.6c0-1.2,0.6-1.8,0.9-2.1C6.1,5.4,6.4,5.3,6.6,5.3z\"><\/path>\r\n\t\t\t\t\t\t<\/svg>\r\n\t\t\t\t\t<\/span>\r\n\t\t\t\t<\/a>\r\n\t\t\t<\/div>\r\n\t\t\t<\/div>\r\n<\/div>\t\t\t\t\t\t\t<div class=\"conferences-accordion-item\" data-date=\"2025-11-19T00:00:00\" data-type=\"plenary-conference\">\r\n\t<div class=\"conferences-accordion-header\">\r\n\t\t<div class=\"conference-infos\">\r\n\t\t\t<span class=\"conference-date\">\r\n\t\t\t\t<svg xmlns=\"http:\/\/www.w3.org\/2000\/svg\" height=\"1em\" viewBox=\"0 0 448 512\"><path d=\"M96 32V64H48C21.5 64 0 85.5 0 112v48H448V112c0-26.5-21.5-48-48-48H352V32c0-17.7-14.3-32-32-32s-32 14.3-32 32V64H160V32c0-17.7-14.3-32-32-32S96 14.3 96 32zM448 192H0V464c0 26.5 21.5 48 48 48H400c26.5 0 48-21.5 48-48V192z\"\/><\/svg>\r\n\t\t\t\t19 November 2025\t\t\t<\/span>\r\n\t\t\t<span class=\"conference-time\">\r\n\t\t\t\t<svg xmlns=\"http:\/\/www.w3.org\/2000\/svg\" height=\"1em\" viewBox=\"0 0 512 512\"><path d=\"M256 0a256 256 0 1 1 0 512A256 256 0 1 1 256 0zM232 120V256c0 8 4 15.5 10.7 20l96 64c11 7.4 25.9 4.4 33.3-6.7s4.4-25.9-6.7-33.3L280 243.2V120c0-13.3-10.7-24-24-24s-24 10.7-24 24z\"\/><\/svg>\r\n\t\t\t\t10h30 to 11h30\t\t\t<\/span>\r\n\t\t\t<span class=\"conference-location\">\r\n\t\t\t\t<svg xmlns=\"http:\/\/www.w3.org\/2000\/svg\" height=\"1em\" viewBox=\"0 0 384 512\"><path d=\"M215.7 499.2C267 435 384 279.4 384 192C384 86 298 0 192 0S0 86 0 192c0 87.4 117 243 168.3 307.2c12.3 15.3 35.1 15.3 47.4 0zM192 128a64 64 0 1 1 0 128 64 64 0 1 1 0-128z\"\/><\/svg>\r\n\t\t\t\tAMPHITHEATER\t\t\t<\/span>\r\n\t\t\t\r\n\t\t\t\t\t\t\t<span class=\"conference-type\">\r\n\t\t\t\t\t<svg xmlns=\"http:\/\/www.w3.org\/2000\/svg\" height=\"1em\" viewBox=\"0 0 384 512\"><path d=\"M0 48V487.7C0 501.1 10.9 512 24.3 512c5 0 9.9-1.5 14-4.4L192 400 345.7 507.6c4.1 2.9 9 4.4 14 4.4c13.4 0 24.3-10.9 24.3-24.3V48c0-26.5-21.5-48-48-48H48C21.5 0 0 21.5 0 48z\"\/><\/svg>\r\n\t\t\t\t\tPLENARY CONFERENCE\t\t\t\t<\/span>\r\n\t\t\t\t\t<\/div>\r\n\t\t\r\n\t\t<h3 class=\"conference-title\">Why should digital education (finally) get out of the classroom?<\/h3>\r\n\t\t\r\n\t\t\t\t\t<p class=\"organized-by\">\r\n\t\t\t\tOrganized by Educ@tech Expo\t\t\t<\/p>\r\n\t\t\t\t\r\n\t\t<a class=\"read-more\" href=\"#\">Continue reading<\/a>\r\n\t<\/div>\r\n\t\t\t\t\t\t\t\t\r\n\t<div class=\"conferences-accordion-panel\">\r\n\t\t\r\n\t\t\t\t\r\n\t\t<div class=\"conference-description\">\r\n\t\t\t<p>For years, many players in the sector have relied on schools to develop programs and equipment strategies in conjunction with them.<\/p>\n\n<p>But in the field, the projects carried out by certain local authorities, popular education associations, digital advisors and Edtech players show us that other contexts are possible, and sometimes easier, for mobilizing all publics.<\/p>\n\n<p>So, what are these contexts? How can we work in alliance on the ground? And finally, what difference does it make for the beneficiaries?<\/p>\n\t\t<\/div>\r\n\t\t\t\r\n\t\t\t\t\r\n\t\t\t\t\t<p class=\"speakers-title\">Speakers:<\/p>\r\n\t\t\t<div class=\"speakers\">\r\n\t\t\t\t\t\t\t\t\t<div class=\"speaker\">\r\n\t<img decoding=\"async\" src=\"https:\/\/weyou.blob.core.windows.net\/images\/conferencier\/dcb9e8f5-1691-449a-a656-6938937ee7d3.jpg\" alt=\"Pauline   REBOUL\"><p><strong>Pauline   REBOUL<\/strong><br\/>Chercheuse en information-communication &ndash; FR\u00c9QUENCE ECOLES<\/p><\/div>\t\t\t\t\t\t\t\t\t<div class=\"speaker\">\r\n\t<img decoding=\"async\" src=\"https:\/\/weyou.blob.core.windows.net\/images\/conferencier\/e04079fd-5b56-449f-a399-dec67038b103.jpg\" alt=\"Julie STEIN\"><p><strong>Julie STEIN<\/strong><br\/>Responsable sectorielle \"\u00c9ducation\"  &ndash; BANQUE DES TERRITOIRES<\/p><\/div>\t\t\t\t\t\t\t\t\t<div class=\"speaker\">\r\n\t<img decoding=\"async\" src=\"https:\/\/weyou.blob.core.windows.net\/images\/conferencier\/aafa3fde-76b7-4349-ac08-907f3e7b05da.jpg\" alt=\"S\u00e9bastien  BIRBANDT \"><p><strong>S\u00e9bastien  BIRBANDT <\/strong><br\/>Conseiller de Madame la Rectrice &ndash; DRANE MARTINIQUE<\/p><\/div>\t\t\t\t\t\t\t\t\t<div class=\"speaker\">\r\n\t<img decoding=\"async\" src=\"https:\/\/weyou.blob.core.windows.net\/images\/conferencier\/c36866d3-60bd-4fad-8b8c-04eb88e56383.jpg\" alt=\"Axel GOUYACHE\"><p><strong>Axel GOUYACHE<\/strong><br\/>Responsable de la Division du numerique scolaire &ndash; VILLE DE MARSEILLE<\/p><\/div>\t\t\t\t\t\t\t\t\t<div class=\"speaker\">\r\n\t<img decoding=\"async\" src=\"https:\/\/weyou.blob.core.windows.net\/images\/conferencier\/ed45b157-3a87-4288-8058-74994b92a063.jpg\" alt=\"Sophie  LORIMIER\"><p><strong>Sophie  LORIMIER<\/strong><br\/>Directrice g\u00e9n\u00e9rale adjointe &ndash; LIGUE DE L\u2019ENSEIGNEMENT DES BOUCHES DU RH\u00d4NE<\/p><\/div>\t\t\t\t\t\t\t\t\t<div class=\"speaker\">\r\n\t<img decoding=\"async\" src=\"https:\/\/weyou.blob.core.windows.net\/images\/conferencier\/33200fe5-faf9-4f11-af53-5d16214fa0ed.jpg\" alt=\"Lydie   PIERRET\"><p><strong>Lydie   PIERRET<\/strong><br\/>Responsable Edulab Pasteur &ndash; RENNES VILLE ET M\u00c9TROPOLE<\/p><\/div>\t\t\t\t\t\t\t\t\t<div class=\"speaker\">\r\n\t<img decoding=\"async\" src=\"https:\/\/weyou.blob.core.windows.net\/images\/conferencier\/d96c144e-0a51-472e-ac12-ad52f1934dfe.jpg\" alt=\"Mathieu CORNUEY \"><p><strong>Mathieu CORNUEY <\/strong><br\/>Directeur du p\u00f4le Num\u00e9rique pour l'\u00c9ducation et les Solidarit\u00e9s &ndash; SEINE ET YVELINE NUM\u00c9RIQUE<\/p><\/div>\t\t\t\t\t\t\t<\/div>\r\n\t\t\t\t\r\n\t\t\t\t\t<div class=\"exhibitor-share-box\">\r\n\t\t\t\t\t\t\t\t<a href=\"https:\/\/www.facebook.com\/sharer\/sharer.php?u=https%3A%2F%2Fwww.educatech-expo.com%2Fen%2Fconference%2Feductech-expo\" data-network=\"facebook\" aria-label=\"Facebook\" style=\"--official-color: #557dbc\" rel=\"noopener noreferrer nofollow\">\r\n\t\t\t\t\t<span class=\"icon-container\">\r\n\t\t\t\t\t\t<svg width=\"20px\" height=\"20px\" viewBox=\"0 0 20 20\" aria-hidden=\"true\">\r\n\t\t\t\t\t\t\t<path d=\"M20,10.1c0-5.5-4.5-10-10-10S0,4.5,0,10.1c0,5,3.7,9.1,8.4,9.9v-7H5.9v-2.9h2.5V7.9C8.4,5.4,9.9,4,12.2,4c1.1,0,2.2,0.2,2.2,0.2v2.5h-1.3c-1.2,0-1.6,0.8-1.6,1.6v1.9h2.8L13.9,13h-2.3v7C16.3,19.2,20,15.1,20,10.1z\"><\/path>\r\n\t\t\t\t\t\t<\/svg>\r\n\t\t\t\t\t<\/span>\r\n\t\t\t\t<\/a>\r\n\t\t\t\t\t\t\t\r\n\t\t\t\t<a href=\"https:\/\/twitter.com\/share?url=https%3A%2F%2Fwww.educatech-expo.com%2Fen%2Fconference%2Feductech-expo&text=Conferences & workshops organized by Educ@tech Expo - Educ@tech Expo\" data-network=\"twitter\" aria-label=\"Twitter\" style=\"--official-color: #7acdee\" rel=\"noopener noreferrer nofollow\">\r\n\t\t\t\t\t<span class=\"icon-container\">\r\n\t\t\t\t\t\t<svg width=\"20px\" height=\"20px\" viewBox=\"0 0 20 20\" aria-hidden=\"true\">\r\n\t\t\t\t\t\t\t<path d=\"M20,3.8c-0.7,0.3-1.5,0.5-2.4,0.6c0.8-0.5,1.5-1.3,1.8-2.3c-0.8,0.5-1.7,0.8-2.6,1c-0.7-0.8-1.8-1.3-3-1.3c-2.3,0-4.1,1.8-4.1,4.1c0,0.3,0,0.6,0.1,0.9C6.4,6.7,3.4,5.1,1.4,2.6C1,3.2,0.8,3.9,0.8,4.7c0,1.4,0.7,2.7,1.8,3.4C2,8.1,1.4,7.9,0.8,7.6c0,0,0,0,0,0.1c0,2,1.4,3.6,3.3,4c-0.3,0.1-0.7,0.1-1.1,0.1c-0.3,0-0.5,0-0.8-0.1c0.5,1.6,2,2.8,3.8,2.8c-1.4,1.1-3.2,1.8-5.1,1.8c-0.3,0-0.7,0-1-0.1c1.8,1.2,4,1.8,6.3,1.8c7.5,0,11.7-6.3,11.7-11.7c0-0.2,0-0.4,0-0.5C18.8,5.3,19.4,4.6,20,3.8z\"><\/path>\r\n\t\t\t\t\t\t<\/svg>\r\n\t\t\t\t\t<\/span>\r\n\t\t\t\t<\/a>\r\n\r\n\t\t\t\t<a href=\"https:\/\/www.linkedin.com\/shareArticle?url=https%3A%2F%2Fwww.educatech-expo.com%2Fen%2Fconference%2Feductech-expo&title=Conferences & workshops organized by Educ@tech Expo - Educ@tech Expo\" data-network=\"linkedin\" aria-label=\"LinkedIn\" style=\"--official-color: #1c86c6\" rel=\"noopener noreferrer nofollow\">\r\n\t\t\t\t\t<span class=\"icon-container\">\r\n\t\t\t\t\t\t<svg width=\"20px\" height=\"20px\" viewBox=\"0 0 20 20\" aria-hidden=\"true\">\r\n\t\t\t\t\t\t\t<path d=\"M18.6,0H1.4C0.6,0,0,0.6,0,1.4v17.1C0,19.4,0.6,20,1.4,20h17.1c0.8,0,1.4-0.6,1.4-1.4V1.4C20,0.6,19.4,0,18.6,0z M6,17.1h-3V7.6h3L6,17.1L6,17.1zM4.6,6.3c-1,0-1.7-0.8-1.7-1.7s0.8-1.7,1.7-1.7c0.9,0,1.7,0.8,1.7,1.7C6.3,5.5,5.5,6.3,4.6,6.3z M17.2,17.1h-3v-4.6c0-1.1,0-2.5-1.5-2.5c-1.5,0-1.8,1.2-1.8,2.5v4.7h-3V7.6h2.8v1.3h0c0.4-0.8,1.4-1.5,2.8-1.5c3,0,3.6,2,3.6,4.5V17.1z\"><\/path>\r\n\t\t\t\t\t\t<\/svg>\r\n\t\t\t\t\t<\/span>\r\n\t\t\t\t<\/a>\r\n\t\t\t\t\r\n\t\t\t\t<a href=\"whatsapp:\/\/send?text=https%3A%2F%2Fwww.educatech-expo.com%2Fen%2Fconference%2Feductech-expo\" data-network=\"whatsapp\" aria-label=\"WhatsApp\" style=\"--official-color: #5bba67\" rel=\"noopener noreferrer nofollow\">\r\n\t\t\t\t\t<span class=\"icon-container\">\r\n\t\t\t\t\t\t<svg width=\"20px\" height=\"20px\" viewBox=\"0 0 20 20\" aria-hidden=\"true\">\r\n\t\t\t\t\t\t\t<path d=\"M10,0C4.5,0,0,4.5,0,10c0,1.9,0.5,3.6,1.4,5.1L0.1,20l5-1.3C6.5,19.5,8.2,20,10,20c5.5,0,10-4.5,10-10S15.5,0,10,0zM6.6,5.3c0.2,0,0.3,0,0.5,0c0.2,0,0.4,0,0.6,0.4c0.2,0.5,0.7,1.7,0.8,1.8c0.1,0.1,0.1,0.3,0,0.4C8.3,8.2,8.3,8.3,8.1,8.5C8,8.6,7.9,8.8,7.8,8.9C7.7,9,7.5,9.1,7.7,9.4c0.1,0.2,0.6,1.1,1.4,1.7c0.9,0.8,1.7,1.1,2,1.2c0.2,0.1,0.4,0.1,0.5-0.1c0.1-0.2,0.6-0.7,0.8-1c0.2-0.2,0.3-0.2,0.6-0.1c0.2,0.1,1.4,0.7,1.7,0.8s0.4,0.2,0.5,0.3c0.1,0.1,0.1,0.6-0.1,1.2c-0.2,0.6-1.2,1.1-1.7,1.2c-0.5,0-0.9,0.2-3-0.6c-2.5-1-4.1-3.6-4.2-3.7c-0.1-0.2-1-1.3-1-2.6c0-1.2,0.6-1.8,0.9-2.1C6.1,5.4,6.4,5.3,6.6,5.3z\"><\/path>\r\n\t\t\t\t\t\t<\/svg>\r\n\t\t\t\t\t<\/span>\r\n\t\t\t\t<\/a>\r\n\t\t\t<\/div>\r\n\t\t\t<\/div>\r\n<\/div>\t\t\t\t\t\t\t<div class=\"conferences-accordion-item\" data-date=\"2025-11-19T00:00:00\" data-type=\"plenary-conference\">\r\n\t<div class=\"conferences-accordion-header\">\r\n\t\t<div class=\"conference-infos\">\r\n\t\t\t<span class=\"conference-date\">\r\n\t\t\t\t<svg xmlns=\"http:\/\/www.w3.org\/2000\/svg\" height=\"1em\" viewBox=\"0 0 448 512\"><path d=\"M96 32V64H48C21.5 64 0 85.5 0 112v48H448V112c0-26.5-21.5-48-48-48H352V32c0-17.7-14.3-32-32-32s-32 14.3-32 32V64H160V32c0-17.7-14.3-32-32-32S96 14.3 96 32zM448 192H0V464c0 26.5 21.5 48 48 48H400c26.5 0 48-21.5 48-48V192z\"\/><\/svg>\r\n\t\t\t\t19 November 2025\t\t\t<\/span>\r\n\t\t\t<span class=\"conference-time\">\r\n\t\t\t\t<svg xmlns=\"http:\/\/www.w3.org\/2000\/svg\" height=\"1em\" viewBox=\"0 0 512 512\"><path d=\"M256 0a256 256 0 1 1 0 512A256 256 0 1 1 256 0zM232 120V256c0 8 4 15.5 10.7 20l96 64c11 7.4 25.9 4.4 33.3-6.7s4.4-25.9-6.7-33.3L280 243.2V120c0-13.3-10.7-24-24-24s-24 10.7-24 24z\"\/><\/svg>\r\n\t\t\t\t11H45 to 12H45 \t\t\t<\/span>\r\n\t\t\t<span class=\"conference-location\">\r\n\t\t\t\t<svg xmlns=\"http:\/\/www.w3.org\/2000\/svg\" height=\"1em\" viewBox=\"0 0 384 512\"><path d=\"M215.7 499.2C267 435 384 279.4 384 192C384 86 298 0 192 0S0 86 0 192c0 87.4 117 243 168.3 307.2c12.3 15.3 35.1 15.3 47.4 0zM192 128a64 64 0 1 1 0 128 64 64 0 1 1 0-128z\"\/><\/svg>\r\n\t\t\t\tAMPHITHEATER\t\t\t<\/span>\r\n\t\t\t\r\n\t\t\t\t\t\t\t<span class=\"conference-type\">\r\n\t\t\t\t\t<svg xmlns=\"http:\/\/www.w3.org\/2000\/svg\" height=\"1em\" viewBox=\"0 0 384 512\"><path d=\"M0 48V487.7C0 501.1 10.9 512 24.3 512c5 0 9.9-1.5 14-4.4L192 400 345.7 507.6c4.1 2.9 9 4.4 14 4.4c13.4 0 24.3-10.9 24.3-24.3V48c0-26.5-21.5-48-48-48H48C21.5 0 0 21.5 0 48z\"\/><\/svg>\r\n\t\t\t\t\tPLENARY CONFERENCE\t\t\t\t<\/span>\r\n\t\t\t\t\t<\/div>\r\n\t\t\r\n\t\t<h3 class=\"conference-title\">Creativity and AI with Canva Education, Empowering teachers and students to create with purpose<\/h3>\r\n\t\t\r\n\t\t\t\t\t<p class=\"organized-by\">\r\n\t\t\t\tOrganized by CANVA EDUCATION\t\t\t<\/p>\r\n\t\t\t\t\r\n\t\t<a class=\"read-more\" href=\"#\">Continue reading<\/a>\r\n\t<\/div>\r\n\t\t\t\t\t\t\t\t\r\n\t<div class=\"conferences-accordion-panel\">\r\n\t\t\r\n\t\t\t\t\t\t<img decoding=\"async\" src=\"https:\/\/weyou.blob.core.windows.net\/images\/exposant\/e3e6c464-ef42-458a-8811-7ff5743fa307.jpg\" class=\"exhibitor-logo\" alt=\"CANVA EDUCATION\">\r\n\t\t\t\t\t\r\n\t\t<div class=\"conference-description\">\r\n\t\t\t\r\n<p>The session will showcase how Canva Educations\u2019s tools support creative and interactive learning in the classroom, while exploring how AI is transforming the way teachers and students create, learn, and think.<\/p>\r\n<p>With insights from C\u00e9cile Cathelin, teacher and Canvassador, and Jean-Fran\u00e7ois Cerisier, researcher and Director of the Techn\u00e9 lab at the University of Poitiers.<br><\/p>\r\n\t\t<\/div>\r\n\t\t\t\r\n\t\t\t\t\t<p class=\"speakers-title\">Conference Moderator:<\/p>\r\n\t\t\t<div class=\"speakers\">\r\n\t\t\t\t\t\t\t\t\t<div class=\"speaker\">\r\n\t<img decoding=\"async\" src=\"https:\/\/weyou.blob.core.windows.net\/images\/conferencier\/fc111ee4-f435-4ef7-b7e6-1f1ccdbc8989.jpg\" alt=\"Caroline NILLES\"><p><strong>Caroline NILLES<\/strong><br\/>Community Manager education France &ndash; CANVA \u00c9DUCATION<\/p><\/div>\t\t\t\t\t\t\t<\/div>\r\n\t\t\t\t\r\n\t\t\t\t\t<p class=\"speakers-title\">Speakers:<\/p>\r\n\t\t\t<div class=\"speakers\">\r\n\t\t\t\t\t\t\t\t\t<div class=\"speaker\">\r\n\t<img decoding=\"async\" src=\"https:\/\/weyou.blob.core.windows.net\/images\/conferencier\/4e8e9d74-1b90-4454-abb3-8880cad49a73.jpg\" alt=\"Jean-Fran\u00e7ois CERISIER\"><p><strong>Jean-Fran\u00e7ois CERISIER<\/strong><br\/>University Professor at the University of Poitiers and Director of the Techn\u00e9 Research Unit. &ndash; UNIVERSIT\u00c9 DE POITIERS<\/p><\/div>\t\t\t\t\t\t\t\t\t<div class=\"speaker\">\r\n\t<img decoding=\"async\" src=\"https:\/\/weyou.blob.core.windows.net\/images\/conferencier\/9ad06063-b41c-40ae-ba28-9a35abbf4104.jpg\" alt=\"C\u00e9cile CATHELIN\"><p><strong>C\u00e9cile CATHELIN<\/strong><br\/>Teacher and Canvassador &ndash; \u00c9DUCATION NATIONALE<\/p><\/div>\t\t\t\t\t\t\t<\/div>\r\n\t\t\t\t\r\n\t\t\t\t\t<div class=\"exhibitor-share-box\">\r\n\t\t\t\t\t\t\t\t<a href=\"https:\/\/www.facebook.com\/sharer\/sharer.php?u=https%3A%2F%2Fwww.educatech-expo.com%2Fen%2Fconference%2Fcanva-education\" data-network=\"facebook\" aria-label=\"Facebook\" style=\"--official-color: #557dbc\" rel=\"noopener noreferrer nofollow\">\r\n\t\t\t\t\t<span class=\"icon-container\">\r\n\t\t\t\t\t\t<svg width=\"20px\" height=\"20px\" viewBox=\"0 0 20 20\" aria-hidden=\"true\">\r\n\t\t\t\t\t\t\t<path d=\"M20,10.1c0-5.5-4.5-10-10-10S0,4.5,0,10.1c0,5,3.7,9.1,8.4,9.9v-7H5.9v-2.9h2.5V7.9C8.4,5.4,9.9,4,12.2,4c1.1,0,2.2,0.2,2.2,0.2v2.5h-1.3c-1.2,0-1.6,0.8-1.6,1.6v1.9h2.8L13.9,13h-2.3v7C16.3,19.2,20,15.1,20,10.1z\"><\/path>\r\n\t\t\t\t\t\t<\/svg>\r\n\t\t\t\t\t<\/span>\r\n\t\t\t\t<\/a>\r\n\t\t\t\t\t\t\t\r\n\t\t\t\t<a href=\"https:\/\/twitter.com\/share?url=https%3A%2F%2Fwww.educatech-expo.com%2Fen%2Fconference%2Fcanva-education&text=Conferences & workshops organized by CANVA EDUCATION - Educ@tech Expo\" data-network=\"twitter\" aria-label=\"Twitter\" style=\"--official-color: #7acdee\" rel=\"noopener noreferrer nofollow\">\r\n\t\t\t\t\t<span class=\"icon-container\">\r\n\t\t\t\t\t\t<svg width=\"20px\" height=\"20px\" viewBox=\"0 0 20 20\" aria-hidden=\"true\">\r\n\t\t\t\t\t\t\t<path d=\"M20,3.8c-0.7,0.3-1.5,0.5-2.4,0.6c0.8-0.5,1.5-1.3,1.8-2.3c-0.8,0.5-1.7,0.8-2.6,1c-0.7-0.8-1.8-1.3-3-1.3c-2.3,0-4.1,1.8-4.1,4.1c0,0.3,0,0.6,0.1,0.9C6.4,6.7,3.4,5.1,1.4,2.6C1,3.2,0.8,3.9,0.8,4.7c0,1.4,0.7,2.7,1.8,3.4C2,8.1,1.4,7.9,0.8,7.6c0,0,0,0,0,0.1c0,2,1.4,3.6,3.3,4c-0.3,0.1-0.7,0.1-1.1,0.1c-0.3,0-0.5,0-0.8-0.1c0.5,1.6,2,2.8,3.8,2.8c-1.4,1.1-3.2,1.8-5.1,1.8c-0.3,0-0.7,0-1-0.1c1.8,1.2,4,1.8,6.3,1.8c7.5,0,11.7-6.3,11.7-11.7c0-0.2,0-0.4,0-0.5C18.8,5.3,19.4,4.6,20,3.8z\"><\/path>\r\n\t\t\t\t\t\t<\/svg>\r\n\t\t\t\t\t<\/span>\r\n\t\t\t\t<\/a>\r\n\r\n\t\t\t\t<a href=\"https:\/\/www.linkedin.com\/shareArticle?url=https%3A%2F%2Fwww.educatech-expo.com%2Fen%2Fconference%2Fcanva-education&title=Conferences & workshops organized by CANVA EDUCATION - Educ@tech Expo\" data-network=\"linkedin\" aria-label=\"LinkedIn\" style=\"--official-color: #1c86c6\" rel=\"noopener noreferrer nofollow\">\r\n\t\t\t\t\t<span class=\"icon-container\">\r\n\t\t\t\t\t\t<svg width=\"20px\" height=\"20px\" viewBox=\"0 0 20 20\" aria-hidden=\"true\">\r\n\t\t\t\t\t\t\t<path d=\"M18.6,0H1.4C0.6,0,0,0.6,0,1.4v17.1C0,19.4,0.6,20,1.4,20h17.1c0.8,0,1.4-0.6,1.4-1.4V1.4C20,0.6,19.4,0,18.6,0z M6,17.1h-3V7.6h3L6,17.1L6,17.1zM4.6,6.3c-1,0-1.7-0.8-1.7-1.7s0.8-1.7,1.7-1.7c0.9,0,1.7,0.8,1.7,1.7C6.3,5.5,5.5,6.3,4.6,6.3z M17.2,17.1h-3v-4.6c0-1.1,0-2.5-1.5-2.5c-1.5,0-1.8,1.2-1.8,2.5v4.7h-3V7.6h2.8v1.3h0c0.4-0.8,1.4-1.5,2.8-1.5c3,0,3.6,2,3.6,4.5V17.1z\"><\/path>\r\n\t\t\t\t\t\t<\/svg>\r\n\t\t\t\t\t<\/span>\r\n\t\t\t\t<\/a>\r\n\t\t\t\t\r\n\t\t\t\t<a href=\"whatsapp:\/\/send?text=https%3A%2F%2Fwww.educatech-expo.com%2Fen%2Fconference%2Fcanva-education\" data-network=\"whatsapp\" aria-label=\"WhatsApp\" style=\"--official-color: #5bba67\" rel=\"noopener noreferrer nofollow\">\r\n\t\t\t\t\t<span class=\"icon-container\">\r\n\t\t\t\t\t\t<svg width=\"20px\" height=\"20px\" viewBox=\"0 0 20 20\" aria-hidden=\"true\">\r\n\t\t\t\t\t\t\t<path d=\"M10,0C4.5,0,0,4.5,0,10c0,1.9,0.5,3.6,1.4,5.1L0.1,20l5-1.3C6.5,19.5,8.2,20,10,20c5.5,0,10-4.5,10-10S15.5,0,10,0zM6.6,5.3c0.2,0,0.3,0,0.5,0c0.2,0,0.4,0,0.6,0.4c0.2,0.5,0.7,1.7,0.8,1.8c0.1,0.1,0.1,0.3,0,0.4C8.3,8.2,8.3,8.3,8.1,8.5C8,8.6,7.9,8.8,7.8,8.9C7.7,9,7.5,9.1,7.7,9.4c0.1,0.2,0.6,1.1,1.4,1.7c0.9,0.8,1.7,1.1,2,1.2c0.2,0.1,0.4,0.1,0.5-0.1c0.1-0.2,0.6-0.7,0.8-1c0.2-0.2,0.3-0.2,0.6-0.1c0.2,0.1,1.4,0.7,1.7,0.8s0.4,0.2,0.5,0.3c0.1,0.1,0.1,0.6-0.1,1.2c-0.2,0.6-1.2,1.1-1.7,1.2c-0.5,0-0.9,0.2-3-0.6c-2.5-1-4.1-3.6-4.2-3.7c-0.1-0.2-1-1.3-1-2.6c0-1.2,0.6-1.8,0.9-2.1C6.1,5.4,6.4,5.3,6.6,5.3z\"><\/path>\r\n\t\t\t\t\t\t<\/svg>\r\n\t\t\t\t\t<\/span>\r\n\t\t\t\t<\/a>\r\n\t\t\t<\/div>\r\n\t\t\t<\/div>\r\n<\/div>\t\t\t\t\t\t\t<div class=\"conferences-accordion-item\" data-date=\"2025-11-19T00:00:00\" data-type=\"plenary-conference\">\r\n\t<div class=\"conferences-accordion-header\">\r\n\t\t<div class=\"conference-infos\">\r\n\t\t\t<span class=\"conference-date\">\r\n\t\t\t\t<svg xmlns=\"http:\/\/www.w3.org\/2000\/svg\" height=\"1em\" viewBox=\"0 0 448 512\"><path d=\"M96 32V64H48C21.5 64 0 85.5 0 112v48H448V112c0-26.5-21.5-48-48-48H352V32c0-17.7-14.3-32-32-32s-32 14.3-32 32V64H160V32c0-17.7-14.3-32-32-32S96 14.3 96 32zM448 192H0V464c0 26.5 21.5 48 48 48H400c26.5 0 48-21.5 48-48V192z\"\/><\/svg>\r\n\t\t\t\t19 November 2025\t\t\t<\/span>\r\n\t\t\t<span class=\"conference-time\">\r\n\t\t\t\t<svg xmlns=\"http:\/\/www.w3.org\/2000\/svg\" height=\"1em\" viewBox=\"0 0 512 512\"><path d=\"M256 0a256 256 0 1 1 0 512A256 256 0 1 1 256 0zM232 120V256c0 8 4 15.5 10.7 20l96 64c11 7.4 25.9 4.4 33.3-6.7s4.4-25.9-6.7-33.3L280 243.2V120c0-13.3-10.7-24-24-24s-24 10.7-24 24z\"\/><\/svg>\r\n\t\t\t\t14h00 to 15h00\t\t\t<\/span>\r\n\t\t\t<span class=\"conference-location\">\r\n\t\t\t\t<svg xmlns=\"http:\/\/www.w3.org\/2000\/svg\" height=\"1em\" viewBox=\"0 0 384 512\"><path d=\"M215.7 499.2C267 435 384 279.4 384 192C384 86 298 0 192 0S0 86 0 192c0 87.4 117 243 168.3 307.2c12.3 15.3 35.1 15.3 47.4 0zM192 128a64 64 0 1 1 0 128 64 64 0 1 1 0-128z\"\/><\/svg>\r\n\t\t\t\tAMPHITHEATER\t\t\t<\/span>\r\n\t\t\t\r\n\t\t\t\t\t\t\t<span class=\"conference-type\">\r\n\t\t\t\t\t<svg xmlns=\"http:\/\/www.w3.org\/2000\/svg\" height=\"1em\" viewBox=\"0 0 384 512\"><path d=\"M0 48V487.7C0 501.1 10.9 512 24.3 512c5 0 9.9-1.5 14-4.4L192 400 345.7 507.6c4.1 2.9 9 4.4 14 4.4c13.4 0 24.3-10.9 24.3-24.3V48c0-26.5-21.5-48-48-48H48C21.5 0 0 21.5 0 48z\"\/><\/svg>\r\n\t\t\t\t\tPLENARY CONFERENCE\t\t\t\t<\/span>\r\n\t\t\t\t\t<\/div>\r\n\t\t\r\n\t\t<h3 class=\"conference-title\">Teaching and Learning in the Age of AI: Bridging School and Higher Education<\/h3>\r\n\t\t\r\n\t\t\t\t\t<p class=\"organized-by\">\r\n\t\t\t\tOrganized by NOLEJ\t\t\t<\/p>\r\n\t\t\t\t\r\n\t\t<a class=\"read-more\" href=\"#\">Continue reading<\/a>\r\n\t<\/div>\r\n\t\t\t\t\t\t\t\t\r\n\t<div class=\"conferences-accordion-panel\">\r\n\t\t\r\n\t\t\t\t\t\t<img decoding=\"async\" src=\"https:\/\/weyou.blob.core.windows.net\/images\/exposant\/47273643-381f-4ea1-86a6-219c8b493253.jpg\" class=\"exhibitor-logo\" alt=\"NOLEJ\">\r\n\t\t\t\t\t\r\n\t\t<div class=\"conference-description\">\r\n\t\t\t\r\n\r\n\r\n<p>Artificial intelligence is profoundly transforming the way we teach, learn, and design educational pathways. How can we rethink the continuity between K\u201312 and higher education at a time when skills evolve faster than curricula?<\/p>\r\n<p>This workshop will be led by Nejma Travaglini, CEO of \r\nNolej, a pioneering startup in generative AI for education. She will present the key levers of AI-augmented learning, the new balance between human and technology, and the conditions for a smooth, informed, and responsible adoption of these tools in service of a more coherent and inclusive educational continuum.&nbsp;She will also reveal, in an exclusive preview, the upcoming features and innovations arriving soon on Nolej.<\/p>\r\n<p>We are also pleased to welcome two exceptional guest speakers:<\/p>\r\nAlain Goudey, Associate Dean for Digital \u2013 NEOMA Business School\r\n<p>He will share how a leading business school like NEOMA is rethinking its pedagogical and organizational practices in the age of AI. Strategies, adoption, innovation, and impacts on training and skills development: an essential perspective to understand the challenges facing higher education and the potential synergies with K\u201312.<\/p>\r\n<p>Mathilde Ouguel, History and Geography Teacher \u2013 Coll\u00e8ge Gis\u00e8le Halimi<\/p>\r\n<p>She will present her daily use of Nolej as well as her inspiring initiative: \r\nthe Startup Club of Coll\u00e8ge Gis\u00e8le Halimi, a space where students explore entrepreneurship, digital tools, innovation, and learn to develop concrete projects.<\/p>\r\n<p>A vivid example of a school empowering students to become creators, explorers, and active agents in their learning through AI and creativity.<\/p>\r\n<p>Together, these three perspectives \u2014 higher education, secondary education, and EdTech \u2014 will offer a comprehensive, grounded view of the transformations underway and the bridges we must build to imagine a fluid, coherent, and deeply human educational journey.<\/p>\r\n\r\n\r\n\t\t<\/div>\r\n\t\t\t\r\n\t\t\t\t\t<p class=\"speakers-title\">Conference Moderators:<\/p>\r\n\t\t\t<div class=\"speakers\">\r\n\t\t\t\t\t\t\t\t\t<div class=\"speaker\">\r\n\t<img decoding=\"async\" src=\"https:\/\/weyou.blob.core.windows.net\/images\/conferencier\/563aa1c6-1766-4964-919a-080611b6e0fe.jpg\" alt=\"Nejma TRAVAGLINI\"><p><strong>Nejma TRAVAGLINI<\/strong><br\/>CEO &ndash; NOLEJ<\/p><\/div>\t\t\t\t\t\t\t\t\t<div class=\"speaker\">\r\n\t<img decoding=\"async\" src=\"https:\/\/weyou.blob.core.windows.net\/images\/conferencier\/b19998ae-6bee-4a56-97c1-58c3727c80ee.jpg\" alt=\"Alain GOUDEY\"><p><strong>Alain GOUDEY<\/strong><br\/>Associate Dean for Digital &ndash; NEOMA BUSINESS SCHOOL<\/p><\/div>\t\t\t\t\t\t\t<\/div>\r\n\t\t\t\t\r\n\t\t\t\t\t<p class=\"speakers-title\">Speaker:<\/p>\r\n\t\t\t<div class=\"speakers\">\r\n\t\t\t\t\t\t\t\t\t<div class=\"speaker\">\r\n\t<img decoding=\"async\" src=\"https:\/\/weyou.blob.core.windows.net\/images\/conferencier\/526f2a93-a2dc-4ae4-acf1-d444c99379f4.jpg\" alt=\"Mathilde OUGUEL\"><p><strong>Mathilde OUGUEL<\/strong><br\/>History and Geography Teacher, Citizenship Education (EMC) &ndash; COLL\u00c8GE GIS\u00c8LE HALIMI<\/p><\/div>\t\t\t\t\t\t\t<\/div>\r\n\t\t\t\t\r\n\t\t\t\t\t<div class=\"exhibitor-share-box\">\r\n\t\t\t\t\t\t\t\t<a href=\"https:\/\/www.facebook.com\/sharer\/sharer.php?u=https%3A%2F%2Fwww.educatech-expo.com%2Fen%2Fconference%2Fnolej\" data-network=\"facebook\" aria-label=\"Facebook\" style=\"--official-color: #557dbc\" rel=\"noopener noreferrer nofollow\">\r\n\t\t\t\t\t<span class=\"icon-container\">\r\n\t\t\t\t\t\t<svg width=\"20px\" height=\"20px\" viewBox=\"0 0 20 20\" aria-hidden=\"true\">\r\n\t\t\t\t\t\t\t<path d=\"M20,10.1c0-5.5-4.5-10-10-10S0,4.5,0,10.1c0,5,3.7,9.1,8.4,9.9v-7H5.9v-2.9h2.5V7.9C8.4,5.4,9.9,4,12.2,4c1.1,0,2.2,0.2,2.2,0.2v2.5h-1.3c-1.2,0-1.6,0.8-1.6,1.6v1.9h2.8L13.9,13h-2.3v7C16.3,19.2,20,15.1,20,10.1z\"><\/path>\r\n\t\t\t\t\t\t<\/svg>\r\n\t\t\t\t\t<\/span>\r\n\t\t\t\t<\/a>\r\n\t\t\t\t\t\t\t\r\n\t\t\t\t<a href=\"https:\/\/twitter.com\/share?url=https%3A%2F%2Fwww.educatech-expo.com%2Fen%2Fconference%2Fnolej&text=Conferences & workshops organized by NOLEJ - Educ@tech Expo\" data-network=\"twitter\" aria-label=\"Twitter\" style=\"--official-color: #7acdee\" rel=\"noopener noreferrer nofollow\">\r\n\t\t\t\t\t<span class=\"icon-container\">\r\n\t\t\t\t\t\t<svg width=\"20px\" height=\"20px\" viewBox=\"0 0 20 20\" aria-hidden=\"true\">\r\n\t\t\t\t\t\t\t<path d=\"M20,3.8c-0.7,0.3-1.5,0.5-2.4,0.6c0.8-0.5,1.5-1.3,1.8-2.3c-0.8,0.5-1.7,0.8-2.6,1c-0.7-0.8-1.8-1.3-3-1.3c-2.3,0-4.1,1.8-4.1,4.1c0,0.3,0,0.6,0.1,0.9C6.4,6.7,3.4,5.1,1.4,2.6C1,3.2,0.8,3.9,0.8,4.7c0,1.4,0.7,2.7,1.8,3.4C2,8.1,1.4,7.9,0.8,7.6c0,0,0,0,0,0.1c0,2,1.4,3.6,3.3,4c-0.3,0.1-0.7,0.1-1.1,0.1c-0.3,0-0.5,0-0.8-0.1c0.5,1.6,2,2.8,3.8,2.8c-1.4,1.1-3.2,1.8-5.1,1.8c-0.3,0-0.7,0-1-0.1c1.8,1.2,4,1.8,6.3,1.8c7.5,0,11.7-6.3,11.7-11.7c0-0.2,0-0.4,0-0.5C18.8,5.3,19.4,4.6,20,3.8z\"><\/path>\r\n\t\t\t\t\t\t<\/svg>\r\n\t\t\t\t\t<\/span>\r\n\t\t\t\t<\/a>\r\n\r\n\t\t\t\t<a href=\"https:\/\/www.linkedin.com\/shareArticle?url=https%3A%2F%2Fwww.educatech-expo.com%2Fen%2Fconference%2Fnolej&title=Conferences & workshops organized by NOLEJ - Educ@tech Expo\" data-network=\"linkedin\" aria-label=\"LinkedIn\" style=\"--official-color: #1c86c6\" rel=\"noopener noreferrer nofollow\">\r\n\t\t\t\t\t<span class=\"icon-container\">\r\n\t\t\t\t\t\t<svg width=\"20px\" height=\"20px\" viewBox=\"0 0 20 20\" aria-hidden=\"true\">\r\n\t\t\t\t\t\t\t<path d=\"M18.6,0H1.4C0.6,0,0,0.6,0,1.4v17.1C0,19.4,0.6,20,1.4,20h17.1c0.8,0,1.4-0.6,1.4-1.4V1.4C20,0.6,19.4,0,18.6,0z M6,17.1h-3V7.6h3L6,17.1L6,17.1zM4.6,6.3c-1,0-1.7-0.8-1.7-1.7s0.8-1.7,1.7-1.7c0.9,0,1.7,0.8,1.7,1.7C6.3,5.5,5.5,6.3,4.6,6.3z M17.2,17.1h-3v-4.6c0-1.1,0-2.5-1.5-2.5c-1.5,0-1.8,1.2-1.8,2.5v4.7h-3V7.6h2.8v1.3h0c0.4-0.8,1.4-1.5,2.8-1.5c3,0,3.6,2,3.6,4.5V17.1z\"><\/path>\r\n\t\t\t\t\t\t<\/svg>\r\n\t\t\t\t\t<\/span>\r\n\t\t\t\t<\/a>\r\n\t\t\t\t\r\n\t\t\t\t<a href=\"whatsapp:\/\/send?text=https%3A%2F%2Fwww.educatech-expo.com%2Fen%2Fconference%2Fnolej\" data-network=\"whatsapp\" aria-label=\"WhatsApp\" style=\"--official-color: #5bba67\" rel=\"noopener noreferrer nofollow\">\r\n\t\t\t\t\t<span class=\"icon-container\">\r\n\t\t\t\t\t\t<svg width=\"20px\" height=\"20px\" viewBox=\"0 0 20 20\" aria-hidden=\"true\">\r\n\t\t\t\t\t\t\t<path d=\"M10,0C4.5,0,0,4.5,0,10c0,1.9,0.5,3.6,1.4,5.1L0.1,20l5-1.3C6.5,19.5,8.2,20,10,20c5.5,0,10-4.5,10-10S15.5,0,10,0zM6.6,5.3c0.2,0,0.3,0,0.5,0c0.2,0,0.4,0,0.6,0.4c0.2,0.5,0.7,1.7,0.8,1.8c0.1,0.1,0.1,0.3,0,0.4C8.3,8.2,8.3,8.3,8.1,8.5C8,8.6,7.9,8.8,7.8,8.9C7.7,9,7.5,9.1,7.7,9.4c0.1,0.2,0.6,1.1,1.4,1.7c0.9,0.8,1.7,1.1,2,1.2c0.2,0.1,0.4,0.1,0.5-0.1c0.1-0.2,0.6-0.7,0.8-1c0.2-0.2,0.3-0.2,0.6-0.1c0.2,0.1,1.4,0.7,1.7,0.8s0.4,0.2,0.5,0.3c0.1,0.1,0.1,0.6-0.1,1.2c-0.2,0.6-1.2,1.1-1.7,1.2c-0.5,0-0.9,0.2-3-0.6c-2.5-1-4.1-3.6-4.2-3.7c-0.1-0.2-1-1.3-1-2.6c0-1.2,0.6-1.8,0.9-2.1C6.1,5.4,6.4,5.3,6.6,5.3z\"><\/path>\r\n\t\t\t\t\t\t<\/svg>\r\n\t\t\t\t\t<\/span>\r\n\t\t\t\t<\/a>\r\n\t\t\t<\/div>\r\n\t\t\t<\/div>\r\n<\/div>\t\t\t\t\t\t\t<div class=\"conferences-accordion-item\" data-date=\"2025-11-19T00:00:00\" data-type=\"plenary-conference\">\r\n\t<div class=\"conferences-accordion-header\">\r\n\t\t<div class=\"conference-infos\">\r\n\t\t\t<span class=\"conference-date\">\r\n\t\t\t\t<svg xmlns=\"http:\/\/www.w3.org\/2000\/svg\" height=\"1em\" viewBox=\"0 0 448 512\"><path d=\"M96 32V64H48C21.5 64 0 85.5 0 112v48H448V112c0-26.5-21.5-48-48-48H352V32c0-17.7-14.3-32-32-32s-32 14.3-32 32V64H160V32c0-17.7-14.3-32-32-32S96 14.3 96 32zM448 192H0V464c0 26.5 21.5 48 48 48H400c26.5 0 48-21.5 48-48V192z\"\/><\/svg>\r\n\t\t\t\t19 November 2025\t\t\t<\/span>\r\n\t\t\t<span class=\"conference-time\">\r\n\t\t\t\t<svg xmlns=\"http:\/\/www.w3.org\/2000\/svg\" height=\"1em\" viewBox=\"0 0 512 512\"><path d=\"M256 0a256 256 0 1 1 0 512A256 256 0 1 1 256 0zM232 120V256c0 8 4 15.5 10.7 20l96 64c11 7.4 25.9 4.4 33.3-6.7s4.4-25.9-6.7-33.3L280 243.2V120c0-13.3-10.7-24-24-24s-24 10.7-24 24z\"\/><\/svg>\r\n\t\t\t\t15h15 to 16h15\t\t\t<\/span>\r\n\t\t\t<span class=\"conference-location\">\r\n\t\t\t\t<svg xmlns=\"http:\/\/www.w3.org\/2000\/svg\" height=\"1em\" viewBox=\"0 0 384 512\"><path d=\"M215.7 499.2C267 435 384 279.4 384 192C384 86 298 0 192 0S0 86 0 192c0 87.4 117 243 168.3 307.2c12.3 15.3 35.1 15.3 47.4 0zM192 128a64 64 0 1 1 0 128 64 64 0 1 1 0-128z\"\/><\/svg>\r\n\t\t\t\tAMPHITHEATER\t\t\t<\/span>\r\n\t\t\t\r\n\t\t\t\t\t\t\t<span class=\"conference-type\">\r\n\t\t\t\t\t<svg xmlns=\"http:\/\/www.w3.org\/2000\/svg\" height=\"1em\" viewBox=\"0 0 384 512\"><path d=\"M0 48V487.7C0 501.1 10.9 512 24.3 512c5 0 9.9-1.5 14-4.4L192 400 345.7 507.6c4.1 2.9 9 4.4 14 4.4c13.4 0 24.3-10.9 24.3-24.3V48c0-26.5-21.5-48-48-48H48C21.5 0 0 21.5 0 48z\"\/><\/svg>\r\n\t\t\t\t\tPLENARY CONFERENCE\t\t\t\t<\/span>\r\n\t\t\t\t\t<\/div>\r\n\t\t\r\n\t\t<h3 class=\"conference-title\">Why will AI transform educational production?<\/h3>\r\n\t\t\r\n\t\t\t\t\t<p class=\"organized-by\">\r\n\t\t\t\tOrganized by Educ@tech Expo\t\t\t<\/p>\r\n\t\t\t\t\r\n\t\t<a class=\"read-more\" href=\"#\">Continue reading<\/a>\r\n\t<\/div>\r\n\t\t\t\t\t\t\t\t\r\n\t<div class=\"conferences-accordion-panel\">\r\n\t\t\r\n\t\t\t\t\r\n\t\t<div class=\"conference-description\">\r\n\t\t\t<p>Artificial intelligence, and even more so generative AI, is now becoming part of the daily lives of teachers and students alike. Faced with this upheaval, the question is no longer whether schools should embrace AI, but how they can do so without being overwhelmed by it.<br>How can AI become a lever for learning, differentiated instruction, student creativity, and lesson preparation support? How can we support teachers in evolving their practices, skills, and ethical standards?<br>Beyond the tools themselves, this opens up a whole new debate on the design, sharing, and sustainability of educational resources. Can we imagine AI systems that are more useful, more secure, and better suited to the needs on the ground? What economic models and sharing approaches (open source, commons, free licenses) will enable us to turn AI into a true public good?<\/p>\n\t\t<\/div>\r\n\t\t\t\r\n\t\t\t\t\r\n\t\t\t\t\t<p class=\"speakers-title\">Speakers:<\/p>\r\n\t\t\t<div class=\"speakers\">\r\n\t\t\t\t\t\t\t\t\t<div class=\"speaker\">\r\n\t<img decoding=\"async\" src=\"https:\/\/weyou.blob.core.windows.net\/images\/conferencier\/c63ba11c-2632-4ec9-a642-f27b657cc476.jpg\" alt=\"M\u00e9lanie PAULI-HARQUEVAUX\"><p><strong>M\u00e9lanie PAULI-HARQUEVAUX<\/strong><br\/>Coordinatrice de la Chaire UNESCO RELIA (Ressources \u00c9ducatives Libres et Intelligence Artificielle) &ndash; NANTES UNIVERSIT\u00c9<\/p><\/div>\t\t\t\t\t\t\t\t\t<div class=\"speaker\">\r\n\t<img decoding=\"async\" src=\"https:\/\/weyou.blob.core.windows.net\/images\/conferencier\/f09fac77-64f7-401e-b5bb-db74c51b1524.jpg\" alt=\"L\u00e9o BRIAND\"><p><strong>L\u00e9o BRIAND<\/strong><br\/>Fondateur de Vittascience &ndash; VICE-PR\u00c9SIDENT DE L'AFINEF<\/p><\/div>\t\t\t\t\t\t\t\t\t<div class=\"speaker\">\r\n\t<img decoding=\"async\" src=\"https:\/\/weyou.blob.core.windows.net\/images\/conferencier\/559840e3-6c7c-4660-8e55-ebfe3954c1cc.jpg\" alt=\"Aude BLANCKAERT GU\u00c9NEAU\"><p><strong>Aude BLANCKAERT GU\u00c9NEAU<\/strong><br\/>Fondatrice de Plume &ndash; PR\u00c9SIDENTE DE EDTECH FRANCE <\/p><\/div>\t\t\t\t\t\t\t\t\t<div class=\"speaker\">\r\n\t<img decoding=\"async\" src=\"https:\/\/weyou.blob.core.windows.net\/images\/conferencier\/faffacd8-7b52-4621-9c84-1ad96676a427.jpg\" alt=\"Nicolas POULAIN\"><p><strong>Nicolas POULAIN<\/strong><br\/>Chef de projet Capytale &ndash; ACAD\u00c9MIE DE PARIS<\/p><\/div>\t\t\t\t\t\t\t\t\t<div class=\"speaker\">\r\n\t<img decoding=\"async\" src=\"https:\/\/weyou.blob.core.windows.net\/images\/conferencier\/290e3023-b8a1-4613-bac5-ca49f572918a.jpg\" alt=\"Axel  JEAN\"><p><strong>Axel  JEAN<\/strong><br\/>Chef du bureau du soutien \u00e0 l'innovation num\u00e9rique et \u00e0 la recherche appliqu\u00e9e &ndash; DIRECTION DU NUM\u00c9RIQUE \u00c9DUCATIF<\/p><\/div>\t\t\t\t\t\t\t\t\t<div class=\"speaker\">\r\n\t<img decoding=\"async\" src=\"https:\/\/weyou.blob.core.windows.net\/images\/conferencier\/b0229386-3e83-4c32-8ccb-5adfca253e5b.jpg\" alt=\"Vincent  \t MONTREUIL\"><p><strong>Vincent  \t MONTREUIL<\/strong><br\/>Doyen du groupe Expertise disciplinaire et p\u00e9dagogique STI, Membre de l\u2019intergroupe informatique et du p\u00f4le Donn\u00e9es, intelligence artificielle et num\u00e9rique &ndash; INSPECTION G\u00c9N\u00c9RAL DE L\u2019\u00c9DUCATION, DU SPORT ET DE LA RECHERCHE<\/p><\/div>\t\t\t\t\t\t\t\t\t<div class=\"speaker\">\r\n\t<img decoding=\"async\" src=\"https:\/\/weyou.blob.core.windows.net\/images\/conferencier\/7f41675a-23c3-49e7-bc98-b31b3ee63dd7.jpg\" alt=\"Caroline  MAUZE\"><p><strong>Caroline  MAUZE<\/strong><br\/>Cheffe de d\u00e9partement de la formation continue  &ndash; EDUCATION NATIONALE POLYN\u00c9SIE FRAN\u00c7AISE<\/p><\/div>\t\t\t\t\t\t\t<\/div>\r\n\t\t\t\t\r\n\t\t\t\t\t<div class=\"exhibitor-share-box\">\r\n\t\t\t\t\t\t\t\t<a href=\"https:\/\/www.facebook.com\/sharer\/sharer.php?u=https%3A%2F%2Fwww.educatech-expo.com%2Fen%2Fconference%2Feductech-expo\" data-network=\"facebook\" aria-label=\"Facebook\" style=\"--official-color: #557dbc\" rel=\"noopener noreferrer nofollow\">\r\n\t\t\t\t\t<span class=\"icon-container\">\r\n\t\t\t\t\t\t<svg width=\"20px\" height=\"20px\" viewBox=\"0 0 20 20\" aria-hidden=\"true\">\r\n\t\t\t\t\t\t\t<path d=\"M20,10.1c0-5.5-4.5-10-10-10S0,4.5,0,10.1c0,5,3.7,9.1,8.4,9.9v-7H5.9v-2.9h2.5V7.9C8.4,5.4,9.9,4,12.2,4c1.1,0,2.2,0.2,2.2,0.2v2.5h-1.3c-1.2,0-1.6,0.8-1.6,1.6v1.9h2.8L13.9,13h-2.3v7C16.3,19.2,20,15.1,20,10.1z\"><\/path>\r\n\t\t\t\t\t\t<\/svg>\r\n\t\t\t\t\t<\/span>\r\n\t\t\t\t<\/a>\r\n\t\t\t\t\t\t\t\r\n\t\t\t\t<a href=\"https:\/\/twitter.com\/share?url=https%3A%2F%2Fwww.educatech-expo.com%2Fen%2Fconference%2Feductech-expo&text=Conferences & workshops organized by Educ@tech Expo - Educ@tech Expo\" data-network=\"twitter\" aria-label=\"Twitter\" style=\"--official-color: #7acdee\" rel=\"noopener noreferrer nofollow\">\r\n\t\t\t\t\t<span class=\"icon-container\">\r\n\t\t\t\t\t\t<svg width=\"20px\" height=\"20px\" viewBox=\"0 0 20 20\" aria-hidden=\"true\">\r\n\t\t\t\t\t\t\t<path d=\"M20,3.8c-0.7,0.3-1.5,0.5-2.4,0.6c0.8-0.5,1.5-1.3,1.8-2.3c-0.8,0.5-1.7,0.8-2.6,1c-0.7-0.8-1.8-1.3-3-1.3c-2.3,0-4.1,1.8-4.1,4.1c0,0.3,0,0.6,0.1,0.9C6.4,6.7,3.4,5.1,1.4,2.6C1,3.2,0.8,3.9,0.8,4.7c0,1.4,0.7,2.7,1.8,3.4C2,8.1,1.4,7.9,0.8,7.6c0,0,0,0,0,0.1c0,2,1.4,3.6,3.3,4c-0.3,0.1-0.7,0.1-1.1,0.1c-0.3,0-0.5,0-0.8-0.1c0.5,1.6,2,2.8,3.8,2.8c-1.4,1.1-3.2,1.8-5.1,1.8c-0.3,0-0.7,0-1-0.1c1.8,1.2,4,1.8,6.3,1.8c7.5,0,11.7-6.3,11.7-11.7c0-0.2,0-0.4,0-0.5C18.8,5.3,19.4,4.6,20,3.8z\"><\/path>\r\n\t\t\t\t\t\t<\/svg>\r\n\t\t\t\t\t<\/span>\r\n\t\t\t\t<\/a>\r\n\r\n\t\t\t\t<a href=\"https:\/\/www.linkedin.com\/shareArticle?url=https%3A%2F%2Fwww.educatech-expo.com%2Fen%2Fconference%2Feductech-expo&title=Conferences & workshops organized by Educ@tech Expo - Educ@tech Expo\" data-network=\"linkedin\" aria-label=\"LinkedIn\" style=\"--official-color: #1c86c6\" rel=\"noopener noreferrer nofollow\">\r\n\t\t\t\t\t<span class=\"icon-container\">\r\n\t\t\t\t\t\t<svg width=\"20px\" height=\"20px\" viewBox=\"0 0 20 20\" aria-hidden=\"true\">\r\n\t\t\t\t\t\t\t<path d=\"M18.6,0H1.4C0.6,0,0,0.6,0,1.4v17.1C0,19.4,0.6,20,1.4,20h17.1c0.8,0,1.4-0.6,1.4-1.4V1.4C20,0.6,19.4,0,18.6,0z M6,17.1h-3V7.6h3L6,17.1L6,17.1zM4.6,6.3c-1,0-1.7-0.8-1.7-1.7s0.8-1.7,1.7-1.7c0.9,0,1.7,0.8,1.7,1.7C6.3,5.5,5.5,6.3,4.6,6.3z M17.2,17.1h-3v-4.6c0-1.1,0-2.5-1.5-2.5c-1.5,0-1.8,1.2-1.8,2.5v4.7h-3V7.6h2.8v1.3h0c0.4-0.8,1.4-1.5,2.8-1.5c3,0,3.6,2,3.6,4.5V17.1z\"><\/path>\r\n\t\t\t\t\t\t<\/svg>\r\n\t\t\t\t\t<\/span>\r\n\t\t\t\t<\/a>\r\n\t\t\t\t\r\n\t\t\t\t<a href=\"whatsapp:\/\/send?text=https%3A%2F%2Fwww.educatech-expo.com%2Fen%2Fconference%2Feductech-expo\" data-network=\"whatsapp\" aria-label=\"WhatsApp\" style=\"--official-color: #5bba67\" rel=\"noopener noreferrer nofollow\">\r\n\t\t\t\t\t<span class=\"icon-container\">\r\n\t\t\t\t\t\t<svg width=\"20px\" height=\"20px\" viewBox=\"0 0 20 20\" aria-hidden=\"true\">\r\n\t\t\t\t\t\t\t<path d=\"M10,0C4.5,0,0,4.5,0,10c0,1.9,0.5,3.6,1.4,5.1L0.1,20l5-1.3C6.5,19.5,8.2,20,10,20c5.5,0,10-4.5,10-10S15.5,0,10,0zM6.6,5.3c0.2,0,0.3,0,0.5,0c0.2,0,0.4,0,0.6,0.4c0.2,0.5,0.7,1.7,0.8,1.8c0.1,0.1,0.1,0.3,0,0.4C8.3,8.2,8.3,8.3,8.1,8.5C8,8.6,7.9,8.8,7.8,8.9C7.7,9,7.5,9.1,7.7,9.4c0.1,0.2,0.6,1.1,1.4,1.7c0.9,0.8,1.7,1.1,2,1.2c0.2,0.1,0.4,0.1,0.5-0.1c0.1-0.2,0.6-0.7,0.8-1c0.2-0.2,0.3-0.2,0.6-0.1c0.2,0.1,1.4,0.7,1.7,0.8s0.4,0.2,0.5,0.3c0.1,0.1,0.1,0.6-0.1,1.2c-0.2,0.6-1.2,1.1-1.7,1.2c-0.5,0-0.9,0.2-3-0.6c-2.5-1-4.1-3.6-4.2-3.7c-0.1-0.2-1-1.3-1-2.6c0-1.2,0.6-1.8,0.9-2.1C6.1,5.4,6.4,5.3,6.6,5.3z\"><\/path>\r\n\t\t\t\t\t\t<\/svg>\r\n\t\t\t\t\t<\/span>\r\n\t\t\t\t<\/a>\r\n\t\t\t<\/div>\r\n\t\t\t<\/div>\r\n<\/div>\t\t\t\t\t\t\t<div class=\"conferences-accordion-item\" data-date=\"2025-11-19T00:00:00\" data-type=\"plenary-conference\">\r\n\t<div class=\"conferences-accordion-header\">\r\n\t\t<div class=\"conference-infos\">\r\n\t\t\t<span class=\"conference-date\">\r\n\t\t\t\t<svg xmlns=\"http:\/\/www.w3.org\/2000\/svg\" height=\"1em\" viewBox=\"0 0 448 512\"><path d=\"M96 32V64H48C21.5 64 0 85.5 0 112v48H448V112c0-26.5-21.5-48-48-48H352V32c0-17.7-14.3-32-32-32s-32 14.3-32 32V64H160V32c0-17.7-14.3-32-32-32S96 14.3 96 32zM448 192H0V464c0 26.5 21.5 48 48 48H400c26.5 0 48-21.5 48-48V192z\"\/><\/svg>\r\n\t\t\t\t19 November 2025\t\t\t<\/span>\r\n\t\t\t<span class=\"conference-time\">\r\n\t\t\t\t<svg xmlns=\"http:\/\/www.w3.org\/2000\/svg\" height=\"1em\" viewBox=\"0 0 512 512\"><path d=\"M256 0a256 256 0 1 1 0 512A256 256 0 1 1 256 0zM232 120V256c0 8 4 15.5 10.7 20l96 64c11 7.4 25.9 4.4 33.3-6.7s4.4-25.9-6.7-33.3L280 243.2V120c0-13.3-10.7-24-24-24s-24 10.7-24 24z\"\/><\/svg>\r\n\t\t\t\t17h40 to 18h40\t\t\t<\/span>\r\n\t\t\t<span class=\"conference-location\">\r\n\t\t\t\t<svg xmlns=\"http:\/\/www.w3.org\/2000\/svg\" height=\"1em\" viewBox=\"0 0 384 512\"><path d=\"M215.7 499.2C267 435 384 279.4 384 192C384 86 298 0 192 0S0 86 0 192c0 87.4 117 243 168.3 307.2c12.3 15.3 35.1 15.3 47.4 0zM192 128a64 64 0 1 1 0 128 64 64 0 1 1 0-128z\"\/><\/svg>\r\n\t\t\t\tAMPHITHEATER\t\t\t<\/span>\r\n\t\t\t\r\n\t\t\t\t\t\t\t<span class=\"conference-type\">\r\n\t\t\t\t\t<svg xmlns=\"http:\/\/www.w3.org\/2000\/svg\" height=\"1em\" viewBox=\"0 0 384 512\"><path d=\"M0 48V487.7C0 501.1 10.9 512 24.3 512c5 0 9.9-1.5 14-4.4L192 400 345.7 507.6c4.1 2.9 9 4.4 14 4.4c13.4 0 24.3-10.9 24.3-24.3V48c0-26.5-21.5-48-48-48H48C21.5 0 0 21.5 0 48z\"\/><\/svg>\r\n\t\t\t\t\tPLENARY CONFERENCE\t\t\t\t<\/span>\r\n\t\t\t\t\t<\/div>\r\n\t\t\r\n\t\t<h3 class=\"conference-title\">Grand prix AFINEF des collectivit\u00e9s innovantes : Remise des troph\u00e9es 2025<\/h3>\r\n\t\t\r\n\t\t\t\t\t<p class=\"organized-by\">\r\n\t\t\t\tOrganized by AFINEF\t\t\t<\/p>\r\n\t\t\t\t\r\n\t\t<a class=\"read-more\" href=\"#\">Continue reading<\/a>\r\n\t<\/div>\r\n\t\t\t\t\t\t\t\t\r\n\t<div class=\"conferences-accordion-panel\">\r\n\t\t\r\n\t\t\t\t\t\t<img decoding=\"async\" src=\"https:\/\/weyou.blob.core.windows.net\/images\/exposant\/52b693bd-f845-4935-a0d0-15b8ebd2e95d.jpg\" class=\"exhibitor-logo\" alt=\"AFINEF\">\r\n\t\t\t\t\t\r\n\t\t<div class=\"conference-description\">\r\n\t\t\t\r\n<p>Pour la deuxi\u00e8me ann\u00e9e&nbsp;cons\u00e9cutive,&nbsp;l\u2019AFINEF&nbsp;propose de mettre en avant les initiatives port\u00e9es par les collectivit\u00e9s territoriales en mati\u00e8re d\u2019innovation dans le secteur de l\u2019\u00e9ducation.<\/p>\r\n<p>Les objectifs du Grand prix sont de :<\/p>\r\n<ul>\r\n<li>R\u00e9compenser des initiatives innovantes \u00e0 fort impact, mises en \u0153uvre par des collectivit\u00e9s au service des communaut\u00e9s \u00e9ducatives,\r\n<\/li><li>Faire rayonner les territoires, inciter \u00e0 l\u2019\u00e9mulation et mettre en lumi\u00e8re les \u00e9quipes qui ont rendu ces projets possibles.\r\n<\/li><\/ul>\r\n<p>Un jury prestigieux compos\u00e9 d\u2019\u00e9lus, de repr\u00e9sentants de minist\u00e8res, d\u2019acteurs de la recherche et du monde associatif sera pr\u00e9sent lors de la remise des prix.<\/p>\r\n<p>Les membres du jury pr\u00e9sents :<\/p>\r\n<ul>\r\n<li>Val\u00e9rie Nouvel, Vice-pr\u00e9sidente du D\u00e9partement de La Manche <\/li><li>Alice Bouteloup, Responsable du p\u00f4le \u00e9ducation \u00e0 la Banque des territoires <\/li><li>Mathilde Travail, Co-fondatrice d'Entreprendre pour l'Education<\/li><li>Tessa Deit, Responsable p\u00e9dagogique du Collectif Orientation<\/li><li>Christine Fran\u00e7ois, Conseill\u00e8re en syst\u00e8me d\u2019information \u2013 Transformation num\u00e9rique et innovation publique -Minist\u00e8re de l\u2019Education nationale\r\n<\/li><li>Emmanuel Georges-Picot, Conseiller charg\u00e9 de l'\u00e9ducation, de l'orientation, de la formation et de l'emploi&nbsp; de R\u00e9gions de France<\/li><li>Christian Stracka, Pr\u00e9sident de l'AFT-RN<\/li><li>Taninna Portebos, Directrice du projet IOTA de l'Ecole 42 <\/li><\/ul>\r\n\t\t<\/div>\r\n\t\t\t\r\n\t\t\t\t\r\n\t\t\t\t\r\n\t\t\t\t\t<div class=\"exhibitor-share-box\">\r\n\t\t\t\t\t\t\t\t<a href=\"https:\/\/www.facebook.com\/sharer\/sharer.php?u=https%3A%2F%2Fwww.educatech-expo.com%2Fen%2Fconference%2Fafinef\" data-network=\"facebook\" aria-label=\"Facebook\" style=\"--official-color: #557dbc\" rel=\"noopener noreferrer nofollow\">\r\n\t\t\t\t\t<span class=\"icon-container\">\r\n\t\t\t\t\t\t<svg width=\"20px\" height=\"20px\" viewBox=\"0 0 20 20\" aria-hidden=\"true\">\r\n\t\t\t\t\t\t\t<path d=\"M20,10.1c0-5.5-4.5-10-10-10S0,4.5,0,10.1c0,5,3.7,9.1,8.4,9.9v-7H5.9v-2.9h2.5V7.9C8.4,5.4,9.9,4,12.2,4c1.1,0,2.2,0.2,2.2,0.2v2.5h-1.3c-1.2,0-1.6,0.8-1.6,1.6v1.9h2.8L13.9,13h-2.3v7C16.3,19.2,20,15.1,20,10.1z\"><\/path>\r\n\t\t\t\t\t\t<\/svg>\r\n\t\t\t\t\t<\/span>\r\n\t\t\t\t<\/a>\r\n\t\t\t\t\t\t\t\r\n\t\t\t\t<a href=\"https:\/\/twitter.com\/share?url=https%3A%2F%2Fwww.educatech-expo.com%2Fen%2Fconference%2Fafinef&text=Conferences & workshops organized by AFINEF - Educ@tech Expo\" data-network=\"twitter\" aria-label=\"Twitter\" style=\"--official-color: #7acdee\" rel=\"noopener noreferrer nofollow\">\r\n\t\t\t\t\t<span class=\"icon-container\">\r\n\t\t\t\t\t\t<svg width=\"20px\" height=\"20px\" viewBox=\"0 0 20 20\" aria-hidden=\"true\">\r\n\t\t\t\t\t\t\t<path d=\"M20,3.8c-0.7,0.3-1.5,0.5-2.4,0.6c0.8-0.5,1.5-1.3,1.8-2.3c-0.8,0.5-1.7,0.8-2.6,1c-0.7-0.8-1.8-1.3-3-1.3c-2.3,0-4.1,1.8-4.1,4.1c0,0.3,0,0.6,0.1,0.9C6.4,6.7,3.4,5.1,1.4,2.6C1,3.2,0.8,3.9,0.8,4.7c0,1.4,0.7,2.7,1.8,3.4C2,8.1,1.4,7.9,0.8,7.6c0,0,0,0,0,0.1c0,2,1.4,3.6,3.3,4c-0.3,0.1-0.7,0.1-1.1,0.1c-0.3,0-0.5,0-0.8-0.1c0.5,1.6,2,2.8,3.8,2.8c-1.4,1.1-3.2,1.8-5.1,1.8c-0.3,0-0.7,0-1-0.1c1.8,1.2,4,1.8,6.3,1.8c7.5,0,11.7-6.3,11.7-11.7c0-0.2,0-0.4,0-0.5C18.8,5.3,19.4,4.6,20,3.8z\"><\/path>\r\n\t\t\t\t\t\t<\/svg>\r\n\t\t\t\t\t<\/span>\r\n\t\t\t\t<\/a>\r\n\r\n\t\t\t\t<a href=\"https:\/\/www.linkedin.com\/shareArticle?url=https%3A%2F%2Fwww.educatech-expo.com%2Fen%2Fconference%2Fafinef&title=Conferences & workshops organized by AFINEF - Educ@tech Expo\" data-network=\"linkedin\" aria-label=\"LinkedIn\" style=\"--official-color: #1c86c6\" rel=\"noopener noreferrer nofollow\">\r\n\t\t\t\t\t<span class=\"icon-container\">\r\n\t\t\t\t\t\t<svg width=\"20px\" height=\"20px\" viewBox=\"0 0 20 20\" aria-hidden=\"true\">\r\n\t\t\t\t\t\t\t<path d=\"M18.6,0H1.4C0.6,0,0,0.6,0,1.4v17.1C0,19.4,0.6,20,1.4,20h17.1c0.8,0,1.4-0.6,1.4-1.4V1.4C20,0.6,19.4,0,18.6,0z M6,17.1h-3V7.6h3L6,17.1L6,17.1zM4.6,6.3c-1,0-1.7-0.8-1.7-1.7s0.8-1.7,1.7-1.7c0.9,0,1.7,0.8,1.7,1.7C6.3,5.5,5.5,6.3,4.6,6.3z M17.2,17.1h-3v-4.6c0-1.1,0-2.5-1.5-2.5c-1.5,0-1.8,1.2-1.8,2.5v4.7h-3V7.6h2.8v1.3h0c0.4-0.8,1.4-1.5,2.8-1.5c3,0,3.6,2,3.6,4.5V17.1z\"><\/path>\r\n\t\t\t\t\t\t<\/svg>\r\n\t\t\t\t\t<\/span>\r\n\t\t\t\t<\/a>\r\n\t\t\t\t\r\n\t\t\t\t<a href=\"whatsapp:\/\/send?text=https%3A%2F%2Fwww.educatech-expo.com%2Fen%2Fconference%2Fafinef\" data-network=\"whatsapp\" aria-label=\"WhatsApp\" style=\"--official-color: #5bba67\" rel=\"noopener noreferrer nofollow\">\r\n\t\t\t\t\t<span class=\"icon-container\">\r\n\t\t\t\t\t\t<svg width=\"20px\" height=\"20px\" viewBox=\"0 0 20 20\" aria-hidden=\"true\">\r\n\t\t\t\t\t\t\t<path d=\"M10,0C4.5,0,0,4.5,0,10c0,1.9,0.5,3.6,1.4,5.1L0.1,20l5-1.3C6.5,19.5,8.2,20,10,20c5.5,0,10-4.5,10-10S15.5,0,10,0zM6.6,5.3c0.2,0,0.3,0,0.5,0c0.2,0,0.4,0,0.6,0.4c0.2,0.5,0.7,1.7,0.8,1.8c0.1,0.1,0.1,0.3,0,0.4C8.3,8.2,8.3,8.3,8.1,8.5C8,8.6,7.9,8.8,7.8,8.9C7.7,9,7.5,9.1,7.7,9.4c0.1,0.2,0.6,1.1,1.4,1.7c0.9,0.8,1.7,1.1,2,1.2c0.2,0.1,0.4,0.1,0.5-0.1c0.1-0.2,0.6-0.7,0.8-1c0.2-0.2,0.3-0.2,0.6-0.1c0.2,0.1,1.4,0.7,1.7,0.8s0.4,0.2,0.5,0.3c0.1,0.1,0.1,0.6-0.1,1.2c-0.2,0.6-1.2,1.1-1.7,1.2c-0.5,0-0.9,0.2-3-0.6c-2.5-1-4.1-3.6-4.2-3.7c-0.1-0.2-1-1.3-1-2.6c0-1.2,0.6-1.8,0.9-2.1C6.1,5.4,6.4,5.3,6.6,5.3z\"><\/path>\r\n\t\t\t\t\t\t<\/svg>\r\n\t\t\t\t\t<\/span>\r\n\t\t\t\t<\/a>\r\n\t\t\t<\/div>\r\n\t\t\t<\/div>\r\n<\/div>\t\t\t\t\t\t\t<div class=\"conferences-accordion-item\" data-date=\"2025-11-20T00:00:00\" data-type=\"plenary-conference\">\r\n\t<div class=\"conferences-accordion-header\">\r\n\t\t<div class=\"conference-infos\">\r\n\t\t\t<span class=\"conference-date\">\r\n\t\t\t\t<svg xmlns=\"http:\/\/www.w3.org\/2000\/svg\" height=\"1em\" viewBox=\"0 0 448 512\"><path d=\"M96 32V64H48C21.5 64 0 85.5 0 112v48H448V112c0-26.5-21.5-48-48-48H352V32c0-17.7-14.3-32-32-32s-32 14.3-32 32V64H160V32c0-17.7-14.3-32-32-32S96 14.3 96 32zM448 192H0V464c0 26.5 21.5 48 48 48H400c26.5 0 48-21.5 48-48V192z\"\/><\/svg>\r\n\t\t\t\t20 November 2025\t\t\t<\/span>\r\n\t\t\t<span class=\"conference-time\">\r\n\t\t\t\t<svg xmlns=\"http:\/\/www.w3.org\/2000\/svg\" height=\"1em\" viewBox=\"0 0 512 512\"><path d=\"M256 0a256 256 0 1 1 0 512A256 256 0 1 1 256 0zM232 120V256c0 8 4 15.5 10.7 20l96 64c11 7.4 25.9 4.4 33.3-6.7s4.4-25.9-6.7-33.3L280 243.2V120c0-13.3-10.7-24-24-24s-24 10.7-24 24z\"\/><\/svg>\r\n\t\t\t\t09h30 to 10h30\t\t\t<\/span>\r\n\t\t\t<span class=\"conference-location\">\r\n\t\t\t\t<svg xmlns=\"http:\/\/www.w3.org\/2000\/svg\" height=\"1em\" viewBox=\"0 0 384 512\"><path d=\"M215.7 499.2C267 435 384 279.4 384 192C384 86 298 0 192 0S0 86 0 192c0 87.4 117 243 168.3 307.2c12.3 15.3 35.1 15.3 47.4 0zM192 128a64 64 0 1 1 0 128 64 64 0 1 1 0-128z\"\/><\/svg>\r\n\t\t\t\tAMPHITHEATER\t\t\t<\/span>\r\n\t\t\t\r\n\t\t\t\t\t\t\t<span class=\"conference-type\">\r\n\t\t\t\t\t<svg xmlns=\"http:\/\/www.w3.org\/2000\/svg\" height=\"1em\" viewBox=\"0 0 384 512\"><path d=\"M0 48V487.7C0 501.1 10.9 512 24.3 512c5 0 9.9-1.5 14-4.4L192 400 345.7 507.6c4.1 2.9 9 4.4 14 4.4c13.4 0 24.3-10.9 24.3-24.3V48c0-26.5-21.5-48-48-48H48C21.5 0 0 21.5 0 48z\"\/><\/svg>\r\n\t\t\t\t\tPLENARY CONFERENCE\t\t\t\t<\/span>\r\n\t\t\t\t\t<\/div>\r\n\t\t\r\n\t\t<h3 class=\"conference-title\">Chromebook, the winning bet for local authorities<\/h3>\r\n\t\t\r\n\t\t\t\t\t<p class=\"organized-by\">\r\n\t\t\t\tOrganized by GOOGLE FOR EDUCATION\t\t\t<\/p>\r\n\t\t\t\t\r\n\t\t<a class=\"read-more\" href=\"#\">Continue reading<\/a>\r\n\t<\/div>\r\n\t\t\t\t\t\t\t\t\r\n\t<div class=\"conferences-accordion-panel\">\r\n\t\t\r\n\t\t\t\t\t\t<img decoding=\"async\" src=\"https:\/\/weyou.blob.core.windows.net\/images\/exposant\/fd8f788e-3ffe-444d-9dd3-dbdbdcec6154.jpg\" class=\"exhibitor-logo\" alt=\"GOOGLE FOR EDUCATION\">\r\n\t\t\t\t\t\r\n\t\t<div class=\"conference-description\">\r\n\t\t\t\r\n\r\n<p>France's local authorities have a tough job: bring schools into the digital age without breaking the bank. How can they promote mindful technology use while also ensuring the investment pays off through mass adoption? The answer is becoming clear.<\/p>\r\n<p>Learn about the rise of the Chromebook in France through the experiences of the \u00cele-de-France Region, Meurthe-et-Moselle, and the Dijon Metropolis.<\/p>\r\n<p>In just four years, Chromebooks have gone from being the new kid on the block to a leading choice for schools. Find out how this smart, practical solution is solving the most pressing challenges in education today.<\/p>\r\n\r\n<p>French educational authorities are navigating a complex digital transformation. They must modernize school technology on tight budgets and balance a responsible, sustainable approach with the need for widespread adoption to justify their investment.<\/p>\r\n<p>Hear directly from leaders in the \u00cele-de-France Region, the Meurthe-et-Moselle department, and the Dijon Metropolis as they share the remarkable success story of the Chromebook in France.<\/p>\r\n<p>Despite being a newcomer just four years ago, Google's solution has effectively challenged established competitors. Today, the Chromebook is increasingly recognized as a pragmatic and strategic solution to the challenges schools face.<\/p>\r\n<p>Key Discussion Points:<\/p>\r\n<ul>\r\n<li>\r\n<p>Cost-Effectiveness &amp; TCO: Discover how local authorities are optimizing budgets through Chromebooks' affordability, simplified maintenance, and centralized management console.<\/p>\r\n<\/li><li>\r\n<p>Sustainability: Learn how the low energy consumption and 10-year software lifespan of Chromebooks support more responsible and sustainable public procurement.<\/p>\r\n<\/li><li>\r\n<p>Teaching &amp; Learning Outcomes: Explore how the ChromeOS and Google for Education ecosystem enhances teacher productivity and student achievement, with real-world examples of its impact on pedagogy and mindful screen time.<\/p>\r\n<\/li><li>\r\n<p>Data Security &amp; Sovereignty: Understand how Google works with French authorities to ensure its solutions meet strict national requirements for data security and GDPR compliance.<\/p>\r\n<\/li><\/ul>\r\n<p>Discover why more and more French regions are partnering with Google to create a modern, effective, and sustainable learning environment for their students.<\/p>\r\n\r\n\t\t<\/div>\r\n\t\t\t\r\n\t\t\t\t\t<p class=\"speakers-title\">Conference Moderators:<\/p>\r\n\t\t\t<div class=\"speakers\">\r\n\t\t\t\t\t\t\t\t\t<div class=\"speaker\">\r\n\t<img decoding=\"async\" src=\"https:\/\/weyou.blob.core.windows.net\/images\/conferencier\/d34567d7-736f-433d-9909-cf3357e7b8bb.jpg\" alt=\"Rebecca BIRNBAUM\"><p><strong>Rebecca BIRNBAUM<\/strong><br\/>Head of Google for Education, France &ndash; GOOGLE<\/p><\/div>\t\t\t\t\t\t\t\t\t<div class=\"speaker\">\r\n\t<img decoding=\"async\" src=\"https:\/\/weyou.blob.core.windows.net\/images\/conferencier\/8d6a9401-8b80-4f4c-91a1-b5a6e248fc83.jpg\" alt=\"Jean-Philippe COMBE\"><p><strong>Jean-Philippe COMBE<\/strong><br\/>Sr Customer Engineer, Google for Education & Chrome Enterprise &ndash; GOOGLE<\/p><\/div>\t\t\t\t\t\t\t\t\t<div class=\"speaker\">\r\n\t<img decoding=\"async\" src=\"https:\/\/weyou.blob.core.windows.net\/images\/conferencier\/abd26cfc-814f-44c7-9845-5779f04bbf3f.jpg\" alt=\"Philippine DOLBEAU\"><p><strong>Philippine DOLBEAU<\/strong><br\/>Journalist and news anchor for l'Express and BFM Business &ndash; PHILIPPINEDOLBEAU.COM<\/p><\/div>\t\t\t\t\t\t\t<\/div>\r\n\t\t\t\t\r\n\t\t\t\t\t<p class=\"speakers-title\">Speakers:<\/p>\r\n\t\t\t<div class=\"speakers\">\r\n\t\t\t\t\t\t\t\t\t<div class=\"speaker\">\r\n\t<img decoding=\"async\" src=\"https:\/\/weyou.blob.core.windows.net\/images\/conferencier\/5e1ba2d8-8a1d-4ab4-8f29-53b3727477b5.jpg\" alt=\"Pascal COROLLER\"><p><strong>Pascal COROLLER<\/strong><br\/>Deputy CIO &ndash; R\u00c9GION \u00ceLE-DE-FRANCE<\/p><\/div>\t\t\t\t\t\t\t\t\t<div class=\"speaker\">\r\n\t<img decoding=\"async\" src=\"https:\/\/weyou.blob.core.windows.net\/images\/conferencier\/7a6e9e73-56f9-4ece-a3be-0498336603cc.jpg\" alt=\"Claude SCHMITT\"><p><strong>Claude SCHMITT<\/strong><br\/>Head of Education and Culture &ndash; CONSEIL D\u00c9PARTEMENTAL DE MEURTHE-ET-MOSELLE<\/p><\/div>\t\t\t\t\t\t\t\t\t<div class=\"speaker\">\r\n\t<img decoding=\"async\" src=\"https:\/\/weyou.blob.core.windows.net\/images\/conferencier\/6ad3c15e-2d96-4177-b6e6-f403bcc8c4bb.jpg\" alt=\"Xavier LENOIR\"><p><strong>Xavier LENOIR<\/strong><br\/>CIO &ndash; M\u00c9TROPOLE DE DIJON<\/p><\/div>\t\t\t\t\t\t\t<\/div>\r\n\t\t\t\t\r\n\t\t\t\t\t<div class=\"exhibitor-share-box\">\r\n\t\t\t\t\t\t\t\t<a href=\"https:\/\/www.facebook.com\/sharer\/sharer.php?u=https%3A%2F%2Fwww.educatech-expo.com%2Fen%2Fconference%2Fgoogle-for-education\" data-network=\"facebook\" aria-label=\"Facebook\" style=\"--official-color: #557dbc\" rel=\"noopener noreferrer nofollow\">\r\n\t\t\t\t\t<span class=\"icon-container\">\r\n\t\t\t\t\t\t<svg width=\"20px\" height=\"20px\" viewBox=\"0 0 20 20\" aria-hidden=\"true\">\r\n\t\t\t\t\t\t\t<path d=\"M20,10.1c0-5.5-4.5-10-10-10S0,4.5,0,10.1c0,5,3.7,9.1,8.4,9.9v-7H5.9v-2.9h2.5V7.9C8.4,5.4,9.9,4,12.2,4c1.1,0,2.2,0.2,2.2,0.2v2.5h-1.3c-1.2,0-1.6,0.8-1.6,1.6v1.9h2.8L13.9,13h-2.3v7C16.3,19.2,20,15.1,20,10.1z\"><\/path>\r\n\t\t\t\t\t\t<\/svg>\r\n\t\t\t\t\t<\/span>\r\n\t\t\t\t<\/a>\r\n\t\t\t\t\t\t\t\r\n\t\t\t\t<a href=\"https:\/\/twitter.com\/share?url=https%3A%2F%2Fwww.educatech-expo.com%2Fen%2Fconference%2Fgoogle-for-education&text=Conferences & workshops organized by GOOGLE FOR EDUCATION - Educ@tech Expo\" data-network=\"twitter\" aria-label=\"Twitter\" style=\"--official-color: #7acdee\" rel=\"noopener noreferrer nofollow\">\r\n\t\t\t\t\t<span class=\"icon-container\">\r\n\t\t\t\t\t\t<svg width=\"20px\" height=\"20px\" viewBox=\"0 0 20 20\" aria-hidden=\"true\">\r\n\t\t\t\t\t\t\t<path d=\"M20,3.8c-0.7,0.3-1.5,0.5-2.4,0.6c0.8-0.5,1.5-1.3,1.8-2.3c-0.8,0.5-1.7,0.8-2.6,1c-0.7-0.8-1.8-1.3-3-1.3c-2.3,0-4.1,1.8-4.1,4.1c0,0.3,0,0.6,0.1,0.9C6.4,6.7,3.4,5.1,1.4,2.6C1,3.2,0.8,3.9,0.8,4.7c0,1.4,0.7,2.7,1.8,3.4C2,8.1,1.4,7.9,0.8,7.6c0,0,0,0,0,0.1c0,2,1.4,3.6,3.3,4c-0.3,0.1-0.7,0.1-1.1,0.1c-0.3,0-0.5,0-0.8-0.1c0.5,1.6,2,2.8,3.8,2.8c-1.4,1.1-3.2,1.8-5.1,1.8c-0.3,0-0.7,0-1-0.1c1.8,1.2,4,1.8,6.3,1.8c7.5,0,11.7-6.3,11.7-11.7c0-0.2,0-0.4,0-0.5C18.8,5.3,19.4,4.6,20,3.8z\"><\/path>\r\n\t\t\t\t\t\t<\/svg>\r\n\t\t\t\t\t<\/span>\r\n\t\t\t\t<\/a>\r\n\r\n\t\t\t\t<a href=\"https:\/\/www.linkedin.com\/shareArticle?url=https%3A%2F%2Fwww.educatech-expo.com%2Fen%2Fconference%2Fgoogle-for-education&title=Conferences & workshops organized by GOOGLE FOR EDUCATION - Educ@tech Expo\" data-network=\"linkedin\" aria-label=\"LinkedIn\" style=\"--official-color: #1c86c6\" rel=\"noopener noreferrer nofollow\">\r\n\t\t\t\t\t<span class=\"icon-container\">\r\n\t\t\t\t\t\t<svg width=\"20px\" height=\"20px\" viewBox=\"0 0 20 20\" aria-hidden=\"true\">\r\n\t\t\t\t\t\t\t<path d=\"M18.6,0H1.4C0.6,0,0,0.6,0,1.4v17.1C0,19.4,0.6,20,1.4,20h17.1c0.8,0,1.4-0.6,1.4-1.4V1.4C20,0.6,19.4,0,18.6,0z M6,17.1h-3V7.6h3L6,17.1L6,17.1zM4.6,6.3c-1,0-1.7-0.8-1.7-1.7s0.8-1.7,1.7-1.7c0.9,0,1.7,0.8,1.7,1.7C6.3,5.5,5.5,6.3,4.6,6.3z M17.2,17.1h-3v-4.6c0-1.1,0-2.5-1.5-2.5c-1.5,0-1.8,1.2-1.8,2.5v4.7h-3V7.6h2.8v1.3h0c0.4-0.8,1.4-1.5,2.8-1.5c3,0,3.6,2,3.6,4.5V17.1z\"><\/path>\r\n\t\t\t\t\t\t<\/svg>\r\n\t\t\t\t\t<\/span>\r\n\t\t\t\t<\/a>\r\n\t\t\t\t\r\n\t\t\t\t<a href=\"whatsapp:\/\/send?text=https%3A%2F%2Fwww.educatech-expo.com%2Fen%2Fconference%2Fgoogle-for-education\" data-network=\"whatsapp\" aria-label=\"WhatsApp\" style=\"--official-color: #5bba67\" rel=\"noopener noreferrer nofollow\">\r\n\t\t\t\t\t<span class=\"icon-container\">\r\n\t\t\t\t\t\t<svg width=\"20px\" height=\"20px\" viewBox=\"0 0 20 20\" aria-hidden=\"true\">\r\n\t\t\t\t\t\t\t<path d=\"M10,0C4.5,0,0,4.5,0,10c0,1.9,0.5,3.6,1.4,5.1L0.1,20l5-1.3C6.5,19.5,8.2,20,10,20c5.5,0,10-4.5,10-10S15.5,0,10,0zM6.6,5.3c0.2,0,0.3,0,0.5,0c0.2,0,0.4,0,0.6,0.4c0.2,0.5,0.7,1.7,0.8,1.8c0.1,0.1,0.1,0.3,0,0.4C8.3,8.2,8.3,8.3,8.1,8.5C8,8.6,7.9,8.8,7.8,8.9C7.7,9,7.5,9.1,7.7,9.4c0.1,0.2,0.6,1.1,1.4,1.7c0.9,0.8,1.7,1.1,2,1.2c0.2,0.1,0.4,0.1,0.5-0.1c0.1-0.2,0.6-0.7,0.8-1c0.2-0.2,0.3-0.2,0.6-0.1c0.2,0.1,1.4,0.7,1.7,0.8s0.4,0.2,0.5,0.3c0.1,0.1,0.1,0.6-0.1,1.2c-0.2,0.6-1.2,1.1-1.7,1.2c-0.5,0-0.9,0.2-3-0.6c-2.5-1-4.1-3.6-4.2-3.7c-0.1-0.2-1-1.3-1-2.6c0-1.2,0.6-1.8,0.9-2.1C6.1,5.4,6.4,5.3,6.6,5.3z\"><\/path>\r\n\t\t\t\t\t\t<\/svg>\r\n\t\t\t\t\t<\/span>\r\n\t\t\t\t<\/a>\r\n\t\t\t<\/div>\r\n\t\t\t<\/div>\r\n<\/div>\t\t\t\t\t\t\t<div class=\"conferences-accordion-item\" data-date=\"2025-11-20T00:00:00\" data-type=\"plenary-conference\">\r\n\t<div class=\"conferences-accordion-header\">\r\n\t\t<div class=\"conference-infos\">\r\n\t\t\t<span class=\"conference-date\">\r\n\t\t\t\t<svg xmlns=\"http:\/\/www.w3.org\/2000\/svg\" height=\"1em\" viewBox=\"0 0 448 512\"><path d=\"M96 32V64H48C21.5 64 0 85.5 0 112v48H448V112c0-26.5-21.5-48-48-48H352V32c0-17.7-14.3-32-32-32s-32 14.3-32 32V64H160V32c0-17.7-14.3-32-32-32S96 14.3 96 32zM448 192H0V464c0 26.5 21.5 48 48 48H400c26.5 0 48-21.5 48-48V192z\"\/><\/svg>\r\n\t\t\t\t20 November 2025\t\t\t<\/span>\r\n\t\t\t<span class=\"conference-time\">\r\n\t\t\t\t<svg xmlns=\"http:\/\/www.w3.org\/2000\/svg\" height=\"1em\" viewBox=\"0 0 512 512\"><path d=\"M256 0a256 256 0 1 1 0 512A256 256 0 1 1 256 0zM232 120V256c0 8 4 15.5 10.7 20l96 64c11 7.4 25.9 4.4 33.3-6.7s4.4-25.9-6.7-33.3L280 243.2V120c0-13.3-10.7-24-24-24s-24 10.7-24 24z\"\/><\/svg>\r\n\t\t\t\t10h30 to 11h30\t\t\t<\/span>\r\n\t\t\t<span class=\"conference-location\">\r\n\t\t\t\t<svg xmlns=\"http:\/\/www.w3.org\/2000\/svg\" height=\"1em\" viewBox=\"0 0 384 512\"><path d=\"M215.7 499.2C267 435 384 279.4 384 192C384 86 298 0 192 0S0 86 0 192c0 87.4 117 243 168.3 307.2c12.3 15.3 35.1 15.3 47.4 0zM192 128a64 64 0 1 1 0 128 64 64 0 1 1 0-128z\"\/><\/svg>\r\n\t\t\t\tAMPHITHEATER\t\t\t<\/span>\r\n\t\t\t\r\n\t\t\t\t\t\t\t<span class=\"conference-type\">\r\n\t\t\t\t\t<svg xmlns=\"http:\/\/www.w3.org\/2000\/svg\" height=\"1em\" viewBox=\"0 0 384 512\"><path d=\"M0 48V487.7C0 501.1 10.9 512 24.3 512c5 0 9.9-1.5 14-4.4L192 400 345.7 507.6c4.1 2.9 9 4.4 14 4.4c13.4 0 24.3-10.9 24.3-24.3V48c0-26.5-21.5-48-48-48H48C21.5 0 0 21.5 0 48z\"\/><\/svg>\r\n\t\t\t\t\tPLENARY CONFERENCE\t\t\t\t<\/span>\r\n\t\t\t\t\t<\/div>\r\n\t\t\r\n\t\t<h3 class=\"conference-title\">Digital strategy for education: What lessons can be learned? What next steps should be taken?<\/h3>\r\n\t\t\r\n\t\t\t\t\t<p class=\"organized-by\">\r\n\t\t\t\tOrganized by DIRECTION DU NUMERIQUE POUR L'EDUCATION - MINISTERE DE L'EDUCATION NATIONALE\t\t\t<\/p>\r\n\t\t\t\t\r\n\t\t<a class=\"read-more\" href=\"#\">Continue reading<\/a>\r\n\t<\/div>\r\n\t\t\t\t\t\t\t\t\r\n\t<div class=\"conferences-accordion-panel\">\r\n\t\t\r\n\t\t\t\t\t\t<img decoding=\"async\" src=\"https:\/\/weyou.blob.core.windows.net\/images\/exposant\/b0cf883b-7926-4369-aaa9-64f4b764d5cd.jpg\" class=\"exhibitor-logo\" alt=\"DIRECTION DU NUMERIQUE POUR L'EDUCATION - MINISTERE DE L'EDUCATION NATIONALE\">\r\n\t\t\t\t\t\r\n\t\t<div class=\"conference-description\">\r\n\t\t\t\r\n\r\n<p>Halfway through the 2023-2027 digital strategy for education, the Ministry and its partners are updating it to take into account rapid changes in the educational, technological and societal landscape. The adjustments to the strategy reflect several recent commitments, for example in the areas of AI (framework for the use of AI in education), gender parity (Girls and Maths Plan) and digital parenting (digital usage guidelines).<\/p>\r\n<p>This conference-debate will review the main lessons learned over the past period: development of digital citizenship, consolidation of digital skills among pupils and teachers, structuring of resources and services, and affirmation of shared governance between the State, local authorities and the EdTech ecosystem.<\/p>\r\n<p>Participants will be invited to analyse successes and areas for improvement, share identified levers for action and contribute to collective reflection on future directions: what place for digital commons? How can we support the rise of artificial intelligence in learning and facilitate teaching? What are the priorities for accelerating the implementation of the strategy?<\/p>\r\n<p>This meeting will be a unique opportunity for dialogue between public actors, local authorities and companies in the EdTech sector to think together about the digital education of tomorrow.<\/p>\r\n\r\n\t\t<\/div>\r\n\t\t\t\r\n\t\t\t\t\t<p class=\"speakers-title\">Conference Moderator:<\/p>\r\n\t\t\t<div class=\"speakers\">\r\n\t\t\t\t\t\t\t\t\t<div class=\"speaker\">\r\n\t<img decoding=\"async\" src=\"https:\/\/weyou.blob.core.windows.net\/images\/conferencier\/d9b0ab56-fb06-4651-968a-11ee0ff99a33.jpg\" alt=\"Amina EL MGHAZLI\"><p><strong>Amina EL MGHAZLI<\/strong><br\/>Project Manager, Governance and Implementation of the Digital Strategy for Education &ndash;  MINIST\u00c8RE DE L'\u00c9DUCATION NATIONALE - DIRECTION DU NUM\u00c9RIQUE POUR L'\u00c9DUCATION <\/p><\/div>\t\t\t\t\t\t\t<\/div>\r\n\t\t\t\t\r\n\t\t\t\t\t<p class=\"speakers-title\">Speakers:<\/p>\r\n\t\t\t<div class=\"speakers\">\r\n\t\t\t\t\t\t\t\t\t<div class=\"speaker\">\r\n\t<img decoding=\"async\" src=\"https:\/\/weyou.blob.core.windows.net\/images\/conferencier\/57fc2881-119b-451d-9684-6f92ad8a9c62.jpg\" alt=\"Audran LE BARON\"><p><strong>Audran LE BARON<\/strong><br\/>Director of Digital Education &ndash; MINIST\u00c8RE DE L'\u00c9DUCATION NATIONALE - DIRECTION DU NUM\u00c9RIQUE POUR L'\u00c9DUCATION <\/p><\/div>\t\t\t\t\t\t\t\t\t<div class=\"speaker\">\r\n\t<img decoding=\"async\" src=\"https:\/\/weyou.blob.core.windows.net\/images\/conferencier\/8f1fa631-0bbd-4452-b41f-bf00eccbbdb4.jpg\" alt=\"Emilie PESCE\"><p><strong>Emilie PESCE<\/strong><br\/>Chief Executive Officer &ndash; AFINEF<\/p><\/div>\t\t\t\t\t\t\t\t\t<div class=\"speaker\">\r\n\t<img decoding=\"async\" src=\"https:\/\/weyou.blob.core.windows.net\/images\/conferencier\/966c4538-9967-4fef-a0c0-9be364b6657d.jpg\" alt=\"Delphine DOURLET\"><p><strong>Delphine DOURLET<\/strong><br\/>Chairwoman of the association &ndash; ASSOCIATION LES \u00c9DITEURS DE L\u2019\u00c9DUCATION <\/p><\/div>\t\t\t\t\t\t\t\t\t<div class=\"speaker\">\r\n\t<img decoding=\"async\" src=\"https:\/\/weyou.blob.core.windows.net\/images\/conferencier\/2704d98f-baec-4d10-9a04-aac4d9e74f3f.jpg\" alt=\"Alexandra MAILLET\"><p><strong>Alexandra MAILLET<\/strong><br\/>Digital Education Project Manager &ndash; R\u00c9GION GRAND EST<\/p><\/div>\t\t\t\t\t\t\t\t\t<div class=\"speaker\">\r\n\t<img decoding=\"async\" src=\"https:\/\/weyou.blob.core.windows.net\/images\/conferencier\/dd1519b4-7e24-4419-8687-22832cc20466.jpg\" alt=\"Jean-Marie BIENFAIT\"><p><strong>Jean-Marie BIENFAIT<\/strong><br\/>Head of School Computerisation Department &ndash; D\u00c9PARTEMENT BOUCHES DU RH\u00d4NE<\/p><\/div>\t\t\t\t\t\t\t<\/div>\r\n\t\t\t\t\r\n\t\t\t\t\t<div class=\"exhibitor-share-box\">\r\n\t\t\t\t\t\t\t\t<a href=\"https:\/\/www.facebook.com\/sharer\/sharer.php?u=https%3A%2F%2Fwww.educatech-expo.com%2Fen%2Fconference%2Fdirection-du-numerique-pour-leducation-ministere-de-leducation-nationale\" data-network=\"facebook\" aria-label=\"Facebook\" style=\"--official-color: #557dbc\" rel=\"noopener noreferrer nofollow\">\r\n\t\t\t\t\t<span class=\"icon-container\">\r\n\t\t\t\t\t\t<svg width=\"20px\" height=\"20px\" viewBox=\"0 0 20 20\" aria-hidden=\"true\">\r\n\t\t\t\t\t\t\t<path d=\"M20,10.1c0-5.5-4.5-10-10-10S0,4.5,0,10.1c0,5,3.7,9.1,8.4,9.9v-7H5.9v-2.9h2.5V7.9C8.4,5.4,9.9,4,12.2,4c1.1,0,2.2,0.2,2.2,0.2v2.5h-1.3c-1.2,0-1.6,0.8-1.6,1.6v1.9h2.8L13.9,13h-2.3v7C16.3,19.2,20,15.1,20,10.1z\"><\/path>\r\n\t\t\t\t\t\t<\/svg>\r\n\t\t\t\t\t<\/span>\r\n\t\t\t\t<\/a>\r\n\t\t\t\t\t\t\t\r\n\t\t\t\t<a href=\"https:\/\/twitter.com\/share?url=https%3A%2F%2Fwww.educatech-expo.com%2Fen%2Fconference%2Fdirection-du-numerique-pour-leducation-ministere-de-leducation-nationale&text=Conferences & workshops organized by DIRECTION DU NUMERIQUE POUR L'EDUCATION - MINISTERE DE L'EDUCATION NATIONALE - Educ@tech Expo\" data-network=\"twitter\" aria-label=\"Twitter\" style=\"--official-color: #7acdee\" rel=\"noopener noreferrer nofollow\">\r\n\t\t\t\t\t<span class=\"icon-container\">\r\n\t\t\t\t\t\t<svg width=\"20px\" height=\"20px\" viewBox=\"0 0 20 20\" aria-hidden=\"true\">\r\n\t\t\t\t\t\t\t<path d=\"M20,3.8c-0.7,0.3-1.5,0.5-2.4,0.6c0.8-0.5,1.5-1.3,1.8-2.3c-0.8,0.5-1.7,0.8-2.6,1c-0.7-0.8-1.8-1.3-3-1.3c-2.3,0-4.1,1.8-4.1,4.1c0,0.3,0,0.6,0.1,0.9C6.4,6.7,3.4,5.1,1.4,2.6C1,3.2,0.8,3.9,0.8,4.7c0,1.4,0.7,2.7,1.8,3.4C2,8.1,1.4,7.9,0.8,7.6c0,0,0,0,0,0.1c0,2,1.4,3.6,3.3,4c-0.3,0.1-0.7,0.1-1.1,0.1c-0.3,0-0.5,0-0.8-0.1c0.5,1.6,2,2.8,3.8,2.8c-1.4,1.1-3.2,1.8-5.1,1.8c-0.3,0-0.7,0-1-0.1c1.8,1.2,4,1.8,6.3,1.8c7.5,0,11.7-6.3,11.7-11.7c0-0.2,0-0.4,0-0.5C18.8,5.3,19.4,4.6,20,3.8z\"><\/path>\r\n\t\t\t\t\t\t<\/svg>\r\n\t\t\t\t\t<\/span>\r\n\t\t\t\t<\/a>\r\n\r\n\t\t\t\t<a href=\"https:\/\/www.linkedin.com\/shareArticle?url=https%3A%2F%2Fwww.educatech-expo.com%2Fen%2Fconference%2Fdirection-du-numerique-pour-leducation-ministere-de-leducation-nationale&title=Conferences & workshops organized by DIRECTION DU NUMERIQUE POUR L'EDUCATION - MINISTERE DE L'EDUCATION NATIONALE - Educ@tech Expo\" data-network=\"linkedin\" aria-label=\"LinkedIn\" style=\"--official-color: #1c86c6\" rel=\"noopener noreferrer nofollow\">\r\n\t\t\t\t\t<span class=\"icon-container\">\r\n\t\t\t\t\t\t<svg width=\"20px\" height=\"20px\" viewBox=\"0 0 20 20\" aria-hidden=\"true\">\r\n\t\t\t\t\t\t\t<path d=\"M18.6,0H1.4C0.6,0,0,0.6,0,1.4v17.1C0,19.4,0.6,20,1.4,20h17.1c0.8,0,1.4-0.6,1.4-1.4V1.4C20,0.6,19.4,0,18.6,0z M6,17.1h-3V7.6h3L6,17.1L6,17.1zM4.6,6.3c-1,0-1.7-0.8-1.7-1.7s0.8-1.7,1.7-1.7c0.9,0,1.7,0.8,1.7,1.7C6.3,5.5,5.5,6.3,4.6,6.3z M17.2,17.1h-3v-4.6c0-1.1,0-2.5-1.5-2.5c-1.5,0-1.8,1.2-1.8,2.5v4.7h-3V7.6h2.8v1.3h0c0.4-0.8,1.4-1.5,2.8-1.5c3,0,3.6,2,3.6,4.5V17.1z\"><\/path>\r\n\t\t\t\t\t\t<\/svg>\r\n\t\t\t\t\t<\/span>\r\n\t\t\t\t<\/a>\r\n\t\t\t\t\r\n\t\t\t\t<a href=\"whatsapp:\/\/send?text=https%3A%2F%2Fwww.educatech-expo.com%2Fen%2Fconference%2Fdirection-du-numerique-pour-leducation-ministere-de-leducation-nationale\" data-network=\"whatsapp\" aria-label=\"WhatsApp\" style=\"--official-color: #5bba67\" rel=\"noopener noreferrer nofollow\">\r\n\t\t\t\t\t<span class=\"icon-container\">\r\n\t\t\t\t\t\t<svg width=\"20px\" height=\"20px\" viewBox=\"0 0 20 20\" aria-hidden=\"true\">\r\n\t\t\t\t\t\t\t<path d=\"M10,0C4.5,0,0,4.5,0,10c0,1.9,0.5,3.6,1.4,5.1L0.1,20l5-1.3C6.5,19.5,8.2,20,10,20c5.5,0,10-4.5,10-10S15.5,0,10,0zM6.6,5.3c0.2,0,0.3,0,0.5,0c0.2,0,0.4,0,0.6,0.4c0.2,0.5,0.7,1.7,0.8,1.8c0.1,0.1,0.1,0.3,0,0.4C8.3,8.2,8.3,8.3,8.1,8.5C8,8.6,7.9,8.8,7.8,8.9C7.7,9,7.5,9.1,7.7,9.4c0.1,0.2,0.6,1.1,1.4,1.7c0.9,0.8,1.7,1.1,2,1.2c0.2,0.1,0.4,0.1,0.5-0.1c0.1-0.2,0.6-0.7,0.8-1c0.2-0.2,0.3-0.2,0.6-0.1c0.2,0.1,1.4,0.7,1.7,0.8s0.4,0.2,0.5,0.3c0.1,0.1,0.1,0.6-0.1,1.2c-0.2,0.6-1.2,1.1-1.7,1.2c-0.5,0-0.9,0.2-3-0.6c-2.5-1-4.1-3.6-4.2-3.7c-0.1-0.2-1-1.3-1-2.6c0-1.2,0.6-1.8,0.9-2.1C6.1,5.4,6.4,5.3,6.6,5.3z\"><\/path>\r\n\t\t\t\t\t\t<\/svg>\r\n\t\t\t\t\t<\/span>\r\n\t\t\t\t<\/a>\r\n\t\t\t<\/div>\r\n\t\t\t<\/div>\r\n<\/div>\t\t\t\t\t\t\t<div class=\"conferences-accordion-item\" data-date=\"2025-11-20T00:00:00\" data-type=\"plenary-conference\">\r\n\t<div class=\"conferences-accordion-header\">\r\n\t\t<div class=\"conference-infos\">\r\n\t\t\t<span class=\"conference-date\">\r\n\t\t\t\t<svg xmlns=\"http:\/\/www.w3.org\/2000\/svg\" height=\"1em\" viewBox=\"0 0 448 512\"><path d=\"M96 32V64H48C21.5 64 0 85.5 0 112v48H448V112c0-26.5-21.5-48-48-48H352V32c0-17.7-14.3-32-32-32s-32 14.3-32 32V64H160V32c0-17.7-14.3-32-32-32S96 14.3 96 32zM448 192H0V464c0 26.5 21.5 48 48 48H400c26.5 0 48-21.5 48-48V192z\"\/><\/svg>\r\n\t\t\t\t20 November 2025\t\t\t<\/span>\r\n\t\t\t<span class=\"conference-time\">\r\n\t\t\t\t<svg xmlns=\"http:\/\/www.w3.org\/2000\/svg\" height=\"1em\" viewBox=\"0 0 512 512\"><path d=\"M256 0a256 256 0 1 1 0 512A256 256 0 1 1 256 0zM232 120V256c0 8 4 15.5 10.7 20l96 64c11 7.4 25.9 4.4 33.3-6.7s4.4-25.9-6.7-33.3L280 243.2V120c0-13.3-10.7-24-24-24s-24 10.7-24 24z\"\/><\/svg>\r\n\t\t\t\t11H45 to 12H45 \t\t\t<\/span>\r\n\t\t\t<span class=\"conference-location\">\r\n\t\t\t\t<svg xmlns=\"http:\/\/www.w3.org\/2000\/svg\" height=\"1em\" viewBox=\"0 0 384 512\"><path d=\"M215.7 499.2C267 435 384 279.4 384 192C384 86 298 0 192 0S0 86 0 192c0 87.4 117 243 168.3 307.2c12.3 15.3 35.1 15.3 47.4 0zM192 128a64 64 0 1 1 0 128 64 64 0 1 1 0-128z\"\/><\/svg>\r\n\t\t\t\tAMPHITHEATER\t\t\t<\/span>\r\n\t\t\t\r\n\t\t\t\t\t\t\t<span class=\"conference-type\">\r\n\t\t\t\t\t<svg xmlns=\"http:\/\/www.w3.org\/2000\/svg\" height=\"1em\" viewBox=\"0 0 384 512\"><path d=\"M0 48V487.7C0 501.1 10.9 512 24.3 512c5 0 9.9-1.5 14-4.4L192 400 345.7 507.6c4.1 2.9 9 4.4 14 4.4c13.4 0 24.3-10.9 24.3-24.3V48c0-26.5-21.5-48-48-48H48C21.5 0 0 21.5 0 48z\"\/><\/svg>\r\n\t\t\t\t\tPLENARY CONFERENCE\t\t\t\t<\/span>\r\n\t\t\t\t\t<\/div>\r\n\t\t\r\n\t\t<h3 class=\"conference-title\">Artificial intelligence: a catalyst for innovation, safety, and sustainability in education<\/h3>\r\n\t\t\r\n\t\t\t\t\t<p class=\"organized-by\">\r\n\t\t\t\tOrganized by ECONOCOM & LENOVO\t\t\t<\/p>\r\n\t\t\t\t\r\n\t\t<a class=\"read-more\" href=\"#\">Continue reading<\/a>\r\n\t<\/div>\r\n\t\t\t\t\t\t\t\t\r\n\t<div class=\"conferences-accordion-panel\">\r\n\t\t\r\n\t\t\t\t\t\t<img decoding=\"async\" src=\"https:\/\/weyou.blob.core.windows.net\/images\/exposant\/95ebf3dc-518b-43f2-8520-343d63a1748d.jpg\" class=\"exhibitor-logo\" alt=\"ECONOCOM & LENOVO\">\r\n\t\t\t\t\t\r\n\t\t<div class=\"conference-description\">\r\n\t\t\t\r\n<p>Far from being a mere fad, artificial intelligence is already redefining the contours of education. Between the promise of innovation, the demand for security, and environmental responsibility, it raises as many questions as it inspires answers.<br>How are these transformations being translated into concrete terms in public policy, in educational institutions, and in the classroom? How can data security and sovereignty be guaranteed? And how can we ensure that technology remains a lever for human progress, in a sustainable and ethical manner?<br>This round table will bring together major players from the worlds of education and technology, who will share their complementary visions and experiences:<br>\u2022 &nbsp; Gwang-Chol Chang \u2013 Chief, Education Policy Section \u2013 UNESCO<br>Will share an international vision of education policies and concrete levers for the ethical and inclusive integration of AI into education systems.<br>&nbsp; <br>\u2022 &nbsp; Guerric Chalnot \u2013 Consultant, speaker, and former deputy school principal<br>Drawing on his experience in educational innovation and neuroeducation, he will illustrate how AI can enrich educational practices and strengthen students' critical thinking skills.<br><\/p>\r\n<p>\u2022 Guillaume Leboucher \u2013 Founder of the \u201cAI for Schools\u201d Foundation<br>A committed entrepreneur, he will discuss the role of ethics and critical thinking in the face of emerging technologies and the role of AI in educational transformation.<br>\u2022 Mathieu Jacquot \u2013 Facilitator and network developer \u2013 Manche Num\u00e9rique<br>He will share his vision of an innovative purchasing center that plays a key role in securing and modernizing public digital technology.<br>\u2022 Pascal Lazerand \u2013 Engineer, teacher, and consultant mediator \u2013 Intel Skills for Innovation Ambassador<br>He will talk about his work with local authorities and schools, and the role of technology in promoting innovative teaching practices.<br>&nbsp; <br>Marine Rabeyrin - Director of Education EMEA \u2013 Lenovo, will lead discussions on the major challenges of AI: innovation, security, inclusion, and sustainability.<br>By bringing together institutional, educational, and technological perspectives, this session will highlight the concrete solutions that AI can provide to the challenges facing the world of education\u2014and how each stakeholder can contribute to responsible transformation.<br><\/p>\r\n\t\t<\/div>\r\n\t\t\t\r\n\t\t\t\t\t<p class=\"speakers-title\">Conference Moderator:<\/p>\r\n\t\t\t<div class=\"speakers\">\r\n\t\t\t\t\t\t\t\t\t<div class=\"speaker\">\r\n\t<img decoding=\"async\" src=\"https:\/\/weyou.blob.core.windows.net\/images\/conferencier\/41ef83af-9bd6-4bf2-87ef-c4c1e07cf409.jpg\" alt=\"Marine RABEYRIN\"><p><strong>Marine RABEYRIN<\/strong><br\/>EMEA Education segment Director &ndash; LENOVO<\/p><\/div>\t\t\t\t\t\t\t<\/div>\r\n\t\t\t\t\r\n\t\t\t\t\t<p class=\"speakers-title\">Speakers:<\/p>\r\n\t\t\t<div class=\"speakers\">\r\n\t\t\t\t\t\t\t\t\t<div class=\"speaker\">\r\n\t<img decoding=\"async\" src=\"https:\/\/weyou.blob.core.windows.net\/images\/conferencier\/07d38003-f22b-4a14-a7ed-78a6995ac4f3.jpg\" alt=\"Gwang-Chol  CHANG\"><p><strong>Gwang-Chol  CHANG<\/strong><br\/>Chief of Education Policy Section &ndash; UNESCO EDUCATION<\/p><\/div>\t\t\t\t\t\t\t\t\t<div class=\"speaker\">\r\n\t<img decoding=\"async\" src=\"https:\/\/weyou.blob.core.windows.net\/images\/conferencier\/b8bca0c8-695d-4b16-add1-262393078c6b.jpg\" alt=\"Guerric CHALNOT\"><p><strong>Guerric CHALNOT<\/strong><br\/>Founder of OuiNovEducation, Co-Founder of BeDici, Consultant, Speaker &ndash; OUINOVEDUCATION<\/p><\/div>\t\t\t\t\t\t\t\t\t<div class=\"speaker\">\r\n\t<img decoding=\"async\" src=\"https:\/\/weyou.blob.core.windows.net\/images\/conferencier\/c9646a70-8195-4b66-b1ca-5a123d0d4722.jpg\" alt=\"Guillaume LEBOUCHER\"><p><strong>Guillaume LEBOUCHER<\/strong><br\/>Founder &ndash; FONDATION IA POUR L'\u00c9COLE<\/p><\/div>\t\t\t\t\t\t\t\t\t<div class=\"speaker\">\r\n\t<img decoding=\"async\" src=\"https:\/\/weyou.blob.core.windows.net\/images\/conferencier\/ae1de799-ca60-42bf-81dd-6fc160478a2d.jpg\" alt=\"Mathieu JACQUOT\"><p><strong>Mathieu JACQUOT<\/strong><br\/>Facilitator and network developer &ndash; MANCHE NUM\u00c9RIQUE<\/p><\/div>\t\t\t\t\t\t\t\t\t<div class=\"speaker\">\r\n\t<img decoding=\"async\" src=\"https:\/\/weyou.blob.core.windows.net\/images\/conferencier\/dbc69c2d-df81-425f-98c6-621ad1a5ff81.jpg\" alt=\"Pascal LAZELAND\"><p><strong>Pascal LAZELAND<\/strong><br\/>Engineer, teacher, and consultant mediator \u2013 Intel Skills for Innovation Ambassador &ndash; I2FORM<\/p><\/div>\t\t\t\t\t\t\t<\/div>\r\n\t\t\t\t\r\n\t\t\t\t\t<div class=\"exhibitor-share-box\">\r\n\t\t\t\t\t\t\t\t<a href=\"https:\/\/www.facebook.com\/sharer\/sharer.php?u=https%3A%2F%2Fwww.educatech-expo.com%2Fen%2Fconference%2Feconocom-lenovo\" data-network=\"facebook\" aria-label=\"Facebook\" style=\"--official-color: #557dbc\" rel=\"noopener noreferrer nofollow\">\r\n\t\t\t\t\t<span class=\"icon-container\">\r\n\t\t\t\t\t\t<svg width=\"20px\" height=\"20px\" viewBox=\"0 0 20 20\" aria-hidden=\"true\">\r\n\t\t\t\t\t\t\t<path d=\"M20,10.1c0-5.5-4.5-10-10-10S0,4.5,0,10.1c0,5,3.7,9.1,8.4,9.9v-7H5.9v-2.9h2.5V7.9C8.4,5.4,9.9,4,12.2,4c1.1,0,2.2,0.2,2.2,0.2v2.5h-1.3c-1.2,0-1.6,0.8-1.6,1.6v1.9h2.8L13.9,13h-2.3v7C16.3,19.2,20,15.1,20,10.1z\"><\/path>\r\n\t\t\t\t\t\t<\/svg>\r\n\t\t\t\t\t<\/span>\r\n\t\t\t\t<\/a>\r\n\t\t\t\t\t\t\t\r\n\t\t\t\t<a href=\"https:\/\/twitter.com\/share?url=https%3A%2F%2Fwww.educatech-expo.com%2Fen%2Fconference%2Feconocom-lenovo&text=Conferences & workshops organized by ECONOCOM & LENOVO - Educ@tech Expo\" data-network=\"twitter\" aria-label=\"Twitter\" style=\"--official-color: #7acdee\" rel=\"noopener noreferrer nofollow\">\r\n\t\t\t\t\t<span class=\"icon-container\">\r\n\t\t\t\t\t\t<svg width=\"20px\" height=\"20px\" viewBox=\"0 0 20 20\" aria-hidden=\"true\">\r\n\t\t\t\t\t\t\t<path d=\"M20,3.8c-0.7,0.3-1.5,0.5-2.4,0.6c0.8-0.5,1.5-1.3,1.8-2.3c-0.8,0.5-1.7,0.8-2.6,1c-0.7-0.8-1.8-1.3-3-1.3c-2.3,0-4.1,1.8-4.1,4.1c0,0.3,0,0.6,0.1,0.9C6.4,6.7,3.4,5.1,1.4,2.6C1,3.2,0.8,3.9,0.8,4.7c0,1.4,0.7,2.7,1.8,3.4C2,8.1,1.4,7.9,0.8,7.6c0,0,0,0,0,0.1c0,2,1.4,3.6,3.3,4c-0.3,0.1-0.7,0.1-1.1,0.1c-0.3,0-0.5,0-0.8-0.1c0.5,1.6,2,2.8,3.8,2.8c-1.4,1.1-3.2,1.8-5.1,1.8c-0.3,0-0.7,0-1-0.1c1.8,1.2,4,1.8,6.3,1.8c7.5,0,11.7-6.3,11.7-11.7c0-0.2,0-0.4,0-0.5C18.8,5.3,19.4,4.6,20,3.8z\"><\/path>\r\n\t\t\t\t\t\t<\/svg>\r\n\t\t\t\t\t<\/span>\r\n\t\t\t\t<\/a>\r\n\r\n\t\t\t\t<a href=\"https:\/\/www.linkedin.com\/shareArticle?url=https%3A%2F%2Fwww.educatech-expo.com%2Fen%2Fconference%2Feconocom-lenovo&title=Conferences & workshops organized by ECONOCOM & LENOVO - Educ@tech Expo\" data-network=\"linkedin\" aria-label=\"LinkedIn\" style=\"--official-color: #1c86c6\" rel=\"noopener noreferrer nofollow\">\r\n\t\t\t\t\t<span class=\"icon-container\">\r\n\t\t\t\t\t\t<svg width=\"20px\" height=\"20px\" viewBox=\"0 0 20 20\" aria-hidden=\"true\">\r\n\t\t\t\t\t\t\t<path d=\"M18.6,0H1.4C0.6,0,0,0.6,0,1.4v17.1C0,19.4,0.6,20,1.4,20h17.1c0.8,0,1.4-0.6,1.4-1.4V1.4C20,0.6,19.4,0,18.6,0z M6,17.1h-3V7.6h3L6,17.1L6,17.1zM4.6,6.3c-1,0-1.7-0.8-1.7-1.7s0.8-1.7,1.7-1.7c0.9,0,1.7,0.8,1.7,1.7C6.3,5.5,5.5,6.3,4.6,6.3z M17.2,17.1h-3v-4.6c0-1.1,0-2.5-1.5-2.5c-1.5,0-1.8,1.2-1.8,2.5v4.7h-3V7.6h2.8v1.3h0c0.4-0.8,1.4-1.5,2.8-1.5c3,0,3.6,2,3.6,4.5V17.1z\"><\/path>\r\n\t\t\t\t\t\t<\/svg>\r\n\t\t\t\t\t<\/span>\r\n\t\t\t\t<\/a>\r\n\t\t\t\t\r\n\t\t\t\t<a href=\"whatsapp:\/\/send?text=https%3A%2F%2Fwww.educatech-expo.com%2Fen%2Fconference%2Feconocom-lenovo\" data-network=\"whatsapp\" aria-label=\"WhatsApp\" style=\"--official-color: #5bba67\" rel=\"noopener noreferrer nofollow\">\r\n\t\t\t\t\t<span class=\"icon-container\">\r\n\t\t\t\t\t\t<svg width=\"20px\" height=\"20px\" viewBox=\"0 0 20 20\" aria-hidden=\"true\">\r\n\t\t\t\t\t\t\t<path d=\"M10,0C4.5,0,0,4.5,0,10c0,1.9,0.5,3.6,1.4,5.1L0.1,20l5-1.3C6.5,19.5,8.2,20,10,20c5.5,0,10-4.5,10-10S15.5,0,10,0zM6.6,5.3c0.2,0,0.3,0,0.5,0c0.2,0,0.4,0,0.6,0.4c0.2,0.5,0.7,1.7,0.8,1.8c0.1,0.1,0.1,0.3,0,0.4C8.3,8.2,8.3,8.3,8.1,8.5C8,8.6,7.9,8.8,7.8,8.9C7.7,9,7.5,9.1,7.7,9.4c0.1,0.2,0.6,1.1,1.4,1.7c0.9,0.8,1.7,1.1,2,1.2c0.2,0.1,0.4,0.1,0.5-0.1c0.1-0.2,0.6-0.7,0.8-1c0.2-0.2,0.3-0.2,0.6-0.1c0.2,0.1,1.4,0.7,1.7,0.8s0.4,0.2,0.5,0.3c0.1,0.1,0.1,0.6-0.1,1.2c-0.2,0.6-1.2,1.1-1.7,1.2c-0.5,0-0.9,0.2-3-0.6c-2.5-1-4.1-3.6-4.2-3.7c-0.1-0.2-1-1.3-1-2.6c0-1.2,0.6-1.8,0.9-2.1C6.1,5.4,6.4,5.3,6.6,5.3z\"><\/path>\r\n\t\t\t\t\t\t<\/svg>\r\n\t\t\t\t\t<\/span>\r\n\t\t\t\t<\/a>\r\n\t\t\t<\/div>\r\n\t\t\t<\/div>\r\n<\/div>\t\t\t\t\t\t\t<div class=\"conferences-accordion-item\" data-date=\"2025-11-20T00:00:00\" data-type=\"plenary-conference\">\r\n\t<div class=\"conferences-accordion-header\">\r\n\t\t<div class=\"conference-infos\">\r\n\t\t\t<span class=\"conference-date\">\r\n\t\t\t\t<svg xmlns=\"http:\/\/www.w3.org\/2000\/svg\" height=\"1em\" viewBox=\"0 0 448 512\"><path d=\"M96 32V64H48C21.5 64 0 85.5 0 112v48H448V112c0-26.5-21.5-48-48-48H352V32c0-17.7-14.3-32-32-32s-32 14.3-32 32V64H160V32c0-17.7-14.3-32-32-32S96 14.3 96 32zM448 192H0V464c0 26.5 21.5 48 48 48H400c26.5 0 48-21.5 48-48V192z\"\/><\/svg>\r\n\t\t\t\t20 November 2025\t\t\t<\/span>\r\n\t\t\t<span class=\"conference-time\">\r\n\t\t\t\t<svg xmlns=\"http:\/\/www.w3.org\/2000\/svg\" height=\"1em\" viewBox=\"0 0 512 512\"><path d=\"M256 0a256 256 0 1 1 0 512A256 256 0 1 1 256 0zM232 120V256c0 8 4 15.5 10.7 20l96 64c11 7.4 25.9 4.4 33.3-6.7s4.4-25.9-6.7-33.3L280 243.2V120c0-13.3-10.7-24-24-24s-24 10.7-24 24z\"\/><\/svg>\r\n\t\t\t\t14h00 to 15h00\t\t\t<\/span>\r\n\t\t\t<span class=\"conference-location\">\r\n\t\t\t\t<svg xmlns=\"http:\/\/www.w3.org\/2000\/svg\" height=\"1em\" viewBox=\"0 0 384 512\"><path d=\"M215.7 499.2C267 435 384 279.4 384 192C384 86 298 0 192 0S0 86 0 192c0 87.4 117 243 168.3 307.2c12.3 15.3 35.1 15.3 47.4 0zM192 128a64 64 0 1 1 0 128 64 64 0 1 1 0-128z\"\/><\/svg>\r\n\t\t\t\tAMPHITHEATER\t\t\t<\/span>\r\n\t\t\t\r\n\t\t\t\t\t\t\t<span class=\"conference-type\">\r\n\t\t\t\t\t<svg xmlns=\"http:\/\/www.w3.org\/2000\/svg\" height=\"1em\" viewBox=\"0 0 384 512\"><path d=\"M0 48V487.7C0 501.1 10.9 512 24.3 512c5 0 9.9-1.5 14-4.4L192 400 345.7 507.6c4.1 2.9 9 4.4 14 4.4c13.4 0 24.3-10.9 24.3-24.3V48c0-26.5-21.5-48-48-48H48C21.5 0 0 21.5 0 48z\"\/><\/svg>\r\n\t\t\t\t\tPLENARY CONFERENCE\t\t\t\t<\/span>\r\n\t\t\t\t\t<\/div>\r\n\t\t\r\n\t\t<h3 class=\"conference-title\">Empowering all learners and teachers to succeed<\/h3>\r\n\t\t\r\n\t\t\t\t\t<p class=\"organized-by\">\r\n\t\t\t\tOrganized by APPLE\t\t\t<\/p>\r\n\t\t\t\t\r\n\t\t<a class=\"read-more\" href=\"#\">Continue reading<\/a>\r\n\t<\/div>\r\n\t\t\t\t\t\t\t\t\r\n\t<div class=\"conferences-accordion-panel\">\r\n\t\t\r\n\t\t\t\t\t\t<img decoding=\"async\" src=\"https:\/\/weyou.blob.core.windows.net\/images\/exposant\/43a19c9b-1781-4c00-83aa-f6cc4410a5ee.jpg\" class=\"exhibitor-logo\" alt=\"APPLE\">\r\n\t\t\t\t\t\r\n\t\t<div class=\"conference-description\">\r\n\t\t\t\r\n\r\n<p>Join Apple in conversation with the department of Val d\u2019Oise on how iPad and the Apple ecosystem empower students with special needs to achieve alongside their peers.&nbsp;<\/p>\r\n\r\n\t\t<\/div>\r\n\t\t\t\r\n\t\t\t\t\r\n\t\t\t\t\t<p class=\"speakers-title\">Speakers:<\/p>\r\n\t\t\t<div class=\"speakers\">\r\n\t\t\t\t\t\t\t\t\t<div class=\"speaker\">\r\n\t<p><strong>Virginie TINLAND<\/strong><br\/> &ndash; D\u00c9PARTEMENT DU VAL D'OISE<\/p><\/div>\t\t\t\t\t\t\t\t\t<div class=\"speaker\">\r\n\t<p><strong>Fr\u00e9d\u00e9ric KERBECHE<\/strong><br\/> &ndash; D\u00c9PARTEMENT DU VAL D'OISE<\/p><\/div>\t\t\t\t\t\t\t\t\t<div class=\"speaker\">\r\n\t<p><strong>Isabel ALBAR<\/strong><br\/> &ndash; ACAD\u00c9MIE DE VERSAILLES<\/p><\/div>\t\t\t\t\t\t\t\t\t<div class=\"speaker\">\r\n\t<p><strong>Isabelle KEREBEL<\/strong><br\/> &ndash; ACAD\u00c9MIE DE VERSAILLES<\/p><\/div>\t\t\t\t\t\t\t\t\t<div class=\"speaker\">\r\n\t<p><strong>Renaud TAILLARD<\/strong><br\/> &ndash; D\u00c9PARTEMENT DU VAL D'OISE<\/p><\/div>\t\t\t\t\t\t\t\t\t<div class=\"speaker\">\r\n\t<p><strong>Sophie BOITTIN-DELAIGUE<\/strong><br\/> &ndash; APPLE<\/p><\/div>\t\t\t\t\t\t\t<\/div>\r\n\t\t\t\t\r\n\t\t\t\t\t<div class=\"exhibitor-share-box\">\r\n\t\t\t\t\t\t\t\t<a href=\"https:\/\/www.facebook.com\/sharer\/sharer.php?u=https%3A%2F%2Fwww.educatech-expo.com%2Fen%2Fconference%2Fapple\" data-network=\"facebook\" aria-label=\"Facebook\" style=\"--official-color: #557dbc\" rel=\"noopener noreferrer nofollow\">\r\n\t\t\t\t\t<span class=\"icon-container\">\r\n\t\t\t\t\t\t<svg width=\"20px\" height=\"20px\" viewBox=\"0 0 20 20\" aria-hidden=\"true\">\r\n\t\t\t\t\t\t\t<path d=\"M20,10.1c0-5.5-4.5-10-10-10S0,4.5,0,10.1c0,5,3.7,9.1,8.4,9.9v-7H5.9v-2.9h2.5V7.9C8.4,5.4,9.9,4,12.2,4c1.1,0,2.2,0.2,2.2,0.2v2.5h-1.3c-1.2,0-1.6,0.8-1.6,1.6v1.9h2.8L13.9,13h-2.3v7C16.3,19.2,20,15.1,20,10.1z\"><\/path>\r\n\t\t\t\t\t\t<\/svg>\r\n\t\t\t\t\t<\/span>\r\n\t\t\t\t<\/a>\r\n\t\t\t\t\t\t\t\r\n\t\t\t\t<a href=\"https:\/\/twitter.com\/share?url=https%3A%2F%2Fwww.educatech-expo.com%2Fen%2Fconference%2Fapple&text=Conferences & workshops organized by APPLE - Educ@tech Expo\" data-network=\"twitter\" aria-label=\"Twitter\" style=\"--official-color: #7acdee\" rel=\"noopener noreferrer nofollow\">\r\n\t\t\t\t\t<span class=\"icon-container\">\r\n\t\t\t\t\t\t<svg width=\"20px\" height=\"20px\" viewBox=\"0 0 20 20\" aria-hidden=\"true\">\r\n\t\t\t\t\t\t\t<path d=\"M20,3.8c-0.7,0.3-1.5,0.5-2.4,0.6c0.8-0.5,1.5-1.3,1.8-2.3c-0.8,0.5-1.7,0.8-2.6,1c-0.7-0.8-1.8-1.3-3-1.3c-2.3,0-4.1,1.8-4.1,4.1c0,0.3,0,0.6,0.1,0.9C6.4,6.7,3.4,5.1,1.4,2.6C1,3.2,0.8,3.9,0.8,4.7c0,1.4,0.7,2.7,1.8,3.4C2,8.1,1.4,7.9,0.8,7.6c0,0,0,0,0,0.1c0,2,1.4,3.6,3.3,4c-0.3,0.1-0.7,0.1-1.1,0.1c-0.3,0-0.5,0-0.8-0.1c0.5,1.6,2,2.8,3.8,2.8c-1.4,1.1-3.2,1.8-5.1,1.8c-0.3,0-0.7,0-1-0.1c1.8,1.2,4,1.8,6.3,1.8c7.5,0,11.7-6.3,11.7-11.7c0-0.2,0-0.4,0-0.5C18.8,5.3,19.4,4.6,20,3.8z\"><\/path>\r\n\t\t\t\t\t\t<\/svg>\r\n\t\t\t\t\t<\/span>\r\n\t\t\t\t<\/a>\r\n\r\n\t\t\t\t<a href=\"https:\/\/www.linkedin.com\/shareArticle?url=https%3A%2F%2Fwww.educatech-expo.com%2Fen%2Fconference%2Fapple&title=Conferences & workshops organized by APPLE - Educ@tech Expo\" data-network=\"linkedin\" aria-label=\"LinkedIn\" style=\"--official-color: #1c86c6\" rel=\"noopener noreferrer nofollow\">\r\n\t\t\t\t\t<span class=\"icon-container\">\r\n\t\t\t\t\t\t<svg width=\"20px\" height=\"20px\" viewBox=\"0 0 20 20\" aria-hidden=\"true\">\r\n\t\t\t\t\t\t\t<path d=\"M18.6,0H1.4C0.6,0,0,0.6,0,1.4v17.1C0,19.4,0.6,20,1.4,20h17.1c0.8,0,1.4-0.6,1.4-1.4V1.4C20,0.6,19.4,0,18.6,0z M6,17.1h-3V7.6h3L6,17.1L6,17.1zM4.6,6.3c-1,0-1.7-0.8-1.7-1.7s0.8-1.7,1.7-1.7c0.9,0,1.7,0.8,1.7,1.7C6.3,5.5,5.5,6.3,4.6,6.3z M17.2,17.1h-3v-4.6c0-1.1,0-2.5-1.5-2.5c-1.5,0-1.8,1.2-1.8,2.5v4.7h-3V7.6h2.8v1.3h0c0.4-0.8,1.4-1.5,2.8-1.5c3,0,3.6,2,3.6,4.5V17.1z\"><\/path>\r\n\t\t\t\t\t\t<\/svg>\r\n\t\t\t\t\t<\/span>\r\n\t\t\t\t<\/a>\r\n\t\t\t\t\r\n\t\t\t\t<a href=\"whatsapp:\/\/send?text=https%3A%2F%2Fwww.educatech-expo.com%2Fen%2Fconference%2Fapple\" data-network=\"whatsapp\" aria-label=\"WhatsApp\" style=\"--official-color: #5bba67\" rel=\"noopener noreferrer nofollow\">\r\n\t\t\t\t\t<span class=\"icon-container\">\r\n\t\t\t\t\t\t<svg width=\"20px\" height=\"20px\" viewBox=\"0 0 20 20\" aria-hidden=\"true\">\r\n\t\t\t\t\t\t\t<path d=\"M10,0C4.5,0,0,4.5,0,10c0,1.9,0.5,3.6,1.4,5.1L0.1,20l5-1.3C6.5,19.5,8.2,20,10,20c5.5,0,10-4.5,10-10S15.5,0,10,0zM6.6,5.3c0.2,0,0.3,0,0.5,0c0.2,0,0.4,0,0.6,0.4c0.2,0.5,0.7,1.7,0.8,1.8c0.1,0.1,0.1,0.3,0,0.4C8.3,8.2,8.3,8.3,8.1,8.5C8,8.6,7.9,8.8,7.8,8.9C7.7,9,7.5,9.1,7.7,9.4c0.1,0.2,0.6,1.1,1.4,1.7c0.9,0.8,1.7,1.1,2,1.2c0.2,0.1,0.4,0.1,0.5-0.1c0.1-0.2,0.6-0.7,0.8-1c0.2-0.2,0.3-0.2,0.6-0.1c0.2,0.1,1.4,0.7,1.7,0.8s0.4,0.2,0.5,0.3c0.1,0.1,0.1,0.6-0.1,1.2c-0.2,0.6-1.2,1.1-1.7,1.2c-0.5,0-0.9,0.2-3-0.6c-2.5-1-4.1-3.6-4.2-3.7c-0.1-0.2-1-1.3-1-2.6c0-1.2,0.6-1.8,0.9-2.1C6.1,5.4,6.4,5.3,6.6,5.3z\"><\/path>\r\n\t\t\t\t\t\t<\/svg>\r\n\t\t\t\t\t<\/span>\r\n\t\t\t\t<\/a>\r\n\t\t\t<\/div>\r\n\t\t\t<\/div>\r\n<\/div>\t\t\t\t\t\t\t<div class=\"conferences-accordion-item\" data-date=\"2025-11-20T00:00:00\" data-type=\"plenary-conference\">\r\n\t<div class=\"conferences-accordion-header\">\r\n\t\t<div class=\"conference-infos\">\r\n\t\t\t<span class=\"conference-date\">\r\n\t\t\t\t<svg xmlns=\"http:\/\/www.w3.org\/2000\/svg\" height=\"1em\" viewBox=\"0 0 448 512\"><path d=\"M96 32V64H48C21.5 64 0 85.5 0 112v48H448V112c0-26.5-21.5-48-48-48H352V32c0-17.7-14.3-32-32-32s-32 14.3-32 32V64H160V32c0-17.7-14.3-32-32-32S96 14.3 96 32zM448 192H0V464c0 26.5 21.5 48 48 48H400c26.5 0 48-21.5 48-48V192z\"\/><\/svg>\r\n\t\t\t\t20 November 2025\t\t\t<\/span>\r\n\t\t\t<span class=\"conference-time\">\r\n\t\t\t\t<svg xmlns=\"http:\/\/www.w3.org\/2000\/svg\" height=\"1em\" viewBox=\"0 0 512 512\"><path d=\"M256 0a256 256 0 1 1 0 512A256 256 0 1 1 256 0zM232 120V256c0 8 4 15.5 10.7 20l96 64c11 7.4 25.9 4.4 33.3-6.7s4.4-25.9-6.7-33.3L280 243.2V120c0-13.3-10.7-24-24-24s-24 10.7-24 24z\"\/><\/svg>\r\n\t\t\t\t15h15 to 16h15\t\t\t<\/span>\r\n\t\t\t<span class=\"conference-location\">\r\n\t\t\t\t<svg xmlns=\"http:\/\/www.w3.org\/2000\/svg\" height=\"1em\" viewBox=\"0 0 384 512\"><path d=\"M215.7 499.2C267 435 384 279.4 384 192C384 86 298 0 192 0S0 86 0 192c0 87.4 117 243 168.3 307.2c12.3 15.3 35.1 15.3 47.4 0zM192 128a64 64 0 1 1 0 128 64 64 0 1 1 0-128z\"\/><\/svg>\r\n\t\t\t\tAMPHITHEATER\t\t\t<\/span>\r\n\t\t\t\r\n\t\t\t\t\t\t\t<span class=\"conference-type\">\r\n\t\t\t\t\t<svg xmlns=\"http:\/\/www.w3.org\/2000\/svg\" height=\"1em\" viewBox=\"0 0 384 512\"><path d=\"M0 48V487.7C0 501.1 10.9 512 24.3 512c5 0 9.9-1.5 14-4.4L192 400 345.7 507.6c4.1 2.9 9 4.4 14 4.4c13.4 0 24.3-10.9 24.3-24.3V48c0-26.5-21.5-48-48-48H48C21.5 0 0 21.5 0 48z\"\/><\/svg>\r\n\t\t\t\t\tPLENARY CONFERENCE\t\t\t\t<\/span>\r\n\t\t\t\t\t<\/div>\r\n\t\t\r\n\t\t<h3 class=\"conference-title\">Why European policy on digital and AI education could change everything ?<\/h3>\r\n\t\t\r\n\t\t\t\t\t<p class=\"organized-by\">\r\n\t\t\t\tOrganized by Educ@tech Expo\t\t\t<\/p>\r\n\t\t\t\t\r\n\t\t<a class=\"read-more\" href=\"#\">Continue reading<\/a>\r\n\t<\/div>\r\n\t\t\t\t\t\t\t\t\r\n\t<div class=\"conferences-accordion-panel\">\r\n\t\t\r\n\t\t\t\t\r\n\t\t<div class=\"conference-description\">\r\n\t\t\t<p>Faced with the rapid evolution of technologies, the necessary adaptations and the concerns expressed by some children&#39;s professionals, there is no consensus on the different approaches to digital education.<\/p>\n\n<p>Yet 2025 has been declared the European Year of Education for Digital Citizenship by the Council of Europe, which is currently drawing up a roadmap for the future of digital education.<\/p>\n\n<p>So, how can we align ourselves collectively in Europe on this subject? What do we have to compromise on? What are the future directions? What can we expect? Where does France fit in?<\/p>\n\t\t<\/div>\r\n\t\t\t\r\n\t\t\t\t\r\n\t\t\t\t\t<p class=\"speakers-title\">Speakers:<\/p>\r\n\t\t\t<div class=\"speakers\">\r\n\t\t\t\t\t\t\t\t\t<div class=\"speaker\">\r\n\t<img decoding=\"async\" src=\"https:\/\/weyou.blob.core.windows.net\/images\/conferencier\/4a41c441-9618-4cc0-b150-288069dbe06c.jpg\" alt=\"Alain THILLAY\"><p><strong>Alain THILLAY<\/strong><br\/>DG-EAC-C4 Digital Education Unit  &ndash; EUROPEAN COMMISSION<\/p><\/div>\t\t\t\t\t\t\t\t\t<div class=\"speaker\">\r\n\t<img decoding=\"async\" src=\"https:\/\/weyou.blob.core.windows.net\/images\/conferencier\/b944db6f-5047-47ce-9133-a0334ad48f6b.jpg\" alt=\"Thierry VI\u00c9VILLE\"><p><strong>Thierry VI\u00c9VILLE<\/strong><br\/>Chercheur en Neuroscience Computationnelle &ndash; INRIA<\/p><\/div>\t\t\t\t\t\t\t\t\t<div class=\"speaker\">\r\n\t<img decoding=\"async\" src=\"https:\/\/weyou.blob.core.windows.net\/images\/conferencier\/25616c0e-1609-4b69-b5e2-638164fb5ae4.jpg\" alt=\"Sarah  LABELLE\"><p><strong>Sarah  LABELLE<\/strong><br\/>Professeure des Universit\u00e9s en Sciences de l'Information et de la Communication &ndash; UNIVERSIT\u00c9 DE MONTPELLIER PAUL-VAL\u00c9RY <\/p><\/div>\t\t\t\t\t\t\t\t\t<div class=\"speaker\">\r\n\t<img decoding=\"async\" src=\"https:\/\/weyou.blob.core.windows.net\/images\/conferencier\/12dd40b9-b0c6-4230-9b4b-5523ae4aacf9.jpg\" alt=\"Ga\u00ebl LE DR\u00c9AU\"><p><strong>Ga\u00ebl LE DR\u00c9AU<\/strong><br\/>Directeur Europe et International &ndash; R\u00c9SEAU CANOP\u00c9<\/p><\/div>\t\t\t\t\t\t\t\t\t<div class=\"speaker\">\r\n\t<img decoding=\"async\" src=\"https:\/\/weyou.blob.core.windows.net\/images\/conferencier\/f840f926-8144-4f54-bdbd-85f667eeb485.jpg\" alt=\"Claire FLAMMANG\"><p><strong>Claire FLAMMANG<\/strong><br\/>Coordinatrice nationale du projet Digital Sciences, SCRIPT \u00e0 la Division INNOVATION &ndash; MINIST\u00c8RE DE L'\u00c9DUCATION NATIONALE, DE L'ENFANCE ET DE LA JEUNESSE (MENJE) DU LUXEMBOURG<\/p><\/div>\t\t\t\t\t\t\t\t\t<div class=\"speaker\">\r\n\t<img decoding=\"async\" src=\"https:\/\/weyou.blob.core.windows.net\/images\/conferencier\/a1911181-8e20-4442-92ef-071ab8064511.jpg\" alt=\"Laurent BERGEZ\"><p><strong>Laurent BERGEZ<\/strong><br\/>Chef du d\u00e9partement de l\u2019Union europ\u00e9enne et des organisations multilat\u00e9rales &ndash; D\u00c9L\u00c9GATION AUX RELATIONS EUROP\u00c9ENNES ET INTERNATIONALES ET \u00c0 LA COOP\u00c9RATION [DREIC]<\/p><\/div>\t\t\t\t\t\t\t\t\t<div class=\"speaker\">\r\n\t<img decoding=\"async\" src=\"https:\/\/weyou.blob.core.windows.net\/images\/conferencier\/b225c626-a7f0-429b-bdd7-37fa5e9227a9.jpg\" alt=\"Axelle  DESAINT\"><p><strong>Axelle  DESAINT<\/strong><br\/>Directrice &ndash; INTERNET SANS CRAINTE<\/p><\/div>\t\t\t\t\t\t\t<\/div>\r\n\t\t\t\t\r\n\t\t\t\t\t<div class=\"exhibitor-share-box\">\r\n\t\t\t\t\t\t\t\t<a href=\"https:\/\/www.facebook.com\/sharer\/sharer.php?u=https%3A%2F%2Fwww.educatech-expo.com%2Fen%2Fconference%2Feductech-expo\" data-network=\"facebook\" aria-label=\"Facebook\" style=\"--official-color: #557dbc\" rel=\"noopener noreferrer nofollow\">\r\n\t\t\t\t\t<span class=\"icon-container\">\r\n\t\t\t\t\t\t<svg width=\"20px\" height=\"20px\" viewBox=\"0 0 20 20\" aria-hidden=\"true\">\r\n\t\t\t\t\t\t\t<path d=\"M20,10.1c0-5.5-4.5-10-10-10S0,4.5,0,10.1c0,5,3.7,9.1,8.4,9.9v-7H5.9v-2.9h2.5V7.9C8.4,5.4,9.9,4,12.2,4c1.1,0,2.2,0.2,2.2,0.2v2.5h-1.3c-1.2,0-1.6,0.8-1.6,1.6v1.9h2.8L13.9,13h-2.3v7C16.3,19.2,20,15.1,20,10.1z\"><\/path>\r\n\t\t\t\t\t\t<\/svg>\r\n\t\t\t\t\t<\/span>\r\n\t\t\t\t<\/a>\r\n\t\t\t\t\t\t\t\r\n\t\t\t\t<a href=\"https:\/\/twitter.com\/share?url=https%3A%2F%2Fwww.educatech-expo.com%2Fen%2Fconference%2Feductech-expo&text=Conferences & workshops organized by Educ@tech Expo - Educ@tech Expo\" data-network=\"twitter\" aria-label=\"Twitter\" style=\"--official-color: #7acdee\" rel=\"noopener noreferrer nofollow\">\r\n\t\t\t\t\t<span class=\"icon-container\">\r\n\t\t\t\t\t\t<svg width=\"20px\" height=\"20px\" viewBox=\"0 0 20 20\" aria-hidden=\"true\">\r\n\t\t\t\t\t\t\t<path d=\"M20,3.8c-0.7,0.3-1.5,0.5-2.4,0.6c0.8-0.5,1.5-1.3,1.8-2.3c-0.8,0.5-1.7,0.8-2.6,1c-0.7-0.8-1.8-1.3-3-1.3c-2.3,0-4.1,1.8-4.1,4.1c0,0.3,0,0.6,0.1,0.9C6.4,6.7,3.4,5.1,1.4,2.6C1,3.2,0.8,3.9,0.8,4.7c0,1.4,0.7,2.7,1.8,3.4C2,8.1,1.4,7.9,0.8,7.6c0,0,0,0,0,0.1c0,2,1.4,3.6,3.3,4c-0.3,0.1-0.7,0.1-1.1,0.1c-0.3,0-0.5,0-0.8-0.1c0.5,1.6,2,2.8,3.8,2.8c-1.4,1.1-3.2,1.8-5.1,1.8c-0.3,0-0.7,0-1-0.1c1.8,1.2,4,1.8,6.3,1.8c7.5,0,11.7-6.3,11.7-11.7c0-0.2,0-0.4,0-0.5C18.8,5.3,19.4,4.6,20,3.8z\"><\/path>\r\n\t\t\t\t\t\t<\/svg>\r\n\t\t\t\t\t<\/span>\r\n\t\t\t\t<\/a>\r\n\r\n\t\t\t\t<a href=\"https:\/\/www.linkedin.com\/shareArticle?url=https%3A%2F%2Fwww.educatech-expo.com%2Fen%2Fconference%2Feductech-expo&title=Conferences & workshops organized by Educ@tech Expo - Educ@tech Expo\" data-network=\"linkedin\" aria-label=\"LinkedIn\" style=\"--official-color: #1c86c6\" rel=\"noopener noreferrer nofollow\">\r\n\t\t\t\t\t<span class=\"icon-container\">\r\n\t\t\t\t\t\t<svg width=\"20px\" height=\"20px\" viewBox=\"0 0 20 20\" aria-hidden=\"true\">\r\n\t\t\t\t\t\t\t<path d=\"M18.6,0H1.4C0.6,0,0,0.6,0,1.4v17.1C0,19.4,0.6,20,1.4,20h17.1c0.8,0,1.4-0.6,1.4-1.4V1.4C20,0.6,19.4,0,18.6,0z M6,17.1h-3V7.6h3L6,17.1L6,17.1zM4.6,6.3c-1,0-1.7-0.8-1.7-1.7s0.8-1.7,1.7-1.7c0.9,0,1.7,0.8,1.7,1.7C6.3,5.5,5.5,6.3,4.6,6.3z M17.2,17.1h-3v-4.6c0-1.1,0-2.5-1.5-2.5c-1.5,0-1.8,1.2-1.8,2.5v4.7h-3V7.6h2.8v1.3h0c0.4-0.8,1.4-1.5,2.8-1.5c3,0,3.6,2,3.6,4.5V17.1z\"><\/path>\r\n\t\t\t\t\t\t<\/svg>\r\n\t\t\t\t\t<\/span>\r\n\t\t\t\t<\/a>\r\n\t\t\t\t\r\n\t\t\t\t<a href=\"whatsapp:\/\/send?text=https%3A%2F%2Fwww.educatech-expo.com%2Fen%2Fconference%2Feductech-expo\" data-network=\"whatsapp\" aria-label=\"WhatsApp\" style=\"--official-color: #5bba67\" rel=\"noopener noreferrer nofollow\">\r\n\t\t\t\t\t<span class=\"icon-container\">\r\n\t\t\t\t\t\t<svg width=\"20px\" height=\"20px\" viewBox=\"0 0 20 20\" aria-hidden=\"true\">\r\n\t\t\t\t\t\t\t<path d=\"M10,0C4.5,0,0,4.5,0,10c0,1.9,0.5,3.6,1.4,5.1L0.1,20l5-1.3C6.5,19.5,8.2,20,10,20c5.5,0,10-4.5,10-10S15.5,0,10,0zM6.6,5.3c0.2,0,0.3,0,0.5,0c0.2,0,0.4,0,0.6,0.4c0.2,0.5,0.7,1.7,0.8,1.8c0.1,0.1,0.1,0.3,0,0.4C8.3,8.2,8.3,8.3,8.1,8.5C8,8.6,7.9,8.8,7.8,8.9C7.7,9,7.5,9.1,7.7,9.4c0.1,0.2,0.6,1.1,1.4,1.7c0.9,0.8,1.7,1.1,2,1.2c0.2,0.1,0.4,0.1,0.5-0.1c0.1-0.2,0.6-0.7,0.8-1c0.2-0.2,0.3-0.2,0.6-0.1c0.2,0.1,1.4,0.7,1.7,0.8s0.4,0.2,0.5,0.3c0.1,0.1,0.1,0.6-0.1,1.2c-0.2,0.6-1.2,1.1-1.7,1.2c-0.5,0-0.9,0.2-3-0.6c-2.5-1-4.1-3.6-4.2-3.7c-0.1-0.2-1-1.3-1-2.6c0-1.2,0.6-1.8,0.9-2.1C6.1,5.4,6.4,5.3,6.6,5.3z\"><\/path>\r\n\t\t\t\t\t\t<\/svg>\r\n\t\t\t\t\t<\/span>\r\n\t\t\t\t<\/a>\r\n\t\t\t<\/div>\r\n\t\t\t<\/div>\r\n<\/div>\t\t\t\t\t\t\t<div class=\"conferences-accordion-item\" data-date=\"2025-11-20T00:00:00\" data-type=\"plenary-conference\">\r\n\t<div class=\"conferences-accordion-header\">\r\n\t\t<div class=\"conference-infos\">\r\n\t\t\t<span class=\"conference-date\">\r\n\t\t\t\t<svg xmlns=\"http:\/\/www.w3.org\/2000\/svg\" height=\"1em\" viewBox=\"0 0 448 512\"><path d=\"M96 32V64H48C21.5 64 0 85.5 0 112v48H448V112c0-26.5-21.5-48-48-48H352V32c0-17.7-14.3-32-32-32s-32 14.3-32 32V64H160V32c0-17.7-14.3-32-32-32S96 14.3 96 32zM448 192H0V464c0 26.5 21.5 48 48 48H400c26.5 0 48-21.5 48-48V192z\"\/><\/svg>\r\n\t\t\t\t20 November 2025\t\t\t<\/span>\r\n\t\t\t<span class=\"conference-time\">\r\n\t\t\t\t<svg xmlns=\"http:\/\/www.w3.org\/2000\/svg\" height=\"1em\" viewBox=\"0 0 512 512\"><path d=\"M256 0a256 256 0 1 1 0 512A256 256 0 1 1 256 0zM232 120V256c0 8 4 15.5 10.7 20l96 64c11 7.4 25.9 4.4 33.3-6.7s4.4-25.9-6.7-33.3L280 243.2V120c0-13.3-10.7-24-24-24s-24 10.7-24 24z\"\/><\/svg>\r\n\t\t\t\t16h30 to 17h30\t\t\t<\/span>\r\n\t\t\t<span class=\"conference-location\">\r\n\t\t\t\t<svg xmlns=\"http:\/\/www.w3.org\/2000\/svg\" height=\"1em\" viewBox=\"0 0 384 512\"><path d=\"M215.7 499.2C267 435 384 279.4 384 192C384 86 298 0 192 0S0 86 0 192c0 87.4 117 243 168.3 307.2c12.3 15.3 35.1 15.3 47.4 0zM192 128a64 64 0 1 1 0 128 64 64 0 1 1 0-128z\"\/><\/svg>\r\n\t\t\t\tAMPHITHEATER\t\t\t<\/span>\r\n\t\t\t\r\n\t\t\t\t\t\t\t<span class=\"conference-type\">\r\n\t\t\t\t\t<svg xmlns=\"http:\/\/www.w3.org\/2000\/svg\" height=\"1em\" viewBox=\"0 0 384 512\"><path d=\"M0 48V487.7C0 501.1 10.9 512 24.3 512c5 0 9.9-1.5 14-4.4L192 400 345.7 507.6c4.1 2.9 9 4.4 14 4.4c13.4 0 24.3-10.9 24.3-24.3V48c0-26.5-21.5-48-48-48H48C21.5 0 0 21.5 0 48z\"\/><\/svg>\r\n\t\t\t\t\tPLENARY CONFERENCE\t\t\t\t<\/span>\r\n\t\t\t\t\t<\/div>\r\n\t\t\r\n\t\t<h3 class=\"conference-title\">AI, challenges and prospects<\/h3>\r\n\t\t\r\n\t\t\t\t\t<p class=\"organized-by\">\r\n\t\t\t\tOrganized by DIRECTION DU NUMERIQUE POUR L'EDUCATION - MINISTERE DE L'EDUCATION NATIONALE\t\t\t<\/p>\r\n\t\t\t\t\r\n\t\t<a class=\"read-more\" href=\"#\">Continue reading<\/a>\r\n\t<\/div>\r\n\t\t\t\t\t\t\t\t\r\n\t<div class=\"conferences-accordion-panel\">\r\n\t\t\r\n\t\t\t\t\t\t<img decoding=\"async\" src=\"https:\/\/weyou.blob.core.windows.net\/images\/exposant\/b0cf883b-7926-4369-aaa9-64f4b764d5cd.jpg\" class=\"exhibitor-logo\" alt=\"DIRECTION DU NUMERIQUE POUR L'EDUCATION - MINISTERE DE L'EDUCATION NATIONALE\">\r\n\t\t\t\t\t\r\n\t\t<div class=\"conference-description\">\r\n\t\t\t\r\n\r\n<p>At a time when generative artificial intelligence is accelerating the transformation of our society, schools are at the forefront of major changes. We will discuss training in AI, teaching with AI and learning with AI by exercising critical thinking within a controlled legal and ethical framework.<\/p>\r\n\r\n\t\t<\/div>\r\n\t\t\t\r\n\t\t\t\t\t<p class=\"speakers-title\">Conference Moderator:<\/p>\r\n\t\t\t<div class=\"speakers\">\r\n\t\t\t\t\t\t\t\t\t<div class=\"speaker\">\r\n\t<img decoding=\"async\" src=\"https:\/\/weyou.blob.core.windows.net\/images\/conferencier\/ab418b99-7400-4382-bf9f-f3ad6bc0a8a2.jpg\" alt=\"Axel JEAN\"><p><strong>Axel JEAN<\/strong><br\/>Head of TN2 - Digital Innovation Office \u2013 Applied Research \u2013 AI &ndash; MINIST\u00c8RE DE L'\u00c9DUCATION NATIONALE - DIRECTION DU NUM\u00c9RIQUE POUR L'\u00c9DUCATION<\/p><\/div>\t\t\t\t\t\t\t<\/div>\r\n\t\t\t\t\r\n\t\t\t\t\t<p class=\"speakers-title\">Speaker:<\/p>\r\n\t\t\t<div class=\"speakers\">\r\n\t\t\t\t\t\t\t\t\t<div class=\"speaker\">\r\n\t<img decoding=\"async\" src=\"https:\/\/weyou.blob.core.windows.net\/images\/conferencier\/e1bd555e-efcf-4864-829f-0d6db7fe940f.jpg\" alt=\"Maxime BARILLEAU\"><p><strong>Maxime BARILLEAU<\/strong><br\/>Project Manager, Digital Education Territories and Digital Skills Development &ndash; MINIST\u00c8RE DE L'\u00c9DUCATION NATIONALE - DIRECTION DU NUM\u00c9RIQUE POUR L'\u00c9DUCATION<\/p><\/div>\t\t\t\t\t\t\t<\/div>\r\n\t\t\t\t\r\n\t\t\t\t\t<div class=\"exhibitor-share-box\">\r\n\t\t\t\t\t\t\t\t<a href=\"https:\/\/www.facebook.com\/sharer\/sharer.php?u=https%3A%2F%2Fwww.educatech-expo.com%2Fen%2Fconference%2Fdirection-du-numerique-pour-leducation-ministere-de-leducation-nationale\" data-network=\"facebook\" aria-label=\"Facebook\" style=\"--official-color: #557dbc\" rel=\"noopener noreferrer nofollow\">\r\n\t\t\t\t\t<span class=\"icon-container\">\r\n\t\t\t\t\t\t<svg width=\"20px\" height=\"20px\" viewBox=\"0 0 20 20\" aria-hidden=\"true\">\r\n\t\t\t\t\t\t\t<path d=\"M20,10.1c0-5.5-4.5-10-10-10S0,4.5,0,10.1c0,5,3.7,9.1,8.4,9.9v-7H5.9v-2.9h2.5V7.9C8.4,5.4,9.9,4,12.2,4c1.1,0,2.2,0.2,2.2,0.2v2.5h-1.3c-1.2,0-1.6,0.8-1.6,1.6v1.9h2.8L13.9,13h-2.3v7C16.3,19.2,20,15.1,20,10.1z\"><\/path>\r\n\t\t\t\t\t\t<\/svg>\r\n\t\t\t\t\t<\/span>\r\n\t\t\t\t<\/a>\r\n\t\t\t\t\t\t\t\r\n\t\t\t\t<a href=\"https:\/\/twitter.com\/share?url=https%3A%2F%2Fwww.educatech-expo.com%2Fen%2Fconference%2Fdirection-du-numerique-pour-leducation-ministere-de-leducation-nationale&text=Conferences & workshops organized by DIRECTION DU NUMERIQUE POUR L'EDUCATION - MINISTERE DE L'EDUCATION NATIONALE - Educ@tech Expo\" data-network=\"twitter\" aria-label=\"Twitter\" style=\"--official-color: #7acdee\" rel=\"noopener noreferrer nofollow\">\r\n\t\t\t\t\t<span class=\"icon-container\">\r\n\t\t\t\t\t\t<svg width=\"20px\" height=\"20px\" viewBox=\"0 0 20 20\" aria-hidden=\"true\">\r\n\t\t\t\t\t\t\t<path d=\"M20,3.8c-0.7,0.3-1.5,0.5-2.4,0.6c0.8-0.5,1.5-1.3,1.8-2.3c-0.8,0.5-1.7,0.8-2.6,1c-0.7-0.8-1.8-1.3-3-1.3c-2.3,0-4.1,1.8-4.1,4.1c0,0.3,0,0.6,0.1,0.9C6.4,6.7,3.4,5.1,1.4,2.6C1,3.2,0.8,3.9,0.8,4.7c0,1.4,0.7,2.7,1.8,3.4C2,8.1,1.4,7.9,0.8,7.6c0,0,0,0,0,0.1c0,2,1.4,3.6,3.3,4c-0.3,0.1-0.7,0.1-1.1,0.1c-0.3,0-0.5,0-0.8-0.1c0.5,1.6,2,2.8,3.8,2.8c-1.4,1.1-3.2,1.8-5.1,1.8c-0.3,0-0.7,0-1-0.1c1.8,1.2,4,1.8,6.3,1.8c7.5,0,11.7-6.3,11.7-11.7c0-0.2,0-0.4,0-0.5C18.8,5.3,19.4,4.6,20,3.8z\"><\/path>\r\n\t\t\t\t\t\t<\/svg>\r\n\t\t\t\t\t<\/span>\r\n\t\t\t\t<\/a>\r\n\r\n\t\t\t\t<a href=\"https:\/\/www.linkedin.com\/shareArticle?url=https%3A%2F%2Fwww.educatech-expo.com%2Fen%2Fconference%2Fdirection-du-numerique-pour-leducation-ministere-de-leducation-nationale&title=Conferences & workshops organized by DIRECTION DU NUMERIQUE POUR L'EDUCATION - MINISTERE DE L'EDUCATION NATIONALE - Educ@tech Expo\" data-network=\"linkedin\" aria-label=\"LinkedIn\" style=\"--official-color: #1c86c6\" rel=\"noopener noreferrer nofollow\">\r\n\t\t\t\t\t<span class=\"icon-container\">\r\n\t\t\t\t\t\t<svg width=\"20px\" height=\"20px\" viewBox=\"0 0 20 20\" aria-hidden=\"true\">\r\n\t\t\t\t\t\t\t<path d=\"M18.6,0H1.4C0.6,0,0,0.6,0,1.4v17.1C0,19.4,0.6,20,1.4,20h17.1c0.8,0,1.4-0.6,1.4-1.4V1.4C20,0.6,19.4,0,18.6,0z M6,17.1h-3V7.6h3L6,17.1L6,17.1zM4.6,6.3c-1,0-1.7-0.8-1.7-1.7s0.8-1.7,1.7-1.7c0.9,0,1.7,0.8,1.7,1.7C6.3,5.5,5.5,6.3,4.6,6.3z M17.2,17.1h-3v-4.6c0-1.1,0-2.5-1.5-2.5c-1.5,0-1.8,1.2-1.8,2.5v4.7h-3V7.6h2.8v1.3h0c0.4-0.8,1.4-1.5,2.8-1.5c3,0,3.6,2,3.6,4.5V17.1z\"><\/path>\r\n\t\t\t\t\t\t<\/svg>\r\n\t\t\t\t\t<\/span>\r\n\t\t\t\t<\/a>\r\n\t\t\t\t\r\n\t\t\t\t<a href=\"whatsapp:\/\/send?text=https%3A%2F%2Fwww.educatech-expo.com%2Fen%2Fconference%2Fdirection-du-numerique-pour-leducation-ministere-de-leducation-nationale\" data-network=\"whatsapp\" aria-label=\"WhatsApp\" style=\"--official-color: #5bba67\" rel=\"noopener noreferrer nofollow\">\r\n\t\t\t\t\t<span class=\"icon-container\">\r\n\t\t\t\t\t\t<svg width=\"20px\" height=\"20px\" viewBox=\"0 0 20 20\" aria-hidden=\"true\">\r\n\t\t\t\t\t\t\t<path d=\"M10,0C4.5,0,0,4.5,0,10c0,1.9,0.5,3.6,1.4,5.1L0.1,20l5-1.3C6.5,19.5,8.2,20,10,20c5.5,0,10-4.5,10-10S15.5,0,10,0zM6.6,5.3c0.2,0,0.3,0,0.5,0c0.2,0,0.4,0,0.6,0.4c0.2,0.5,0.7,1.7,0.8,1.8c0.1,0.1,0.1,0.3,0,0.4C8.3,8.2,8.3,8.3,8.1,8.5C8,8.6,7.9,8.8,7.8,8.9C7.7,9,7.5,9.1,7.7,9.4c0.1,0.2,0.6,1.1,1.4,1.7c0.9,0.8,1.7,1.1,2,1.2c0.2,0.1,0.4,0.1,0.5-0.1c0.1-0.2,0.6-0.7,0.8-1c0.2-0.2,0.3-0.2,0.6-0.1c0.2,0.1,1.4,0.7,1.7,0.8s0.4,0.2,0.5,0.3c0.1,0.1,0.1,0.6-0.1,1.2c-0.2,0.6-1.2,1.1-1.7,1.2c-0.5,0-0.9,0.2-3-0.6c-2.5-1-4.1-3.6-4.2-3.7c-0.1-0.2-1-1.3-1-2.6c0-1.2,0.6-1.8,0.9-2.1C6.1,5.4,6.4,5.3,6.6,5.3z\"><\/path>\r\n\t\t\t\t\t\t<\/svg>\r\n\t\t\t\t\t<\/span>\r\n\t\t\t\t<\/a>\r\n\t\t\t<\/div>\r\n\t\t\t<\/div>\r\n<\/div>\t\t\t\t\t\t\t<div class=\"conferences-accordion-item\" data-date=\"2025-11-21T00:00:00\" data-type=\"plenary-conference\">\r\n\t<div class=\"conferences-accordion-header\">\r\n\t\t<div class=\"conference-infos\">\r\n\t\t\t<span class=\"conference-date\">\r\n\t\t\t\t<svg xmlns=\"http:\/\/www.w3.org\/2000\/svg\" height=\"1em\" viewBox=\"0 0 448 512\"><path d=\"M96 32V64H48C21.5 64 0 85.5 0 112v48H448V112c0-26.5-21.5-48-48-48H352V32c0-17.7-14.3-32-32-32s-32 14.3-32 32V64H160V32c0-17.7-14.3-32-32-32S96 14.3 96 32zM448 192H0V464c0 26.5 21.5 48 48 48H400c26.5 0 48-21.5 48-48V192z\"\/><\/svg>\r\n\t\t\t\t21 November 2025\t\t\t<\/span>\r\n\t\t\t<span class=\"conference-time\">\r\n\t\t\t\t<svg xmlns=\"http:\/\/www.w3.org\/2000\/svg\" height=\"1em\" viewBox=\"0 0 512 512\"><path d=\"M256 0a256 256 0 1 1 0 512A256 256 0 1 1 256 0zM232 120V256c0 8 4 15.5 10.7 20l96 64c11 7.4 25.9 4.4 33.3-6.7s4.4-25.9-6.7-33.3L280 243.2V120c0-13.3-10.7-24-24-24s-24 10.7-24 24z\"\/><\/svg>\r\n\t\t\t\t09h30 to 10h30\t\t\t<\/span>\r\n\t\t\t<span class=\"conference-location\">\r\n\t\t\t\t<svg xmlns=\"http:\/\/www.w3.org\/2000\/svg\" height=\"1em\" viewBox=\"0 0 384 512\"><path d=\"M215.7 499.2C267 435 384 279.4 384 192C384 86 298 0 192 0S0 86 0 192c0 87.4 117 243 168.3 307.2c12.3 15.3 35.1 15.3 47.4 0zM192 128a64 64 0 1 1 0 128 64 64 0 1 1 0-128z\"\/><\/svg>\r\n\t\t\t\tAMPHITHEATER\t\t\t<\/span>\r\n\t\t\t\r\n\t\t\t\t\t\t\t<span class=\"conference-type\">\r\n\t\t\t\t\t<svg xmlns=\"http:\/\/www.w3.org\/2000\/svg\" height=\"1em\" viewBox=\"0 0 384 512\"><path d=\"M0 48V487.7C0 501.1 10.9 512 24.3 512c5 0 9.9-1.5 14-4.4L192 400 345.7 507.6c4.1 2.9 9 4.4 14 4.4c13.4 0 24.3-10.9 24.3-24.3V48c0-26.5-21.5-48-48-48H48C21.5 0 0 21.5 0 48z\"\/><\/svg>\r\n\t\t\t\t\tPLENARY CONFERENCE\t\t\t\t<\/span>\r\n\t\t\t\t\t<\/div>\r\n\t\t\r\n\t\t<h3 class=\"conference-title\">De la juxtaposition \u00e0 l\u2019interaction : comment penser l\u2019\u00e9cole comme un organisme vivant ?<\/h3>\r\n\t\t\r\n\t\t\t\t\t<p class=\"organized-by\">\r\n\t\t\t\tOrganized by EDUCAVOX\t\t\t<\/p>\r\n\t\t\t\t\r\n\t\t<a class=\"read-more\" href=\"#\">Continue reading<\/a>\r\n\t<\/div>\r\n\t\t\t\t\t\t\t\t\r\n\t<div class=\"conferences-accordion-panel\">\r\n\t\t\r\n\t\t\t\t\t\t<img decoding=\"async\" src=\"https:\/\/weyou.blob.core.windows.net\/images\/exposant\/67c53c66-8fac-4fa0-9cee-0241245aa51b.jpg\" class=\"exhibitor-logo\" alt=\"EDUCAVOX\">\r\n\t\t\t\t\t\r\n\t\t<div class=\"conference-description\">\r\n\t\t\t\r\n<p>Can we envision a comprehensive educational time, providing time for training, exchanges with students and families, and time for sports and cultural activities at the heart of the school ?&nbsp;<\/p>\r\n<p>With&nbsp;Nathalie Belin, Proviseure Adjointe -&nbsp;Romain Briot,&nbsp;Directeur g\u00e9n\u00e9ral adjoint, Intercommunalit\u00e9s de France-Jean-Fran\u00e7ois Cerisier, Professeur des universit\u00e9s -&nbsp;Xavier Delporte,\r\nDirecteur relations avec les publics \u00e0 la CNIL-&nbsp;Cyrille Savary, Principal -&nbsp;<\/p>\r\n<p>Animation : Thierry Taboy, membre du CA An@\u00e9<\/p>\r\n<br>\t\t<\/div>\r\n\t\t\t\r\n\t\t\t\t\t<p class=\"speakers-title\">Conference Moderator:<\/p>\r\n\t\t\t<div class=\"speakers\">\r\n\t\t\t\t\t\t\t\t\t<div class=\"speaker\">\r\n\t<img decoding=\"async\" src=\"https:\/\/weyou.blob.core.windows.net\/images\/conferencier\/80118845-af5f-4202-91b1-be84a7497c3c.jpg\" alt=\"Thierry TABOY\"><p><strong>Thierry TABOY<\/strong><br\/> &ndash; EDUCAVOX<\/p><\/div>\t\t\t\t\t\t\t<\/div>\r\n\t\t\t\t\r\n\t\t\t\t\t<p class=\"speakers-title\">Speakers:<\/p>\r\n\t\t\t<div class=\"speakers\">\r\n\t\t\t\t\t\t\t\t\t<div class=\"speaker\">\r\n\t<img decoding=\"async\" src=\"https:\/\/weyou.blob.core.windows.net\/images\/conferencier\/f9aaf68b-272e-481f-85bf-2fe619198cdb.jpg\" alt=\"Nathalie BELIN\"><p><strong>Nathalie BELIN<\/strong><br\/> &ndash; EDUCATION NATIONALE<\/p><\/div>\t\t\t\t\t\t\t\t\t<div class=\"speaker\">\r\n\t<img decoding=\"async\" src=\"https:\/\/weyou.blob.core.windows.net\/images\/conferencier\/beb67702-0496-4dc4-9dfc-72ec7d4ac4d2.jpg\" alt=\"Romain BRIOT\"><p><strong>Romain BRIOT<\/strong><br\/> &ndash; INTERCOMMUNALIT\u00c9S DE FRANCE<\/p><\/div>\t\t\t\t\t\t\t\t\t<div class=\"speaker\">\r\n\t<img decoding=\"async\" src=\"https:\/\/weyou.blob.core.windows.net\/images\/conferencier\/0f5b29e1-a6dd-4972-a1cc-e91401d6e969.jpg\" alt=\"Jean-Fran\u00e7ois CERISIER\"><p><strong>Jean-Fran\u00e7ois CERISIER<\/strong><br\/> &ndash; UNIVERSIT\u00c9 POITIERS<\/p><\/div>\t\t\t\t\t\t\t\t\t<div class=\"speaker\">\r\n\t<img decoding=\"async\" src=\"https:\/\/weyou.blob.core.windows.net\/images\/conferencier\/06dc233e-5148-4d3d-9c89-91880269627d.jpg\" alt=\"Xavier DELPORTE\"><p><strong>Xavier DELPORTE<\/strong><br\/> &ndash; CNIL<\/p><\/div>\t\t\t\t\t\t\t\t\t<div class=\"speaker\">\r\n\t<img decoding=\"async\" src=\"https:\/\/weyou.blob.core.windows.net\/images\/conferencier\/d2b6112a-428f-40e3-a91a-e8328ed82319.jpg\" alt=\"Cyrille SAVARY \"><p><strong>Cyrille SAVARY <\/strong><br\/> &ndash; EDUCATION NATIONALE<\/p><\/div>\t\t\t\t\t\t\t<\/div>\r\n\t\t\t\t\r\n\t\t\t\t\t<div class=\"exhibitor-share-box\">\r\n\t\t\t\t\t\t\t\t<a href=\"https:\/\/www.facebook.com\/sharer\/sharer.php?u=https%3A%2F%2Fwww.educatech-expo.com%2Fen%2Fconference%2Feducavox\" data-network=\"facebook\" aria-label=\"Facebook\" style=\"--official-color: #557dbc\" rel=\"noopener noreferrer nofollow\">\r\n\t\t\t\t\t<span class=\"icon-container\">\r\n\t\t\t\t\t\t<svg width=\"20px\" height=\"20px\" viewBox=\"0 0 20 20\" aria-hidden=\"true\">\r\n\t\t\t\t\t\t\t<path d=\"M20,10.1c0-5.5-4.5-10-10-10S0,4.5,0,10.1c0,5,3.7,9.1,8.4,9.9v-7H5.9v-2.9h2.5V7.9C8.4,5.4,9.9,4,12.2,4c1.1,0,2.2,0.2,2.2,0.2v2.5h-1.3c-1.2,0-1.6,0.8-1.6,1.6v1.9h2.8L13.9,13h-2.3v7C16.3,19.2,20,15.1,20,10.1z\"><\/path>\r\n\t\t\t\t\t\t<\/svg>\r\n\t\t\t\t\t<\/span>\r\n\t\t\t\t<\/a>\r\n\t\t\t\t\t\t\t\r\n\t\t\t\t<a href=\"https:\/\/twitter.com\/share?url=https%3A%2F%2Fwww.educatech-expo.com%2Fen%2Fconference%2Feducavox&text=Conferences & workshops organized by EDUCAVOX - Educ@tech Expo\" data-network=\"twitter\" aria-label=\"Twitter\" style=\"--official-color: #7acdee\" rel=\"noopener noreferrer nofollow\">\r\n\t\t\t\t\t<span class=\"icon-container\">\r\n\t\t\t\t\t\t<svg width=\"20px\" height=\"20px\" viewBox=\"0 0 20 20\" aria-hidden=\"true\">\r\n\t\t\t\t\t\t\t<path d=\"M20,3.8c-0.7,0.3-1.5,0.5-2.4,0.6c0.8-0.5,1.5-1.3,1.8-2.3c-0.8,0.5-1.7,0.8-2.6,1c-0.7-0.8-1.8-1.3-3-1.3c-2.3,0-4.1,1.8-4.1,4.1c0,0.3,0,0.6,0.1,0.9C6.4,6.7,3.4,5.1,1.4,2.6C1,3.2,0.8,3.9,0.8,4.7c0,1.4,0.7,2.7,1.8,3.4C2,8.1,1.4,7.9,0.8,7.6c0,0,0,0,0,0.1c0,2,1.4,3.6,3.3,4c-0.3,0.1-0.7,0.1-1.1,0.1c-0.3,0-0.5,0-0.8-0.1c0.5,1.6,2,2.8,3.8,2.8c-1.4,1.1-3.2,1.8-5.1,1.8c-0.3,0-0.7,0-1-0.1c1.8,1.2,4,1.8,6.3,1.8c7.5,0,11.7-6.3,11.7-11.7c0-0.2,0-0.4,0-0.5C18.8,5.3,19.4,4.6,20,3.8z\"><\/path>\r\n\t\t\t\t\t\t<\/svg>\r\n\t\t\t\t\t<\/span>\r\n\t\t\t\t<\/a>\r\n\r\n\t\t\t\t<a href=\"https:\/\/www.linkedin.com\/shareArticle?url=https%3A%2F%2Fwww.educatech-expo.com%2Fen%2Fconference%2Feducavox&title=Conferences & workshops organized by EDUCAVOX - Educ@tech Expo\" data-network=\"linkedin\" aria-label=\"LinkedIn\" style=\"--official-color: #1c86c6\" rel=\"noopener noreferrer nofollow\">\r\n\t\t\t\t\t<span class=\"icon-container\">\r\n\t\t\t\t\t\t<svg width=\"20px\" height=\"20px\" viewBox=\"0 0 20 20\" aria-hidden=\"true\">\r\n\t\t\t\t\t\t\t<path d=\"M18.6,0H1.4C0.6,0,0,0.6,0,1.4v17.1C0,19.4,0.6,20,1.4,20h17.1c0.8,0,1.4-0.6,1.4-1.4V1.4C20,0.6,19.4,0,18.6,0z M6,17.1h-3V7.6h3L6,17.1L6,17.1zM4.6,6.3c-1,0-1.7-0.8-1.7-1.7s0.8-1.7,1.7-1.7c0.9,0,1.7,0.8,1.7,1.7C6.3,5.5,5.5,6.3,4.6,6.3z M17.2,17.1h-3v-4.6c0-1.1,0-2.5-1.5-2.5c-1.5,0-1.8,1.2-1.8,2.5v4.7h-3V7.6h2.8v1.3h0c0.4-0.8,1.4-1.5,2.8-1.5c3,0,3.6,2,3.6,4.5V17.1z\"><\/path>\r\n\t\t\t\t\t\t<\/svg>\r\n\t\t\t\t\t<\/span>\r\n\t\t\t\t<\/a>\r\n\t\t\t\t\r\n\t\t\t\t<a href=\"whatsapp:\/\/send?text=https%3A%2F%2Fwww.educatech-expo.com%2Fen%2Fconference%2Feducavox\" data-network=\"whatsapp\" aria-label=\"WhatsApp\" style=\"--official-color: #5bba67\" rel=\"noopener noreferrer nofollow\">\r\n\t\t\t\t\t<span class=\"icon-container\">\r\n\t\t\t\t\t\t<svg width=\"20px\" height=\"20px\" viewBox=\"0 0 20 20\" aria-hidden=\"true\">\r\n\t\t\t\t\t\t\t<path d=\"M10,0C4.5,0,0,4.5,0,10c0,1.9,0.5,3.6,1.4,5.1L0.1,20l5-1.3C6.5,19.5,8.2,20,10,20c5.5,0,10-4.5,10-10S15.5,0,10,0zM6.6,5.3c0.2,0,0.3,0,0.5,0c0.2,0,0.4,0,0.6,0.4c0.2,0.5,0.7,1.7,0.8,1.8c0.1,0.1,0.1,0.3,0,0.4C8.3,8.2,8.3,8.3,8.1,8.5C8,8.6,7.9,8.8,7.8,8.9C7.7,9,7.5,9.1,7.7,9.4c0.1,0.2,0.6,1.1,1.4,1.7c0.9,0.8,1.7,1.1,2,1.2c0.2,0.1,0.4,0.1,0.5-0.1c0.1-0.2,0.6-0.7,0.8-1c0.2-0.2,0.3-0.2,0.6-0.1c0.2,0.1,1.4,0.7,1.7,0.8s0.4,0.2,0.5,0.3c0.1,0.1,0.1,0.6-0.1,1.2c-0.2,0.6-1.2,1.1-1.7,1.2c-0.5,0-0.9,0.2-3-0.6c-2.5-1-4.1-3.6-4.2-3.7c-0.1-0.2-1-1.3-1-2.6c0-1.2,0.6-1.8,0.9-2.1C6.1,5.4,6.4,5.3,6.6,5.3z\"><\/path>\r\n\t\t\t\t\t\t<\/svg>\r\n\t\t\t\t\t<\/span>\r\n\t\t\t\t<\/a>\r\n\t\t\t<\/div>\r\n\t\t\t<\/div>\r\n<\/div>\t\t\t\t\t\t\t<div class=\"conferences-accordion-item\" data-date=\"2025-11-21T00:00:00\" data-type=\"plenary-conference\">\r\n\t<div class=\"conferences-accordion-header\">\r\n\t\t<div class=\"conference-infos\">\r\n\t\t\t<span class=\"conference-date\">\r\n\t\t\t\t<svg xmlns=\"http:\/\/www.w3.org\/2000\/svg\" height=\"1em\" viewBox=\"0 0 448 512\"><path d=\"M96 32V64H48C21.5 64 0 85.5 0 112v48H448V112c0-26.5-21.5-48-48-48H352V32c0-17.7-14.3-32-32-32s-32 14.3-32 32V64H160V32c0-17.7-14.3-32-32-32S96 14.3 96 32zM448 192H0V464c0 26.5 21.5 48 48 48H400c26.5 0 48-21.5 48-48V192z\"\/><\/svg>\r\n\t\t\t\t21 November 2025\t\t\t<\/span>\r\n\t\t\t<span class=\"conference-time\">\r\n\t\t\t\t<svg xmlns=\"http:\/\/www.w3.org\/2000\/svg\" height=\"1em\" viewBox=\"0 0 512 512\"><path d=\"M256 0a256 256 0 1 1 0 512A256 256 0 1 1 256 0zM232 120V256c0 8 4 15.5 10.7 20l96 64c11 7.4 25.9 4.4 33.3-6.7s4.4-25.9-6.7-33.3L280 243.2V120c0-13.3-10.7-24-24-24s-24 10.7-24 24z\"\/><\/svg>\r\n\t\t\t\t10H30 to 11H30\t\t\t<\/span>\r\n\t\t\t<span class=\"conference-location\">\r\n\t\t\t\t<svg xmlns=\"http:\/\/www.w3.org\/2000\/svg\" height=\"1em\" viewBox=\"0 0 384 512\"><path d=\"M215.7 499.2C267 435 384 279.4 384 192C384 86 298 0 192 0S0 86 0 192c0 87.4 117 243 168.3 307.2c12.3 15.3 35.1 15.3 47.4 0zM192 128a64 64 0 1 1 0 128 64 64 0 1 1 0-128z\"\/><\/svg>\r\n\t\t\t\tAMPHITHEATER\t\t\t<\/span>\r\n\t\t\t\r\n\t\t\t\t\t\t\t<span class=\"conference-type\">\r\n\t\t\t\t\t<svg xmlns=\"http:\/\/www.w3.org\/2000\/svg\" height=\"1em\" viewBox=\"0 0 384 512\"><path d=\"M0 48V487.7C0 501.1 10.9 512 24.3 512c5 0 9.9-1.5 14-4.4L192 400 345.7 507.6c4.1 2.9 9 4.4 14 4.4c13.4 0 24.3-10.9 24.3-24.3V48c0-26.5-21.5-48-48-48H48C21.5 0 0 21.5 0 48z\"\/><\/svg>\r\n\t\t\t\t\tPLENARY CONFERENCE\t\t\t\t<\/span>\r\n\t\t\t\t\t<\/div>\r\n\t\t\r\n\t\t<h3 class=\"conference-title\">Public purchasing: how to reconcile efficiency and budget constraints?<\/h3>\r\n\t\t\r\n\t\t\t\t\t<p class=\"organized-by\">\r\n\t\t\t\tOrganized by Educ@tech Expo & EducPros\t\t\t<\/p>\r\n\t\t\t\t\r\n\t\t<a class=\"read-more\" href=\"#\">Continue reading<\/a>\r\n\t<\/div>\r\n\t\t\t\t\t\t\t\t\r\n\t<div class=\"conferences-accordion-panel\">\r\n\t\t\r\n\t\t\t\t\r\n\t\t<div class=\"conference-description\">\r\n\t\t\t<p>How can we ensure that public purchasing in schools and universities meets the needs of the field? Between complex procedures, fixed catalogs and tight budgets, purchasing managers face many constraints. This conference brings together local authorities, secondary school heads and representatives from higher education to share experiences and practical solutions. Autonomy, dialogue with local authorities, purchasing groups, innovative platforms: what if we rethought public procurement based on users&rsquo; real needs?<\/p>\n\t\t<\/div>\r\n\t\t\t\r\n\t\t\t\t\r\n\t\t\t\t\t<p class=\"speakers-title\">Speakers:<\/p>\r\n\t\t\t<div class=\"speakers\">\r\n\t\t\t\t\t\t\t\t\t<div class=\"speaker\">\r\n\t<img decoding=\"async\" src=\"https:\/\/weyou.blob.core.windows.net\/images\/conferencier\/fe8ce812-ca87-4603-bc1a-5a57495ae891.jpg\" alt=\"Bruno BOKIEWICZ\"><p><strong>Bruno BOKIEWICZ<\/strong><br\/>Secr\u00e9taire g\u00e9n\u00e9ral du SNPDEN-UNSA, Proviseur de la cit\u00e9 scolaire BUFFON &ndash; SNPDEN-UNSA<\/p><\/div>\t\t\t\t\t\t\t\t\t<div class=\"speaker\">\r\n\t<img decoding=\"async\" src=\"https:\/\/weyou.blob.core.windows.net\/images\/conferencier\/d739c3fb-1bdd-4aa1-ab7a-229d93cef58a.jpg\" alt=\"Bertille BACHELET\"><p><strong>Bertille BACHELET<\/strong><br\/>Secr\u00e9taire g\u00e9n\u00e9rale du coll\u00e8ge Jules Verne \u00e0 Lacroix-Saint-Ouen (60) &ndash; COLL\u00c8GE JULES VERNE<\/p><\/div>\t\t\t\t\t\t\t\t\t<div class=\"speaker\">\r\n\t<img decoding=\"async\" src=\"https:\/\/weyou.blob.core.windows.net\/images\/conferencier\/a85b442b-2eb8-4efe-a7c1-9ea70cf07477.jpg\" alt=\"Amadou SECK\"><p><strong>Amadou SECK<\/strong><br\/>Responsable du P\u00f4le achats \u00e0 la Direction des Affaires Financi\u00e8res, Universit\u00e9 Paris-Est Cr\u00e9teil &ndash; UNIVERSIT\u00c9 PARIS-EST CR\u00c9TEIL<\/p><\/div>\t\t\t\t\t\t\t\t\t<div class=\"speaker\">\r\n\t<img decoding=\"async\" src=\"https:\/\/weyou.blob.core.windows.net\/images\/conferencier\/1cbef800-c0e9-4727-9793-7a9aecb7829a.jpg\" alt=\"Mathias ROY\"><p><strong>Mathias ROY<\/strong><br\/>Directeur Adjoint De L\u2019education &ndash; CONSEIL D\u00c9PARTEMENTAL DE LA SEINE-SAINT-DENIS<\/p><\/div>\t\t\t\t\t\t\t\t\t<div class=\"speaker\">\r\n\t<img decoding=\"async\" src=\"https:\/\/weyou.blob.core.windows.net\/images\/conferencier\/c3d29029-8412-4cfa-93dd-c4ec08223fe9.jpg\" alt=\"Faustine   COACHE\"><p><strong>Faustine   COACHE<\/strong><br\/>Directrice adjointe de l\u2019\u00e9ducation et des coll\u00e8ges &ndash; CONSEIL D\u00c9PARTEMENTAL DE L'ESSONNE<\/p><\/div>\t\t\t\t\t\t\t\t\t<div class=\"speaker\">\r\n\t<p><strong>Hamid  ETTAHFI<\/strong><br\/>Vice-pr\u00e9sident en charge des \u00e9ditions et des services au sein d'aji gestion pour l'\u00e9ducation et secr\u00e9taire g\u00e9n\u00e9ral agent comptable au lyc\u00e9e international jeanne d'arc, \u00e0 clermont-ferrand (63). &ndash; AJI GESTION <\/p><\/div>\t\t\t\t\t\t\t<\/div>\r\n\t\t\t\t\r\n\t\t\t\t\t<div class=\"exhibitor-share-box\">\r\n\t\t\t\t\t\t\t\t<a href=\"https:\/\/www.facebook.com\/sharer\/sharer.php?u=https%3A%2F%2Fwww.educatech-expo.com%2Fen%2Fconference%2Feductech-expo-educpros\" data-network=\"facebook\" aria-label=\"Facebook\" style=\"--official-color: #557dbc\" rel=\"noopener noreferrer nofollow\">\r\n\t\t\t\t\t<span class=\"icon-container\">\r\n\t\t\t\t\t\t<svg width=\"20px\" height=\"20px\" viewBox=\"0 0 20 20\" aria-hidden=\"true\">\r\n\t\t\t\t\t\t\t<path d=\"M20,10.1c0-5.5-4.5-10-10-10S0,4.5,0,10.1c0,5,3.7,9.1,8.4,9.9v-7H5.9v-2.9h2.5V7.9C8.4,5.4,9.9,4,12.2,4c1.1,0,2.2,0.2,2.2,0.2v2.5h-1.3c-1.2,0-1.6,0.8-1.6,1.6v1.9h2.8L13.9,13h-2.3v7C16.3,19.2,20,15.1,20,10.1z\"><\/path>\r\n\t\t\t\t\t\t<\/svg>\r\n\t\t\t\t\t<\/span>\r\n\t\t\t\t<\/a>\r\n\t\t\t\t\t\t\t\r\n\t\t\t\t<a href=\"https:\/\/twitter.com\/share?url=https%3A%2F%2Fwww.educatech-expo.com%2Fen%2Fconference%2Feductech-expo-educpros&text=Conferences & workshops organized by Educ@tech Expo & EducPros - Educ@tech Expo\" data-network=\"twitter\" aria-label=\"Twitter\" style=\"--official-color: #7acdee\" rel=\"noopener noreferrer nofollow\">\r\n\t\t\t\t\t<span class=\"icon-container\">\r\n\t\t\t\t\t\t<svg width=\"20px\" height=\"20px\" viewBox=\"0 0 20 20\" aria-hidden=\"true\">\r\n\t\t\t\t\t\t\t<path d=\"M20,3.8c-0.7,0.3-1.5,0.5-2.4,0.6c0.8-0.5,1.5-1.3,1.8-2.3c-0.8,0.5-1.7,0.8-2.6,1c-0.7-0.8-1.8-1.3-3-1.3c-2.3,0-4.1,1.8-4.1,4.1c0,0.3,0,0.6,0.1,0.9C6.4,6.7,3.4,5.1,1.4,2.6C1,3.2,0.8,3.9,0.8,4.7c0,1.4,0.7,2.7,1.8,3.4C2,8.1,1.4,7.9,0.8,7.6c0,0,0,0,0,0.1c0,2,1.4,3.6,3.3,4c-0.3,0.1-0.7,0.1-1.1,0.1c-0.3,0-0.5,0-0.8-0.1c0.5,1.6,2,2.8,3.8,2.8c-1.4,1.1-3.2,1.8-5.1,1.8c-0.3,0-0.7,0-1-0.1c1.8,1.2,4,1.8,6.3,1.8c7.5,0,11.7-6.3,11.7-11.7c0-0.2,0-0.4,0-0.5C18.8,5.3,19.4,4.6,20,3.8z\"><\/path>\r\n\t\t\t\t\t\t<\/svg>\r\n\t\t\t\t\t<\/span>\r\n\t\t\t\t<\/a>\r\n\r\n\t\t\t\t<a href=\"https:\/\/www.linkedin.com\/shareArticle?url=https%3A%2F%2Fwww.educatech-expo.com%2Fen%2Fconference%2Feductech-expo-educpros&title=Conferences & workshops organized by Educ@tech Expo & EducPros - Educ@tech Expo\" data-network=\"linkedin\" aria-label=\"LinkedIn\" style=\"--official-color: #1c86c6\" rel=\"noopener noreferrer nofollow\">\r\n\t\t\t\t\t<span class=\"icon-container\">\r\n\t\t\t\t\t\t<svg width=\"20px\" height=\"20px\" viewBox=\"0 0 20 20\" aria-hidden=\"true\">\r\n\t\t\t\t\t\t\t<path d=\"M18.6,0H1.4C0.6,0,0,0.6,0,1.4v17.1C0,19.4,0.6,20,1.4,20h17.1c0.8,0,1.4-0.6,1.4-1.4V1.4C20,0.6,19.4,0,18.6,0z M6,17.1h-3V7.6h3L6,17.1L6,17.1zM4.6,6.3c-1,0-1.7-0.8-1.7-1.7s0.8-1.7,1.7-1.7c0.9,0,1.7,0.8,1.7,1.7C6.3,5.5,5.5,6.3,4.6,6.3z M17.2,17.1h-3v-4.6c0-1.1,0-2.5-1.5-2.5c-1.5,0-1.8,1.2-1.8,2.5v4.7h-3V7.6h2.8v1.3h0c0.4-0.8,1.4-1.5,2.8-1.5c3,0,3.6,2,3.6,4.5V17.1z\"><\/path>\r\n\t\t\t\t\t\t<\/svg>\r\n\t\t\t\t\t<\/span>\r\n\t\t\t\t<\/a>\r\n\t\t\t\t\r\n\t\t\t\t<a href=\"whatsapp:\/\/send?text=https%3A%2F%2Fwww.educatech-expo.com%2Fen%2Fconference%2Feductech-expo-educpros\" data-network=\"whatsapp\" aria-label=\"WhatsApp\" style=\"--official-color: #5bba67\" rel=\"noopener noreferrer nofollow\">\r\n\t\t\t\t\t<span class=\"icon-container\">\r\n\t\t\t\t\t\t<svg width=\"20px\" height=\"20px\" viewBox=\"0 0 20 20\" aria-hidden=\"true\">\r\n\t\t\t\t\t\t\t<path d=\"M10,0C4.5,0,0,4.5,0,10c0,1.9,0.5,3.6,1.4,5.1L0.1,20l5-1.3C6.5,19.5,8.2,20,10,20c5.5,0,10-4.5,10-10S15.5,0,10,0zM6.6,5.3c0.2,0,0.3,0,0.5,0c0.2,0,0.4,0,0.6,0.4c0.2,0.5,0.7,1.7,0.8,1.8c0.1,0.1,0.1,0.3,0,0.4C8.3,8.2,8.3,8.3,8.1,8.5C8,8.6,7.9,8.8,7.8,8.9C7.7,9,7.5,9.1,7.7,9.4c0.1,0.2,0.6,1.1,1.4,1.7c0.9,0.8,1.7,1.1,2,1.2c0.2,0.1,0.4,0.1,0.5-0.1c0.1-0.2,0.6-0.7,0.8-1c0.2-0.2,0.3-0.2,0.6-0.1c0.2,0.1,1.4,0.7,1.7,0.8s0.4,0.2,0.5,0.3c0.1,0.1,0.1,0.6-0.1,1.2c-0.2,0.6-1.2,1.1-1.7,1.2c-0.5,0-0.9,0.2-3-0.6c-2.5-1-4.1-3.6-4.2-3.7c-0.1-0.2-1-1.3-1-2.6c0-1.2,0.6-1.8,0.9-2.1C6.1,5.4,6.4,5.3,6.6,5.3z\"><\/path>\r\n\t\t\t\t\t\t<\/svg>\r\n\t\t\t\t\t<\/span>\r\n\t\t\t\t<\/a>\r\n\t\t\t<\/div>\r\n\t\t\t<\/div>\r\n<\/div>\t\t\t\t\t\t\t<div class=\"conferences-accordion-item\" data-date=\"2025-11-21T00:00:00\" data-type=\"plenary-conference\">\r\n\t<div class=\"conferences-accordion-header\">\r\n\t\t<div class=\"conference-infos\">\r\n\t\t\t<span class=\"conference-date\">\r\n\t\t\t\t<svg xmlns=\"http:\/\/www.w3.org\/2000\/svg\" height=\"1em\" viewBox=\"0 0 448 512\"><path d=\"M96 32V64H48C21.5 64 0 85.5 0 112v48H448V112c0-26.5-21.5-48-48-48H352V32c0-17.7-14.3-32-32-32s-32 14.3-32 32V64H160V32c0-17.7-14.3-32-32-32S96 14.3 96 32zM448 192H0V464c0 26.5 21.5 48 48 48H400c26.5 0 48-21.5 48-48V192z\"\/><\/svg>\r\n\t\t\t\t21 November 2025\t\t\t<\/span>\r\n\t\t\t<span class=\"conference-time\">\r\n\t\t\t\t<svg xmlns=\"http:\/\/www.w3.org\/2000\/svg\" height=\"1em\" viewBox=\"0 0 512 512\"><path d=\"M256 0a256 256 0 1 1 0 512A256 256 0 1 1 256 0zM232 120V256c0 8 4 15.5 10.7 20l96 64c11 7.4 25.9 4.4 33.3-6.7s4.4-25.9-6.7-33.3L280 243.2V120c0-13.3-10.7-24-24-24s-24 10.7-24 24z\"\/><\/svg>\r\n\t\t\t\t11h45 to 12h45\t\t\t<\/span>\r\n\t\t\t<span class=\"conference-location\">\r\n\t\t\t\t<svg xmlns=\"http:\/\/www.w3.org\/2000\/svg\" height=\"1em\" viewBox=\"0 0 384 512\"><path d=\"M215.7 499.2C267 435 384 279.4 384 192C384 86 298 0 192 0S0 86 0 192c0 87.4 117 243 168.3 307.2c12.3 15.3 35.1 15.3 47.4 0zM192 128a64 64 0 1 1 0 128 64 64 0 1 1 0-128z\"\/><\/svg>\r\n\t\t\t\tAMPHITHEATER\t\t\t<\/span>\r\n\t\t\t\r\n\t\t\t\t\t\t\t<span class=\"conference-type\">\r\n\t\t\t\t\t<svg xmlns=\"http:\/\/www.w3.org\/2000\/svg\" height=\"1em\" viewBox=\"0 0 384 512\"><path d=\"M0 48V487.7C0 501.1 10.9 512 24.3 512c5 0 9.9-1.5 14-4.4L192 400 345.7 507.6c4.1 2.9 9 4.4 14 4.4c13.4 0 24.3-10.9 24.3-24.3V48c0-26.5-21.5-48-48-48H48C21.5 0 0 21.5 0 48z\"\/><\/svg>\r\n\t\t\t\t\tPLENARY CONFERENCE\t\t\t\t<\/span>\r\n\t\t\t\t\t<\/div>\r\n\t\t\r\n\t\t<h3 class=\"conference-title\">From education data to data education. Education data: a lever for acculturation, governance and citizenship in the digital and AI era<\/h3>\r\n\t\t\r\n\t\t\t\t\t<p class=\"organized-by\">\r\n\t\t\t\tOrganized by DIRECTION DU NUMERIQUE POUR L'EDUCATION - MINISTERE DE L'EDUCATION NATIONALE\t\t\t<\/p>\r\n\t\t\t\t\r\n\t\t<a class=\"read-more\" href=\"#\">Continue reading<\/a>\r\n\t<\/div>\r\n\t\t\t\t\t\t\t\t\r\n\t<div class=\"conferences-accordion-panel\">\r\n\t\t\r\n\t\t\t\t\t\t<img decoding=\"async\" src=\"https:\/\/weyou.blob.core.windows.net\/images\/exposant\/b0cf883b-7926-4369-aaa9-64f4b764d5cd.jpg\" class=\"exhibitor-logo\" alt=\"DIRECTION DU NUMERIQUE POUR L'EDUCATION - MINISTERE DE L'EDUCATION NATIONALE\">\r\n\t\t\t\t\t\r\n\t\t<div class=\"conference-description\">\r\n\t\t\t\r\n\r\n<p>This conference brings together perspectives from regulation, research and education to rethink the place of public and protected data in education and society.<\/p>\r\n<p>In this era of generative AI and recommendation algorithms, where data is redefining our relationship with reality and with others, it raises a key question: how can data be used as a lever for trust, discernment, empowerment and digital citizenship \u2014 useful, relevant, protective and valuable? <\/p>\r\n<br>\t\t<\/div>\r\n\t\t\t\r\n\t\t\t\t\t<p class=\"speakers-title\">Conference Moderators:<\/p>\r\n\t\t\t<div class=\"speakers\">\r\n\t\t\t\t\t\t\t\t\t<div class=\"speaker\">\r\n\t<img decoding=\"async\" src=\"https:\/\/weyou.blob.core.windows.net\/images\/conferencier\/ca63da38-b6ac-4fdd-a786-3d5c379e65a7.jpg\" alt=\"Philippe AJUELOS\"><p><strong>Philippe AJUELOS<\/strong><br\/>Ministerial Data Administrator &ndash; MINIST\u00c8RE DE L'\u00c9DUCATION NATIONALE - DIRECTION DU NUM\u00c9RIQUE POUR L'\u00c9DUCATION<\/p><\/div>\t\t\t\t\t\t\t\t\t<div class=\"speaker\">\r\n\t<img decoding=\"async\" src=\"https:\/\/www.educatech-expo.com\/wp-content\/plugins\/weyou-exhibitions\/\/public\/img\/user.png\" alt=\"Murielle LAVELLE-CASSANO\"><p><strong>Murielle LAVELLE-CASSANO<\/strong><br\/>AMDAC project manager &ndash; MINIST\u00c8RE DE L'\u00c9DUCATION NATIONALE - DIRECTION DU NUM\u00c9RIQUE POUR L'\u00c9DUCATION<\/p><\/div>\t\t\t\t\t\t\t<\/div>\r\n\t\t\t\t\r\n\t\t\t\t\t<p class=\"speakers-title\">Speakers:<\/p>\r\n\t\t\t<div class=\"speakers\">\r\n\t\t\t\t\t\t\t\t\t<div class=\"speaker\">\r\n\t<img decoding=\"async\" src=\"https:\/\/weyou.blob.core.windows.net\/images\/conferencier\/a399c3a3-a68b-4bb8-893c-27c7c75d1be2.jpg\" alt=\"Jennifer ELBAZ\"><p><strong>Jennifer ELBAZ<\/strong><br\/>Head of Public Awareness &ndash; CNIL - DIRECTION DES RELATIONS AVEC LES PUBLICS<\/p><\/div>\t\t\t\t\t\t\t\t\t<div class=\"speaker\">\r\n\t<img decoding=\"async\" src=\"https:\/\/weyou.blob.core.windows.net\/images\/conferencier\/7e61d3b6-30e0-4ebf-a8d5-55186720d6e0.jpg\" alt=\"Gwenn COGNARD\"><p><strong>Gwenn COGNARD<\/strong><br\/>Head of the teaching department &ndash; CABRI-MASKOTT<\/p><\/div>\t\t\t\t\t\t\t\t\t<div class=\"speaker\">\r\n\t<img decoding=\"async\" src=\"https:\/\/weyou.blob.core.windows.net\/images\/conferencier\/d221ef1e-6225-4231-b0dd-6144c1ab1f59.jpg\" alt=\"Muriel POISSON\"><p><strong>Muriel POISSON<\/strong><br\/>PhD, Team Leader, Knowledge Generation and Mobilisation  &ndash; INSTITUT INTERNATIONAL DE PLANIFICATION DE L\u2019\u00c9DUCATION (IIPE) DE L\u2019UNESCO<\/p><\/div>\t\t\t\t\t\t\t<\/div>\r\n\t\t\t\t\r\n\t\t\t\t\t<div class=\"exhibitor-share-box\">\r\n\t\t\t\t\t\t\t\t<a href=\"https:\/\/www.facebook.com\/sharer\/sharer.php?u=https%3A%2F%2Fwww.educatech-expo.com%2Fen%2Fconference%2Fdirection-du-numerique-pour-leducation-ministere-de-leducation-nationale\" data-network=\"facebook\" aria-label=\"Facebook\" style=\"--official-color: #557dbc\" rel=\"noopener noreferrer nofollow\">\r\n\t\t\t\t\t<span class=\"icon-container\">\r\n\t\t\t\t\t\t<svg width=\"20px\" height=\"20px\" viewBox=\"0 0 20 20\" aria-hidden=\"true\">\r\n\t\t\t\t\t\t\t<path d=\"M20,10.1c0-5.5-4.5-10-10-10S0,4.5,0,10.1c0,5,3.7,9.1,8.4,9.9v-7H5.9v-2.9h2.5V7.9C8.4,5.4,9.9,4,12.2,4c1.1,0,2.2,0.2,2.2,0.2v2.5h-1.3c-1.2,0-1.6,0.8-1.6,1.6v1.9h2.8L13.9,13h-2.3v7C16.3,19.2,20,15.1,20,10.1z\"><\/path>\r\n\t\t\t\t\t\t<\/svg>\r\n\t\t\t\t\t<\/span>\r\n\t\t\t\t<\/a>\r\n\t\t\t\t\t\t\t\r\n\t\t\t\t<a href=\"https:\/\/twitter.com\/share?url=https%3A%2F%2Fwww.educatech-expo.com%2Fen%2Fconference%2Fdirection-du-numerique-pour-leducation-ministere-de-leducation-nationale&text=Conferences & workshops organized by DIRECTION DU NUMERIQUE POUR L'EDUCATION - MINISTERE DE L'EDUCATION NATIONALE - Educ@tech Expo\" data-network=\"twitter\" aria-label=\"Twitter\" style=\"--official-color: #7acdee\" rel=\"noopener noreferrer nofollow\">\r\n\t\t\t\t\t<span class=\"icon-container\">\r\n\t\t\t\t\t\t<svg width=\"20px\" height=\"20px\" viewBox=\"0 0 20 20\" aria-hidden=\"true\">\r\n\t\t\t\t\t\t\t<path d=\"M20,3.8c-0.7,0.3-1.5,0.5-2.4,0.6c0.8-0.5,1.5-1.3,1.8-2.3c-0.8,0.5-1.7,0.8-2.6,1c-0.7-0.8-1.8-1.3-3-1.3c-2.3,0-4.1,1.8-4.1,4.1c0,0.3,0,0.6,0.1,0.9C6.4,6.7,3.4,5.1,1.4,2.6C1,3.2,0.8,3.9,0.8,4.7c0,1.4,0.7,2.7,1.8,3.4C2,8.1,1.4,7.9,0.8,7.6c0,0,0,0,0,0.1c0,2,1.4,3.6,3.3,4c-0.3,0.1-0.7,0.1-1.1,0.1c-0.3,0-0.5,0-0.8-0.1c0.5,1.6,2,2.8,3.8,2.8c-1.4,1.1-3.2,1.8-5.1,1.8c-0.3,0-0.7,0-1-0.1c1.8,1.2,4,1.8,6.3,1.8c7.5,0,11.7-6.3,11.7-11.7c0-0.2,0-0.4,0-0.5C18.8,5.3,19.4,4.6,20,3.8z\"><\/path>\r\n\t\t\t\t\t\t<\/svg>\r\n\t\t\t\t\t<\/span>\r\n\t\t\t\t<\/a>\r\n\r\n\t\t\t\t<a href=\"https:\/\/www.linkedin.com\/shareArticle?url=https%3A%2F%2Fwww.educatech-expo.com%2Fen%2Fconference%2Fdirection-du-numerique-pour-leducation-ministere-de-leducation-nationale&title=Conferences & workshops organized by DIRECTION DU NUMERIQUE POUR L'EDUCATION - MINISTERE DE L'EDUCATION NATIONALE - Educ@tech Expo\" data-network=\"linkedin\" aria-label=\"LinkedIn\" style=\"--official-color: #1c86c6\" rel=\"noopener noreferrer nofollow\">\r\n\t\t\t\t\t<span class=\"icon-container\">\r\n\t\t\t\t\t\t<svg width=\"20px\" height=\"20px\" viewBox=\"0 0 20 20\" aria-hidden=\"true\">\r\n\t\t\t\t\t\t\t<path d=\"M18.6,0H1.4C0.6,0,0,0.6,0,1.4v17.1C0,19.4,0.6,20,1.4,20h17.1c0.8,0,1.4-0.6,1.4-1.4V1.4C20,0.6,19.4,0,18.6,0z M6,17.1h-3V7.6h3L6,17.1L6,17.1zM4.6,6.3c-1,0-1.7-0.8-1.7-1.7s0.8-1.7,1.7-1.7c0.9,0,1.7,0.8,1.7,1.7C6.3,5.5,5.5,6.3,4.6,6.3z M17.2,17.1h-3v-4.6c0-1.1,0-2.5-1.5-2.5c-1.5,0-1.8,1.2-1.8,2.5v4.7h-3V7.6h2.8v1.3h0c0.4-0.8,1.4-1.5,2.8-1.5c3,0,3.6,2,3.6,4.5V17.1z\"><\/path>\r\n\t\t\t\t\t\t<\/svg>\r\n\t\t\t\t\t<\/span>\r\n\t\t\t\t<\/a>\r\n\t\t\t\t\r\n\t\t\t\t<a href=\"whatsapp:\/\/send?text=https%3A%2F%2Fwww.educatech-expo.com%2Fen%2Fconference%2Fdirection-du-numerique-pour-leducation-ministere-de-leducation-nationale\" data-network=\"whatsapp\" aria-label=\"WhatsApp\" style=\"--official-color: #5bba67\" rel=\"noopener noreferrer nofollow\">\r\n\t\t\t\t\t<span class=\"icon-container\">\r\n\t\t\t\t\t\t<svg width=\"20px\" height=\"20px\" viewBox=\"0 0 20 20\" aria-hidden=\"true\">\r\n\t\t\t\t\t\t\t<path d=\"M10,0C4.5,0,0,4.5,0,10c0,1.9,0.5,3.6,1.4,5.1L0.1,20l5-1.3C6.5,19.5,8.2,20,10,20c5.5,0,10-4.5,10-10S15.5,0,10,0zM6.6,5.3c0.2,0,0.3,0,0.5,0c0.2,0,0.4,0,0.6,0.4c0.2,0.5,0.7,1.7,0.8,1.8c0.1,0.1,0.1,0.3,0,0.4C8.3,8.2,8.3,8.3,8.1,8.5C8,8.6,7.9,8.8,7.8,8.9C7.7,9,7.5,9.1,7.7,9.4c0.1,0.2,0.6,1.1,1.4,1.7c0.9,0.8,1.7,1.1,2,1.2c0.2,0.1,0.4,0.1,0.5-0.1c0.1-0.2,0.6-0.7,0.8-1c0.2-0.2,0.3-0.2,0.6-0.1c0.2,0.1,1.4,0.7,1.7,0.8s0.4,0.2,0.5,0.3c0.1,0.1,0.1,0.6-0.1,1.2c-0.2,0.6-1.2,1.1-1.7,1.2c-0.5,0-0.9,0.2-3-0.6c-2.5-1-4.1-3.6-4.2-3.7c-0.1-0.2-1-1.3-1-2.6c0-1.2,0.6-1.8,0.9-2.1C6.1,5.4,6.4,5.3,6.6,5.3z\"><\/path>\r\n\t\t\t\t\t\t<\/svg>\r\n\t\t\t\t\t<\/span>\r\n\t\t\t\t<\/a>\r\n\t\t\t<\/div>\r\n\t\t\t<\/div>\r\n<\/div>\t\t\t\t\t<\/div>\r\n\t<\/div>\r\n<\/div>[\/vc_column_inner][\/vc_row_inner][vc_row_inner][vc_column_inner width=&#8221;1\/2&#8243;][vc_single_image image=&#8221;7222&#8243; alignment=&#8221;center&#8221;][\/vc_column_inner][vc_column_inner width=&#8221;1\/2&#8243;][vc_single_image image=&#8221;7221&#8243; alignment=&#8221;center&#8221;][\/vc_column_inner][\/vc_row_inner][\/vc_column][\/vc_row][vc_row disable_element=&#8221;yes&#8221;][vc_column][vc_column_text]<\/p>\n<h2 style=\"text-align: center\"><strong>Wednesday, November 19<\/strong><\/h2>\n<ul>\n<li>\n<h3><strong>Why Educational Technology Must (Finally) Move Beyond the School Walls ?<\/strong><\/h3>\n<\/li>\n<\/ul>\n<p><strong>10:30 AM \u2013 11:30 AM | Auditorium<\/strong><\/p>\n<p data-start=\"258\" data-end=\"390\">For years, many stakeholders in the sector have focused on schools to develop programs and implement digital equipment strategies.<\/p>\n<p data-start=\"392\" data-end=\"617\">However, in the field, initiatives led by local governments, nonprofit organizations, digital advisors, and EdTech players show that other contexts\u2014sometimes more inclusive and effective\u2014can better engage diverse audiences.<\/p>\n<p data-start=\"619\" data-end=\"757\"><strong>So, what are these alternative contexts? How can we collaborate across regions? And ultimately, what does this mean for the end users?<\/strong><\/p>\n<ul>\n<li data-start=\"764\" data-end=\"833\">\n<h3><strong data-start=\"768\" data-end=\"831\">Why AI Will Transform the Way We Create Educational Content<\/strong><\/h3>\n<\/li>\n<\/ul>\n<p data-start=\"834\" data-end=\"898\"><strong data-start=\"837\" data-end=\"896\">\u00a03:15 PM \u2013 4:15 PM | Auditorium<\/strong><\/p>\n<p data-start=\"900\" data-end=\"1048\">In real-world settings, budget constraints directly affect digital resources\u2014often hailed as efficiency drivers or dismissed as unnecessary costs.<\/p>\n<p data-start=\"1050\" data-end=\"1202\">The rise of collaborative platforms, open-source models, and now generative AI is reshaping how we design, produce, and distribute learning materials.<\/p>\n<p data-start=\"1204\" data-end=\"1433\"><strong>Can we envision more relevant, sustainable, and field-adapted solutions? Should we rethink the economic model? Do we need new life cycles for educational resources? What are the key ingredients for long-term sustainability?<\/strong><\/p>\n<h2><\/h2>\n<h2 style=\"text-align: center\"><strong data-start=\"1515\" data-end=\"1573\">Thursday, November 20<\/strong><\/h2>\n<ul>\n<li data-start=\"764\" data-end=\"833\">\n<h3 data-start=\"1440\" data-end=\"1511\"><strong data-start=\"1444\" data-end=\"1509\">Why European Digital Education Policy Could Change Everything<\/strong><\/h3>\n<\/li>\n<\/ul>\n<p data-start=\"1512\" data-end=\"1575\"><strong data-start=\"1515\" data-end=\"1573\">3:15 PM \u2013 4:15 PM | Auditorium<\/strong><\/p>\n<p data-start=\"1577\" data-end=\"1738\">As technologies evolve rapidly and child-related professionals express growing concern, digital education strategies remain fragmented and often controversial.<\/p>\n<p data-start=\"1740\" data-end=\"1921\">Yet, 2025 has been declared the European Year of Digital Citizenship Education by the Council of Europe, which is currently drafting a roadmap for the future of digital education.<\/p>\n<p data-start=\"1923\" data-end=\"2099\"><strong>So, how can we align across Europe on this topic? Where can compromises be made? What direction are we heading in? What should we hope for\u2014and what role will France play?<\/strong><\/p>\n<h2 style=\"text-align: center\" data-start=\"1923\" data-end=\"2099\"><strong data-start=\"1515\" data-end=\"1573\">Friday, November 21<\/strong><\/h2>\n<ul>\n<li>\n<h3><strong>Public purchasing: how to reconcile efficiency and budget constraints?<\/strong><\/h3>\n<\/li>\n<\/ul>\n<p><strong data-start=\"1515\" data-end=\"1573\">10:30 AM \u2013 11:30 AM | Auditorium<\/strong><\/p>\n<p>How can we ensure that public purchasing in schools and universities meets the needs of the field? Between complex procedures, fixed catalogs and tight budgets, purchasing managers face many constraints. This conference brings together local authorities, secondary school heads and representatives from higher education to share experiences and practical solutions. Autonomy, dialogue with local authorities, purchasing groups, innovative platforms: what if we rethought public procurement based on users&#8217; real needs?[\/vc_column_text][\/vc_column][\/vc_row][\/vc_section][vc_section disable_element=&#8221;yes&#8221; el_id=&#8221;grandprix&#8221;][vc_row][vc_column]<div id=\"wyvc-section-title-9897\" class=\"wyvc-section-title wyvc-shortcode wyvc-section-title-1 \">\r\n\t<div class=\"wyvc-st-inner\">\r\n\t\t\t\t\t<div class=\"wyvc-st-title\">\r\n\t\t\t\t<p>INNOVATIVE COMMUNITIES GRAND PRIX<\/p>\n\t\t\t<\/div>\r\n\t\t\t\t\t<\/div>\r\n<\/div>\r\n[vc_single_image image=&#8221;6893&#8243; alignment=&#8221;center&#8221;][vc_column_text]<\/p>\n<h3 style=\"text-align: center\"><strong>1st AFINEF Grand Prix at Educ@tech Expo!<\/strong><\/h3>\n<h4 style=\"text-align: center\"><strong>Wednesday November 13 from 5.40pm to 6.10pm &#8211; Amphitheater<\/strong><\/h4>\n<h4 style=\"text-align: left\">AFINEF will honor 5 high-impact initiatives for educational communities at an awards ceremony on November 13 at Educatech Expo, in the presence of jury members and the educational digital ecosystem. This initiative is designed to showcase the innovative work being done by local authorities on behalf of the education system.<\/h4>\n<p>The aim of the award is to promote and reward local authority initiatives that help transform and improve our education system.<\/p>\n<p>For this 1st edition, the jury will distinguish projects in the following five categories:<\/p>\n<ul>\n<li>Primary<\/li>\n<li>Middle school<\/li>\n<li>Highschool<\/li>\n<li>Inclusion<\/li>\n<li>Jury&#8217;s favorite<\/li>\n<\/ul>\n<p>[\/vc_column_text][\/vc_column][\/vc_row][\/vc_section]<\/p>\n<\/div>","protected":false},"excerpt":{"rendered":"<p>[vc_row][vc_column][\/vc_column][\/vc_row][vc_row disable_element=&#8221;yes&#8221;][vc_column][vc_row_inner][vc_column_inner][\/vc_column_inner][\/vc_row_inner][\/vc_column][\/vc_row][vc_section][vc_row][vc_column][vc_row_inner][vc_column_inner][\/vc_column_inner][\/vc_row_inner][vc_row_inner][vc_column_inner width=&#8221;1\/2&#8243;][vc_single_image image=&#8221;7222&#8243; alignment=&#8221;center&#8221;][\/vc_column_inner][vc_column_inner width=&#8221;1\/2&#8243;][vc_single_image image=&#8221;7221&#8243; alignment=&#8221;center&#8221;][\/vc_column_inner][\/vc_row_inner][\/vc_column][\/vc_row][vc_row disable_element=&#8221;yes&#8221;][vc_column][vc_column_text] Wednesday, November 19 Why Educational Technology Must (Finally) Move Beyond the School Walls ? 10:30 AM \u2013 11:30 AM | Auditorium For years, many stakeholders in the sector have focused on schools to develop programs and implement digital equipment strategies. However, in the field, initiatives led [&hellip;]<\/p>\n","protected":false},"author":9,"featured_media":0,"parent":965,"menu_order":0,"comment_status":"closed","ping_status":"closed","template":"","meta":{"footnotes":""},"class_list":["post-912","page","type-page","status-publish","hentry"],"yoast_head":"<!-- This site is optimized with the Yoast SEO plugin v26.9 - https:\/\/yoast.com\/product\/yoast-seo-wordpress\/ -->\n<title>Plenary conferences programme - Educ@tech Expo<\/title>\n<meta name=\"robots\" content=\"index, follow, max-snippet:-1, max-image-preview:large, max-video-preview:-1\" \/>\n<link rel=\"canonical\" href=\"https:\/\/www.educatech-expo.com\/en\/programme\/plenary-conferences-programme\" \/>\n<meta property=\"og:locale\" content=\"en_US\" \/>\n<meta property=\"og:type\" content=\"article\" \/>\n<meta property=\"og:title\" content=\"Plenary conferences programme - Educ@tech Expo\" \/>\n<meta property=\"og:description\" content=\"[vc_row][vc_column][\/vc_column][\/vc_row][vc_row disable_element=&#8221;yes&#8221;][vc_column][vc_row_inner][vc_column_inner][\/vc_column_inner][\/vc_row_inner][\/vc_column][\/vc_row][vc_section][vc_row][vc_column][vc_row_inner][vc_column_inner][\/vc_column_inner][\/vc_row_inner][vc_row_inner][vc_column_inner width=&#8221;1\/2&#8243;][vc_single_image image=&#8221;7222&#8243; alignment=&#8221;center&#8221;][\/vc_column_inner][vc_column_inner width=&#8221;1\/2&#8243;][vc_single_image image=&#8221;7221&#8243; alignment=&#8221;center&#8221;][\/vc_column_inner][\/vc_row_inner][\/vc_column][\/vc_row][vc_row disable_element=&#8221;yes&#8221;][vc_column][vc_column_text] Wednesday, November 19 Why Educational Technology Must (Finally) Move Beyond the School Walls ? 10:30 AM \u2013 11:30 AM | Auditorium For years, many stakeholders in the sector have focused on schools to develop programs and implement digital equipment strategies. However, in the field, initiatives led [&hellip;]\" \/>\n<meta property=\"og:url\" content=\"https:\/\/www.educatech-expo.com\/en\/programme\/plenary-conferences-programme\" \/>\n<meta property=\"og:site_name\" content=\"Educ@tech Expo\" \/>\n<meta property=\"article:publisher\" content=\"https:\/\/business.facebook.com\/educatectice\" \/>\n<meta property=\"article:modified_time\" content=\"2025-09-11T16:06:41+00:00\" \/>\n<meta name=\"twitter:card\" content=\"summary_large_image\" \/>\n<meta name=\"twitter:site\" content=\"@educatectice\" \/>\n<meta name=\"twitter:label1\" content=\"Est. reading time\" \/>\n\t<meta name=\"twitter:data1\" content=\"3 minutes\" \/>\n<script type=\"application\/ld+json\" class=\"yoast-schema-graph\">{\"@context\":\"https:\/\/schema.org\",\"@graph\":[{\"@type\":\"WebPage\",\"@id\":\"https:\/\/www.educatech-expo.com\/en\/programme\/plenary-conferences-programme\",\"url\":\"https:\/\/www.educatech-expo.com\/en\/programme\/plenary-conferences-programme\",\"name\":\"Plenary conferences programme - Educ@tech Expo\",\"isPartOf\":{\"@id\":\"https:\/\/www.educatech-expo.com\/en#website\"},\"datePublished\":\"2020-02-01T10:40:08+00:00\",\"dateModified\":\"2025-09-11T16:06:41+00:00\",\"breadcrumb\":{\"@id\":\"https:\/\/www.educatech-expo.com\/en\/programme\/plenary-conferences-programme#breadcrumb\"},\"inLanguage\":\"en-US\",\"potentialAction\":[{\"@type\":\"ReadAction\",\"target\":[\"https:\/\/www.educatech-expo.com\/en\/programme\/plenary-conferences-programme\"]}]},{\"@type\":\"BreadcrumbList\",\"@id\":\"https:\/\/www.educatech-expo.com\/en\/programme\/plenary-conferences-programme#breadcrumb\",\"itemListElement\":[{\"@type\":\"ListItem\",\"position\":1,\"name\":\"Home\",\"item\":\"https:\/\/salons.weyou-cms.com\/educatech-expo\/en\"},{\"@type\":\"ListItem\",\"position\":2,\"name\":\"Programme\",\"item\":\"https:\/\/salons.weyou-cms.com\/educatech-expo\/en\/programme\"},{\"@type\":\"ListItem\",\"position\":3,\"name\":\"Plenary conferences programme\"}]},{\"@type\":\"WebSite\",\"@id\":\"https:\/\/www.educatech-expo.com\/en#website\",\"url\":\"https:\/\/www.educatech-expo.com\/en\",\"name\":\"Educ@tech Expo\",\"description\":\"\",\"publisher\":{\"@id\":\"https:\/\/www.educatech-expo.com\/en#organization\"},\"potentialAction\":[{\"@type\":\"SearchAction\",\"target\":{\"@type\":\"EntryPoint\",\"urlTemplate\":\"https:\/\/www.educatech-expo.com\/en?s={search_term_string}\"},\"query-input\":{\"@type\":\"PropertyValueSpecification\",\"valueRequired\":true,\"valueName\":\"search_term_string\"}}],\"inLanguage\":\"en-US\"},{\"@type\":\"Organization\",\"@id\":\"https:\/\/www.educatech-expo.com\/en#organization\",\"name\":\"Educatech Expo\",\"url\":\"https:\/\/www.educatech-expo.com\/en\",\"logo\":{\"@type\":\"ImageObject\",\"inLanguage\":\"en-US\",\"@id\":\"https:\/\/www.educatech-expo.com\/en#\/schema\/logo\/image\/\",\"url\":\"https:\/\/weyoumediastaging.blob.core.windows.net\/educatec-educatice\/sites\/5\/2025\/07\/EDC-LOGO-2025-couleur.png\",\"contentUrl\":\"https:\/\/weyoumediastaging.blob.core.windows.net\/educatec-educatice\/sites\/5\/2025\/07\/EDC-LOGO-2025-couleur.png\",\"width\":1300,\"height\":486,\"caption\":\"Educatech Expo\"},\"image\":{\"@id\":\"https:\/\/www.educatech-expo.com\/en#\/schema\/logo\/image\/\"},\"sameAs\":[\"https:\/\/business.facebook.com\/educatectice\",\"https:\/\/x.com\/educatectice\",\"https:\/\/fr.linkedin.com\/company\/educatec---educatice\",\"https:\/\/www.youtube.com\/channel\/UC26vS5fiqy2nHBAwlkp2aOw\"]}]}<\/script>\n<!-- \/ Yoast SEO plugin. -->","yoast_head_json":{"title":"Plenary conferences programme - Educ@tech Expo","robots":{"index":"index","follow":"follow","max-snippet":"max-snippet:-1","max-image-preview":"max-image-preview:large","max-video-preview":"max-video-preview:-1"},"canonical":"https:\/\/www.educatech-expo.com\/en\/programme\/plenary-conferences-programme","og_locale":"en_US","og_type":"article","og_title":"Plenary conferences programme - Educ@tech Expo","og_description":"[vc_row][vc_column][\/vc_column][\/vc_row][vc_row disable_element=&#8221;yes&#8221;][vc_column][vc_row_inner][vc_column_inner][\/vc_column_inner][\/vc_row_inner][\/vc_column][\/vc_row][vc_section][vc_row][vc_column][vc_row_inner][vc_column_inner][\/vc_column_inner][\/vc_row_inner][vc_row_inner][vc_column_inner width=&#8221;1\/2&#8243;][vc_single_image image=&#8221;7222&#8243; alignment=&#8221;center&#8221;][\/vc_column_inner][vc_column_inner width=&#8221;1\/2&#8243;][vc_single_image image=&#8221;7221&#8243; alignment=&#8221;center&#8221;][\/vc_column_inner][\/vc_row_inner][\/vc_column][\/vc_row][vc_row disable_element=&#8221;yes&#8221;][vc_column][vc_column_text] Wednesday, November 19 Why Educational Technology Must (Finally) Move Beyond the School Walls ? 10:30 AM \u2013 11:30 AM | Auditorium For years, many stakeholders in the sector have focused on schools to develop programs and implement digital equipment strategies. However, in the field, initiatives led [&hellip;]","og_url":"https:\/\/www.educatech-expo.com\/en\/programme\/plenary-conferences-programme","og_site_name":"Educ@tech Expo","article_publisher":"https:\/\/business.facebook.com\/educatectice","article_modified_time":"2025-09-11T16:06:41+00:00","twitter_card":"summary_large_image","twitter_site":"@educatectice","twitter_misc":{"Est. reading time":"3 minutes"},"schema":{"@context":"https:\/\/schema.org","@graph":[{"@type":"WebPage","@id":"https:\/\/www.educatech-expo.com\/en\/programme\/plenary-conferences-programme","url":"https:\/\/www.educatech-expo.com\/en\/programme\/plenary-conferences-programme","name":"Plenary conferences programme - Educ@tech Expo","isPartOf":{"@id":"https:\/\/www.educatech-expo.com\/en#website"},"datePublished":"2020-02-01T10:40:08+00:00","dateModified":"2025-09-11T16:06:41+00:00","breadcrumb":{"@id":"https:\/\/www.educatech-expo.com\/en\/programme\/plenary-conferences-programme#breadcrumb"},"inLanguage":"en-US","potentialAction":[{"@type":"ReadAction","target":["https:\/\/www.educatech-expo.com\/en\/programme\/plenary-conferences-programme"]}]},{"@type":"BreadcrumbList","@id":"https:\/\/www.educatech-expo.com\/en\/programme\/plenary-conferences-programme#breadcrumb","itemListElement":[{"@type":"ListItem","position":1,"name":"Home","item":"https:\/\/salons.weyou-cms.com\/educatech-expo\/en"},{"@type":"ListItem","position":2,"name":"Programme","item":"https:\/\/salons.weyou-cms.com\/educatech-expo\/en\/programme"},{"@type":"ListItem","position":3,"name":"Plenary conferences programme"}]},{"@type":"WebSite","@id":"https:\/\/www.educatech-expo.com\/en#website","url":"https:\/\/www.educatech-expo.com\/en","name":"Educ@tech Expo","description":"","publisher":{"@id":"https:\/\/www.educatech-expo.com\/en#organization"},"potentialAction":[{"@type":"SearchAction","target":{"@type":"EntryPoint","urlTemplate":"https:\/\/www.educatech-expo.com\/en?s={search_term_string}"},"query-input":{"@type":"PropertyValueSpecification","valueRequired":true,"valueName":"search_term_string"}}],"inLanguage":"en-US"},{"@type":"Organization","@id":"https:\/\/www.educatech-expo.com\/en#organization","name":"Educatech Expo","url":"https:\/\/www.educatech-expo.com\/en","logo":{"@type":"ImageObject","inLanguage":"en-US","@id":"https:\/\/www.educatech-expo.com\/en#\/schema\/logo\/image\/","url":"https:\/\/weyoumediastaging.blob.core.windows.net\/educatec-educatice\/sites\/5\/2025\/07\/EDC-LOGO-2025-couleur.png","contentUrl":"https:\/\/weyoumediastaging.blob.core.windows.net\/educatec-educatice\/sites\/5\/2025\/07\/EDC-LOGO-2025-couleur.png","width":1300,"height":486,"caption":"Educatech Expo"},"image":{"@id":"https:\/\/www.educatech-expo.com\/en#\/schema\/logo\/image\/"},"sameAs":["https:\/\/business.facebook.com\/educatectice","https:\/\/x.com\/educatectice","https:\/\/fr.linkedin.com\/company\/educatec---educatice","https:\/\/www.youtube.com\/channel\/UC26vS5fiqy2nHBAwlkp2aOw"]}]}},"_links":{"self":[{"href":"https:\/\/www.educatech-expo.com\/en\/wp-json\/wp\/v2\/pages\/912","targetHints":{"allow":["GET"]}}],"collection":[{"href":"https:\/\/www.educatech-expo.com\/en\/wp-json\/wp\/v2\/pages"}],"about":[{"href":"https:\/\/www.educatech-expo.com\/en\/wp-json\/wp\/v2\/types\/page"}],"author":[{"embeddable":true,"href":"https:\/\/www.educatech-expo.com\/en\/wp-json\/wp\/v2\/users\/9"}],"replies":[{"embeddable":true,"href":"https:\/\/www.educatech-expo.com\/en\/wp-json\/wp\/v2\/comments?post=912"}],"version-history":[{"count":0,"href":"https:\/\/www.educatech-expo.com\/en\/wp-json\/wp\/v2\/pages\/912\/revisions"}],"up":[{"embeddable":true,"href":"https:\/\/www.educatech-expo.com\/en\/wp-json\/wp\/v2\/pages\/965"}],"wp:attachment":[{"href":"https:\/\/www.educatech-expo.com\/en\/wp-json\/wp\/v2\/media?parent=912"}],"curies":[{"name":"wp","href":"https:\/\/api.w.org\/{rel}","templated":true}]}}